{"id":36340,"date":"2025-08-08T10:35:39","date_gmt":"2025-08-08T08:35:39","guid":{"rendered":"https:\/\/www.tabacafilmfest.com\/?page_id=36340"},"modified":"2026-09-02T20:16:58","modified_gmt":"2026-09-02T18:16:58","slug":"jury","status":"publish","type":"page","link":"https:\/\/www.tabacafilmfest.com\/en\/jury\/","title":{"rendered":"JURY"},"content":{"rendered":"<div class=\"wpb-content-wrapper\"><p>[vc_row full_width=&#8221;stretch_row&#8221; content_placement=&#8221;middle&#8221; el_disable_tablet=&#8221;1&#8243; el_disable_mobile=&#8221;1&#8243; thegem_background_overlay=&#8221;true&#8221; css=&#8221;.vc_custom_1754642609038{background-image: url(https:\/\/www.tabacafilmfest.com\/wp-content\/uploads\/2025\/08\/JURAT-TABACA2.jpg?id=36362) !important;background-position: center !important;background-repeat: no-repeat !important;background-size: cover !important;}&#8221; thegem_background_overlay_color=&#8221;#3939394F&#8221;][vc_column offset=&#8221;vc_hidden-xs&#8221; css=&#8221;.vc_custom_1743277871422{margin-top: 200px !important;margin-bottom: 450px !important;}&#8221;][vc_column_text css=&#8221;.vc_custom_1754642088734{margin-top: 30px !important;margin-bottom: 30px !important;}&#8221; css_animation=&#8221;none&#8221; el_class=&#8221;custom-font-3&#8243;]<\/p>\n<h1 class=\"title-xarge\" style=\"text-align: right;\"><span style=\"color: #f5f4d6; font-family: tusker; font-size: 100pt;\"><strong>JURY<\/strong><\/span><\/h1>\n<p>[\/vc_column_text][\/vc_column][\/vc_row][vc_row full_width=&#8221;stretch_row&#8221; content_placement=&#8221;middle&#8221; el_disable_desktop=&#8221;1&#8243; thegem_background_overlay=&#8221;true&#8221; css=&#8221;.vc_custom_1754642133712{background-image: url(https:\/\/www.tabacafilmfest.com\/wp-content\/uploads\/2025\/08\/JURAT.jpg?id=36349) !important;background-position: center !important;background-repeat: no-repeat !important;background-size: cover !important;}&#8221; thegem_background_overlay_color=&#8221;#3939394F&#8221;][vc_column offset=&#8221;vc_hidden-lg&#8221; css=&#8221;.vc_custom_1742814528985{margin-top: 300px !important;margin-bottom: 200px !important;}&#8221;][vc_column_text css=&#8221;.vc_custom_1754643113334{margin-top: 30px !important;margin-bottom: 30px !important;}&#8221; css_animation=&#8221;none&#8221; el_class=&#8221;custom-font-3&#8243;]<\/p>\n<h1 class=\"title-xarge\" style=\"text-align: right;\"><span style=\"color: #f5f4d6; font-family: tusker; font-size: 60pt;\"><strong>JURY<\/strong><\/span><\/h1>\n<p>[\/vc_column_text][\/vc_column][\/vc_row][vc_row][vc_column offset=&#8221;vc_hidden-xs&#8221;][vc_empty_space height=&#8221;45px&#8221;][vc_column_text css=&#8221;&#8221;]<span style=\"font-family: tusker; font-size: 36pt; color: #000000;\">TABACA JURY<\/span>[\/vc_column_text][\/vc_column][\/vc_row][vc_row][vc_column offset=&#8221;vc_hidden-lg vc_hidden-md vc_hidden-sm&#8221;][vc_empty_space height=&#8221;92px&#8221;][vc_column_text css=&#8221;&#8221;]<span style=\"font-family: tusker; font-size: 24pt; color: #000000;\">TABACA JURY<\/span>[\/vc_column_text][vc_empty_space height=&#8221;15px&#8221;][\/vc_column][\/vc_row][vc_row][vc_column width=&#8221;1\/3&#8243; mobile_margin_bottom=&#8221;45&#8243;]<div class=\"centered-box gem-image-centered-box\" ><div class=\"gem-image gem-wrapbox gem-wrapbox-style-default gem-wrapbox-position-centered  thegem-custom-6a98fcb9d32dc6840\"  style=\"\" ><div class=\"gem-wrapbox-inner \" ><img class=\"gem-wrapbox-element img-responsive\" src=\"https:\/\/www.tabacafilmfest.com\/wp-content\/uploads\/2026\/09\/Nuria-Prims-Tabaca-Film-Fest.webp\" alt=\"\"\/><\/div><\/div><\/div>[vc_column_text css=&#8221;&#8221;]<\/p>\n<p style=\"text-align: left;\"><span style=\"font-size: 18pt; color: #383838;\"><strong>N\u00daRIA PRIMS<\/strong><\/span><\/p>\n<p>[\/vc_column_text][vc_column_text css=&#8221;&#8221;]<span style=\"color: #383838;\">N\u00faria Prims is an actress of great intensity and sensitivity, capable of crafting characters that endure in memory. Throughout her career, she has played roles as diverse as la Carlana in Incerta Gl\u00f2ria, the mother in Un sol radiant, and the characters in Hist\u00f2ries del Kronen and Sica. Her career continues to grow with new projects, such as Forastera, which premieres this September, and her unforgettable participation in El ser querido.  <\/span>[\/vc_column_text][\/vc_column][vc_column width=&#8221;1\/3&#8243; mobile_margin_bottom=&#8221;45&#8243;]<div class=\"centered-box gem-image-centered-box\" ><div class=\"gem-image gem-wrapbox gem-wrapbox-style-default gem-wrapbox-position-centered  thegem-custom-6a98fcb9d348f4691\"  style=\"\" ><div class=\"gem-wrapbox-inner \" ><img class=\"gem-wrapbox-element img-responsive\" src=\"https:\/\/www.tabacafilmfest.com\/wp-content\/uploads\/2026\/09\/Lluis-Ares-Tabaca-Film-Fest.webp\" alt=\"\"\/><\/div><\/div><\/div>[vc_column_text css=&#8221;&#8221;]<\/p>\n<p style=\"text-align: left;\"><span style=\"font-size: 18pt; color: #383838;\"><strong>LLU\u00cdS ARES<\/strong><\/span><\/p>\n<p>[\/vc_column_text][vc_column_text css=&#8221;&#8221;]<span style=\"color: #383838;\">Llu\u00eds Ares has lived surrounded by short films for many years. As the director of Fascurt, Festival de Curtmetratges del Masnou, he has contributed to the growth of an event that has established itself as a qualifying festival for the Premis Goya. A member of the Acad\u00e8mia Catalana de Cinema, he works professionally in advertising and in the field of screenwriting and storytelling. He is currently directing 250 g., a short film starring Clara Segura and Miquel Sitjar. We are especially thrilled to welcome him to Tabaca Film Fest at this moment of discovering a new creative facet.<\/span>[\/vc_column_text][\/vc_column][vc_column width=&#8221;1\/3&#8243;]<div class=\"centered-box gem-image-centered-box\" ><div class=\"gem-image gem-wrapbox gem-wrapbox-style-default gem-wrapbox-position-centered  thegem-custom-6a98fcb9d35bb4701\"  style=\"\" ><div class=\"gem-wrapbox-inner \" ><img class=\"gem-wrapbox-element img-responsive\" src=\"https:\/\/www.tabacafilmfest.com\/wp-content\/uploads\/2026\/09\/Ivan-Massague-Tabaca-Film-Fest.webp\" alt=\"\"\/><\/div><\/div><\/div>[vc_column_text css=&#8221;&#8221;]<\/p>\n<p style=\"text-align: left;\"><span style=\"font-size: 18pt; color: #383838;\"><strong>IVAN MASSAGU\u00c9<\/strong><\/span><\/p>\n<p>[\/vc_column_text][vc_column_text css=&#8221;&#8221;]<span style=\"color: #383838;\">Ivan Massagu\u00e9 is a versatile and chameleonic actor, with a unique presence in front of the camera and on stage. He has developed a solid career in film, television, and theater, with works as diverse as El cor de la ciutat, Esmorza amb mi, Benvinguts a la fam\u00edlia, and El hoyo. Deeply committed to the country&#8217;s cinema, he is the co-director of l\u2019INFCTA, the Festival de Cinema de la Terra Alta, in Bot.  <\/span>[\/vc_column_text][\/vc_column][\/vc_row][vc_row][vc_column offset=&#8221;vc_hidden-xs&#8221;][vc_empty_space height=&#8221;82px&#8221;][vc_column_text css=&#8221;&#8221;]<span style=\"font-family: tusker; font-size: 36pt; color: #000000;\">BITERNA JURY<\/span>[\/vc_column_text][\/vc_column][\/vc_row][vc_row][vc_column offset=&#8221;vc_hidden-lg vc_hidden-md vc_hidden-sm&#8221;][vc_empty_space height=&#8221;92px&#8221;][vc_column_text css=&#8221;&#8221;]<span style=\"font-family: tusker; font-size: 24pt; color: #000000;\">BITERNA JURY<\/span>[\/vc_column_text][vc_empty_space height=&#8221;15px&#8221;][\/vc_column][\/vc_row][vc_row][vc_column width=&#8221;1\/3&#8243; mobile_margin_bottom=&#8221;45&#8243;]<div class=\"centered-box gem-image-centered-box\" ><div class=\"gem-image gem-wrapbox gem-wrapbox-style-default gem-wrapbox-position-centered  thegem-custom-6a98fcb9d36d37615\"  style=\"\" ><div class=\"gem-wrapbox-inner \" ><img class=\"gem-wrapbox-element img-responsive\" src=\"https:\/\/www.tabacafilmfest.com\/wp-content\/uploads\/2026\/09\/Ramon-Alaro-Tabaca-Film-Fest.webp\" alt=\"\"\/><\/div><\/div><\/div>[vc_column_text css=&#8221;&#8221;]<\/p>\n<p style=\"text-align: left;\"><span style=\"font-size: 18pt; color: #383838;\"><strong>RAMON ALAR\u00d3<\/strong><\/span><\/p>\n<p>[\/vc_column_text][vc_column_text css=&#8221;&#8221;]<span style=\"color: #383838;\">Ramon Alar\u00f3 is an audiovisual technician with extensive professional experience. In 1976, he began as a filmmaker by shooting his first documentary in Super-8, and since then he has continued working, following the evolution of the audiovisual world, from celluloid to video and from video to digital formats in Full HD and 4K. He has worked at various video production companies and for Televisi\u00f3 de Badalona, where he was part of the Filmets Badalona Film Festival team for five editions. He is currently the director of Curt\u00c0neu, the international short film exhibition of les Valls d\u2019\u00c0neu, in Pallars Sobir\u00e0.   <\/span>[\/vc_column_text][\/vc_column][vc_column width=&#8221;1\/3&#8243; mobile_margin_bottom=&#8221;45&#8243;]<div class=\"centered-box gem-image-centered-box\" ><div class=\"gem-image gem-wrapbox gem-wrapbox-style-default gem-wrapbox-position-centered  thegem-custom-6a98fcb9d37e87761\"  style=\"\" ><div class=\"gem-wrapbox-inner \" ><img class=\"gem-wrapbox-element img-responsive\" src=\"https:\/\/www.tabacafilmfest.com\/wp-content\/uploads\/2026\/09\/Pepe-Camps-Tabaca-Film-Fest.webp\" alt=\"\"\/><\/div><\/div><\/div>[vc_column_text css=&#8221;&#8221;]<\/p>\n<p style=\"text-align: left;\"><span style=\"font-size: 18pt; color: #383838;\"><strong>PEPE CAMPS<\/strong><\/span><\/p>\n<p>[\/vc_column_text][vc_column_text css=&#8221;&#8221;]<span style=\"color: #383838;\">Pepe Camps is an artist, photographer, and documentary filmmaker, trained at the Escola d\u2019Art Leandre Crist\u00f2fol in Lleida. A resident of Pallars Sobir\u00e0 since 2001, he has developed a large part of his career around the rural world, the landscape, and the people who inhabit it. He has worked on various audiovisual and documentary projects, and his photographic and video art work has been present in different festivals, fairs, and art spaces. He is currently developing new creative projects linked to the territory.   <\/span>[\/vc_column_text][\/vc_column][vc_column width=&#8221;1\/3&#8243;]<div class=\"centered-box gem-image-centered-box\" ><div class=\"gem-image gem-wrapbox gem-wrapbox-style-default gem-wrapbox-position-centered  thegem-custom-6a98fcb9d38d71573\"  style=\"\" ><div class=\"gem-wrapbox-inner \" ><img class=\"gem-wrapbox-element img-responsive\" src=\"https:\/\/www.tabacafilmfest.com\/wp-content\/uploads\/2026\/09\/Anne-Paule-Beis-Tabaca-Film-Fest.webp\" alt=\"\"\/><\/div><\/div><\/div>[vc_column_text css=&#8221;&#8221;]<\/p>\n<p style=\"text-align: left;\"><span style=\"font-size: 18pt; color: #383838;\"><strong>ANNE-PAULE B\u00c9\u00cfS<\/strong><\/span><\/p>\n<p>[\/vc_column_text][vc_column_text css=&#8221;&#8221;]<span style=\"color: #383838;\">Anne-Paule B\u00e9\u00efs discovered cinema at a very young age and at fourteen began working as an usher at the Jean Eustache cinema in Pessac. For twenty years, she has lived in a small village in the Pyrenees, where she has developed her professional career around local public policies, ecological, social, and democratic transitions, and citizen participation. She accompanies collective projects and transformation processes of the territories, convinced of the power of stories to generate new perspectives and imagine other ways of inhabiting the world.  <\/span>[\/vc_column_text][\/vc_column][\/vc_row][vc_row][vc_column offset=&#8221;vc_hidden-xs&#8221;][vc_empty_space height=&#8221;82px&#8221;][vc_column_text css=&#8221;&#8221;]<span style=\"font-family: tusker; font-size: 36pt; color: #000000;\">GEA JURY<\/span>[\/vc_column_text][\/vc_column][\/vc_row][vc_row][vc_column offset=&#8221;vc_hidden-lg vc_hidden-md vc_hidden-sm&#8221;][vc_empty_space height=&#8221;92px&#8221;][vc_column_text css=&#8221;&#8221;]<span style=\"font-family: tusker; font-size: 24pt; color: #000000;\">GEA JURY<\/span>[\/vc_column_text][vc_empty_space height=&#8221;15px&#8221;][\/vc_column][\/vc_row][vc_row][vc_column width=&#8221;1\/3&#8243; mobile_margin_bottom=&#8221;45&#8243;]<div class=\"centered-box gem-image-centered-box\" ><div class=\"gem-image gem-wrapbox gem-wrapbox-style-default gem-wrapbox-position-centered  thegem-custom-6a98fcb9d39bd2626\"  style=\"\" ><div class=\"gem-wrapbox-inner \" ><img class=\"gem-wrapbox-element img-responsive\" src=\"https:\/\/www.tabacafilmfest.com\/wp-content\/uploads\/2026\/09\/Miquel-Diaz-Pont-Tabaca-Film-Fest.webp\" alt=\"\"\/><\/div><\/div><\/div>[vc_column_text css=&#8221;&#8221;]<\/p>\n<p style=\"text-align: left;\"><span style=\"font-size: 18pt; color: #383838;\"><strong>MIQUEL D\u00cdAZ<\/strong><\/span><\/p>\n<p>[\/vc_column_text][vc_column_text css=&#8221;&#8221;]<span style=\"color: #383838;\">Miquel D\u00edaz Pont is a film director and audiovisual creator. In 2023, he wrote and directed his first short film, Pesudo, which premiered at the Sitges Film Festival and was internationally recognized with several awards. His work also received a special mention at the first edition of the TABACA Film Fest. He is currently part of the team of directors at the prestigious international production company Iconoclast.   <\/span>[\/vc_column_text][\/vc_column][vc_column width=&#8221;1\/3&#8243; mobile_margin_bottom=&#8221;45&#8243;]<div class=\"centered-box gem-image-centered-box\" ><div class=\"gem-image gem-wrapbox gem-wrapbox-style-default gem-wrapbox-position-centered  thegem-custom-6a98fcb9d3ab03346\"  style=\"\" ><div class=\"gem-wrapbox-inner \" ><img class=\"gem-wrapbox-element img-responsive\" src=\"https:\/\/www.tabacafilmfest.com\/wp-content\/uploads\/2026\/09\/Conor-Kennedy-Tabaca-Film-Fest.webp\" alt=\"\"\/><\/div><\/div><\/div>[vc_column_text css=&#8221;&#8221;]<\/p>\n<p style=\"text-align: left;\"><span style=\"font-size: 18pt; color: #383838;\"><strong>CONOR KENNEDY<\/strong><\/span><\/p>\n<p>[\/vc_column_text][vc_column_text css=&#8221;&#8221;]<span style=\"color: #383838;\">Conor Kennedy Burke is a filmmaker, theater professional, and storyteller from the west of Ireland. Inspired by the landscapes, language, and traditions of rural Galway, his work explores stories of home, cultural memory, and belonging, bringing folk memory into contemporary storytelling. At the second edition of Tabaca, they took home the Audience Award with the short film Puca.  <\/span>[\/vc_column_text][\/vc_column][vc_column width=&#8221;1\/3&#8243;]<div class=\"centered-box gem-image-centered-box\" ><div class=\"gem-image gem-wrapbox gem-wrapbox-style-default gem-wrapbox-position-centered  thegem-custom-6a98fcb9d3b9d4576\"  style=\"\" ><div class=\"gem-wrapbox-inner \" ><img class=\"gem-wrapbox-element img-responsive\" src=\"https:\/\/www.tabacafilmfest.com\/wp-content\/uploads\/2026\/09\/EQUIP-Tabaca-Film-Fest.webp\" alt=\"\"\/><\/div><\/div><\/div>[vc_column_text css=&#8221;&#8221;]<\/p>\n<p style=\"text-align: left;\"><span style=\"font-size: 18pt; color: #383838;\"><strong>TABACA TEAM<\/strong><\/span><\/p>\n<p>[\/vc_column_text][vc_column_text css=&#8221;&#8221;]<span style=\"color: #383838;\">The TABACA Film Fest team completes the GEA jury.<\/span>[\/vc_column_text][\/vc_column][\/vc_row][vc_row][vc_column offset=&#8221;vc_hidden-xs&#8221;][vc_empty_space height=&#8221;82px&#8221;][vc_column_text css=&#8221;&#8221;]<span style=\"font-family: tusker; font-size: 36pt; color: #000000;\">OFITA JURY<\/span>[\/vc_column_text][\/vc_column][\/vc_row][vc_row][vc_column offset=&#8221;vc_hidden-lg vc_hidden-md vc_hidden-sm&#8221;][vc_empty_space height=&#8221;92px&#8221;][vc_column_text css=&#8221;&#8221;]<span style=\"font-family: tusker; font-size: 24pt; color: #000000;\">OFITA JURY<\/span>[\/vc_column_text][vc_empty_space height=&#8221;15px&#8221;][\/vc_column][\/vc_row][vc_row][vc_column width=&#8221;1\/3&#8243; mobile_margin_bottom=&#8221;45&#8243;]<div class=\"centered-box gem-image-centered-box\" ><div class=\"gem-image gem-wrapbox gem-wrapbox-style-default gem-wrapbox-position-centered  thegem-custom-6a98fcb9d3c929912\"  style=\"\" ><div class=\"gem-wrapbox-inner \" ><img class=\"gem-wrapbox-element img-responsive\" src=\"https:\/\/www.tabacafilmfest.com\/wp-content\/uploads\/2026\/09\/Anna-Sentinella-Tabaca-Film-Fest.webp\" alt=\"\"\/><\/div><\/div><\/div>[vc_column_text css=&#8221;&#8221;]<\/p>\n<p style=\"text-align: left;\"><span style=\"font-size: 18pt; color: #383838;\"><strong>ANNA SENTINELLA<\/strong><\/span><\/p>\n<p>[\/vc_column_text][vc_column_text css=&#8221;&#8221;]<span style=\"color: #383838;\">Anna Sentinella, pedagogue, mother of three children, and mayor of Baix Pallars. The driving force, along with her family, behind the Refugi de Cuberes project, which turned an old forestry house into a life project in the Pallars. <\/span>[\/vc_column_text][\/vc_column][vc_column width=&#8221;1\/3&#8243; mobile_margin_bottom=&#8221;45&#8243;]<div class=\"centered-box gem-image-centered-box\" ><div class=\"gem-image gem-wrapbox gem-wrapbox-style-default gem-wrapbox-position-centered  thegem-custom-6a98fcb9d3d879005\"  style=\"\" ><div class=\"gem-wrapbox-inner \" ><img class=\"gem-wrapbox-element img-responsive\" src=\"https:\/\/www.tabacafilmfest.com\/wp-content\/uploads\/2026\/09\/David-Saro-Arroyo-Tabaca-Film-Fest.webp\" alt=\"\"\/><\/div><\/div><\/div>[vc_column_text css=&#8221;&#8221;]<\/p>\n<p style=\"text-align: left;\"><span style=\"font-size: 18pt; color: #383838;\"><strong>DAVID SARO<\/strong><\/span><\/p>\n<p>[\/vc_column_text][vc_column_text css=&#8221;&#8221;]<span style=\"color: #383838;\">David Saro Arroyo, engineer from the UPC, grazing in the Pallars Sobir\u00e0, and member 937 of the Associaci\u00f3 de Galtaires dels Pa\u00efsos Catalans. Suspicious. And, from time to time, he sheds a hake&#8217;s tear.  <\/span>[\/vc_column_text][\/vc_column][vc_column width=&#8221;1\/3&#8243;]<div class=\"centered-box gem-image-centered-box\" ><div class=\"gem-image gem-wrapbox gem-wrapbox-style-default gem-wrapbox-position-centered  thegem-custom-6a98fcb9d3e831297\"  style=\"\" ><div class=\"gem-wrapbox-inner \" ><img class=\"gem-wrapbox-element img-responsive\" src=\"https:\/\/www.tabacafilmfest.com\/wp-content\/uploads\/2026\/09\/Marta-Farre-Tabaca-Film-Fest.webp\" alt=\"\"\/><\/div><\/div><\/div>[vc_column_text css=&#8221;&#8221;]<\/p>\n<p style=\"text-align: left;\"><span style=\"font-size: 18pt; color: #383838;\"><strong>MARTA FARR\u00c9<\/strong><\/span><\/p>\n<p>[\/vc_column_text][vc_column_text css=&#8221;&#8221;]<span style=\"color: #383838;\">Marta Farr\u00e9, from Casa Girallum de Gerri and currently a resident of Bresca. Medieval historian, bookseller at La Singratalla de Tremp, and linked to Baix Pallars for 28 years, where she has also grown the Celler de Bresca project. <\/span>[\/vc_column_text][\/vc_column][\/vc_row][vc_row][vc_column][vc_empty_space height=&#8221;100px&#8221;][\/vc_column][\/vc_row]<\/p>\n<\/div>","protected":false},"excerpt":{"rendered":"<p>[vc_row full_width=&#8221;stretch_row&#8221; content_placement=&#8221;middle&#8221; el_disable_tablet=&#8221;1&#8243; el_disable_mobile=&#8221;1&#8243; thegem_background_overlay=&#8221;true&#8221; css=&#8221;.vc_custom_1754642609038{background-image: url(https:\/\/www.tabacafilmfest.com\/wp-content\/uploads\/2025\/08\/JURAT-TABACA2.jpg?id=36362) !important;background-position: center !important;background-repeat: no-repeat !important;background-size: cover !important;}&#8221; thegem_background_overlay_color=&#8221;#3939394F&#8221;][vc_column offset=&#8221;vc_hidden-xs&#8221; css=&#8221;.vc_custom_1743277871422{margin-top: 200px !important;margin-bottom:&#8230;<\/p>\n","protected":false},"author":1,"featured_media":0,"parent":0,"menu_order":1,"comment_status":"closed","ping_status":"closed","template":"","meta":{"_monsterinsights_skip_tracking":false,"footnotes":""},"class_list":["post-36340","page","type-page","status-publish"],"yoast_head":"<!-- This site is optimized with the Yoast SEO plugin v25.1 - https:\/\/yoast.com\/wordpress\/plugins\/seo\/ -->\n<title>JURY - Tabaca Film Fest<\/title>\n<meta name=\"robots\" content=\"index, follow, max-snippet:-1, max-image-preview:large, max-video-preview:-1\" \/>\n<link rel=\"canonical\" href=\"https:\/\/www.tabacafilmfest.com\/en\/jury\/\" \/>\n<meta property=\"og:locale\" content=\"en_US\" \/>\n<meta property=\"og:type\" content=\"article\" \/>\n<meta property=\"og:title\" content=\"JURY - Tabaca Film Fest\" \/>\n<meta property=\"og:description\" content=\"[vc_row full_width=&#8221;stretch_row&#8221; content_placement=&#8221;middle&#8221; el_disable_tablet=&#8221;1&#8243; el_disable_mobile=&#8221;1&#8243; thegem_background_overlay=&#8221;true&#8221; css=&#8221;.vc_custom_1754642609038{background-image: url(https:\/\/www.tabacafilmfest.com\/wp-content\/uploads\/2025\/08\/JURAT-TABACA2.jpg?id=36362) !important;background-position: center !important;background-repeat: no-repeat !important;background-size: cover !important;}&#8221; thegem_background_overlay_color=&#8221;#3939394F&#8221;][vc_column offset=&#8221;vc_hidden-xs&#8221; css=&#8221;.vc_custom_1743277871422{margin-top: 200px !important;margin-bottom:...\" \/>\n<meta property=\"og:url\" content=\"https:\/\/www.tabacafilmfest.com\/en\/jury\/\" \/>\n<meta property=\"og:site_name\" content=\"Tabaca Film Fest\" \/>\n<meta property=\"article:modified_time\" content=\"2026-09-02T18:16:58+00:00\" \/>\n<meta name=\"twitter:card\" content=\"summary_large_image\" \/>\n<meta name=\"twitter:label1\" content=\"Est. reading time\" \/>\n\t<meta name=\"twitter:data1\" content=\"4 minutes\" \/>\n<script type=\"application\/ld+json\" class=\"yoast-schema-graph\">{\"@context\":\"https:\/\/schema.org\",\"@graph\":[{\"@type\":\"WebPage\",\"@id\":\"https:\/\/www.tabacafilmfest.com\/en\/jury\/\",\"url\":\"https:\/\/www.tabacafilmfest.com\/en\/jury\/\",\"name\":\"JURY - Tabaca Film Fest\",\"isPartOf\":{\"@id\":\"https:\/\/www.tabacafilmfest.com\/#website\"},\"datePublished\":\"2025-08-08T08:35:39+00:00\",\"dateModified\":\"2026-09-02T18:16:58+00:00\",\"breadcrumb\":{\"@id\":\"https:\/\/www.tabacafilmfest.com\/en\/jury\/#breadcrumb\"},\"inLanguage\":\"en-US\",\"potentialAction\":[{\"@type\":\"ReadAction\",\"target\":[\"https:\/\/www.tabacafilmfest.com\/en\/jury\/\"]}]},{\"@type\":\"BreadcrumbList\",\"@id\":\"https:\/\/www.tabacafilmfest.com\/en\/jury\/#breadcrumb\",\"itemListElement\":[{\"@type\":\"ListItem\",\"position\":1,\"name\":\"Inici\",\"item\":\"https:\/\/www.tabacafilmfest.com\/en\/\"},{\"@type\":\"ListItem\",\"position\":2,\"name\":\"JURY\"}]},{\"@type\":\"WebSite\",\"@id\":\"https:\/\/www.tabacafilmfest.com\/#website\",\"url\":\"https:\/\/www.tabacafilmfest.com\/\",\"name\":\"Tabaca Film Fest - Festival de Cinema Mitol\u00f2gic dels Pirineus\",\"description\":\"Lo Festival de Cinema Mitol\u00f2gic dels Pirineus. 2a ed. de l&#039;11 al 14 de setembre de 2025.\",\"publisher\":{\"@id\":\"https:\/\/www.tabacafilmfest.com\/#organization\"},\"potentialAction\":[{\"@type\":\"SearchAction\",\"target\":{\"@type\":\"EntryPoint\",\"urlTemplate\":\"https:\/\/www.tabacafilmfest.com\/?s={search_term_string}\"},\"query-input\":{\"@type\":\"PropertyValueSpecification\",\"valueRequired\":true,\"valueName\":\"search_term_string\"}}],\"inLanguage\":\"en-US\"},{\"@type\":\"Organization\",\"@id\":\"https:\/\/www.tabacafilmfest.com\/#organization\",\"name\":\"Tabaca Film Fest - Festival de Cinema Mitol\u00f2gic dels Pirineus\",\"url\":\"https:\/\/www.tabacafilmfest.com\/\",\"logo\":{\"@type\":\"ImageObject\",\"inLanguage\":\"en-US\",\"@id\":\"https:\/\/www.tabacafilmfest.com\/#\/schema\/logo\/image\/\",\"url\":\"https:\/\/www.tabacafilmfest.com\/wp-content\/uploads\/2020\/06\/LOGO-TABACA-2025-POSITIU-SF.png\",\"contentUrl\":\"https:\/\/www.tabacafilmfest.com\/wp-content\/uploads\/2020\/06\/LOGO-TABACA-2025-POSITIU-SF.png\",\"width\":1191,\"height\":863,\"caption\":\"Tabaca Film Fest - Festival de Cinema Mitol\u00f2gic dels Pirineus\"},\"image\":{\"@id\":\"https:\/\/www.tabacafilmfest.com\/#\/schema\/logo\/image\/\"},\"sameAs\":[\"https:\/\/www.instagram.com\/tabacafilmfest\"]}]}<\/script>\n<!-- \/ Yoast SEO plugin. -->","yoast_head_json":{"title":"JURY - Tabaca Film Fest","robots":{"index":"index","follow":"follow","max-snippet":"max-snippet:-1","max-image-preview":"max-image-preview:large","max-video-preview":"max-video-preview:-1"},"canonical":"https:\/\/www.tabacafilmfest.com\/en\/jury\/","og_locale":"en_US","og_type":"article","og_title":"JURY - Tabaca Film Fest","og_description":"[vc_row full_width=&#8221;stretch_row&#8221; content_placement=&#8221;middle&#8221; el_disable_tablet=&#8221;1&#8243; el_disable_mobile=&#8221;1&#8243; thegem_background_overlay=&#8221;true&#8221; css=&#8221;.vc_custom_1754642609038{background-image: url(https:\/\/www.tabacafilmfest.com\/wp-content\/uploads\/2025\/08\/JURAT-TABACA2.jpg?id=36362) !important;background-position: center !important;background-repeat: no-repeat !important;background-size: cover !important;}&#8221; thegem_background_overlay_color=&#8221;#3939394F&#8221;][vc_column offset=&#8221;vc_hidden-xs&#8221; css=&#8221;.vc_custom_1743277871422{margin-top: 200px !important;margin-bottom:...","og_url":"https:\/\/www.tabacafilmfest.com\/en\/jury\/","og_site_name":"Tabaca Film Fest","article_modified_time":"2026-09-02T18:16:58+00:00","twitter_card":"summary_large_image","twitter_misc":{"Est. reading time":"4 minutes"},"schema":{"@context":"https:\/\/schema.org","@graph":[{"@type":"WebPage","@id":"https:\/\/www.tabacafilmfest.com\/en\/jury\/","url":"https:\/\/www.tabacafilmfest.com\/en\/jury\/","name":"JURY - Tabaca Film Fest","isPartOf":{"@id":"https:\/\/www.tabacafilmfest.com\/#website"},"datePublished":"2025-08-08T08:35:39+00:00","dateModified":"2026-09-02T18:16:58+00:00","breadcrumb":{"@id":"https:\/\/www.tabacafilmfest.com\/en\/jury\/#breadcrumb"},"inLanguage":"en-US","potentialAction":[{"@type":"ReadAction","target":["https:\/\/www.tabacafilmfest.com\/en\/jury\/"]}]},{"@type":"BreadcrumbList","@id":"https:\/\/www.tabacafilmfest.com\/en\/jury\/#breadcrumb","itemListElement":[{"@type":"ListItem","position":1,"name":"Inici","item":"https:\/\/www.tabacafilmfest.com\/en\/"},{"@type":"ListItem","position":2,"name":"JURY"}]},{"@type":"WebSite","@id":"https:\/\/www.tabacafilmfest.com\/#website","url":"https:\/\/www.tabacafilmfest.com\/","name":"Tabaca Film Fest - Festival de Cinema Mitol\u00f2gic dels Pirineus","description":"Lo Festival de Cinema Mitol\u00f2gic dels Pirineus. 2a ed. de l&#039;11 al 14 de setembre de 2025.","publisher":{"@id":"https:\/\/www.tabacafilmfest.com\/#organization"},"potentialAction":[{"@type":"SearchAction","target":{"@type":"EntryPoint","urlTemplate":"https:\/\/www.tabacafilmfest.com\/?s={search_term_string}"},"query-input":{"@type":"PropertyValueSpecification","valueRequired":true,"valueName":"search_term_string"}}],"inLanguage":"en-US"},{"@type":"Organization","@id":"https:\/\/www.tabacafilmfest.com\/#organization","name":"Tabaca Film Fest - Festival de Cinema Mitol\u00f2gic dels Pirineus","url":"https:\/\/www.tabacafilmfest.com\/","logo":{"@type":"ImageObject","inLanguage":"en-US","@id":"https:\/\/www.tabacafilmfest.com\/#\/schema\/logo\/image\/","url":"https:\/\/www.tabacafilmfest.com\/wp-content\/uploads\/2020\/06\/LOGO-TABACA-2025-POSITIU-SF.png","contentUrl":"https:\/\/www.tabacafilmfest.com\/wp-content\/uploads\/2020\/06\/LOGO-TABACA-2025-POSITIU-SF.png","width":1191,"height":863,"caption":"Tabaca Film Fest - Festival de Cinema Mitol\u00f2gic dels Pirineus"},"image":{"@id":"https:\/\/www.tabacafilmfest.com\/#\/schema\/logo\/image\/"},"sameAs":["https:\/\/www.instagram.com\/tabacafilmfest"]}]}},"_links":{"self":[{"href":"https:\/\/www.tabacafilmfest.com\/en\/wp-json\/wp\/v2\/pages\/36340","targetHints":{"allow":["GET"]}}],"collection":[{"href":"https:\/\/www.tabacafilmfest.com\/en\/wp-json\/wp\/v2\/pages"}],"about":[{"href":"https:\/\/www.tabacafilmfest.com\/en\/wp-json\/wp\/v2\/types\/page"}],"author":[{"embeddable":true,"href":"https:\/\/www.tabacafilmfest.com\/en\/wp-json\/wp\/v2\/users\/1"}],"replies":[{"embeddable":true,"href":"https:\/\/www.tabacafilmfest.com\/en\/wp-json\/wp\/v2\/comments?post=36340"}],"version-history":[{"count":14,"href":"https:\/\/www.tabacafilmfest.com\/en\/wp-json\/wp\/v2\/pages\/36340\/revisions"}],"predecessor-version":[{"id":40532,"href":"https:\/\/www.tabacafilmfest.com\/en\/wp-json\/wp\/v2\/pages\/36340\/revisions\/40532"}],"wp:attachment":[{"href":"https:\/\/www.tabacafilmfest.com\/en\/wp-json\/wp\/v2\/media?parent=36340"}],"curies":[{"name":"wp","href":"https:\/\/api.w.org\/{rel}","templated":true}]}}