{"id":39797,"date":"2026-08-29T20:03:32","date_gmt":"2026-08-29T18:03:32","guid":{"rendered":"https:\/\/www.tabacafilmfest.com\/?page_id=39797"},"modified":"2026-09-01T17:19:19","modified_gmt":"2026-09-01T15:19:19","slug":"2026-program","status":"publish","type":"page","link":"https:\/\/www.tabacafilmfest.com\/en\/2026-program\/","title":{"rendered":"2026 PROGRAM"},"content":{"rendered":"<div class=\"wpb-content-wrapper\"><p>[vc_row full_width=&#8221;stretch_row&#8221; content_placement=&#8221;middle&#8221; el_disable_tablet=&#8221;1&#8243; el_disable_mobile=&#8221;1&#8243; thegem_background_overlay=&#8221;true&#8221; css=&#8221;.vc_custom_1754328873184{background-image: url(https:\/\/www.tabacafilmfest.com\/wp-content\/uploads\/2025\/08\/ACPS_469549_210005130002374-scaled.jpg?id=36224) !important;background-position: center !important;background-repeat: no-repeat !important;background-size: cover !important;}&#8221; thegem_background_overlay_color=&#8221;#3939394F&#8221;][vc_column offset=&#8221;vc_hidden-xs&#8221; css=&#8221;.vc_custom_1743277871422{margin-top: 200px !important;margin-bottom: 450px !important;}&#8221;][vc_column_text css=&#8221;.vc_custom_1788269023266{margin-top: 30px !important;margin-bottom: 30px !important;}&#8221; css_animation=&#8221;none&#8221; el_class=&#8221;custom-font-3&#8243;]<\/p>\n<h1 class=\"title-xarge\" style=\"text-align: right;\"><span style=\"color: #f5f4d6; font-family: tusker; font-size: 100pt;\"><strong>PROGRAM<\/strong><\/span><\/h1>\n<p>[\/vc_column_text][\/vc_column][\/vc_row][vc_row full_width=&#8221;stretch_row&#8221; content_placement=&#8221;middle&#8221; el_disable_desktop=&#8221;1&#8243; thegem_background_overlay=&#8221;true&#8221; css=&#8221;.vc_custom_1754328890341{background-image: url(https:\/\/www.tabacafilmfest.com\/wp-content\/uploads\/2025\/08\/ACPS_469549_210005130002374-scaled.jpg?id=36224) !important;background-position: center !important;background-repeat: no-repeat !important;background-size: cover !important;}&#8221; thegem_background_overlay_color=&#8221;#3939394F&#8221;][vc_column offset=&#8221;vc_hidden-lg&#8221; css=&#8221;.vc_custom_1742814528985{margin-top: 300px !important;margin-bottom: 200px !important;}&#8221;][vc_column_text css=&#8221;.vc_custom_1788269030966{margin-top: 30px !important;margin-bottom: 30px !important;}&#8221; css_animation=&#8221;none&#8221; el_class=&#8221;custom-font-3&#8243;]<\/p>\n<h1 class=\"title-xarge\" style=\"text-align: right;\"><span style=\"color: #f5f4d6; font-family: tusker; font-size: 45pt;\"><strong>PROGRAM<\/strong><\/span><\/h1>\n<p>[\/vc_column_text][\/vc_column][\/vc_row][vc_row][vc_column tablet_margin_left=&#8221;12&#8243; tablet_margin_right=&#8221;12&#8243; mobile_margin_bottom=&#8221;30&#8243; mobile_margin_right=&#8221;20&#8243;]<div class=\"clearboth\"><\/div><style>#thegem-divider-6a97a6c9de9f4 {margin-top: 40px !important;}<\/style><div id=\"thegem-divider-6a97a6c9de9f4\" class=\"gem-divider  \" style=\"\" ><\/div>[vc_column_text css=&#8221;.vc_custom_1788275955609{margin-right: 20px !important;}&#8221;]<span style=\"font-family: Helvetica; font-size: 12pt; color: #303030;\">Check out the complete program of the Tabaca Film Fest, choose your favorite activities and book your tickets here.<\/span>[\/vc_column_text][\/vc_column][\/vc_row][vc_row][vc_column tablet_margin_left=&#8221;12&#8243; tablet_margin_right=&#8221;12&#8243;][vc_column_text css=&#8221;.vc_custom_1788032676200{margin-bottom: 8px !important;}&#8221;]<span style=\"font-family: Helvetica; font-size: 14pt; color: #9d1818;\"><strong><u>FRIDAY <\/u><\/strong><strong><u>18 SEPTEMBER<\/u><\/strong><\/span>[\/vc_column_text][\/vc_column][\/vc_row][vc_row css=&#8221;.vc_custom_1754505483077{margin-left: 30px !important;}&#8221; mobile_margin_left=&#8221;-15&#8243; mobile_margin_right=&#8221;4&#8243;][vc_column offset=&#8221;vc_col-lg-12&#8243; tablet_margin_left=&#8221;12&#8243; tablet_margin_right=&#8221;12&#8243; mobile_margin_left=&#8221;12&#8243; mobile_margin_right=&#8221;12&#8243;][vc_tta_accordion style=&#8221;simple_arrow&#8221; shape=&#8221;round&#8221; color=&#8221;mulled-wine&#8221; spacing=&#8221;1&#8243; c_icon=&#8221;triangle&#8221; c_position=&#8221;right&#8221; active_section=&#8221;false&#8221; no_fill=&#8221;true&#8221; collapsible_all=&#8221;true&#8221;][vc_tta_section title=&#8221;<b>PANTERA<\/b> &#8211; Festival opening&#8221; tab_id=&#8221;pantera&#8221;]<div class=\"clearboth\"><\/div><style>#thegem-divider-6a97a6c9deaa0 {margin-top: -35px !important;}<\/style><div id=\"thegem-divider-6a97a6c9deaa0\" class=\"gem-divider  \" style=\"\" ><\/div>[vc_column_text css=&#8221;&#8221;]<span style=\"color: #303030;\">Two panthers pulled the chariot of Dionysus, god of wine, on his journeys. We can\u2019t think of a better beast to open the doors of the third edition of the Tabaca Film Fest. <\/span><\/p>\n<p><span style=\"color: #303030;\">And we\u2019ll do it with another debut: it will also be the first evening that Celler de Bresca opens its doors to the general public. An inspiring project created to recover abandoned land and bring vineyards and olive groves back to life. <\/span><\/p>\n<p><span style=\"color: #303030;\">Cinema, mountain wine and olive oil in an exceptional setting, with breathtaking views and the Geganta Adormida presiding over the valley. A magical, one-of-a-kind night, with very limited capacity. <\/span>[\/vc_column_text]<div class=\"clearboth\"><\/div><style>#thegem-divider-6a97a6c9deb19 {margin-top: 35px !important;}<\/style><div id=\"thegem-divider-6a97a6c9deb19\" class=\"gem-divider  \" style=\"\" ><\/div>[vc_column_text css=&#8221;&#8221;]<span style=\"color: #303030;\"><strong>Price: \u20ac10 (everything included)<\/strong><\/span><br \/>\n<span style=\"color: #303030;\">Where: Celler de Bresca<\/span><br \/>\n<span style=\"color: #303030;\">Booking required. Very limited capacity.<br \/>\n<\/span><br \/>\n<span style=\"color: #303030;\">Please arrive 15 minutes in advance.<\/span><br \/>\n<span style=\"color: #303030;\">Car sharing is recommended. Parking available in front of the winery. <\/span><br \/>\n<span style=\"color: #303030;\">Warm clothing is also recommended, as some activities will take place outdoors.<\/span>[\/vc_column_text]<style type=\"text\/css\">.thegem-button-6a97a6c9dec195262 .gem-button svg {fill: #FFFFFF;}.thegem-button-6a97a6c9dec195262 .gem-button:hover svg {fill: #9D1818;}<\/style><div class=\"gem-button-container gem-button-position-inline thegem-button-6a97a6c9dec195262    \"  ><a class=\"gem-button gem-button-size-tiny gem-button-style-flat gem-button-text-weight-normal\" data-ll-effect=\"drop-right-without-wrap\" style=\"border-radius: 3px;background-color: #9D1818;color: #FFFFFF;\" onmouseleave=\"this.style.backgroundColor='#9D1818';this.style.color='#FFFFFF';\" onmouseenter=\"this.style.backgroundColor='#FFFFFF';this.style.color='#9D1818';\" href=\"https:\/\/tabacafilmfest.entrapolis.com\/entrades\/pantera\" target=\"_blank\">Reservation<\/a><\/div> [\/vc_tta_section][vc_tta_section title=&#8221;<b>6 pm<\/b> &#8211; Film screening I&#8221; el_class=&#8221;disable-accordion-click&#8221; tab_id=&#8221;18-setembre-18h&#8221;][vc_row_inner gap=&#8221;1&#8243; mobile_margin_top=&#8221;30&#8243;][vc_column_inner width=&#8221;1\/4&#8243;][vc_single_image image=&#8221;37094&#8243; img_size=&#8221;&#8221; css=&#8221;&#8221;][\/vc_column_inner][vc_column_inner width=&#8221;3\/4&#8243; mobile_margin_top=&#8221;-30&#8243;][vc_column_text css=&#8221;.vc_custom_1757488922569{padding-top: 35px !important;}&#8221;]<strong><span style=\"color: #303030;\">La Dama Blanca <\/span><\/strong><span style=\"color: #303030;\">&#8211; <\/span><span style=\"color: #303030;\">29 min \/ Ficci\u00f3 \/ Direcci\u00f3: David Haro i Gerard Naval\u00f3n \/ Andorra \/ Catal\u00e0<br \/>\nEl 1942, als boscos andorrans, ocupats per soldats nazis i maquis republicans, es produeixen misteriosos assassinats. <\/span>[\/vc_column_text][\/vc_column_inner][\/vc_row_inner][vc_empty_space height=&#8221;12px&#8221;][vc_row_inner gap=&#8221;1&#8243; mobile_margin_top=&#8221;30&#8243;][vc_column_inner width=&#8221;1\/4&#8243;][vc_single_image image=&#8221;36812&#8243; img_size=&#8221;&#8221; css=&#8221;&#8221;][\/vc_column_inner][vc_column_inner width=&#8221;3\/4&#8243; mobile_margin_top=&#8221;-30&#8243;][vc_column_text css=&#8221;.vc_custom_1757488938368{padding-top: 35px !important;}&#8221;]<strong><span style=\"color: #303030;\"><strong>Spider Zan <\/strong><\/span><\/strong><span style=\"color: #303030;\">\u2013 12 min \/ Ficci\u00f3 \/ Direcci\u00f3: Maryam Khodabakahsh \/ Iran \/ Persa <\/span><strong><span style=\"color: #303030;\"><br \/>\n<\/span><\/strong><span style=\"color: #303030;\">Per a la seva cerim\u00f2nia de proposta de matrimoni, la Negar necessita aconseguir un preuat objecte molt dif\u00edcil d\u2019aconseguir.<\/span>[\/vc_column_text][\/vc_column_inner][\/vc_row_inner][vc_empty_space height=&#8221;12px&#8221;][vc_row_inner gap=&#8221;1&#8243; mobile_margin_top=&#8221;30&#8243;][vc_column_inner width=&#8221;1\/4&#8243;][vc_single_image image=&#8221;37078&#8243; img_size=&#8221;&#8221; css=&#8221;&#8221;][\/vc_column_inner][vc_column_inner width=&#8221;3\/4&#8243; mobile_margin_top=&#8221;-30&#8243;][vc_column_text css=&#8221;.vc_custom_1755617702000{padding-top: 35px !important;}&#8221;]<strong><span style=\"color: #303030;\"><strong>Close your eyes <\/strong><\/span><\/strong><span style=\"color: #303030;\">\u2013 5 min \/ Ficci\u00f3 \/ Direcci\u00f3: Gus St. Clair \/ Espanya \/ Angl\u00e8s <\/span><strong><span style=\"color: #303030;\"><br \/>\n<\/span><\/strong><span style=\"color: #303030;\">Elliot, un nen de 9 anys, ha deixat de creure que hi hagi res m\u00e0gic en el m\u00f3n que l\u2019envolta.<\/span>[\/vc_column_text][\/vc_column_inner][\/vc_row_inner][vc_empty_space height=&#8221;12px&#8221;][vc_row_inner gap=&#8221;1&#8243; mobile_margin_top=&#8221;30&#8243;][vc_column_inner width=&#8221;1\/4&#8243;][vc_single_image image=&#8221;36808&#8243; img_size=&#8221;&#8221; css=&#8221;&#8221;][\/vc_column_inner][vc_column_inner width=&#8221;3\/4&#8243; mobile_margin_top=&#8221;-30&#8243;][vc_column_text css=&#8221;.vc_custom_1755681094258{padding-top: 35px !important;}&#8221;]<strong><span style=\"color: #303030;\"><strong>Lavadoiro <\/strong><\/span><\/strong><span style=\"color: #303030;\">\u2013 17 min \/ Documental \/ Direcci\u00f3: Ana Amado i Lois Pati\u00f1o \/ Espanya \/ Gallec <\/span><strong><span style=\"color: #303030;\"><br \/>\n<\/span><\/strong><span style=\"color: #303030;\">L\u00b4espai po\u00e8tic del safareig p\u00fablic gallec es mostra com a punt de cohesi\u00f3 entre dones.<\/span>[\/vc_column_text][\/vc_column_inner][\/vc_row_inner][vc_empty_space height=&#8221;12px&#8221;][vc_row_inner gap=&#8221;1&#8243; mobile_margin_top=&#8221;30&#8243;][vc_column_inner width=&#8221;1\/4&#8243;][vc_single_image image=&#8221;36828&#8243; img_size=&#8221;&#8221; css=&#8221;&#8221;][\/vc_column_inner][vc_column_inner width=&#8221;3\/4&#8243; mobile_margin_top=&#8221;-30&#8243;][vc_column_text css=&#8221;.vc_custom_1755681336595{padding-top: 35px !important;}&#8221;]<strong><span style=\"color: #303030;\"><strong>La Valla <\/strong><\/span><\/strong><span style=\"color: #303030;\">&#8211; 14 min \/ Animaci\u00f3 \/ Direcci\u00f3: Sam Orti \/ Espanya<br \/>\nUna fam\u00edlia empr\u00e8n un perill\u00f3s exili m\u00e9s enll\u00e0 de la civilitzaci\u00f3.<\/span>[\/vc_column_text][\/vc_column_inner][\/vc_row_inner][vc_empty_space height=&#8221;12px&#8221;][vc_row_inner gap=&#8221;1&#8243; mobile_margin_top=&#8221;30&#8243;][vc_column_inner width=&#8221;1\/4&#8243;][vc_single_image image=&#8221;36824&#8243; img_size=&#8221;&#8221; css=&#8221;&#8221;][\/vc_column_inner][vc_column_inner width=&#8221;3\/4&#8243; mobile_margin_top=&#8221;-30&#8243;][vc_column_text css=&#8221;.vc_custom_1757488949968{padding-top: 35px !important;}&#8221;]<strong><span style=\"color: #303030;\"><strong>El Pr\u00edncep<\/strong><\/span><\/strong> <span style=\"color: #303030;\">&#8211; 29 min \/ Ficci\u00f3 \/ Direcci\u00f3: Alex Sard\u00e0 \/ Espanya \/ Catal\u00e0<br \/>\nL\u2019Artur, fill d\u00b4una fam\u00edlia burgesa i ballar\u00ed, es prepara per a la nit d\u2019estrena del seu nou espectacle.<\/span>[\/vc_column_text][\/vc_column_inner][\/vc_row_inner][\/vc_tta_section][vc_tta_section title=&#8221;<b>8 pm<\/b> &#8211; Wine tasting + tasting of local products&#8221; el_class=&#8221;disable-accordion-click&#8221; tab_id=&#8221;18-setembre-20h&#8221;][\/vc_tta_section][\/vc_tta_accordion][\/vc_column][\/vc_row][vc_row][vc_column tablet_margin_left=&#8221;12&#8243; tablet_margin_right=&#8221;12&#8243; mobile_margin_left=&#8221;12&#8243; mobile_margin_right=&#8221;12&#8243;]<div class=\"clearboth\"><\/div><style>#thegem-divider-6a97a6c9decb4 {margin-top: 25px !important;}<\/style><div id=\"thegem-divider-6a97a6c9decb4\" class=\"gem-divider  \" style=\"\" ><\/div>[vc_column_text css=&#8221;.vc_custom_1788032690566{margin-bottom: 8px !important;}&#8221;]<span style=\"font-family: Helvetica; font-size: 14pt; color: #9d1818;\"><strong><u>SATURDAY <\/u><\/strong><strong><u>19 SEPTEMBER<\/u><\/strong><\/span>[\/vc_column_text][\/vc_column][\/vc_row][vc_row css=&#8221;.vc_custom_1754505523319{margin-left: 30px !important;}&#8221; mobile_margin_left=&#8221;-15&#8243; mobile_margin_right=&#8221;4&#8243;][vc_column offset=&#8221;vc_col-lg-12&#8243; tablet_margin_left=&#8221;12&#8243; tablet_margin_right=&#8221;12&#8243; mobile_margin_left=&#8221;12&#8243; mobile_margin_right=&#8221;12&#8243;][vc_tta_accordion style=&#8221;simple_arrow&#8221; color=&#8221;mulled-wine&#8221; spacing=&#8221;1&#8243; c_icon=&#8221;triangle&#8221; c_position=&#8221;right&#8221; active_section=&#8221;false&#8221; no_fill=&#8221;true&#8221; collapsible_all=&#8221;true&#8221;][vc_tta_section title=&#8221;<b>MINOTAURE<\/b> &#8211; Cinema and music&#8221; tab_id=&#8221;minotaure&#8221;]<div class=\"clearboth\"><\/div><style>#thegem-divider-6a97a6c9ded1f {margin-top: -35px !important;}<\/style><div id=\"thegem-divider-6a97a6c9ded1f\" class=\"gem-divider  \" style=\"\" ><\/div>[vc_column_text css=&#8221;&#8221;]<span style=\"color: #303030;\">The Minotaur awaits us at the centre of the labyrinth. And to reach it, we\u2019ll venture deep into the Era d\u2019Ortega in the beautiful enclosed village of Peramea, one of the most remarkable corners of the Baix Pallars, which will host a night of cinema, memory and music. <\/span><\/p>\n<p><span style=\"color: #303030;\">We\u2019ll enjoy a session of Tabaca Film Fest finalist short films, culminating in the premiere of \u201cMite, c\u00e0mera i acci\u00f3\u201d, a documentary that recovers myths, legends and oral memory from the Pallars Sobir\u00e0. Some of its protagonists will join us for this very special evening. <\/span><\/p>\n<p><span style=\"color: #303030;\">Afterwards, we\u2019ll share some food and, as night falls, the powerful voices of the female trio Silvestres will perform a repertoire that recovers and reinterprets traditional songs.<\/span>[\/vc_column_text]<div class=\"clearboth\"><\/div><style>#thegem-divider-6a97a6c9ded81 {margin-top: 35px !important;}<\/style><div id=\"thegem-divider-6a97a6c9ded81\" class=\"gem-divider  \" style=\"\" ><\/div>[vc_column_text css=&#8221;&#8221;]<span style=\"color: #303030;\"><strong>Price: \u20ac10 (everything included)<\/strong><\/span><br \/>\n<span style=\"color: #303030;\">Booking required. Very limited capacity.<br \/>\n<\/span><\/p>\n<p><span style=\"color: #303030;\">Where: <a href=\"https:\/\/www.google.com\/maps\/place\/Era+d%E2%80%99Ortega\/@42.3298743,1.0466481,17z\/data=!3m1!4b1!4m6!3m5!1s0x12a61143f4ac28d3:0xe4e1194f131de321!8m2!3d42.3298743!4d1.049223!16s%2Fg%2F11r3lvr4p_?entry=ttu&amp;g_ep=EgoyMDI2MDgyNS4wIKXMDSoASAFQAw%3D%3D\" target=\"_blank\" rel=\"noopener\">Era d\u2019Ortega, Peramea<\/a><\/span><br \/>\n<span style=\"color: #303030;\">Warm clothing is recommended, as some activities will take place outdoors.<\/span>[\/vc_column_text]<style type=\"text\/css\">.thegem-button-6a97a6c9dee378972 .gem-button svg {fill: #FFFFFF;}.thegem-button-6a97a6c9dee378972 .gem-button:hover svg {fill: #9D1818;}<\/style><div class=\"gem-button-container gem-button-position-inline thegem-button-6a97a6c9dee378972    \"  ><a class=\"gem-button gem-button-size-tiny gem-button-style-flat gem-button-text-weight-normal\" data-ll-effect=\"drop-right-without-wrap\" style=\"border-radius: 3px;background-color: #9D1818;color: #FFFFFF;\" onmouseleave=\"this.style.backgroundColor='#9D1818';this.style.color='#FFFFFF';\" onmouseenter=\"this.style.backgroundColor='#FFFFFF';this.style.color='#9D1818';\" href=\"https:\/\/tabacafilmfest.entrapolis.com\/entrades\/minotaure\" target=\"_blank\">Reservation<\/a><\/div> [\/vc_tta_section][vc_tta_section title=&#8221;<b>7 pm<\/b> &#8211; Film screening II&#8221; tab_id=&#8221;19-setembre-19h&#8221; el_class=&#8221;disable-accordion-click&#8221;][vc_row_inner mobile_margin_top=&#8221;30&#8243;][vc_column_inner width=&#8221;1\/4&#8243;][vc_single_image image=&#8221;36836&#8243; img_size=&#8221;&#8221; css=&#8221;&#8221;][\/vc_column_inner][vc_column_inner width=&#8221;3\/4&#8243; mobile_margin_top=&#8221;-30&#8243;][vc_column_text css=&#8221;.vc_custom_1755617780965{padding-top: 35px !important;}&#8221;]<strong><span style=\"color: #303030;\">A Spot in the World <\/span><\/strong><span style=\"color: #303030;\">&#8211; <\/span><span style=\"color: #303030;\">25 min \/ Ficci\u00f3 \/ Direcci\u00f3: Carlos Robisco \/ Espanya \/ Angl\u00e8s<br \/>\nEnmig d\u00b4una crisi mental vinculada a una nova droga, Franklin Cloud torna al barri on es va criar.<\/span>[\/vc_column_text][\/vc_column_inner][\/vc_row_inner][vc_empty_space height=&#8221;12px&#8221;][vc_row_inner mobile_margin_top=&#8221;30&#8243;][vc_column_inner width=&#8221;1\/4&#8243;][vc_single_image image=&#8221;36840&#8243; img_size=&#8221;&#8221; css=&#8221;&#8221;][\/vc_column_inner][vc_column_inner width=&#8221;3\/4&#8243; mobile_margin_top=&#8221;-30&#8243;][vc_column_text css=&#8221;.vc_custom_1757488978408{padding-top: 35px !important;}&#8221;]<strong><span style=\"color: #303030;\">Le F\u00e9tiche <\/span><\/strong><span style=\"color: #303030;\">&#8211; <\/span><span style=\"color: #303030;\">16 min \/ Videodansa \/ Direcci\u00f3: Samuel Kouam\u00e9 Mathurin \/ Costa d&#8217;Ivori \/ Franc\u00e8s<br \/>\nUn aspirant a ballar\u00ed demana un ninot a un amic perqu\u00e8 li porti sort. <\/span>[\/vc_column_text][\/vc_column_inner][\/vc_row_inner][vc_empty_space height=&#8221;12px&#8221;][vc_row_inner mobile_margin_top=&#8221;30&#8243;][vc_column_inner width=&#8221;1\/4&#8243;][vc_single_image image=&#8221;36848&#8243; img_size=&#8221;&#8221; css=&#8221;&#8221;][\/vc_column_inner][vc_column_inner width=&#8221;3\/4&#8243; mobile_margin_top=&#8221;-30&#8243;][vc_column_text css=&#8221;.vc_custom_1755617800169{padding-top: 35px !important;}&#8221;]<strong><span style=\"color: #303030;\">Campolivar <\/span><\/strong><span style=\"color: #303030;\">&#8211; <\/span><span style=\"color: #303030;\">16 min \/ Documental experimental \/ Direcci\u00f3: Alicia Monchol\u00ed \/ Espanya \/ Castell\u00e0<br \/>\nRetrat de la fracturada relaci\u00f3 entre la directora i el seu pare. <\/span>[\/vc_column_text][\/vc_column_inner][\/vc_row_inner][vc_empty_space height=&#8221;12px&#8221;][vc_row_inner tablet_margin_top=&#8221;30&#8243;][vc_column_inner width=&#8221;1\/4&#8243;][vc_single_image image=&#8221;36852&#8243; img_size=&#8221;&#8221; css=&#8221;&#8221;][\/vc_column_inner][vc_column_inner width=&#8221;3\/4&#8243; mobile_margin_top=&#8221;-30&#8243;][vc_column_text css=&#8221;.vc_custom_1757488997904{padding-top: 35px !important;}&#8221;]<strong><span style=\"color: #303030;\">The Horse <\/span><\/strong><span style=\"color: #303030;\">&#8211; <\/span><span style=\"color: #303030;\">15 min \/ Ficci\u00f3 \/ Direcci\u00f3: Yi-Tzu Lan \/ Taiwan \/ Xin\u00e8s<br \/>\nMentre la Jing prepara una dif\u00edcil mudan\u00e7a, apareix un cavall dins del pis. <\/span>[\/vc_column_text][\/vc_column_inner][\/vc_row_inner][vc_empty_space height=&#8221;12px&#8221;][vc_row_inner mobile_margin_top=&#8221;30&#8243;][vc_column_inner width=&#8221;1\/4&#8243;][vc_single_image image=&#8221;37090&#8243; img_size=&#8221;&#8221; css=&#8221;&#8221;][\/vc_column_inner][vc_column_inner width=&#8221;3\/4&#8243; mobile_margin_top=&#8221;-30&#8243;][vc_column_text css=&#8221;.vc_custom_1755617818810{padding-top: 35px !important;}&#8221;]<strong><span style=\"color: #303030;\">Ixigoleta y Bord\u00f3n <\/span><\/strong><span style=\"color: #303030;\">&#8211; <\/span><span style=\"color: #303030;\">30 min \/ Documental \/ Direcci\u00f3: S\u00edlvia Or\u00f3s \/ Espanya \/ Castell\u00e0<br \/>\nRelaci\u00f3 entre llengua, paisatge i m\u00fasica al Pirineu aragon\u00e8s. <\/span>[\/vc_column_text][\/vc_column_inner][\/vc_row_inner][\/vc_tta_section][vc_tta_section title=&#8221;<b>9 pm<\/b> &#8211; Light refreshments&#8221; tab_id=&#8221;19-setembre-21h&#8221; el_class=&#8221;disable-accordion-click&#8221;][\/vc_tta_section][vc_tta_section title=&#8221;<b>10 pm<\/b> &#8211; Silvestres concert&#8221; tab_id=&#8221;19-setembre-22h&#8221; el_class=&#8221;disable-accordion-click&#8221;][\/vc_tta_section][\/vc_tta_accordion][\/vc_column][\/vc_row][vc_row][vc_column tablet_margin_left=&#8221;12&#8243; tablet_margin_right=&#8221;12&#8243; mobile_margin_left=&#8221;12&#8243; mobile_margin_right=&#8221;12&#8243;]<div class=\"clearboth\"><\/div><style>#thegem-divider-6a97a6c9deeab {margin-top: 25px !important;}<\/style><div id=\"thegem-divider-6a97a6c9deeab\" class=\"gem-divider  \" style=\"\" ><\/div>[vc_column_text css=&#8221;.vc_custom_1788032696468{margin-bottom: 8px !important;}&#8221;]<span style=\"font-family: Helvetica; font-size: 14pt; color: #9d1818;\"><strong><u>SUNDAY <\/u><\/strong><strong><u>20 SEPTEMBER<\/u><\/strong><\/span>[\/vc_column_text][\/vc_column][\/vc_row][vc_row css=&#8221;.vc_custom_1754505535908{margin-left: 30px !important;}&#8221; mobile_margin_left=&#8221;-15&#8243; mobile_margin_right=&#8221;4&#8243;][vc_column offset=&#8221;vc_col-lg-12&#8243; tablet_margin_left=&#8221;12&#8243; tablet_margin_right=&#8221;12&#8243; mobile_margin_left=&#8221;12&#8243; mobile_margin_right=&#8221;12&#8243;][vc_tta_accordion style=&#8221;simple_arrow&#8221; color=&#8221;mulled-wine&#8221; spacing=&#8221;1&#8243; c_icon=&#8221;triangle&#8221; c_position=&#8221;right&#8221; active_section=&#8221;false&#8221; no_fill=&#8221;true&#8221; collapsible_all=&#8221;true&#8221;][vc_tta_section title=&#8221;<b>A whole Sunday of cinema in Sort<\/b>&#8221; tab_id=&#8221;diumenge&#8221;]<div class=\"clearboth\"><\/div><style>#thegem-divider-6a97a6c9def07 {margin-top: -35px !important;}<\/style><div id=\"thegem-divider-6a97a6c9def07\" class=\"gem-divider  \" style=\"\" ><\/div>[vc_column_text css=&#8221;&#8221;]<span style=\"color: #303030;\">Four sessions named after beasts and films for all ages: children, young people and adults. You can come to one, two\u2026 or all four.<br \/>\n<\/span><span style=\"color: #303030;\">There will be prize draws and surprises, and you\u2019ll be able to vote for your favourite shorts and help decide the Tabaca Film Fest Audience Award.<\/span>[\/vc_column_text][\/vc_tta_section][vc_tta_section title=&#8221;<b>11 am CUCAFERA<\/b> &#8211; Film screening III &#8211; Children\u2019s cinema&#8221; tab_id=&#8221;20-setembre-11h&#8221;]<div class=\"clearboth\"><\/div><style>#thegem-divider-6a97a6c9def60 {margin-top: -35px !important;}<\/style><div id=\"thegem-divider-6a97a6c9def60\" class=\"gem-divider  \" style=\"\" ><\/div>[vc_column_text css=&#8221;&#8221;]<span style=\"color: #303030;\">The Cucafera, one of the most festive and lovable creatures in our traditional bestiary, will open this Sunday of cinema.<\/span><\/p>\n<p><span style=\"color: #303030;\">A session specially designed for the youngest members of the family \u2014and, of course, for the adults who want to join them\u2014 with a selection of short films to discover creatures, fantastic worlds and surprising stories through cinema.<\/span><\/p>\n<p><span style=\"color: #303030;\">And pay attention, because before they leave, our youngest spectators will receive a very sweet surprise.<\/span>[\/vc_column_text]<div class=\"clearboth\"><\/div><style>#thegem-divider-6a97a6c9defb6 {margin-top: 20px !important;}<\/style><div id=\"thegem-divider-6a97a6c9defb6\" class=\"gem-divider  \" style=\"\" ><\/div>[vc_column_text css=&#8221;&#8221;]<span style=\"color: #303030;\"><strong>Free session.<\/strong><\/span><br \/>\n<span style=\"color: #303030;\">Booking recommended.<\/span><\/p>\n<p><span style=\"color: #303030;\">Where: <a href=\"https:\/\/www.google.com\/maps\/place\/Cinema+Els+Til%C2%B7lers\/@42.4071059,1.1263229,17z\/data=!3m1!4b1!4m6!3m5!1s0x12a605e76e921537:0x2f52d04ad51ed073!8m2!3d42.4071059!4d1.1288978!16s%2Fg%2F11g9nlp3bp?entry=ttu&amp;g_ep=EgoyMDI2MDgyNS4wIKXMDSoASAFQAw%3D%3D\" target=\"_blank\" rel=\"noopener\">Cinema Els Til\u00b7lers, Sort<\/a><\/span><br \/>\n<span style=\"color: #303030;\"><em>Ages 7+<br \/>\nApropa Cultura partner activity<\/em><\/span>[\/vc_column_text]<style type=\"text\/css\">.thegem-button-6a97a6c9df050639 .gem-button svg {fill: #FFFFFF;}.thegem-button-6a97a6c9df050639 .gem-button:hover svg {fill: #9D1818;}<\/style><div class=\"gem-button-container gem-button-position-inline thegem-button-6a97a6c9df050639    \"  ><a class=\"gem-button gem-button-size-tiny gem-button-style-flat gem-button-text-weight-normal\" data-ll-effect=\"drop-right-without-wrap\" style=\"border-radius: 3px;background-color: #9D1818;color: #FFFFFF;\" onmouseleave=\"this.style.backgroundColor='#9D1818';this.style.color='#FFFFFF';\" onmouseenter=\"this.style.backgroundColor='#FFFFFF';this.style.color='#9D1818';\" href=\"https:\/\/tabacafilmfest.entrapolis.com\/entrades\/cucafera\" target=\"_blank\">Reservation<\/a><\/div> [\/vc_tta_section][vc_tta_section title=&#8221;<b>12.30 pm URCO<\/b> &#8211; Film screening IV &#8211; Cinema for young people and adults&#8221; tab_id=&#8221;20-setembre-12h&#8221;]<div class=\"clearboth\"><\/div><style>#thegem-divider-6a97a6c9df0bd {margin-top: -35px !important;}<\/style><div id=\"thegem-divider-6a97a6c9df0bd\" class=\"gem-divider  \" style=\"\" ><\/div>[vc_column_text css=&#8221;&#8221;]<span style=\"color: #303030;\">What\u2019s one of the best plans for a Sunday morning in Sort? A classic morning at the cinema. <\/span><\/p>\n<p><span style=\"color: #303030;\">The Urco, the mysterious black dog of Galician folklore, invites us to a session where extraordinary powers, stories shaped by war, worlds that not everyone can see and distant childhood memories will coexist. Creatures, memory, reality and fantasy come together in a new selection of Tabaca Film Fest finalist short films. <\/span><\/p>\n<p><span style=\"color: #303030;\">And afterwards? You\u2019ll still have the whole Sunday ahead of you, but you\u2019ll already have travelled to distant lands and times. <\/span>[\/vc_column_text]<div class=\"clearboth\"><\/div><style>#thegem-divider-6a97a6c9df113 {margin-top: 20px !important;}<\/style><div id=\"thegem-divider-6a97a6c9df113\" class=\"gem-divider  \" style=\"\" ><\/div>[vc_column_text css=&#8221;&#8221;]<span style=\"color: #303030;\"><strong>Free session.<\/strong><br \/>\nBooking recommended.<br \/>\n<\/span><span style=\"color: #303030;\">Where: <a href=\"https:\/\/www.google.com\/maps\/place\/Cinema+Els+Til%C2%B7lers\/@42.4071059,1.1263229,17z\/data=!3m1!4b1!4m6!3m5!1s0x12a605e76e921537:0x2f52d04ad51ed073!8m2!3d42.4071059!4d1.1288978!16s%2Fg%2F11g9nlp3bp?entry=ttu&amp;g_ep=EgoyMDI2MDgyNS4wIKXMDSoASAFQAw%3D%3D\" target=\"_blank\" rel=\"noopener\">Cinema Els Til\u00b7lers, Sort<\/a><\/span>[\/vc_column_text]<style type=\"text\/css\">.thegem-button-6a97a6c9df1a67254 .gem-button svg {fill: #FFFFFF;}.thegem-button-6a97a6c9df1a67254 .gem-button:hover svg {fill: #9D1818;}<\/style><div class=\"gem-button-container gem-button-position-inline thegem-button-6a97a6c9df1a67254    \"  ><a class=\"gem-button gem-button-size-tiny gem-button-style-flat gem-button-text-weight-normal\" data-ll-effect=\"drop-right-without-wrap\" style=\"border-radius: 3px;background-color: #9D1818;color: #FFFFFF;\" onmouseleave=\"this.style.backgroundColor='#9D1818';this.style.color='#FFFFFF';\" onmouseenter=\"this.style.backgroundColor='#FFFFFF';this.style.color='#9D1818';\" href=\"https:\/\/tabacafilmfest.entrapolis.com\/entrades\/urco\" target=\"_blank\">Reservation<\/a><\/div> [\/vc_tta_section][vc_tta_section title=&#8221;<b>5 pm F\u00c8NIX<\/b> &#8211; Film screening V &#8211; Cinema for young people and adults&#8221; tab_id=&#8221;20-setembre-17h&#8221;]<div class=\"clearboth\"><\/div><style>#thegem-divider-6a97a6c9df221 {margin-top: -35px !important;}<\/style><div id=\"thegem-divider-6a97a6c9df221\" class=\"gem-divider  \" style=\"\" ><\/div>[vc_column_text css=&#8221;&#8221;]<span style=\"color: #303030;\">A preview of a selection of short films that the Tabaca Film Fest will share with local secondary schools the following week.<\/span><\/p>\n<p><span style=\"color: #303030;\">Vibrant stories about change, identity, transformation, fears and new ways of seeing the world, inspired by the Phoenix, that extraordinary bird that dies and is reborn from its own ashes.<\/span>[\/vc_column_text]<div class=\"clearboth\"><\/div><style>#thegem-divider-6a97a6c9df276 {margin-top: 20px !important;}<\/style><div id=\"thegem-divider-6a97a6c9df276\" class=\"gem-divider  \" style=\"\" ><\/div>[vc_column_text css=&#8221;&#8221;]<span style=\"color: #303030;\"><strong>Free session.<\/strong><br \/>\nBooking recommended.<br \/>\n<\/span><span style=\"color: #303030;\">Where: <a href=\"https:\/\/www.google.com\/maps\/place\/Cinema+Els+Til%C2%B7lers\/@42.4071059,1.1263229,17z\/data=!3m1!4b1!4m6!3m5!1s0x12a605e76e921537:0x2f52d04ad51ed073!8m2!3d42.4071059!4d1.1288978!16s%2Fg%2F11g9nlp3bp?entry=ttu&amp;g_ep=EgoyMDI2MDgyNS4wIKXMDSoASAFQAw%3D%3D\" target=\"_blank\" rel=\"noopener\">Cinema Els Til\u00b7lers, Sort<\/a><\/span><br \/>\n<span style=\"color: #303030;\"><em>Apropa Cultura partner activity<\/em><\/span>[\/vc_column_text]<style type=\"text\/css\">.thegem-button-6a97a6c9df3017158 .gem-button svg {fill: #FFFFFF;}.thegem-button-6a97a6c9df3017158 .gem-button:hover svg {fill: #9D1818;}<\/style><div class=\"gem-button-container gem-button-position-inline thegem-button-6a97a6c9df3017158    \"  ><a class=\"gem-button gem-button-size-tiny gem-button-style-flat gem-button-text-weight-normal\" data-ll-effect=\"drop-right-without-wrap\" style=\"border-radius: 3px;background-color: #9D1818;color: #FFFFFF;\" onmouseleave=\"this.style.backgroundColor='#9D1818';this.style.color='#FFFFFF';\" onmouseenter=\"this.style.backgroundColor='#FFFFFF';this.style.color='#9D1818';\" href=\"https:\/\/tabacafilmfest.entrapolis.com\/entrades\/fenix\" target=\"_blank\">Reservation<\/a><\/div> [\/vc_tta_section][vc_tta_section title=&#8221;<b>7 pm TARASQUE<\/b> &#8211; Film screening VI &#8211; Feature film \u201cLe R\u00e8gne animal\u201d&#8221; tab_id=&#8221;20-setembre-19h&#8221;]<div class=\"clearboth\"><\/div><style>#thegem-divider-6a97a6c9df36e {margin-top: -35px !important;}<\/style><div id=\"thegem-divider-6a97a6c9df36e\" class=\"gem-divider  \" style=\"\" ><\/div>[vc_column_text css=&#8221;&#8221;]<span style=\"color: #303030;\">We\u2019ll finish our Sunday of cinema with a big beast.<\/span><\/p>\n<p><span style=\"color: #303030;\">The Tarasque, a legendary creature from French tradition, half animal, half monster and difficult to tame, will lead us to one of the most acclaimed French fantasy films of recent years: Le R\u00e8gne animal, by Thomas Cailley.<\/span><\/p>\n<p><span style=\"color: #303030;\">A father and son embark on an adventure about metamorphosis, nature and the beast that perhaps lives inside all of us. A fantastic, wild and deeply human fable to bring a full day of cinema in Sort to a close. <\/span><\/p>\n<p><span style=\"color: #303030;\">Presented at the Cannes Film Festival, the film received 12 C\u00e9sar Award nominations and won 5, including cinematography, original music and visual effects.<\/span>[\/vc_column_text]<div class=\"clearboth\"><\/div><style>#thegem-divider-6a97a6c9df3c8 {margin-top: 25px !important;}<\/style><div id=\"thegem-divider-6a97a6c9df3c8\" class=\"gem-divider  \" style=\"\" ><\/div>[vc_column_text css=&#8221;&#8221;]<span style=\"color: #303030;\"><strong>Free session.<\/strong><\/span><br \/>\n<span style=\"color: #303030;\">Booking recommended.<\/span><br \/>\n<span style=\"color: #303030;\">Original version with Catalan subtitles.<\/span><\/p>\n<p><span style=\"color: #303030;\">Where: <a href=\"https:\/\/www.google.com\/maps\/place\/Cinema+Els+Til%C2%B7lers\/@42.4071059,1.1263229,17z\/data=!3m1!4b1!4m6!3m5!1s0x12a605e76e921537:0x2f52d04ad51ed073!8m2!3d42.4071059!4d1.1288978!16s%2Fg%2F11g9nlp3bp?entry=ttu&amp;g_ep=EgoyMDI2MDgyNS4wIKXMDSoASAFQAw%3D%3D\" target=\"_blank\" rel=\"noopener\">Cinema Els Til\u00b7lers, Sort<\/a><\/span><br \/>\n<span style=\"color: #303030;\"><em>Apropa Cultura partner activity<\/em><\/span>[\/vc_column_text]<style type=\"text\/css\">.thegem-button-6a97a6c9df4722888 .gem-button svg {fill: #FFFFFF;}.thegem-button-6a97a6c9df4722888 .gem-button:hover svg {fill: #9D1818;}<\/style><div class=\"gem-button-container gem-button-position-inline thegem-button-6a97a6c9df4722888    \"  ><a class=\"gem-button gem-button-size-tiny gem-button-style-flat gem-button-text-weight-normal\" data-ll-effect=\"drop-right-without-wrap\" style=\"border-radius: 3px;background-color: #9D1818;color: #FFFFFF;\" onmouseleave=\"this.style.backgroundColor='#9D1818';this.style.color='#FFFFFF';\" onmouseenter=\"this.style.backgroundColor='#FFFFFF';this.style.color='#9D1818';\" href=\"https:\/\/tabacafilmfest.entrapolis.com\/entrades\/tarasque\" target=\"_blank\">Reservation<\/a><\/div> [\/vc_tta_section][\/vc_tta_accordion][\/vc_column][\/vc_row][vc_row][vc_column tablet_margin_left=&#8221;12&#8243; tablet_margin_right=&#8221;12&#8243; mobile_margin_left=&#8221;12&#8243; mobile_margin_right=&#8221;12&#8243;]<div class=\"clearboth\"><\/div><style>#thegem-divider-6a97a6c9df4d8 {margin-top: 25px !important;}<\/style><div id=\"thegem-divider-6a97a6c9df4d8\" class=\"gem-divider  \" style=\"\" ><\/div>[vc_column_text css=&#8221;.vc_custom_1788032702367{margin-bottom: 8px !important;}&#8221;]<span style=\"font-family: Helvetica; font-size: 14pt; color: #9d1818;\"><strong><u>THURSDAY <\/u><\/strong><strong><u>24 SEPTEMBER<\/u><\/strong><\/span>[\/vc_column_text][\/vc_column][\/vc_row][vc_row css=&#8221;.vc_custom_1754505535908{margin-left: 30px !important;}&#8221; mobile_margin_left=&#8221;-15&#8243; mobile_margin_right=&#8221;4&#8243;][vc_column offset=&#8221;vc_col-lg-12&#8243; tablet_margin_left=&#8221;12&#8243; tablet_margin_right=&#8221;12&#8243; mobile_margin_left=&#8221;12&#8243; mobile_margin_right=&#8221;12&#8243;][vc_tta_accordion style=&#8221;simple_arrow&#8221; color=&#8221;mulled-wine&#8221; spacing=&#8221;1&#8243; c_icon=&#8221;triangle&#8221; c_position=&#8221;right&#8221; active_section=&#8221;false&#8221; no_fill=&#8221;true&#8221; collapsible_all=&#8221;true&#8221;][vc_tta_section title=&#8221;<b>C\u00c8RBER<\/b> &#8211; Official festival opening&#8221; tab_id=&#8221;cerber&#8221;]<div class=\"clearboth\"><\/div><style>#thegem-divider-6a97a6c9df537 {margin-top: -35px !important;}<\/style><div id=\"thegem-divider-6a97a6c9df537\" class=\"gem-divider  \" style=\"\" ><\/div>[vc_column_text css=&#8221;&#8221;]<span style=\"color: #303030;\">For four days, the Reial Alfol\u00ed in Gerri de la Sal will become Tabaca territory: cinema, culture and wild beasts.<\/span><\/p>\n<p><span style=\"color: #303030;\">The journey will begin with the official opening ceremony of the third edition of the Tabaca Film Fest, followed by a new session of finalist short films. But we won\u2019t be alone: mysterious characters will accompany us throughout the evening and, in their own way, make sure we reach our destination. Pack your bags. <\/span><\/p>\n<p><span style=\"color: #303030;\">Afterwards, we\u2019ll share a wild welcome dinner inspired by the most ancestral flavours of the Pallars, created by Jaume Mora, renowned chef at Fonda Farr\u00e9 in Baro, one of the benchmark establishments for local Pallars cuisine.<\/span><\/p>\n<p><span style=\"color: #303030;\">And when it seems the night is coming to an end, Cerberus, the three-headed dog that guarded the gates of the underworld, will open one final door\u2026<\/span>[\/vc_column_text]<div class=\"clearboth\"><\/div><style>#thegem-divider-6a97a6c9df58e {margin-top: 25px !important;}<\/style><div id=\"thegem-divider-6a97a6c9df58e\" class=\"gem-divider  \" style=\"\" ><\/div>[vc_column_text css=&#8221;&#8221;]<strong><span style=\"color: #303030;\">Price: \u20ac15 (everything included)<\/span><\/strong><br \/>\n<span style=\"color: #303030;\">Booking required. Limited capacity. <\/span><\/p>\n<p><span style=\"color: #303030;\">Where: Reial Alfol\u00ed \u00b7 Gerri de la Sal<\/span><br \/>\n<span style=\"color: #303030;\">Warm clothing is recommended, as some activities will take place outdoors.<\/span>[\/vc_column_text]<style type=\"text\/css\">.thegem-button-6a97a6c9df63e9485 .gem-button svg {fill: #FFFFFF;}.thegem-button-6a97a6c9df63e9485 .gem-button:hover svg {fill: #9D1818;}<\/style><div class=\"gem-button-container gem-button-position-inline thegem-button-6a97a6c9df63e9485    \"  ><a class=\"gem-button gem-button-size-tiny gem-button-style-flat gem-button-text-weight-normal\" data-ll-effect=\"drop-right-without-wrap\" style=\"border-radius: 3px;background-color: #9D1818;color: #FFFFFF;\" onmouseleave=\"this.style.backgroundColor='#9D1818';this.style.color='#FFFFFF';\" onmouseenter=\"this.style.backgroundColor='#FFFFFF';this.style.color='#9D1818';\" href=\"https:\/\/tabacafilmfest.entrapolis.com\/entrades\/cerber\" target=\"_blank\">Reservation<\/a><\/div> [\/vc_tta_section][vc_tta_section title=&#8221;<b>7 pm<\/b> &#8211; Official opening ceremony&#8221; tab_id=&#8221;24-setembre-19h&#8221; el_class=&#8221;disable-accordion-click&#8221;][\/vc_tta_section][vc_tta_section title=&#8221;<b>7.30 pm<\/b> &#8211; Film screening VII&#8221; tab_id=&#8221;24-setembre-1930h&#8221; el_class=&#8221;disable-accordion-click&#8221;][vc_row_inner mobile_margin_top=&#8221;30&#8243;][vc_column_inner width=&#8221;1\/4&#8243;][vc_single_image image=&#8221;36938&#8243; img_size=&#8221;&#8221; css=&#8221;&#8221;][\/vc_column_inner][vc_column_inner width=&#8221;3\/4&#8243; mobile_margin_top=&#8221;-30&#8243;][vc_column_text css=&#8221;.vc_custom_1757489183822{padding-top: 35px !important;}&#8221;]<strong><span style=\"color: #303030;\">Pietra <\/span><\/strong><span style=\"color: #303030;\">&#8211; <\/span><span style=\"color: #303030;\">12 min \/ Animaci\u00f3 \/ Direcci\u00f3: Zynthia Levitan \/ Brasil, Litu\u00e0nia, Pol\u00f2nia i Portugal<br \/>\nDues ve\u00efnes d\u00b4un cl\u00e0ssic barri portugu\u00e8s es troben arran d\u2019un conflicte, des de llocs aparentment molt diferents. <\/span>[\/vc_column_text][\/vc_column_inner][\/vc_row_inner][vc_empty_space height=&#8221;12px&#8221;][vc_row_inner mobile_margin_top=&#8221;30&#8243;][vc_column_inner width=&#8221;1\/4&#8243;][vc_single_image image=&#8221;37110&#8243; img_size=&#8221;&#8221; css=&#8221;&#8221;][\/vc_column_inner][vc_column_inner width=&#8221;3\/4&#8243; mobile_margin_top=&#8221;-30&#8243;][vc_column_text css=&#8221;.vc_custom_1757489212274{padding-top: 35px !important;}&#8221;]<strong><span style=\"color: #303030;\">Nit de Reis <\/span><\/strong><span style=\"color: #303030;\">&#8211; <\/span><span style=\"color: #303030;\">5 min \/ Ficci\u00f3 \/ Direcci\u00f3: Teo Nicolau \/ Espanya \/ Catal\u00e0<br \/>\n\u00c9s la nit de Reis i hi ha qui t\u00e9 m\u00e9s ganes de sortir de festa que de treballar. <\/span>[\/vc_column_text][\/vc_column_inner][\/vc_row_inner][vc_empty_space height=&#8221;12px&#8221;][vc_row_inner mobile_margin_top=&#8221;30&#8243;][vc_column_inner width=&#8221;1\/4&#8243;][vc_single_image image=&#8221;36950&#8243; img_size=&#8221;&#8221; css=&#8221;&#8221;][\/vc_column_inner][vc_column_inner width=&#8221;3\/4&#8243; mobile_margin_top=&#8221;-30&#8243;][vc_column_text css=&#8221;.vc_custom_1757489227157{padding-top: 35px !important;}&#8221;]<strong><span style=\"color: #303030;\">Felina <\/span><\/strong><span style=\"color: #303030;\">&#8211; <\/span><span style=\"color: #303030;\">12 min \/ Animaci\u00f3 \/ Direcci\u00f3: Mar\u00eda Lorenzo Hern\u00e1ndez \/ Espanya<br \/>\nFelina \u00e9s la hist\u00f2ria de dos \u00e9ssers que amaguen una sorprenent veritat.<\/span>[\/vc_column_text][\/vc_column_inner][\/vc_row_inner][vc_empty_space height=&#8221;12px&#8221;][vc_row_inner mobile_margin_top=&#8221;30&#8243;][vc_column_inner width=&#8221;1\/4&#8243;][vc_single_image image=&#8221;36962&#8243; img_size=&#8221;&#8221; css=&#8221;&#8221;][\/vc_column_inner][vc_column_inner width=&#8221;3\/4&#8243; mobile_margin_top=&#8221;-30&#8243;][vc_column_text css=&#8221;.vc_custom_1755621525358{padding-top: 35px !important;}&#8221;]<strong><span style=\"color: #303030;\">Ese lugar part\u00edo <\/span><\/strong><span style=\"color: #303030;\">&#8211; <\/span><span style=\"color: #303030;\">8 min \/ Experimental \/ Direcci\u00f3: In\u00e9s Pintor Sierra \/ Espanya \/ Castell\u00e0<br \/>\nMarcos i Mateo creixen junts fins que la construcci\u00f3 d\u00b4una autopista divideix el poble en dos. <\/span>[\/vc_column_text][\/vc_column_inner][\/vc_row_inner][vc_empty_space height=&#8221;12px&#8221;][vc_row_inner mobile_margin_top=&#8221;30&#8243;][vc_column_inner width=&#8221;1\/4&#8243;][vc_single_image image=&#8221;36942&#8243; img_size=&#8221;&#8221; css=&#8221;&#8221;][\/vc_column_inner][vc_column_inner width=&#8221;3\/4&#8243; mobile_margin_top=&#8221;-30&#8243;][vc_column_text css=&#8221;.vc_custom_1755621582190{padding-top: 35px !important;}&#8221;]<strong><span style=\"color: #303030;\">Plora aqu\u00ed <\/span><\/strong><span style=\"color: #303030;\">&#8211; <\/span><span style=\"color: #303030;\">8 min \/ Ficci\u00f3 \/ Direcci\u00f3: Pablo Maestres \/ Espanya \/ Catal\u00e0<br \/>\nSnif \u00e9s un monstre que viu a la natura i que accidentalment coneix a una fam\u00edlia. <\/span>[\/vc_column_text][\/vc_column_inner][\/vc_row_inner][vc_empty_space height=&#8221;12px&#8221;][vc_row_inner mobile_margin_top=&#8221;30&#8243;][vc_column_inner width=&#8221;1\/4&#8243;][vc_single_image image=&#8221;36954&#8243; img_size=&#8221;&#8221; css=&#8221;&#8221;][\/vc_column_inner][vc_column_inner width=&#8221;3\/4&#8243; mobile_margin_top=&#8221;-30&#8243;][vc_column_text css=&#8221;.vc_custom_1757489320523{padding-top: 35px !important;}&#8221;]<strong><span style=\"color: #303030;\">El fin del mundo <\/span><\/strong><span style=\"color: #303030;\">&#8211; <\/span><span style=\"color: #303030;\">14 min \/ Ficci\u00f3 \/ Direcci\u00f3: Alessandro Mosca \/ Per\u00fa \/ Castell\u00e0<br \/>\nUn nen s\u2019ha perdut a la muntanya i busca el cam\u00ed de tornada a casa. <\/span>[\/vc_column_text][\/vc_column_inner][\/vc_row_inner][vc_empty_space height=&#8221;12px&#8221;][vc_row_inner mobile_margin_top=&#8221;30&#8243;][vc_column_inner width=&#8221;1\/4&#8243;][vc_single_image image=&#8221;36958&#8243; img_size=&#8221;&#8221; css=&#8221;&#8221;][\/vc_column_inner][vc_column_inner width=&#8221;3\/4&#8243; mobile_margin_top=&#8221;-30&#8243;][vc_column_text css=&#8221;.vc_custom_1755621808979{padding-top: 35px !important;}&#8221;]<strong><span style=\"color: #303030;\">Els Simiots <\/span><\/strong><span style=\"color: #303030;\">&#8211; <\/span><span style=\"color: #303030;\">30 min \/ Documental \/ Direcci\u00f3: Jordi Busquets \/ Espanya \/ Catal\u00e0<br \/>\nA trav\u00e9s de testimonis locals, el documental explora la llegenda dels homes salvatges dels Pirineus, especialment a la zona d\u2019Arles. <\/span>[\/vc_column_text][\/vc_column_inner][\/vc_row_inner][vc_empty_space height=&#8221;30px&#8221;][\/vc_tta_section][vc_tta_section title=&#8221;<b>9 pm<\/b> &#8211; Wild welcome dinner&#8221; tab_id=&#8221;24-setembre-21h&#8221; el_class=&#8221;disable-accordion-click&#8221;][\/vc_tta_section][vc_tta_section title=&#8221;<b>10 pm<\/b> &#8211; Surprise activity under the stars&#8221; tab_id=&#8221;24-setembre-22h&#8221; el_class=&#8221;disable-accordion-click&#8221;][\/vc_tta_section][\/vc_tta_accordion][\/vc_column][\/vc_row][vc_row][vc_column tablet_margin_left=&#8221;12&#8243; tablet_margin_right=&#8221;12&#8243; mobile_margin_left=&#8221;12&#8243; mobile_margin_right=&#8221;12&#8243;]<div class=\"clearboth\"><\/div><style>#thegem-divider-6a97a6c9df69f {margin-top: 25px !important;}<\/style><div id=\"thegem-divider-6a97a6c9df69f\" class=\"gem-divider  \" style=\"\" ><\/div>[vc_column_text css=&#8221;.vc_custom_1788032710001{margin-bottom: 8px !important;}&#8221;]<span style=\"font-family: Helvetica; font-size: 14pt; color: #9d1818;\"><strong><u>FRIDAY <\/u><\/strong><strong><u>25 SEPTEMBER<\/u><\/strong><\/span>[\/vc_column_text][\/vc_column][\/vc_row][vc_row css=&#8221;.vc_custom_1754505535908{margin-left: 30px !important;}&#8221; mobile_margin_left=&#8221;-15&#8243; mobile_margin_right=&#8221;4&#8243;][vc_column offset=&#8221;vc_col-lg-12&#8243; tablet_margin_left=&#8221;12&#8243; tablet_margin_right=&#8221;12&#8243; mobile_margin_left=&#8221;12&#8243; mobile_margin_right=&#8221;12&#8243;][vc_tta_accordion style=&#8221;simple_arrow&#8221; color=&#8221;mulled-wine&#8221; spacing=&#8221;1&#8243; c_icon=&#8221;triangle&#8221; c_position=&#8221;right&#8221; active_section=&#8221;false&#8221; no_fill=&#8221;true&#8221; collapsible_all=&#8221;true&#8221;][vc_tta_section title=&#8221;<b>10 am ART\u00c8MIA<\/b> &#8211; Guided visit to the Museu de la Sal (also at 1 pm)&#8221; tab_id=&#8221;25-setembre-10&#8243;]<div class=\"clearboth\"><\/div><style>#thegem-divider-6a97a6c9df6ea {margin-top: -35px !important;}<\/style><div id=\"thegem-divider-6a97a6c9df6ea\" class=\"gem-divider  \" style=\"\" ><\/div>[vc_column_text css=&#8221;&#8221;]<span style=\"color: #303030;\">Artemia is a tiny crustacean from an ancient lineage, capable of living where almost nothing else can: in water with extremely high salt concentrations. The perfect guide to discovering one of Gerri\u2019s greatest treasures. <\/span><\/p>\n<p><span style=\"color: #303030;\">We\u2019ll visit the Museu de la Sal and the Reial Alfol\u00ed, an emblematic building that over the centuries has served as a salt warehouse, school, theatre and shared community space. We\u2019ll discover Gerri\u2019s salt-making history and celebrate a small but remarkable achievement: this year, traditional salt production has returned, thanks to the effort and commitment of an entire village. <\/span>[\/vc_column_text]<div class=\"clearboth\"><\/div><style>#thegem-divider-6a97a6c9df735 {margin-top: 35px !important;}<\/style><div id=\"thegem-divider-6a97a6c9df735\" class=\"gem-divider  \" style=\"\" ><\/div>[vc_column_text css=&#8221;&#8221;]<span style=\"color: #303030;\"><strong>Free activity.<\/strong><\/span><br \/>\n<span style=\"color: #303030;\">Booking required. Limited capacity.<br \/>\nWhere: Reial Alfol\u00ed \u00b7 Gerri de la Sal<br \/>\n<\/span>[\/vc_column_text]<style type=\"text\/css\">.thegem-button-6a97a6c9df7c49708 .gem-button svg {fill: #FFFFFF;}.thegem-button-6a97a6c9df7c49708 .gem-button:hover svg {fill: #9D1818;}<\/style><div class=\"gem-button-container gem-button-position-inline thegem-button-6a97a6c9df7c49708    \"  ><a class=\"gem-button gem-button-size-tiny gem-button-style-flat gem-button-text-weight-normal\" data-ll-effect=\"drop-right-without-wrap\" style=\"border-radius: 3px;background-color: #9D1818;color: #FFFFFF;\" onmouseleave=\"this.style.backgroundColor='#9D1818';this.style.color='#FFFFFF';\" onmouseenter=\"this.style.backgroundColor='#FFFFFF';this.style.color='#9D1818';\" href=\"https:\/\/tabacafilmfest.entrapolis.com\/entrades\/artemia\" target=\"_blank\">Book for 10 am<\/a><\/div> <style type=\"text\/css\">.thegem-button-6a97a6c9df871824 .gem-button svg {fill: #FFFFFF;}.thegem-button-6a97a6c9df871824 .gem-button:hover svg {fill: #9D1818;}<\/style><div class=\"gem-button-container gem-button-position-inline thegem-button-6a97a6c9df871824    \"  ><a class=\"gem-button gem-button-size-tiny gem-button-style-flat gem-button-text-weight-normal\" data-ll-effect=\"drop-right-without-wrap\" style=\"border-radius: 3px;background-color: #9D1818;color: #FFFFFF;\" onmouseleave=\"this.style.backgroundColor='#9D1818';this.style.color='#FFFFFF';\" onmouseenter=\"this.style.backgroundColor='#FFFFFF';this.style.color='#9D1818';\" href=\"https:\/\/tabacafilmfest.entrapolis.com\/entrades\/artemia\" target=\"_blank\">Book for 1 pm<\/a><\/div> [\/vc_tta_section][vc_tta_section title=&#8221;<b>11 am ALICORNI<\/b> &#8211; Film screening VIII&#8221; tab_id=&#8221;25-setembre-11h&#8221;]<div class=\"clearboth\"><\/div><style>#thegem-divider-6a97a6c9df8cb {margin-top: -35px !important;}<\/style><div id=\"thegem-divider-6a97a6c9df8cb\" class=\"gem-divider  \" style=\"\" ><\/div>[vc_column_text css=&#8221;&#8221;]<span style=\"color: #303030;\">Half horse, half impossible creature, the Alicorni will invite us to leave the known world behind for a while.<\/span><\/p>\n<p><span style=\"color: #303030;\">One of the festival\u2019s most dreamlike and hypnotic sessions, with short films that will take us towards strange, intimate and unexpected territories. Cinema to surrender to, to look a little further and perhaps reach places we didn\u2019t know existed. <\/span>[\/vc_column_text]<div class=\"clearboth\"><\/div><style>#thegem-divider-6a97a6c9df91c {margin-top: 10px !important;}<\/style><div id=\"thegem-divider-6a97a6c9df91c\" class=\"gem-divider  \" style=\"\" ><\/div>[vc_column_text css=&#8221;&#8221;]<span style=\"color: #303030;\"><strong>Price: \u20ac3 <\/strong><\/span><br \/>\n<span style=\"color: #303030;\">Booking recommended. Limited capacity. <\/span><\/p>\n<p><span style=\"color: #303030;\">Where: Reial Alfol\u00ed \u00b7 Gerri de la Sal<\/span><br \/>\n<span style=\"color: #303030;\"><em>Apropa Cultura partner activity<\/em><\/span>[\/vc_column_text]<style type=\"text\/css\">.thegem-button-6a97a6c9df9b66320 .gem-button svg {fill: #FFFFFF;}.thegem-button-6a97a6c9df9b66320 .gem-button:hover svg {fill: #9D1818;}<\/style><div class=\"gem-button-container gem-button-position-inline thegem-button-6a97a6c9df9b66320    \"  ><a class=\"gem-button gem-button-size-tiny gem-button-style-flat gem-button-text-weight-normal\" data-ll-effect=\"drop-right-without-wrap\" style=\"border-radius: 3px;background-color: #9D1818;color: #FFFFFF;\" onmouseleave=\"this.style.backgroundColor='#9D1818';this.style.color='#FFFFFF';\" onmouseenter=\"this.style.backgroundColor='#FFFFFF';this.style.color='#9D1818';\" href=\"https:\/\/tabacafilmfest.entrapolis.com\/entrades\/alicorni\" target=\"_blank\">Reservation<\/a><\/div> [\/vc_tta_section][vc_tta_section title=&#8221;<b>1 pm QUIMERA<\/b> &#8211; Masterclass: Mythological Animals, with Joan de D\u00e9u Prats&#8221; tab_id=&#8221;25-setembre-13h&#8221;]<div class=\"clearboth\"><\/div><style>#thegem-divider-6a97a6c9dfa18 {margin-top: -35px !important;}<\/style><div id=\"thegem-divider-6a97a6c9dfa18\" class=\"gem-divider  \" style=\"\" ><\/div>[vc_column_text css=&#8221;&#8221;]<span style=\"font-weight: 400; color: #303030;\">Dragons, griffins, impossible beasts and creatures born from human imagination since time immemorial. If this year we\u2019ve decided to fill the Tabaca with beasts, we couldn\u2019t have found anyone better than Joan de D\u00e9u Prats to help us understand where they come from and what they tell us. <\/span><\/p>\n<p><span style=\"font-weight: 400; color: #303030;\">A writer and great expert on fantastic and legendary imagination, he will invite us to explore the universe of mythological animals, their stories, their symbols and everything that humans have projected onto them.<\/span><\/p>\n<p><span style=\"font-weight: 400; color: #303030;\">An opportunity to go a little beyond the myth and discover what lies behind the beast.<\/span>[\/vc_column_text]<div class=\"clearboth\"><\/div><style>#thegem-divider-6a97a6c9dfa61 {margin-top: 35px !important;}<\/style><div id=\"thegem-divider-6a97a6c9dfa61\" class=\"gem-divider  \" style=\"\" ><\/div>[vc_column_text css=&#8221;&#8221;]<span style=\"color: #303030;\"><strong>Free activity, no booking required.<\/strong><\/span><br \/>\n<span style=\"color: #303030;\">Recommended for adults.<\/span><br \/>\n<span style=\"color: #303030;\">Limited capacity. Free entry, first come, first served.<\/span><\/p>\n<p><span style=\"color: #303030;\">Where: Reial Alfol\u00ed \u00b7 Gerri de la Sal<\/span><br \/>\n<span style=\"color: #303030;\"><em>Apropa Cultura partner activity<\/em><\/span>[\/vc_column_text][\/vc_tta_section][vc_tta_section title=&#8221;<b>4 pm AATXE<\/b> &#8211; Film screening IX&#8221; tab_id=&#8221;25-setembre-16h&#8221;]<div class=\"clearboth\"><\/div><style>#thegem-divider-6a97a6c9dfaac {margin-top: -35px !important;}<\/style><div id=\"thegem-divider-6a97a6c9dfaac\" class=\"gem-divider  \" style=\"\" ><\/div>[vc_column_text css=&#8221;&#8221;]<span style=\"font-weight: 400; color: #303030;\">The Aatxe, a spirit from Basque mythology that takes the form of a red bull, appears at night and inhabits caves and hidden places. This session will also take us into uncomfortable territory. <\/span><\/p>\n<p><span style=\"font-weight: 400; color: #303030;\">Dystopias, desires, unsettling futures and realities that sometimes feel like fiction. A selection of short films that will hold up a mirror to us and invite us to ask where we are going, and what remains of us along the way. <\/span>[\/vc_column_text]<div class=\"clearboth\"><\/div><style>#thegem-divider-6a97a6c9dfaf3 {margin-top: 10px !important;}<\/style><div id=\"thegem-divider-6a97a6c9dfaf3\" class=\"gem-divider  \" style=\"\" ><\/div>[vc_column_text css=&#8221;&#8221;]<span style=\"color: #303030;\"><strong>Price: \u20ac3 <\/strong><\/span><br \/>\n<span style=\"color: #303030;\">Booking recommended. Limited capacity.<br \/>\nWhere: Reial Alfol\u00ed \u00b7 Gerri de la Sal<\/span>[\/vc_column_text]<style type=\"text\/css\">.thegem-button-6a97a6c9dfb794039 .gem-button svg {fill: #FFFFFF;}.thegem-button-6a97a6c9dfb794039 .gem-button:hover svg {fill: #9D1818;}<\/style><div class=\"gem-button-container gem-button-position-inline thegem-button-6a97a6c9dfb794039    \"  ><a class=\"gem-button gem-button-size-tiny gem-button-style-flat gem-button-text-weight-normal\" data-ll-effect=\"drop-right-without-wrap\" style=\"border-radius: 3px;background-color: #9D1818;color: #FFFFFF;\" onmouseleave=\"this.style.backgroundColor='#9D1818';this.style.color='#FFFFFF';\" onmouseenter=\"this.style.backgroundColor='#FFFFFF';this.style.color='#9D1818';\" href=\"https:\/\/tabacafilmfest.entrapolis.com\/entrades\/aatxe\" target=\"_blank\">Reservation<\/a><\/div> [\/vc_tta_section][vc_tta_section title=&#8221;<b>5 pm ESFINX<\/b> &#8211; Tarot card drawing workshop, with Jes\u00fas Rosan&#8221; tab_id=&#8221;25-setembre-17h&#8221;]<div class=\"clearboth\"><\/div><style>#thegem-divider-6a97a6c9dfbd0 {margin-top: -35px !important;}<\/style><div id=\"thegem-divider-6a97a6c9dfbd0\" class=\"gem-divider  \" style=\"\" ><\/div>[vc_column_text css=&#8221;&#8221;]<span style=\"font-weight: 400; color: #303030;\">The Sphinx posed riddles to travellers. We\u2019ll answer with pencils, imagination and a deck of cards yet to be invented. <\/span><\/p>\n<p><span style=\"font-weight: 400; color: #303030;\">Jes\u00fas Rosan, artist and long-time accomplice of the Tabaca, will invite us to create our own Tarot cards inspired by animals, symbols and elements from the Pyrenees. Tarot as a tool for exploration and self-knowledge, but also as a space for play and creation. <\/span><\/p>\n<p><span style=\"font-weight: 400; color: #303030;\">What would a Tarot deck born in the Pyrenees look like? Come and draw a card \u2014and, above all, start thinking about the question you\u2019ll ask it. <\/span>[\/vc_column_text]<div class=\"clearboth\"><\/div><style>#thegem-divider-6a97a6c9dfc21 {margin-top: 35px !important;}<\/style><div id=\"thegem-divider-6a97a6c9dfc21\" class=\"gem-divider  \" style=\"\" ><\/div>[vc_column_text css=&#8221;&#8221;]<span style=\"color: #303030;\"><strong>Free outdoor activity. Ages 7+. <\/strong><br \/>\nBooking recommended. Limited places.<br \/>\nWhere: <a href=\"https:\/\/www.google.com\/maps\/place\/Xiringuito+de+la+Sal\/@42.3233816,1.056231,15z\/data=!4m14!1m7!3m6!1s0x12a611c10cd3e787:0x6f5cc1404635bf8a!2sXiringuito+de+la+Sal!8m2!3d42.3233662!4d1.0665093!16s%2Fg%2F11v3h7mfxc!3m5!1s0x12a611c10cd3e787:0x6f5cc1404635bf8a!8m2!3d42.3233662!4d1.0665093!16s%2Fg%2F11v3h7mfxc?entry=ttu&amp;g_ep=EgoyMDI2MDgyNi4wIKXMDSoASAFQAw%3D%3D\" target=\"_blank\" rel=\"noopener\">Xiringuito de la Sal \u00b7 Gerri de la Sal<\/a><br \/>\n<\/span><br \/>\n<span style=\"color: #303030;\"><i>Activity co-organised by the Parc Natural de l\u2019Alt Pirineu<br \/>\nApropa Cultura partner activity<\/i><\/span><i><\/i>[\/vc_column_text]<style type=\"text\/css\">.thegem-button-6a97a6c9dfca94323 .gem-button svg {fill: #FFFFFF;}.thegem-button-6a97a6c9dfca94323 .gem-button:hover svg {fill: #9D1818;}<\/style><div class=\"gem-button-container gem-button-position-inline thegem-button-6a97a6c9dfca94323    \"  ><a class=\"gem-button gem-button-size-tiny gem-button-style-flat gem-button-text-weight-normal\" data-ll-effect=\"drop-right-without-wrap\" style=\"border-radius: 3px;background-color: #9D1818;color: #FFFFFF;\" onmouseleave=\"this.style.backgroundColor='#9D1818';this.style.color='#FFFFFF';\" onmouseenter=\"this.style.backgroundColor='#FFFFFF';this.style.color='#9D1818';\" href=\"https:\/\/tabacafilmfest.entrapolis.com\/entrades\/esfinx\" target=\"_blank\">Reservation<\/a><\/div> [\/vc_tta_section][vc_tta_section title=&#8221;<b>7 pm V\u00cdBRIA<\/b> &#8211; Film screening X&#8221; tab_id=&#8221;25-setembre-19&#8243;]<div class=\"clearboth\"><\/div><style>#thegem-divider-6a97a6c9dfd01 {margin-top: -35px !important;}<\/style><div id=\"thegem-divider-6a97a6c9dfd01\" class=\"gem-divider  \" style=\"\" ><\/div>[vc_column_text css=&#8221;&#8221;]<span style=\"font-weight: 400; color: #303030;\">Half woman, half dragon, the V\u00edbria is one of the fiercest creatures in our imagination. And the last film session of the day certainly won\u2019t be here to tickle us. <\/span><\/p>\n<p><span style=\"font-weight: 400; color: #303030;\">Poetry, wounds, rage, desire and revenge come together in a selection of short films that will bring us closer to stories shaped by conflict and characters who refuse to bow their heads. An intense session that will not leave us indifferent. <\/span>[\/vc_column_text]<div class=\"clearboth\"><\/div><style>#thegem-divider-6a97a6c9dfd45 {margin-top: 10px !important;}<\/style><div id=\"thegem-divider-6a97a6c9dfd45\" class=\"gem-divider  \" style=\"\" ><\/div>[vc_column_text css=&#8221;&#8221;]<span style=\"color: #303030;\"><strong>Price: \u20ac3 <\/strong><\/span><br \/>\n<span style=\"color: #303030;\">Booking recommended. Limited capacity.<\/span><br \/>\n<span style=\"color: #303030;\">Where: Reial Alfol\u00ed \u00b7 Gerri de la Sal<\/span>[\/vc_column_text]<style type=\"text\/css\">.thegem-button-6a97a6c9dfdd84107 .gem-button svg {fill: #FFFFFF;}.thegem-button-6a97a6c9dfdd84107 .gem-button:hover svg {fill: #9D1818;}<\/style><div class=\"gem-button-container gem-button-position-inline thegem-button-6a97a6c9dfdd84107    \"  ><a class=\"gem-button gem-button-size-tiny gem-button-style-flat gem-button-text-weight-normal\" data-ll-effect=\"drop-right-without-wrap\" style=\"border-radius: 3px;background-color: #9D1818;color: #FFFFFF;\" onmouseleave=\"this.style.backgroundColor='#9D1818';this.style.color='#FFFFFF';\" onmouseenter=\"this.style.backgroundColor='#FFFFFF';this.style.color='#9D1818';\" href=\"https:\/\/tabacafilmfest.entrapolis.com\/entrades\/vibria\" target=\"_blank\">Reservation<\/a><\/div> [\/vc_tta_section][vc_tta_section title=&#8221;<b>10 pm GALL FER<\/b> &#8211; Concert by Arnau Obiols&#8221; tab_id=&#8221;25-setembre-22&#8243;]<div class=\"clearboth\"><\/div><style>#thegem-divider-6a97a6c9dfe2f {margin-top: -35px !important;}<\/style><div id=\"thegem-divider-6a97a6c9dfe2f\" class=\"gem-divider  \" style=\"\" ><\/div>[vc_column_text css=&#8221;&#8221;]<span style=\"font-weight: 400; color: #303030;\">Arnau Obiols comes to the Tabaca Film Fest with &#8220;Ocelltambor&#8221;, his latest work: a sonic universe born from attentive listening to nature, mountains and silence. Voice, percussion, flabiol, electronics and sounds collected from the landscape meet in music that is free, ancestral and utterly personal. <\/span><\/p>\n<p><span style=\"font-weight: 400; color: #303030;\">An invitation to listen differently. To close your eyes and enter the forest. And who knows? Perhaps, somewhere between sound and silence, we\u2019ll discover one of the most emblematic and mysterious creatures of the Pyrenean forests: the capercaillie. <\/span>[\/vc_column_text]<div class=\"clearboth\"><\/div><style>#thegem-divider-6a97a6c9dfe6e {margin-top: 35px !important;}<\/style><div id=\"thegem-divider-6a97a6c9dfe6e\" class=\"gem-divider  \" style=\"\" ><\/div>[vc_column_text css=&#8221;&#8221;]<span style=\"color: #303030;\"><strong>Free activity, no booking required.<br \/>\n<\/strong><\/span><span style=\"font-weight: 400; color: #303030;\">Limited capacity. Free entry, first come, first served.<br \/>\n<\/span><span style=\"color: #303030;\">Where: <span style=\"font-weight: 400;\">Reial Alfol\u00ed <\/span> \u00b7 Gerri de la Sal<\/span><i><\/i>[\/vc_column_text][\/vc_tta_section][\/vc_tta_accordion][\/vc_column][\/vc_row][vc_row][vc_column tablet_margin_left=&#8221;12&#8243; tablet_margin_right=&#8221;12&#8243; mobile_margin_left=&#8221;12&#8243; mobile_margin_right=&#8221;12&#8243;]<div class=\"clearboth\"><\/div><style>#thegem-divider-6a97a6c9dfeac {margin-top: 25px !important;}<\/style><div id=\"thegem-divider-6a97a6c9dfeac\" class=\"gem-divider  \" style=\"\" ><\/div>[vc_column_text css=&#8221;.vc_custom_1788032716934{margin-bottom: 8px !important;}&#8221;]<span style=\"font-family: Helvetica; font-size: 14pt; color: #9d1818;\"><strong><u>SATURDAY <\/u><\/strong><strong><u>26 SEPTEMBER<\/u><\/strong><\/span>[\/vc_column_text][\/vc_column][\/vc_row][vc_row css=&#8221;.vc_custom_1754505535908{margin-left: 30px !important;}&#8221; mobile_margin_left=&#8221;-15&#8243; mobile_margin_right=&#8221;4&#8243;][vc_column offset=&#8221;vc_col-lg-12&#8243; tablet_margin_left=&#8221;12&#8243; tablet_margin_right=&#8221;12&#8243; mobile_margin_left=&#8221;12&#8243; mobile_margin_right=&#8221;12&#8243;][vc_tta_accordion style=&#8221;simple_arrow&#8221; color=&#8221;mulled-wine&#8221; spacing=&#8221;1&#8243; c_icon=&#8221;triangle&#8221; c_position=&#8221;right&#8221; active_section=&#8221;false&#8221; no_fill=&#8221;true&#8221; collapsible_all=&#8221;true&#8221;][vc_tta_section title=&#8221;<b>10 am KELPIE<\/b> &#8211; Guided outing to Estany de Montcort\u00e8s, with Geoparc Or\u00edgens and Gratitud Pallars&#8221; tab_id=&#8221;26-setembre-10h&#8221;]<div class=\"clearboth\"><\/div><style>#thegem-divider-6a97a6c9dfee9 {margin-top: -35px !important;}<\/style><div id=\"thegem-divider-6a97a6c9dfee9\" class=\"gem-divider  \" style=\"\" ><\/div>[vc_column_text css=&#8221;&#8221;]<span style=\"font-weight: 400; color: #303030;\">What lies beneath the waters of a lake? Scottish legends say that Kelpies, mysterious water horses, inhabit the depths of their lochs and fjords. Montcort\u00e8s has plenty of theories of its own\u2026 <\/span><\/p>\n<p><span style=\"font-weight: 400; color: #303030;\">We\u2019ll begin by discovering, together with an expert from Geoparc Or\u00edgens, the geological features of this exceptional lake and the landscape around it. We\u2019ll continue with Gratitud Pallars to learn about the micro-reserves they are developing in the area, discover what regenerative tourism means and ask ourselves what we can do to leave a slightly better footprint on the world. <\/span><\/p>\n<p><span style=\"font-weight: 400; color: #303030;\">An outing to walk, observe, learn and look at Estany de Montcort\u00e8s with new eyes.<\/span>[\/vc_column_text]<div class=\"clearboth\"><\/div><style>#thegem-divider-6a97a6c9dff26 {margin-top: 35px !important;}<\/style><div id=\"thegem-divider-6a97a6c9dff26\" class=\"gem-divider  \" style=\"\" ><\/div>[vc_column_text css=&#8221;&#8221;]<span style=\"color: #303030;\"><strong>Free activity. Ages 8+.<br \/>\n<\/strong>Booking required. Very limited places.<br \/>\nMeeting point: Estany de Montcort\u00e8s car park (junction with the Peracal\u00e7 track).<br \/>\nSuitable footwear and clothing, water, a hat and sun protection are recommended. <\/span>[\/vc_column_text]<style type=\"text\/css\">.thegem-button-6a97a6c9dffa38520 .gem-button svg {fill: #FFFFFF;}.thegem-button-6a97a6c9dffa38520 .gem-button:hover svg {fill: #9D1818;}<\/style><div class=\"gem-button-container gem-button-position-inline thegem-button-6a97a6c9dffa38520    \"  ><a class=\"gem-button gem-button-size-tiny gem-button-style-flat gem-button-text-weight-normal\" data-ll-effect=\"drop-right-without-wrap\" style=\"border-radius: 3px;background-color: #9D1818;color: #FFFFFF;\" onmouseleave=\"this.style.backgroundColor='#9D1818';this.style.color='#FFFFFF';\" onmouseenter=\"this.style.backgroundColor='#FFFFFF';this.style.color='#9D1818';\" href=\"https:\/\/tabacafilmfest.entrapolis.com\/entrades\/kelpie\" target=\"_blank\">Reservation<\/a><\/div> [\/vc_tta_section][vc_tta_section title=&#8221;<b>11 am BASILISC<\/b> &#8211; Film screening XI&#8221; tab_id=&#8221;26-setembre-11h&#8221;]<div class=\"clearboth\"><\/div><style>#thegem-divider-6a97a6c9e0004 {margin-top: -35px !important;}<\/style><div id=\"thegem-divider-6a97a6c9e0004\" class=\"gem-divider  \" style=\"\" ><\/div>[vc_column_text css=&#8221;&#8221;]<span style=\"font-weight: 400; color: #303030;\">The Basilisk, a fantastic creature with the body of a reptile and a gaze capable of killing, will lead us through a session of transformations.<\/span><\/p>\n<p><span style=\"font-weight: 400; color: #303030;\">Growing up, changing, discovering who we are and learning to live with everything we gradually leave behind. A selection of short films about moments of transition, with all their light, discovery and, sometimes, their wounds too. <\/span>[\/vc_column_text]<div class=\"clearboth\"><\/div><style>#thegem-divider-6a97a6c9e0045 {margin-top: 10px !important;}<\/style><div id=\"thegem-divider-6a97a6c9e0045\" class=\"gem-divider  \" style=\"\" ><\/div>[vc_column_text css=&#8221;&#8221;]<strong><span style=\"color: #303030;\">Price: \u20ac3 <\/span><\/strong><br \/>\n<span style=\"color: #303030;\">Booking recommended. Limited capacity.<br \/>\n<\/span><span style=\"color: #303030;\">Where: Reial Alfol\u00ed \u00b7 Gerri de la Sal<\/span><br \/>\n<em><span style=\"color: #303030;\">Apropa Cultura partner activity<\/span><\/em>[\/vc_column_text]<style type=\"text\/css\">.thegem-button-6a97a6c9e00be2976 .gem-button svg {fill: #FFFFFF;}.thegem-button-6a97a6c9e00be2976 .gem-button:hover svg {fill: #9D1818;}<\/style><div class=\"gem-button-container gem-button-position-inline thegem-button-6a97a6c9e00be2976    \"  ><a class=\"gem-button gem-button-size-tiny gem-button-style-flat gem-button-text-weight-normal\" data-ll-effect=\"drop-right-without-wrap\" style=\"border-radius: 3px;background-color: #9D1818;color: #FFFFFF;\" onmouseleave=\"this.style.backgroundColor='#9D1818';this.style.color='#FFFFFF';\" onmouseenter=\"this.style.backgroundColor='#FFFFFF';this.style.color='#9D1818';\" href=\"https:\/\/tabacafilmfest.entrapolis.com\/entrades\/basilisc\" target=\"_blank\">Reservation<\/a><\/div> [\/vc_tta_section][vc_tta_section tab_id=&#8221;26-setembre-13h&#8221; title=&#8221;<b>1 pm QILIN<\/b> &#8211; Children\u2019s workshop &#8220;Create Your Seed-Character&#8220;, with Helena de Flamisella&#8221;]<div class=\"clearboth\"><\/div><style>#thegem-divider-6a97a6c9e010d {margin-top: -35px !important;}<\/style><div id=\"thegem-divider-6a97a6c9e010d\" class=\"gem-divider  \" style=\"\" ><\/div>[vc_column_text css=&#8221;&#8221;]<span style=\"font-weight: 400; color: #303030;\">The Qilin is a creature from Chinese mythology associated with kindness, prosperity and the arrival of fertile times. This morning it will help us discover the ancestral seeds of the Pallars Sobir\u00e0, and the strategies that allow something so tiny to begin a new life. <\/span><\/p>\n<p><span style=\"font-weight: 400; color: #303030;\">With biologist Helena Barril, we\u2019ll create our own Seed-Character using a variety of materials. Nature never stops surprising us \u2014and neither does our creativity! <\/span>[\/vc_column_text]<div class=\"clearboth\"><\/div><style>#thegem-divider-6a97a6c9e0149 {margin-top: 35px !important;}<\/style><div id=\"thegem-divider-6a97a6c9e0149\" class=\"gem-divider  \" style=\"\" ><\/div>[vc_column_text css=&#8221;&#8221;]<span style=\"color: #303030;\"><strong>Free outdoor activity. Ages 5+.<br \/>\n<\/strong><span style=\"font-weight: 400;\">Booking recommended. Limited places.<br \/>\n<\/span>Where: <span style=\"font-weight: 400;\"><a href=\"https:\/\/www.google.com\/maps\/place\/Xiringuito+de+la+Sal\/@42.3233816,1.056231,15z\/data=!4m14!1m7!3m6!1s0x12a611c10cd3e787:0x6f5cc1404635bf8a!2sXiringuito+de+la+Sal!8m2!3d42.3233662!4d1.0665093!16s%2Fg%2F11v3h7mfxc!3m5!1s0x12a611c10cd3e787:0x6f5cc1404635bf8a!8m2!3d42.3233662!4d1.0665093!16s%2Fg%2F11v3h7mfxc?entry=ttu&amp;g_ep=EgoyMDI2MDgyNi4wIKXMDSoASAFQAw%3D%3D\" target=\"_blank\" rel=\"noopener\">Xiringuito de la Sal, Gerri de la Sal<\/a><\/span><\/span><\/p>\n<p><span style=\"color: #303030;\"><i>Activity co-organised by the Parc Natural de l\u2019Alt Pirineu<br \/>\nWith the collaboration of Esbo\u00efga (Associaci\u00f3 de varietats locals de l\u2019Alt Pirineu)<br \/>\nApropa Cultura partner activity<\/i><\/span>[\/vc_column_text]<style type=\"text\/css\">.thegem-button-6a97a6c9e01d63520 .gem-button svg {fill: #FFFFFF;}.thegem-button-6a97a6c9e01d63520 .gem-button:hover svg {fill: #9D1818;}<\/style><div class=\"gem-button-container gem-button-position-inline thegem-button-6a97a6c9e01d63520    \"  ><a class=\"gem-button gem-button-size-tiny gem-button-style-flat gem-button-text-weight-normal\" data-ll-effect=\"drop-right-without-wrap\" style=\"border-radius: 3px;background-color: #9D1818;color: #FFFFFF;\" onmouseleave=\"this.style.backgroundColor='#9D1818';this.style.color='#FFFFFF';\" onmouseenter=\"this.style.backgroundColor='#FFFFFF';this.style.color='#9D1818';\" href=\"https:\/\/tabacafilmfest.entrapolis.com\/entrades\/qilin\" target=\"_blank\">Reservation<\/a><\/div> [\/vc_tta_section][vc_tta_section title=&#8221;<b>1 pm GERI\u00d3<\/b> &#8211; Talk \u00b7 Cinema Facing the Limits of Reality&#8221; tab_id=&#8221;26-setembre-13h2&#8243;]<div class=\"clearboth\"><\/div><style>#thegem-divider-6a97a6c9e0224 {margin-top: -35px !important;}<\/style><div id=\"thegem-divider-6a97a6c9e0224\" class=\"gem-divider  \" style=\"\" ><\/div>[vc_column_text css=&#8221;&#8221;]<span style=\"font-weight: 400; color: #303030;\">Since its birth, cinema has never stopped asking big questions. About who we are, where we come from, the origin of life, what is real and what might exist beyond what we are capable of seeing. <\/span><\/p>\n<p><span style=\"font-weight: 400; color: #303030;\">For thousands of years, humanity looked for answers in myths. Then science arrived, and the two paths separated. But perhaps today, as quantum physics offers new answers, science and myth are not as far apart as we might think. <\/span><\/p>\n<p><span style=\"font-weight: 400; color: #303030;\">Javier Urrutia, professor of aesthetics and film expert; Sebasti\u00e1n Grinschpun, physicist and science communicator specialising in the physics of the Universe; and Blanca Pujals, architect and researcher into scientific infrastructures, will discuss how cinema has represented all these questions. We\u2019ll revisit major films and filmmakers who have dared to look in this direction: other realities, the limits of perception, the Universe and everything that still escapes us. <\/span><\/p>\n<p><span style=\"font-weight: 400; color: #303030;\">A little cinema, a little quantum physics, a little myth and, probably, a certain dose of cosmic vertigo. <\/span><\/p>\n<p><span style=\"font-weight: 400; color: #303030;\">To guide us, Geri\u00f3, the three-bodied giant of Greek mythology who, while pursuing Pyrene, gave rise to the Pyrenees. Or so the legend says. <\/span>[\/vc_column_text]<div class=\"clearboth\"><\/div><style>#thegem-divider-6a97a6c9e025c {margin-top: 35px !important;}<\/style><div id=\"thegem-divider-6a97a6c9e025c\" class=\"gem-divider  \" style=\"\" ><\/div>[vc_column_text css=&#8221;&#8221;]<span style=\"color: #303030;\"><strong>Free activity, no booking required.<br \/>\n<\/strong><span style=\"font-weight: 400;\">Limited capacity. Free entry, first come, first served.<br \/>\n<\/span>Where: <span style=\"font-weight: 400;\">Reial Alfol\u00ed \u00b7 Gerri de la Sal<\/span><\/span>[\/vc_column_text][\/vc_tta_section][vc_tta_section title=&#8221;<b>4 pm PANARRAT<\/b> &#8211; Film screening XII&#8221; tab_id=&#8221;26-setembre-16h&#8221;]<div class=\"clearboth\"><\/div><style>#thegem-divider-6a97a6c9e0292 {margin-top: -35px !important;}<\/style><div id=\"thegem-divider-6a97a6c9e0292\" class=\"gem-divider  \" style=\"\" ><\/div>[vc_column_text css=&#8221;&#8221;]<span style=\"font-weight: 400; color: #303030;\">In the afternoon, the Panarrat (bat in Pallarese), a creature of the night traditionally associated with superstition and fear, will take us towards the darker corners of the imagination, with stories about visceral hatred, ancestral recipes and forced exile. <\/span>[\/vc_column_text]<div class=\"clearboth\"><\/div><style>#thegem-divider-6a97a6c9e02c4 {margin-top: 10px !important;}<\/style><div id=\"thegem-divider-6a97a6c9e02c4\" class=\"gem-divider  \" style=\"\" ><\/div>[vc_column_text css=&#8221;&#8221;]<strong><span style=\"color: #303030;\">Price: \u20ac3 <\/span><\/strong><br \/>\n<span style=\"color: #303030;\">Booking recommended. Limited capacity.<br \/>\n<\/span><span style=\"color: #303030;\">Where: Reial Alfol\u00ed \u00b7 Gerri de la Sal<\/span>[\/vc_column_text]<style type=\"text\/css\">.thegem-button-6a97a6c9e03357168 .gem-button svg {fill: #FFFFFF;}.thegem-button-6a97a6c9e03357168 .gem-button:hover svg {fill: #9D1818;}<\/style><div class=\"gem-button-container gem-button-position-inline thegem-button-6a97a6c9e03357168    \"  ><a class=\"gem-button gem-button-size-tiny gem-button-style-flat gem-button-text-weight-normal\" data-ll-effect=\"drop-right-without-wrap\" style=\"border-radius: 3px;background-color: #9D1818;color: #FFFFFF;\" onmouseleave=\"this.style.backgroundColor='#9D1818';this.style.color='#FFFFFF';\" onmouseenter=\"this.style.backgroundColor='#FFFFFF';this.style.color='#9D1818';\" href=\"https:\/\/tabacafilmfest.entrapolis.com\/entrades\/panarrat\" target=\"_blank\">Reservation<\/a><\/div> [\/vc_tta_section][vc_tta_section title=&#8221;<b>6 pm ESCARABEU<\/b> &#8211; Workshop on amulets and traditional herbal preparations, with Nat\u00e0lia Salda\u00f1a&#8221; tab_id=&#8221;26-setembre-18h&#8221;]<div class=\"clearboth\"><\/div><style>#thegem-divider-6a97a6c9e037d {margin-top: -35px !important;}<\/style><div id=\"thegem-divider-6a97a6c9e037d\" class=\"gem-divider  \" style=\"\" ><\/div>[vc_column_text css=&#8221;&#8221;]<span style=\"font-weight: 400; color: #303030;\">Throughout history and across many cultures, the scarab has been used as an amulet of protection and regeneration. At the Tabaca, we invite you to discover the amulets of our own folk tradition. <\/span><\/p>\n<p><span style=\"font-weight: 400; color: #303030;\">With Nat\u00e0lia Salda\u00f1a, a great expert in the ancestral uses of plants, we\u2019ll explore herbs from our surroundings traditionally used to ward off witches, evil spirits and misfortune. We\u2019ll learn how amulets, potions and other preparations were made to purify and protect the home and its inhabitants. <\/span><\/p>\n<p><span style=\"font-weight: 400; color: #303030;\">A little botany, a little folk wisdom and, just in case, a little protection.<\/span>[\/vc_column_text]<div class=\"clearboth\"><\/div><style>#thegem-divider-6a97a6c9e03bd {margin-top: 35px !important;}<\/style><div id=\"thegem-divider-6a97a6c9e03bd\" class=\"gem-divider  \" style=\"\" ><\/div>[vc_column_text css=&#8221;&#8221;]<span style=\"color: #303030;\"><strong>Free outdoor activity for adults. <\/strong>You may come accompanied by children aged 6+.<br \/>\nBooking recommended. Limited places. <\/span><\/p>\n<p><span style=\"color: #303030;\">Where:<\/span> <a href=\"https:\/\/www.google.com\/maps\/place\/Xiringuito+de+la+Sal\/@42.3233816,1.056231,15z\/data=!4m14!1m7!3m6!1s0x12a611c10cd3e787:0x6f5cc1404635bf8a!2sXiringuito+de+la+Sal!8m2!3d42.3233662!4d1.0665093!16s%2Fg%2F11v3h7mfxc!3m5!1s0x12a611c10cd3e787:0x6f5cc1404635bf8a!8m2!3d42.3233662!4d1.0665093!16s%2Fg%2F11v3h7mfxc?entry=ttu&amp;g_ep=EgoyMDI2MDgyNi4wIKXMDSoASAFQAw%3D%3D\" target=\"_blank\" rel=\"noopener\">Xiringuito de la Sal \u00b7 Gerri de la Sal<\/a><br \/>\n<span style=\"color: #303030;\"><i><span style=\"font-weight: 400;\">Apropa Cultura partner activity<\/span><\/i><\/span><i><\/i>[\/vc_column_text]<style type=\"text\/css\">.thegem-button-6a97a6c9e04316341 .gem-button svg {fill: #FFFFFF;}.thegem-button-6a97a6c9e04316341 .gem-button:hover svg {fill: #9D1818;}<\/style><div class=\"gem-button-container gem-button-position-inline thegem-button-6a97a6c9e04316341    \"  ><a class=\"gem-button gem-button-size-tiny gem-button-style-flat gem-button-text-weight-normal\" data-ll-effect=\"drop-right-without-wrap\" style=\"border-radius: 3px;background-color: #9D1818;color: #FFFFFF;\" onmouseleave=\"this.style.backgroundColor='#9D1818';this.style.color='#FFFFFF';\" onmouseenter=\"this.style.backgroundColor='#FFFFFF';this.style.color='#9D1818';\" href=\"https:\/\/tabacafilmfest.entrapolis.com\/entrades\/escarabeu\" target=\"_blank\">Reservation<\/a><\/div> [\/vc_tta_section][vc_tta_section title=&#8221;<b>7 pm MULASSA<\/b> &#8211; Film screening XIII&#8221; tab_id=&#8221;26-setembre-19h&#8221;]<div class=\"clearboth\"><\/div><style>#thegem-divider-6a97a6c9e0478 {margin-top: -35px !important;}<\/style><div id=\"thegem-divider-6a97a6c9e0478\" class=\"gem-divider  \" style=\"\" ><\/div>[vc_column_text css=&#8221;&#8221;]<span style=\"font-weight: 400; color: #303030;\">Can you find love in the mountains? Can you go out partying and end up seeing the light? What are we willing to do to be free? How far will we go to pursue our dreams? <\/span><\/p>\n<p><span style=\"font-weight: 400; color: #303030;\">The Mulassa will take us through a session full of characters who search, desire, fight, make mistakes and keep moving forward. Stories of life, inheritance, freedom and mountains, with protagonists who, each in their own way, are trying to find their place in the world. <\/span>[\/vc_column_text]<div class=\"clearboth\"><\/div><style>#thegem-divider-6a97a6c9e04aa {margin-top: 10px !important;}<\/style><div id=\"thegem-divider-6a97a6c9e04aa\" class=\"gem-divider  \" style=\"\" ><\/div>[vc_column_text css=&#8221;&#8221;]<strong><span style=\"color: #303030;\">Price: \u20ac3 <\/span><\/strong><br \/>\n<span style=\"color: #303030;\">Booking recommended. Limited capacity.<br \/>\n<\/span><span style=\"color: #303030;\">Where: Reial Alfol\u00ed \u00b7 Gerri de la Sal<\/span>[\/vc_column_text]<style type=\"text\/css\">.thegem-button-6a97a6c9e051a8465 .gem-button svg {fill: #FFFFFF;}.thegem-button-6a97a6c9e051a8465 .gem-button:hover svg {fill: #9D1818;}<\/style><div class=\"gem-button-container gem-button-position-inline thegem-button-6a97a6c9e051a8465    \"  ><a class=\"gem-button gem-button-size-tiny gem-button-style-flat gem-button-text-weight-normal\" data-ll-effect=\"drop-right-without-wrap\" style=\"border-radius: 3px;background-color: #9D1818;color: #FFFFFF;\" onmouseleave=\"this.style.backgroundColor='#9D1818';this.style.color='#FFFFFF';\" onmouseenter=\"this.style.backgroundColor='#FFFFFF';this.style.color='#9D1818';\" href=\"https:\/\/tabacafilmfest.entrapolis.com\/entrades\/mulassa\" target=\"_blank\">Reservation<\/a><\/div> [\/vc_tta_section][vc_tta_section title=&#8221;<b>10 pm GRIF\u00d3<\/b> &#8211; Awards ceremony&#8221; tab_id=&#8221;26-setembre-22h&#8221;]<div class=\"clearboth\"><\/div><style>#thegem-divider-6a97a6c9e0571 {margin-top: -35px !important;}<\/style><div id=\"thegem-divider-6a97a6c9e0571\" class=\"gem-divider  \" style=\"\" ><\/div>[vc_column_text css=&#8221;&#8221;]<span style=\"font-weight: 400; color: #303030;\">They say griffins, half lion and half eagle, guarded the most precious treasures. This will be the moment to discover who will take home the awards from the third edition of the Tabaca Film Fest. <\/span><\/p>\n<p><span style=\"font-weight: 400; color: #303030;\">We\u2019ll reveal the jury prizes, announce the Audience Award that you will have helped decide throughout the festival, and welcome filmmakers and some very special guests. There will be prize draws, gifts and a few more surprises. <\/span><\/p>\n<p><span style=\"font-weight: 400; color: #303030;\">And all of this with Esperanceta de Casa Gassia as our mistress of ceremonies. From this point on, we can\u2019t guarantee much. Only that she\u2019ll take us wherever she wants. <\/span>[\/vc_column_text]<div class=\"clearboth\"><\/div><style>#thegem-divider-6a97a6c9e05a2 {margin-top: 35px !important;}<\/style><div id=\"thegem-divider-6a97a6c9e05a2\" class=\"gem-divider  \" style=\"\" ><\/div>[vc_column_text css=&#8221;&#8221;]<span style=\"color: #303030;\"><strong>Free activity.<br \/>\n<\/strong><span style=\"font-weight: 400;\">Booking recommended. Limited places.<br \/>\n<\/span>Where: <span style=\"font-weight: 400;\">Reial Alfol\u00ed <\/span> \u00b7 Gerri de la Sal<\/span><i><\/i>[\/vc_column_text]<style type=\"text\/css\">.thegem-button-6a97a6c9e0605282 .gem-button svg {fill: #FFFFFF;}.thegem-button-6a97a6c9e0605282 .gem-button:hover svg {fill: #9D1818;}<\/style><div class=\"gem-button-container gem-button-position-inline thegem-button-6a97a6c9e0605282    \"  ><a class=\"gem-button gem-button-size-tiny gem-button-style-flat gem-button-text-weight-normal\" data-ll-effect=\"drop-right-without-wrap\" style=\"border-radius: 3px;background-color: #9D1818;color: #FFFFFF;\" onmouseleave=\"this.style.backgroundColor='#9D1818';this.style.color='#FFFFFF';\" onmouseenter=\"this.style.backgroundColor='#FFFFFF';this.style.color='#9D1818';\" href=\"https:\/\/tabacafilmfest.entrapolis.com\/entrades\/grifo\" target=\"_blank\">Reservation<\/a><\/div> [\/vc_tta_section][vc_tta_section title=&#8221;<b>11 pm MANT\u00cdCORA<\/b> &#8211; Double DJs session: Las Duras + PdPijas&#8221; tab_id=&#8221;26-setembre-23h&#8221;]<div class=\"clearboth\"><\/div><style>#thegem-divider-6a97a6c9e063e {margin-top: -35px !important;}<\/style><div id=\"thegem-divider-6a97a6c9e063e\" class=\"gem-divider  \" style=\"\" ><\/div>[vc_column_text css=&#8221;&#8221;]<span style=\"font-weight: 400; color: #303030;\">The Mant\u00edcora is an impossible beast. A mixture of creatures that, against all odds, somehow works. <\/span><\/p>\n<p><span style=\"font-weight: 400; color: #303030;\">After the awards, the formalities are over.<\/span><\/p>\n<p><span style=\"font-weight: 400; color: #303030;\">Las Duras return to the Tabaca and PdPijas make their official debut. Two generations, two universes and a single dance floor. <\/span><\/p>\n<p><span style=\"font-weight: 400; color: #303030;\">The final night of the Tabaca cannot be explained. It has to be danced. <\/span>[\/vc_column_text]<div class=\"clearboth\"><\/div><style>#thegem-divider-6a97a6c9e0667 {margin-top: 35px !important;}<\/style><div id=\"thegem-divider-6a97a6c9e0667\" class=\"gem-divider  \" style=\"\" ><\/div>[vc_column_text css=&#8221;&#8221;]<span style=\"color: #303030;\"><strong>Free activity, no booking required.<br \/>\n<\/strong><\/span><span style=\"font-weight: 400; color: #303030;\">Limited capacity. Free entry, first come, first served.<br \/>\n<\/span><span style=\"color: #303030;\">Where: <span style=\"font-weight: 400;\">Reial Alfol\u00ed <\/span> \u00b7 Gerri de la Sal<\/span><i><\/i>[\/vc_column_text][\/vc_tta_section][\/vc_tta_accordion][\/vc_column][\/vc_row][vc_row][vc_column tablet_margin_left=&#8221;12&#8243; tablet_margin_right=&#8221;12&#8243; mobile_margin_left=&#8221;12&#8243; mobile_margin_right=&#8221;12&#8243;]<div class=\"clearboth\"><\/div><style>#thegem-divider-6a97a6c9e068e {margin-top: 25px !important;}<\/style><div id=\"thegem-divider-6a97a6c9e068e\" class=\"gem-divider  \" style=\"\" ><\/div>[vc_column_text css=&#8221;.vc_custom_1788032727085{margin-bottom: 8px !important;}&#8221;]<span style=\"font-family: Helvetica; font-size: 14pt; color: #9d1818;\"><strong><u>SUNDAY <\/u><\/strong><strong><u>27 SEPTEMBER<\/u><\/strong><\/span>[\/vc_column_text][\/vc_column][\/vc_row][vc_row css=&#8221;.vc_custom_1754505535908{margin-left: 30px !important;}&#8221; mobile_margin_left=&#8221;-15&#8243; mobile_margin_right=&#8221;4&#8243;][vc_column offset=&#8221;vc_col-lg-12&#8243; tablet_margin_left=&#8221;12&#8243; tablet_margin_right=&#8221;12&#8243; mobile_margin_left=&#8221;12&#8243; mobile_margin_right=&#8221;12&#8243;][vc_tta_accordion style=&#8221;simple_arrow&#8221; color=&#8221;mulled-wine&#8221; spacing=&#8221;1&#8243; c_icon=&#8221;triangle&#8221; c_position=&#8221;right&#8221; active_section=&#8221;false&#8221; no_fill=&#8221;true&#8221; collapsible_all=&#8221;true&#8221;][vc_tta_section title=&#8221;<b>11 am STRIGA<\/b> &#8211; Talk by Pau Castell on Pyrenean witchcraft&#8221; tab_id=&#8221;27-setembre-11h&#8221;]<div class=\"clearboth\"><\/div><style>#thegem-divider-6a97a6c9e06b5 {margin-top: -35px !important;}<\/style><div id=\"thegem-divider-6a97a6c9e06b5\" class=\"gem-divider  \" style=\"\" ><\/div>[vc_column_text css=&#8221;&#8221;]<span style=\"font-weight: 400; color: #303030;\">Much has been said about witches. But few people have studied them as deeply as Pau Castell. <\/span><\/p>\n<p><span style=\"font-weight: 400; color: #303030;\">A medieval historian born in Tremp, professor at the Universitat de Barcelona and one of the leading experts on witch-hunting in Catalonia, he has spent years tracing archives and court proceedings to reconstruct a history that was particularly intense in the Pyrenees.<\/span><\/p>\n<p><span style=\"font-weight: 400; color: #303030;\">And the Pallars occupies a surprising place in this story: did you know that the earliest known European legislation against the crime of witchcraft, dating from 1424, originated in the Valls d\u2019\u00c0neu?<\/span><\/p>\n<p><span style=\"font-weight: 400; color: #303030;\">At the Tabaca, Pau Castell will introduce us to little-known cases of Pyrenean witchcraft, some of them originating in the Baix Pallars itself. Accused women, trials, fears, beliefs and persecutions that took place much closer to us than we might imagine. <\/span><\/p>\n<p><span style=\"font-weight: 400; color: #303030;\">The Striga, that nocturnal female figure that has crossed the European imagination for centuries, will inevitably hover over the room. <\/span>[\/vc_column_text]<div class=\"clearboth\"><\/div><style>#thegem-divider-6a97a6c9e06da {margin-top: 35px !important;}<\/style><div id=\"thegem-divider-6a97a6c9e06da\" class=\"gem-divider  \" style=\"\" ><\/div>[vc_column_text css=&#8221;&#8221;]<span style=\"color: #303030;\"><strong>Free activity, no booking required.<\/strong><br \/>\nLimited capacity. Free entry, first come, first served.<br \/>\nWhere:<span style=\"font-weight: 400;\"> Reial Alfol\u00ed, Gerri de la Sal<br \/>\n<\/span><i>Apropa Cultura partner activity<\/i> <\/span>[\/vc_column_text][\/vc_tta_section][vc_tta_section title=&#8221;<b>1 pm BAKU<\/b> &#8211; Festival closing \u00b7 Theatre production \u201cSomnis Perversos\u201d, by Cooperativa Alba Juss\u00e0&#8221; tab_id=&#8221;27-setembre-13h&#8221;]<div class=\"clearboth\"><\/div><style>#thegem-divider-6a97a6c9e06fe {margin-top: -35px !important;}<\/style><div id=\"thegem-divider-6a97a6c9e06fe\" class=\"gem-divider  \" style=\"\" ><\/div>[vc_column_text css=&#8221;&#8221;]<span style=\"font-weight: 400; color: #303030;\">Japanese legend says that the Baku, another hybrid beast, devours nightmares. This afternoon, it will have plenty of work to do. <\/span><\/p>\n<p><span style=\"font-weight: 400; color: #303030;\">After moving us last year with \u201cUn poble sota les aig\u00fces\u201d, Cooperativa Alba Juss\u00e0 returns to the Tabaca with a proposal that is difficult to classify: theatre and cinema coexist on the same stage, with more than twenty performers and an absolutely overflowing imagination.<\/span><\/p>\n<p><span style=\"font-weight: 400; color: #303030;\">\u201cSomnis perversos\u201d, directed by Eduard Muntada, will introduce us to the mischief of the minairons, the wrath of Zeus and the unsettling Charon through a theatre piece that includes three short films created by the performers themselves.<\/span><\/p>\n<p><span style=\"font-weight: 400; color: #303030;\">Myth, cinema, theatre, humour and creativity in their purest form. One of the most singular proposals of this edition, and the best possible way to bring it to a close. <\/span>[\/vc_column_text]<div class=\"clearboth\"><\/div><style>#thegem-divider-6a97a6c9e0720 {margin-top: 35px !important;}<\/style><div id=\"thegem-divider-6a97a6c9e0720\" class=\"gem-divider  \" style=\"\" ><\/div>[vc_column_text css=&#8221;&#8221;]<span style=\"color: #303030;\"><strong>Free activity, no booking required.<\/strong><br \/>\nLimited capacity. Free entry, first come, first served.<br \/>\nWhere:<span style=\"font-weight: 400;\"> Reial Alfol\u00ed, Gerri de la Sal<br \/>\n<\/span><i>Apropa Cultura partner activity<\/i> <\/span>[\/vc_column_text][\/vc_tta_section][\/vc_tta_accordion][\/vc_column][\/vc_row][vc_row][vc_column]<div class=\"clearboth\"><\/div><style>#thegem-divider-6a97a6c9e0742 {margin-top: 18px !important;}<\/style><div id=\"thegem-divider-6a97a6c9e0742\" class=\"gem-divider  \" style=\"\" ><\/div>[\/vc_column][\/vc_row][vc_row tablet_margin_left=&#8221;12&#8243; tablet_margin_right=&#8221;12&#8243; mobile_margin_left=&#8221;12&#8243; mobile_margin_right=&#8221;12&#8243;][vc_column css=&#8221;.vc_custom_1788035328382{padding-right: 33px !important;padding-left: 33px !important;background-color: #F5F4D6D6 !important;}&#8221;][vc_column_text css=&#8221;&#8221;]<span style=\"font-family: Helvetica; font-size: 14pt; color: #9d1818;\"><strong>And between one film and the next\u2026 SUPO-SUPO<\/strong><\/span>[\/vc_column_text]<div class=\"clearboth\"><\/div><style>#thegem-divider-6a97a6c9e0764 {margin-top: 25px !important;}<\/style><div id=\"thegem-divider-6a97a6c9e0764\" class=\"gem-divider  \" style=\"\" ><\/div>[vc_column_text css=&#8221;&#8221;]<span style=\"font-weight: 400; color: #303030;\">The cinema room at the Reial Alfol\u00ed will be flanked by two spaces where the imagination \u2014and the conversation\u2014 can continue beyond the screen.<\/span><\/p>\n<p><span style=\"font-weight: 400; color: #303030;\">At the entrance, you\u2019ll be able to visit \u201cProtegiu-nos de tot mal\u201d, Jordi Borr\u00e0s\u2019s magnificent exhibition, a visual journey through beliefs, rituals and forms of protection that still survive in our territory.<\/span><\/p>\n<p><span style=\"font-weight: 400; color: #303030;\">And at the exit, you\u2019ll find SUPO-SUPO. <\/span><\/p>\n<p><span style=\"font-weight: 400; color: #303030;\">In Pallarese, fer supo-supo means to meet by chance, to unexpectedly cross paths. <\/span><\/p>\n<p><span style=\"font-weight: 400; color: #303030;\">At the Tabaca Film Fest, SUPO-SUPO will be an informal meeting space to chat, browse, discover and be surprised. There will be a small selection of local products and crafts, a beer bar, merchandise, a reading area\u2026 You\u2019ll also find the audience voting table and other little things that will be happening along the way. <\/span><\/p>\n<p><span style=\"font-weight: 400; color: #303030;\">Because the festival continues when the lights come back on in the cinema: in the conversations, the coincidences and the encounters.<\/span>[\/vc_column_text]<div class=\"clearboth\"><\/div><style>#thegem-divider-6a97a6c9e0784 {margin-top: 40px !important;}<\/style><div id=\"thegem-divider-6a97a6c9e0784\" class=\"gem-divider  \" style=\"\" ><\/div>[\/vc_column][\/vc_row][vc_row][vc_column]<div class=\"clearboth\"><\/div><style>#thegem-divider-6a97a6c9e07af {margin-top: 100px !important;}<\/style><div id=\"thegem-divider-6a97a6c9e07af\" class=\"gem-divider  \" style=\"\" ><\/div>[\/vc_column][\/vc_row]<\/p>\n<\/div>","protected":false},"excerpt":{"rendered":"<p>[vc_row full_width=&#8221;stretch_row&#8221; content_placement=&#8221;middle&#8221; el_disable_tablet=&#8221;1&#8243; el_disable_mobile=&#8221;1&#8243; thegem_background_overlay=&#8221;true&#8221; css=&#8221;.vc_custom_1754328873184{background-image: url(https:\/\/www.tabacafilmfest.com\/wp-content\/uploads\/2025\/08\/ACPS_469549_210005130002374-scaled.jpg?id=36224) !important;background-position: center !important;background-repeat: no-repeat !important;background-size: cover !important;}&#8221; thegem_background_overlay_color=&#8221;#3939394F&#8221;][vc_column offset=&#8221;vc_hidden-xs&#8221; css=&#8221;.vc_custom_1743277871422{margin-top: 200px !important;margin-bottom:&#8230;<\/p>\n","protected":false},"author":1,"featured_media":0,"parent":0,"menu_order":1,"comment_status":"closed","ping_status":"closed","template":"","meta":{"_monsterinsights_skip_tracking":false,"footnotes":""},"class_list":["post-39797","page","type-page","status-publish"],"yoast_head":"<!-- This site is optimized with the Yoast SEO plugin v25.1 - https:\/\/yoast.com\/wordpress\/plugins\/seo\/ -->\n<title>2026 Program | Tabaca Film Fest<\/title>\n<meta name=\"description\" content=\"Discover the official program for the third edition of the Tabaca Film Fest.\" \/>\n<meta name=\"robots\" content=\"index, follow, max-snippet:-1, max-image-preview:large, max-video-preview:-1\" \/>\n<link rel=\"canonical\" href=\"https:\/\/www.tabacafilmfest.com\/en\/2026-program\/\" \/>\n<meta property=\"og:locale\" content=\"en_US\" \/>\n<meta property=\"og:type\" content=\"article\" \/>\n<meta property=\"og:title\" content=\"2026 Program | Tabaca Film Fest\" \/>\n<meta property=\"og:description\" content=\"Discover the official program for the third edition of the Tabaca Film Fest.\" \/>\n<meta property=\"og:url\" content=\"https:\/\/www.tabacafilmfest.com\/en\/2026-program\/\" \/>\n<meta property=\"og:site_name\" content=\"Tabaca Film Fest\" \/>\n<meta property=\"article:modified_time\" content=\"2026-09-01T15:19:19+00:00\" \/>\n<meta name=\"twitter:card\" content=\"summary_large_image\" \/>\n<meta name=\"twitter:label1\" content=\"Est. reading time\" \/>\n\t<meta name=\"twitter:data1\" content=\"28 minutes\" \/>\n<script type=\"application\/ld+json\" class=\"yoast-schema-graph\">{\"@context\":\"https:\/\/schema.org\",\"@graph\":[{\"@type\":\"WebPage\",\"@id\":\"https:\/\/www.tabacafilmfest.com\/en\/2026-program\/\",\"url\":\"https:\/\/www.tabacafilmfest.com\/en\/2026-program\/\",\"name\":\"2026 Program | Tabaca Film Fest\",\"isPartOf\":{\"@id\":\"https:\/\/www.tabacafilmfest.com\/#website\"},\"datePublished\":\"2026-08-29T18:03:32+00:00\",\"dateModified\":\"2026-09-01T15:19:19+00:00\",\"description\":\"Discover the official program for the third edition of the Tabaca Film Fest.\",\"breadcrumb\":{\"@id\":\"https:\/\/www.tabacafilmfest.com\/en\/2026-program\/#breadcrumb\"},\"inLanguage\":\"en-US\",\"potentialAction\":[{\"@type\":\"ReadAction\",\"target\":[\"https:\/\/www.tabacafilmfest.com\/en\/2026-program\/\"]}]},{\"@type\":\"BreadcrumbList\",\"@id\":\"https:\/\/www.tabacafilmfest.com\/en\/2026-program\/#breadcrumb\",\"itemListElement\":[{\"@type\":\"ListItem\",\"position\":1,\"name\":\"Inici\",\"item\":\"https:\/\/www.tabacafilmfest.com\/en\/\"},{\"@type\":\"ListItem\",\"position\":2,\"name\":\"2026 PROGRAM\"}]},{\"@type\":\"WebSite\",\"@id\":\"https:\/\/www.tabacafilmfest.com\/#website\",\"url\":\"https:\/\/www.tabacafilmfest.com\/\",\"name\":\"Tabaca Film Fest - Festival de Cinema Mitol\u00f2gic dels Pirineus\",\"description\":\"Lo Festival de Cinema Mitol\u00f2gic dels Pirineus. 2a ed. de l&#039;11 al 14 de setembre de 2025.\",\"publisher\":{\"@id\":\"https:\/\/www.tabacafilmfest.com\/#organization\"},\"potentialAction\":[{\"@type\":\"SearchAction\",\"target\":{\"@type\":\"EntryPoint\",\"urlTemplate\":\"https:\/\/www.tabacafilmfest.com\/?s={search_term_string}\"},\"query-input\":{\"@type\":\"PropertyValueSpecification\",\"valueRequired\":true,\"valueName\":\"search_term_string\"}}],\"inLanguage\":\"en-US\"},{\"@type\":\"Organization\",\"@id\":\"https:\/\/www.tabacafilmfest.com\/#organization\",\"name\":\"Tabaca Film Fest - Festival de Cinema Mitol\u00f2gic dels Pirineus\",\"url\":\"https:\/\/www.tabacafilmfest.com\/\",\"logo\":{\"@type\":\"ImageObject\",\"inLanguage\":\"en-US\",\"@id\":\"https:\/\/www.tabacafilmfest.com\/#\/schema\/logo\/image\/\",\"url\":\"https:\/\/www.tabacafilmfest.com\/wp-content\/uploads\/2020\/06\/LOGO-TABACA-2025-POSITIU-SF.png\",\"contentUrl\":\"https:\/\/www.tabacafilmfest.com\/wp-content\/uploads\/2020\/06\/LOGO-TABACA-2025-POSITIU-SF.png\",\"width\":1191,\"height\":863,\"caption\":\"Tabaca Film Fest - Festival de Cinema Mitol\u00f2gic dels Pirineus\"},\"image\":{\"@id\":\"https:\/\/www.tabacafilmfest.com\/#\/schema\/logo\/image\/\"},\"sameAs\":[\"https:\/\/www.instagram.com\/tabacafilmfest\"]}]}<\/script>\n<!-- \/ Yoast SEO plugin. -->","yoast_head_json":{"title":"2026 Program | Tabaca Film Fest","description":"Discover the official program for the third edition of the Tabaca Film Fest.","robots":{"index":"index","follow":"follow","max-snippet":"max-snippet:-1","max-image-preview":"max-image-preview:large","max-video-preview":"max-video-preview:-1"},"canonical":"https:\/\/www.tabacafilmfest.com\/en\/2026-program\/","og_locale":"en_US","og_type":"article","og_title":"2026 Program | Tabaca Film Fest","og_description":"Discover the official program for the third edition of the Tabaca Film Fest.","og_url":"https:\/\/www.tabacafilmfest.com\/en\/2026-program\/","og_site_name":"Tabaca Film Fest","article_modified_time":"2026-09-01T15:19:19+00:00","twitter_card":"summary_large_image","twitter_misc":{"Est. reading time":"28 minutes"},"schema":{"@context":"https:\/\/schema.org","@graph":[{"@type":"WebPage","@id":"https:\/\/www.tabacafilmfest.com\/en\/2026-program\/","url":"https:\/\/www.tabacafilmfest.com\/en\/2026-program\/","name":"2026 Program | Tabaca Film Fest","isPartOf":{"@id":"https:\/\/www.tabacafilmfest.com\/#website"},"datePublished":"2026-08-29T18:03:32+00:00","dateModified":"2026-09-01T15:19:19+00:00","description":"Discover the official program for the third edition of the Tabaca Film Fest.","breadcrumb":{"@id":"https:\/\/www.tabacafilmfest.com\/en\/2026-program\/#breadcrumb"},"inLanguage":"en-US","potentialAction":[{"@type":"ReadAction","target":["https:\/\/www.tabacafilmfest.com\/en\/2026-program\/"]}]},{"@type":"BreadcrumbList","@id":"https:\/\/www.tabacafilmfest.com\/en\/2026-program\/#breadcrumb","itemListElement":[{"@type":"ListItem","position":1,"name":"Inici","item":"https:\/\/www.tabacafilmfest.com\/en\/"},{"@type":"ListItem","position":2,"name":"2026 PROGRAM"}]},{"@type":"WebSite","@id":"https:\/\/www.tabacafilmfest.com\/#website","url":"https:\/\/www.tabacafilmfest.com\/","name":"Tabaca Film Fest - Festival de Cinema Mitol\u00f2gic dels Pirineus","description":"Lo Festival de Cinema Mitol\u00f2gic dels Pirineus. 2a ed. de l&#039;11 al 14 de setembre de 2025.","publisher":{"@id":"https:\/\/www.tabacafilmfest.com\/#organization"},"potentialAction":[{"@type":"SearchAction","target":{"@type":"EntryPoint","urlTemplate":"https:\/\/www.tabacafilmfest.com\/?s={search_term_string}"},"query-input":{"@type":"PropertyValueSpecification","valueRequired":true,"valueName":"search_term_string"}}],"inLanguage":"en-US"},{"@type":"Organization","@id":"https:\/\/www.tabacafilmfest.com\/#organization","name":"Tabaca Film Fest - Festival de Cinema Mitol\u00f2gic dels Pirineus","url":"https:\/\/www.tabacafilmfest.com\/","logo":{"@type":"ImageObject","inLanguage":"en-US","@id":"https:\/\/www.tabacafilmfest.com\/#\/schema\/logo\/image\/","url":"https:\/\/www.tabacafilmfest.com\/wp-content\/uploads\/2020\/06\/LOGO-TABACA-2025-POSITIU-SF.png","contentUrl":"https:\/\/www.tabacafilmfest.com\/wp-content\/uploads\/2020\/06\/LOGO-TABACA-2025-POSITIU-SF.png","width":1191,"height":863,"caption":"Tabaca Film Fest - Festival de Cinema Mitol\u00f2gic dels Pirineus"},"image":{"@id":"https:\/\/www.tabacafilmfest.com\/#\/schema\/logo\/image\/"},"sameAs":["https:\/\/www.instagram.com\/tabacafilmfest"]}]}},"_links":{"self":[{"href":"https:\/\/www.tabacafilmfest.com\/en\/wp-json\/wp\/v2\/pages\/39797","targetHints":{"allow":["GET"]}}],"collection":[{"href":"https:\/\/www.tabacafilmfest.com\/en\/wp-json\/wp\/v2\/pages"}],"about":[{"href":"https:\/\/www.tabacafilmfest.com\/en\/wp-json\/wp\/v2\/types\/page"}],"author":[{"embeddable":true,"href":"https:\/\/www.tabacafilmfest.com\/en\/wp-json\/wp\/v2\/users\/1"}],"replies":[{"embeddable":true,"href":"https:\/\/www.tabacafilmfest.com\/en\/wp-json\/wp\/v2\/comments?post=39797"}],"version-history":[{"count":13,"href":"https:\/\/www.tabacafilmfest.com\/en\/wp-json\/wp\/v2\/pages\/39797\/revisions"}],"predecessor-version":[{"id":40198,"href":"https:\/\/www.tabacafilmfest.com\/en\/wp-json\/wp\/v2\/pages\/39797\/revisions\/40198"}],"wp:attachment":[{"href":"https:\/\/www.tabacafilmfest.com\/en\/wp-json\/wp\/v2\/media?parent=39797"}],"curies":[{"name":"wp","href":"https:\/\/api.w.org\/{rel}","templated":true}]}}