{"id":36339,"date":"2025-08-08T10:35:39","date_gmt":"2025-08-08T08:35:39","guid":{"rendered":"https:\/\/www.tabacafilmfest.com\/?page_id=36339"},"modified":"2026-09-02T20:12:30","modified_gmt":"2026-09-02T18:12:30","slug":"jurado","status":"publish","type":"page","link":"https:\/\/www.tabacafilmfest.com\/es\/jurado\/","title":{"rendered":"JURADO"},"content":{"rendered":"<div class=\"wpb-content-wrapper\"><p>[vc_row full_width=\u00bbstretch_row\u00bb content_placement=\u00bbmiddle\u00bb el_disable_tablet=\u00bb1&#8243; el_disable_mobile=\u00bb1&#8243; thegem_background_overlay=\u00bbtrue\u00bb css=\u00bb.vc_custom_1754642609038{background-image: url(https:\/\/www.tabacafilmfest.com\/wp-content\/uploads\/2025\/08\/JURAT-TABACA2.jpg?id=36362) !important;background-position: center !important;background-repeat: no-repeat !important;background-size: cover !important;}\u00bb thegem_background_overlay_color=\u00bb#3939394F\u00bb][vc_column offset=\u00bbvc_hidden-xs\u00bb css=\u00bb.vc_custom_1743277871422{margin-top: 200px !important;margin-bottom: 450px !important;}\u00bb][vc_column_text css=\u00bb.vc_custom_1754642088734{margin-top: 30px !important;margin-bottom: 30px !important;}\u00bb css_animation=\u00bbnone\u00bb el_class=\u00bbcustom-font-3&#8243;]<\/p>\n<h1 class=\"title-xarge\" style=\"text-align: right;\"><span style=\"color: #f5f4d6; font-family: tusker; font-size: 100pt;\"><strong>JURADO<\/strong><\/span><\/h1>\n<p>[\/vc_column_text][\/vc_column][\/vc_row][vc_row full_width=\u00bbstretch_row\u00bb content_placement=\u00bbmiddle\u00bb el_disable_desktop=\u00bb1&#8243; thegem_background_overlay=\u00bbtrue\u00bb css=\u00bb.vc_custom_1754642133712{background-image: url(https:\/\/www.tabacafilmfest.com\/wp-content\/uploads\/2025\/08\/JURAT.jpg?id=36349) !important;background-position: center !important;background-repeat: no-repeat !important;background-size: cover !important;}\u00bb thegem_background_overlay_color=\u00bb#3939394F\u00bb][vc_column offset=\u00bbvc_hidden-lg\u00bb css=\u00bb.vc_custom_1742814528985{margin-top: 300px !important;margin-bottom: 200px !important;}\u00bb][vc_column_text css=\u00bb.vc_custom_1754643113334{margin-top: 30px !important;margin-bottom: 30px !important;}\u00bb css_animation=\u00bbnone\u00bb el_class=\u00bbcustom-font-3&#8243;]<\/p>\n<h1 class=\"title-xarge\" style=\"text-align: right;\"><span style=\"color: #f5f4d6; font-family: tusker; font-size: 60pt;\"><strong>JURADO<\/strong><\/span><\/h1>\n<p>[\/vc_column_text][\/vc_column][\/vc_row][vc_row][vc_column offset=\u00bbvc_hidden-xs\u00bb][vc_empty_space height=\u00bb45px\u00bb][vc_column_text css=\u00bb\u00bb]<span style=\"font-family: tusker; font-size: 36pt; color: #000000;\">JURADO TABACA<\/span>[\/vc_column_text][\/vc_column][\/vc_row][vc_row][vc_column offset=\u00bbvc_hidden-lg vc_hidden-md vc_hidden-sm\u00bb][vc_empty_space height=\u00bb92px\u00bb][vc_column_text css=\u00bb\u00bb]<span style=\"font-family: tusker; font-size: 24pt; color: #000000;\">JURADO TABACA<\/span>[\/vc_column_text][vc_empty_space height=\u00bb15px\u00bb][\/vc_column][\/vc_row][vc_row][vc_column width=\u00bb1\/3&#8243; mobile_margin_bottom=\u00bb45&#8243;]<div class=\"centered-box gem-image-centered-box\" ><div class=\"gem-image gem-wrapbox gem-wrapbox-style-default gem-wrapbox-position-centered  thegem-custom-6a98fc29b86413579\"  style=\"\" ><div class=\"gem-wrapbox-inner \" ><img class=\"gem-wrapbox-element img-responsive\" src=\"https:\/\/www.tabacafilmfest.com\/wp-content\/uploads\/2026\/09\/Nuria-Prims-Tabaca-Film-Fest.webp\" alt=\"\"\/><\/div><\/div><\/div>[vc_column_text css=\u00bb\u00bb]<\/p>\n<p style=\"text-align: left;\"><span style=\"font-size: 18pt; color: #383838;\"><strong>N\u00daRIA PRIMS<\/strong><\/span><\/p>\n<p>[\/vc_column_text][vc_column_text css=\u00bb\u00bb]<span style=\"color: #383838;\">N\u00faria Prims es una actriz de una gran intensidad y sensibilidad, capaz de construir personajes que perduran en la memoria. A lo largo de su trayectoria ha interpretado papeles tan diversos como la Carlana de Incerta Gl\u00f2ria, la madre de Un sol radiant o los personajes de Hist\u00f2ries del Kronen y Sica. Su carrera contin\u00faa creciendo con nuevos proyectos, como Forastera, que se estrena este septiembre, y su participaci\u00f3n inolvidable en El ser querido.  <\/span>[\/vc_column_text][\/vc_column][vc_column width=\u00bb1\/3&#8243; mobile_margin_bottom=\u00bb45&#8243;]<div class=\"centered-box gem-image-centered-box\" ><div class=\"gem-image gem-wrapbox gem-wrapbox-style-default gem-wrapbox-position-centered  thegem-custom-6a98fc29b87d49840\"  style=\"\" ><div class=\"gem-wrapbox-inner \" ><img class=\"gem-wrapbox-element img-responsive\" src=\"https:\/\/www.tabacafilmfest.com\/wp-content\/uploads\/2026\/09\/Lluis-Ares-Tabaca-Film-Fest.webp\" alt=\"\"\/><\/div><\/div><\/div>[vc_column_text css=\u00bb\u00bb]<\/p>\n<p style=\"text-align: left;\"><span style=\"font-size: 18pt; color: #383838;\"><strong>LLU\u00cdS ARES<\/strong><\/span><\/p>\n<p>[\/vc_column_text][vc_column_text css=\u00bb\u00bb]<span style=\"color: #383838;\">Llu\u00eds Ares lleva muchos a\u00f1os viviendo rodeado de cortometrajes. Como director de Fascurt, Festival de Curtmetratges del Masnou, ha contribuido al crecimiento de un certamen que se ha consolidado como festival calificador para los Premis Goya. Miembro de la Acad\u00e8mia Catalana de Cinema, profesionalmente trabaja en publicidad y en el \u00e1mbito del guion y el storytelling. Actualmente dirige 250 g., un cortometraje protagonizado por Clara Segura y Miquel Sitjar. Nos hace especial ilusi\u00f3n recibirlo en Tabaca Film Fest en este momento de descubrimiento de una nueva faceta creativa.<\/span>[\/vc_column_text][\/vc_column][vc_column width=\u00bb1\/3&#8243;]<div class=\"centered-box gem-image-centered-box\" ><div class=\"gem-image gem-wrapbox gem-wrapbox-style-default gem-wrapbox-position-centered  thegem-custom-6a98fc29b88e72982\"  style=\"\" ><div class=\"gem-wrapbox-inner \" ><img class=\"gem-wrapbox-element img-responsive\" src=\"https:\/\/www.tabacafilmfest.com\/wp-content\/uploads\/2026\/09\/Ivan-Massague-Tabaca-Film-Fest.webp\" alt=\"\"\/><\/div><\/div><\/div>[vc_column_text css=\u00bb\u00bb]<\/p>\n<p style=\"text-align: left;\"><span style=\"font-size: 18pt; color: #383838;\"><strong>IVAN MASSAGU\u00c9<\/strong><\/span><\/p>\n<p>[\/vc_column_text][vc_column_text css=\u00bb\u00bb]<span style=\"color: #383838;\">Ivan Massagu\u00e9 es un actor vers\u00e1til y camale\u00f3nico, con una presencia \u00fanica delante de la c\u00e1mara y sobre el escenario. Ha desarrollado una trayectoria s\u00f3lida en cine, televisi\u00f3n y teatro, con trabajos tan diversos como El cor de la ciutat, Esmorza amb mi, Benvinguts a la fam\u00edlia o El hoyo. Profundamente comprometido con el cine del pa\u00eds, es codirector de l\u2019INFCTA, el Festival de Cinema de la Terra Alta, en Bot.  <\/span>[\/vc_column_text][\/vc_column][\/vc_row][vc_row][vc_column offset=\u00bbvc_hidden-xs\u00bb][vc_empty_space height=\u00bb82px\u00bb][vc_column_text css=\u00bb\u00bb]<span style=\"font-family: tusker; font-size: 36pt; color: #000000;\">JURADO BITERNA<\/span>[\/vc_column_text][\/vc_column][\/vc_row][vc_row][vc_column offset=\u00bbvc_hidden-lg vc_hidden-md vc_hidden-sm\u00bb][vc_empty_space height=\u00bb92px\u00bb][vc_column_text css=\u00bb\u00bb]<span style=\"font-family: tusker; font-size: 24pt; color: #000000;\">JURADO BITERNA<\/span>[\/vc_column_text][vc_empty_space height=\u00bb15px\u00bb][\/vc_column][\/vc_row][vc_row][vc_column width=\u00bb1\/3&#8243; mobile_margin_bottom=\u00bb45&#8243;]<div class=\"centered-box gem-image-centered-box\" ><div class=\"gem-image gem-wrapbox gem-wrapbox-style-default gem-wrapbox-position-centered  thegem-custom-6a98fc29b89d82592\"  style=\"\" ><div class=\"gem-wrapbox-inner \" ><img class=\"gem-wrapbox-element img-responsive\" src=\"https:\/\/www.tabacafilmfest.com\/wp-content\/uploads\/2026\/09\/Ramon-Alaro-Tabaca-Film-Fest.webp\" alt=\"\"\/><\/div><\/div><\/div>[vc_column_text css=\u00bb\u00bb]<\/p>\n<p style=\"text-align: left;\"><span style=\"font-size: 18pt; color: #383838;\"><strong>RAMON ALAR\u00d3<\/strong><\/span><\/p>\n<p>[\/vc_column_text][vc_column_text css=\u00bb\u00bb]<span style=\"color: #383838;\">Ramon Alar\u00f3 es t\u00e9cnico audiovisual con una larga experiencia profesional. En el a\u00f1o 1976 se inici\u00f3 como cineasta rodando su primer documental en Super-8 y desde entonces ha continuado trabajando siguiendo la evoluci\u00f3n del mundo audiovisual, del celuloide al v\u00eddeo y del v\u00eddeo a los formatos digitales en Full HD y 4K. Ha trabajado en diversas productoras de v\u00eddeo y para Televisi\u00f3 de Badalona, donde form\u00f3 parte durante cinco ediciones del equipo del Filmets Badalona Film Festival. Actualmente es el director de Curt\u00c0neu, la muestra internacional de cortometrajes de les Valls d\u2019\u00c0neu, en el Pallars Sobir\u00e0.   <\/span>[\/vc_column_text][\/vc_column][vc_column width=\u00bb1\/3&#8243; mobile_margin_bottom=\u00bb45&#8243;]<div class=\"centered-box gem-image-centered-box\" ><div class=\"gem-image gem-wrapbox gem-wrapbox-style-default gem-wrapbox-position-centered  thegem-custom-6a98fc29b8ad28448\"  style=\"\" ><div class=\"gem-wrapbox-inner \" ><img class=\"gem-wrapbox-element img-responsive\" src=\"https:\/\/www.tabacafilmfest.com\/wp-content\/uploads\/2026\/09\/Pepe-Camps-Tabaca-Film-Fest.webp\" alt=\"\"\/><\/div><\/div><\/div>[vc_column_text css=\u00bb\u00bb]<\/p>\n<p style=\"text-align: left;\"><span style=\"font-size: 18pt; color: #383838;\"><strong>PEPE CAMPS<\/strong><\/span><\/p>\n<p>[\/vc_column_text][vc_column_text css=\u00bb\u00bb]<span style=\"color: #383838;\">Pepe Camps es artista, fot\u00f3grafo y documentalista, formado en la Escola d\u2019Art Leandre Crist\u00f2fol de Lleida. Residente en el Pallars Sobir\u00e0 desde 2001, ha desarrollado buena parte de su trayectoria en torno al mundo rural, el paisaje y las personas que lo habitan. Ha trabajado en diversos proyectos audiovisuales y documentales, y su obra fotogr\u00e1fica y de videoarte ha estado presente en diferentes festivales, ferias y espacios de arte. Actualmente desarrolla nuevos proyectos de creaci\u00f3n vinculados al territorio.   <\/span>[\/vc_column_text][\/vc_column][vc_column width=\u00bb1\/3&#8243;]<div class=\"centered-box gem-image-centered-box\" ><div class=\"gem-image gem-wrapbox gem-wrapbox-style-default gem-wrapbox-position-centered  thegem-custom-6a98fc29b8bb39012\"  style=\"\" ><div class=\"gem-wrapbox-inner \" ><img class=\"gem-wrapbox-element img-responsive\" src=\"https:\/\/www.tabacafilmfest.com\/wp-content\/uploads\/2026\/09\/Anne-Paule-Beis-Tabaca-Film-Fest.webp\" alt=\"\"\/><\/div><\/div><\/div>[vc_column_text css=\u00bb\u00bb]<\/p>\n<p style=\"text-align: left;\"><span style=\"font-size: 18pt; color: #383838;\"><strong>ANNE-PAULE B\u00c9\u00cfS<\/strong><\/span><\/p>\n<p>[\/vc_column_text][vc_column_text css=\u00bb\u00bb]<span style=\"color: #383838;\">Anne-Paule B\u00e9\u00efs descubri\u00f3 el cine desde muy joven y a los catorce a\u00f1os empez\u00f3 a trabajar como acomodadora en el cine Jean Eustache de Pessac. Desde hace veinte a\u00f1os vive en un peque\u00f1o pueblo de los Pirineos, donde ha desarrollado su trayectoria profesional en torno a las pol\u00edticas p\u00fablicas locales, las transiciones ecol\u00f3gicas, sociales y democr\u00e1ticas y la participaci\u00f3n ciudadana. Acompa\u00f1a proyectos colectivos y procesos de transformaci\u00f3n de los territorios, convencida del poder de las historias para generar nuevas miradas e imaginar otras maneras de habitar el mundo.  <\/span>[\/vc_column_text][\/vc_column][\/vc_row][vc_row][vc_column offset=\u00bbvc_hidden-xs\u00bb][vc_empty_space height=\u00bb82px\u00bb][vc_column_text css=\u00bb\u00bb]<span style=\"font-family: tusker; font-size: 36pt; color: #000000;\">JURADO GEA<\/span>[\/vc_column_text][\/vc_column][\/vc_row][vc_row][vc_column offset=\u00bbvc_hidden-lg vc_hidden-md vc_hidden-sm\u00bb][vc_empty_space height=\u00bb92px\u00bb][vc_column_text css=\u00bb\u00bb]<span style=\"font-family: tusker; font-size: 24pt; color: #000000;\">JURADO GEA<\/span>[\/vc_column_text][vc_empty_space height=\u00bb15px\u00bb][\/vc_column][\/vc_row][vc_row][vc_column width=\u00bb1\/3&#8243; mobile_margin_bottom=\u00bb45&#8243;]<div class=\"centered-box gem-image-centered-box\" ><div class=\"gem-image gem-wrapbox gem-wrapbox-style-default gem-wrapbox-position-centered  thegem-custom-6a98fc29b8c972426\"  style=\"\" ><div class=\"gem-wrapbox-inner \" ><img class=\"gem-wrapbox-element img-responsive\" src=\"https:\/\/www.tabacafilmfest.com\/wp-content\/uploads\/2026\/09\/Miquel-Diaz-Pont-Tabaca-Film-Fest.webp\" alt=\"\"\/><\/div><\/div><\/div>[vc_column_text css=\u00bb\u00bb]<\/p>\n<p style=\"text-align: left;\"><span style=\"font-size: 18pt; color: #383838;\"><strong>MIQUEL D\u00cdAZ<\/strong><\/span><\/p>\n<p>[\/vc_column_text][vc_column_text css=\u00bb\u00bb]<span style=\"color: #383838;\">Miquel D\u00edaz Pont es director de cine y creador audiovisual. En 2023 escribi\u00f3 y dirigi\u00f3 su primer cortometraje, Pesudo, estrenado en el Sitges Film Festival y reconocido internacionalmente con diversos galardones. Su obra tambi\u00e9n recibi\u00f3 una menci\u00f3n especial en la primera edici\u00f3n del Tabaca Film Fest. Actualmente forma parte del equipo de directores de la prestigiosa productora internacional Iconoclast.   <\/span>[\/vc_column_text][\/vc_column][vc_column width=\u00bb1\/3&#8243; mobile_margin_bottom=\u00bb45&#8243;]<div class=\"centered-box gem-image-centered-box\" ><div class=\"gem-image gem-wrapbox gem-wrapbox-style-default gem-wrapbox-position-centered  thegem-custom-6a98fc29b8d708641\"  style=\"\" ><div class=\"gem-wrapbox-inner \" ><img class=\"gem-wrapbox-element img-responsive\" src=\"https:\/\/www.tabacafilmfest.com\/wp-content\/uploads\/2026\/09\/Conor-Kennedy-Tabaca-Film-Fest.webp\" alt=\"\"\/><\/div><\/div><\/div>[vc_column_text css=\u00bb\u00bb]<\/p>\n<p style=\"text-align: left;\"><span style=\"font-size: 18pt; color: #383838;\"><strong>CONOR KENNEDY<\/strong><\/span><\/p>\n<p>[\/vc_column_text][vc_column_text css=\u00bb\u00bb]<span style=\"color: #383838;\">Conor Kennedy Burke es cineasta, profesional del teatro y narrador del oeste de Irlanda. Inspirado por los paisajes, la lengua y las tradiciones de la Galway rural, su trabajo explora historias de hogar, memoria cultural y pertenencia, llevando la memoria popular a la narraci\u00f3n contempor\u00e1nea. En la segunda edici\u00f3n de Tabaca, se llevaron el Premio del P\u00fablico con el cortometraje Puca.  <\/span>[\/vc_column_text][\/vc_column][vc_column width=\u00bb1\/3&#8243;]<div class=\"centered-box gem-image-centered-box\" ><div class=\"gem-image gem-wrapbox gem-wrapbox-style-default gem-wrapbox-position-centered  thegem-custom-6a98fc29b8e5c7318\"  style=\"\" ><div class=\"gem-wrapbox-inner \" ><img class=\"gem-wrapbox-element img-responsive\" src=\"https:\/\/www.tabacafilmfest.com\/wp-content\/uploads\/2026\/09\/EQUIP-Tabaca-Film-Fest.webp\" alt=\"\"\/><\/div><\/div><\/div>[vc_column_text css=\u00bb\u00bb]<\/p>\n<p style=\"text-align: left;\"><span style=\"font-size: 18pt; color: #383838;\"><strong>EQUIPO TABACA<\/strong><\/span><\/p>\n<p>[\/vc_column_text][vc_column_text css=\u00bb\u00bb]<span style=\"color: #383838;\">Completa el jurado GEA el equipo de TABACA Film Fest.<\/span>[\/vc_column_text][\/vc_column][\/vc_row][vc_row][vc_column offset=\u00bbvc_hidden-xs\u00bb][vc_empty_space height=\u00bb82px\u00bb][vc_column_text css=\u00bb\u00bb]<span style=\"font-family: tusker; font-size: 36pt; color: #000000;\">JURADO OFITA<\/span>[\/vc_column_text][\/vc_column][\/vc_row][vc_row][vc_column offset=\u00bbvc_hidden-lg vc_hidden-md vc_hidden-sm\u00bb][vc_empty_space height=\u00bb92px\u00bb][vc_column_text css=\u00bb\u00bb]<span style=\"font-family: tusker; font-size: 24pt; color: #000000;\">JURADO OFITA<\/span>[\/vc_column_text][vc_empty_space height=\u00bb15px\u00bb][\/vc_column][\/vc_row][vc_row][vc_column width=\u00bb1\/3&#8243; mobile_margin_bottom=\u00bb45&#8243;]<div class=\"centered-box gem-image-centered-box\" ><div class=\"gem-image gem-wrapbox gem-wrapbox-style-default gem-wrapbox-position-centered  thegem-custom-6a98fc29b8f3e686\"  style=\"\" ><div class=\"gem-wrapbox-inner \" ><img class=\"gem-wrapbox-element img-responsive\" src=\"https:\/\/www.tabacafilmfest.com\/wp-content\/uploads\/2026\/09\/Anna-Sentinella-Tabaca-Film-Fest.webp\" alt=\"\"\/><\/div><\/div><\/div>[vc_column_text css=\u00bb\u00bb]<\/p>\n<p style=\"text-align: left;\"><span style=\"font-size: 18pt; color: #383838;\"><strong>ANNA SENTINELLA<\/strong><\/span><\/p>\n<p>[\/vc_column_text][vc_column_text css=\u00bb\u00bb]<span style=\"color: #383838;\">Anna Sentinella, pedagoga, madre de tres hijos y alcaldesa de Baix Pallars. La impulsora, junto con su familia, del proyecto del Refugi de Cuberes, que convirti\u00f3 una antigua casa forestal en un proyecto de vida en el Pallars. <\/span>[\/vc_column_text][\/vc_column][vc_column width=\u00bb1\/3&#8243; mobile_margin_bottom=\u00bb45&#8243;]<div class=\"centered-box gem-image-centered-box\" ><div class=\"gem-image gem-wrapbox gem-wrapbox-style-default gem-wrapbox-position-centered  thegem-custom-6a98fc29b90173169\"  style=\"\" ><div class=\"gem-wrapbox-inner \" ><img class=\"gem-wrapbox-element img-responsive\" src=\"https:\/\/www.tabacafilmfest.com\/wp-content\/uploads\/2026\/09\/David-Saro-Arroyo-Tabaca-Film-Fest.webp\" alt=\"\"\/><\/div><\/div><\/div>[vc_column_text css=\u00bb\u00bb]<\/p>\n<p style=\"text-align: left;\"><span style=\"font-size: 18pt; color: #383838;\"><strong>DAVID SARO<\/strong><\/span><\/p>\n<p>[\/vc_column_text][vc_column_text css=\u00bb\u00bb]<span style=\"color: #383838;\">David Saro Arroyo, ingeniero por la UPC, paciendo en el Pallars Sobir\u00e0 y socio 937 de la Associaci\u00f3 de Galtaires dels Pa\u00efsos Catalans. Sospechoso. Y, de vez en cuando, derrama una l\u00e1grima de merluza.  <\/span>[\/vc_column_text][\/vc_column][vc_column width=\u00bb1\/3&#8243;]<div class=\"centered-box gem-image-centered-box\" ><div class=\"gem-image gem-wrapbox gem-wrapbox-style-default gem-wrapbox-position-centered  thegem-custom-6a98fc29b90f63465\"  style=\"\" ><div class=\"gem-wrapbox-inner \" ><img class=\"gem-wrapbox-element img-responsive\" src=\"https:\/\/www.tabacafilmfest.com\/wp-content\/uploads\/2026\/09\/Marta-Farre-Tabaca-Film-Fest.webp\" alt=\"\"\/><\/div><\/div><\/div>[vc_column_text css=\u00bb\u00bb]<\/p>\n<p style=\"text-align: left;\"><span style=\"font-size: 18pt; color: #383838;\"><strong>MARTA FARR\u00c9<\/strong><\/span><\/p>\n<p>[\/vc_column_text][vc_column_text css=\u00bb\u00bb]<span style=\"color: #383838;\">Marta Farr\u00e9, de Casa Girallum de Gerri y actualmente vecina de Bresca. Historiadora medieval, librera de La Singratalla de Tremp y vinculada desde hace 28 a\u00f1os al Baix Pallars, donde tambi\u00e9n ha hecho crecer el proyecto del Celler de Bresca. <\/span>[\/vc_column_text][\/vc_column][\/vc_row][vc_row][vc_column][vc_empty_space height=\u00bb100px\u00bb][\/vc_column][\/vc_row]<\/p>\n<\/div>","protected":false},"excerpt":{"rendered":"<p>[vc_row full_width=\u00bbstretch_row\u00bb content_placement=\u00bbmiddle\u00bb el_disable_tablet=\u00bb1&#8243; el_disable_mobile=\u00bb1&#8243; thegem_background_overlay=\u00bbtrue\u00bb css=\u00bb.vc_custom_1754642609038{background-image: url(https:\/\/www.tabacafilmfest.com\/wp-content\/uploads\/2025\/08\/JURAT-TABACA2.jpg?id=36362) !important;background-position: center !important;background-repeat: no-repeat !important;background-size: cover !important;}\u00bb thegem_background_overlay_color=\u00bb#3939394F\u00bb][vc_column offset=\u00bbvc_hidden-xs\u00bb css=\u00bb.vc_custom_1743277871422{margin-top: 200px !important;margin-bottom:&#8230;<\/p>\n","protected":false},"author":1,"featured_media":0,"parent":0,"menu_order":1,"comment_status":"closed","ping_status":"closed","template":"","meta":{"_monsterinsights_skip_tracking":false,"footnotes":""},"class_list":["post-36339","page","type-page","status-publish"],"yoast_head":"<!-- This site is optimized with the Yoast SEO plugin v25.1 - https:\/\/yoast.com\/wordpress\/plugins\/seo\/ -->\n<title>JURADO - Tabaca Film Fest<\/title>\n<meta name=\"robots\" content=\"index, follow, max-snippet:-1, max-image-preview:large, max-video-preview:-1\" \/>\n<link rel=\"canonical\" href=\"https:\/\/www.tabacafilmfest.com\/es\/jurado\/\" \/>\n<meta property=\"og:locale\" content=\"es_ES\" \/>\n<meta property=\"og:type\" content=\"article\" \/>\n<meta property=\"og:title\" content=\"JURADO - Tabaca Film Fest\" \/>\n<meta property=\"og:description\" content=\"[vc_row full_width=\u00bbstretch_row\u00bb content_placement=\u00bbmiddle\u00bb el_disable_tablet=\u00bb1&#8243; el_disable_mobile=\u00bb1&#8243; thegem_background_overlay=\u00bbtrue\u00bb css=\u00bb.vc_custom_1754642609038{background-image: url(https:\/\/www.tabacafilmfest.com\/wp-content\/uploads\/2025\/08\/JURAT-TABACA2.jpg?id=36362) !important;background-position: center !important;background-repeat: no-repeat !important;background-size: cover !important;}\u00bb thegem_background_overlay_color=\u00bb#3939394F\u00bb][vc_column offset=\u00bbvc_hidden-xs\u00bb css=\u00bb.vc_custom_1743277871422{margin-top: 200px !important;margin-bottom:...\" \/>\n<meta property=\"og:url\" content=\"https:\/\/www.tabacafilmfest.com\/es\/jurado\/\" \/>\n<meta property=\"og:site_name\" content=\"Tabaca Film Fest\" \/>\n<meta property=\"article:modified_time\" content=\"2026-09-02T18:12:30+00:00\" \/>\n<meta name=\"twitter:card\" content=\"summary_large_image\" \/>\n<meta name=\"twitter:label1\" content=\"Tiempo de lectura\" \/>\n\t<meta name=\"twitter:data1\" content=\"3 minutos\" \/>\n<script type=\"application\/ld+json\" class=\"yoast-schema-graph\">{\"@context\":\"https:\/\/schema.org\",\"@graph\":[{\"@type\":\"WebPage\",\"@id\":\"https:\/\/www.tabacafilmfest.com\/es\/jurado\/\",\"url\":\"https:\/\/www.tabacafilmfest.com\/es\/jurado\/\",\"name\":\"JURADO - Tabaca Film Fest\",\"isPartOf\":{\"@id\":\"https:\/\/www.tabacafilmfest.com\/#website\"},\"datePublished\":\"2025-08-08T08:35:39+00:00\",\"dateModified\":\"2026-09-02T18:12:30+00:00\",\"breadcrumb\":{\"@id\":\"https:\/\/www.tabacafilmfest.com\/es\/jurado\/#breadcrumb\"},\"inLanguage\":\"es\",\"potentialAction\":[{\"@type\":\"ReadAction\",\"target\":[\"https:\/\/www.tabacafilmfest.com\/es\/jurado\/\"]}]},{\"@type\":\"BreadcrumbList\",\"@id\":\"https:\/\/www.tabacafilmfest.com\/es\/jurado\/#breadcrumb\",\"itemListElement\":[{\"@type\":\"ListItem\",\"position\":1,\"name\":\"Inici\",\"item\":\"https:\/\/www.tabacafilmfest.com\/es\/\"},{\"@type\":\"ListItem\",\"position\":2,\"name\":\"JURADO\"}]},{\"@type\":\"WebSite\",\"@id\":\"https:\/\/www.tabacafilmfest.com\/#website\",\"url\":\"https:\/\/www.tabacafilmfest.com\/\",\"name\":\"Tabaca Film Fest - Festival de Cinema Mitol\u00f2gic dels Pirineus\",\"description\":\"Lo Festival de Cinema Mitol\u00f2gic dels Pirineus. 2a ed. de l&#039;11 al 14 de setembre de 2025.\",\"publisher\":{\"@id\":\"https:\/\/www.tabacafilmfest.com\/#organization\"},\"potentialAction\":[{\"@type\":\"SearchAction\",\"target\":{\"@type\":\"EntryPoint\",\"urlTemplate\":\"https:\/\/www.tabacafilmfest.com\/?s={search_term_string}\"},\"query-input\":{\"@type\":\"PropertyValueSpecification\",\"valueRequired\":true,\"valueName\":\"search_term_string\"}}],\"inLanguage\":\"es\"},{\"@type\":\"Organization\",\"@id\":\"https:\/\/www.tabacafilmfest.com\/#organization\",\"name\":\"Tabaca Film Fest - Festival de Cinema Mitol\u00f2gic dels Pirineus\",\"url\":\"https:\/\/www.tabacafilmfest.com\/\",\"logo\":{\"@type\":\"ImageObject\",\"inLanguage\":\"es\",\"@id\":\"https:\/\/www.tabacafilmfest.com\/#\/schema\/logo\/image\/\",\"url\":\"https:\/\/www.tabacafilmfest.com\/wp-content\/uploads\/2020\/06\/LOGO-TABACA-2025-POSITIU-SF.png\",\"contentUrl\":\"https:\/\/www.tabacafilmfest.com\/wp-content\/uploads\/2020\/06\/LOGO-TABACA-2025-POSITIU-SF.png\",\"width\":1191,\"height\":863,\"caption\":\"Tabaca Film Fest - Festival de Cinema Mitol\u00f2gic dels Pirineus\"},\"image\":{\"@id\":\"https:\/\/www.tabacafilmfest.com\/#\/schema\/logo\/image\/\"},\"sameAs\":[\"https:\/\/www.instagram.com\/tabacafilmfest\"]}]}<\/script>\n<!-- \/ Yoast SEO plugin. -->","yoast_head_json":{"title":"JURADO - Tabaca Film Fest","robots":{"index":"index","follow":"follow","max-snippet":"max-snippet:-1","max-image-preview":"max-image-preview:large","max-video-preview":"max-video-preview:-1"},"canonical":"https:\/\/www.tabacafilmfest.com\/es\/jurado\/","og_locale":"es_ES","og_type":"article","og_title":"JURADO - Tabaca Film Fest","og_description":"[vc_row full_width=\u00bbstretch_row\u00bb content_placement=\u00bbmiddle\u00bb el_disable_tablet=\u00bb1&#8243; el_disable_mobile=\u00bb1&#8243; thegem_background_overlay=\u00bbtrue\u00bb css=\u00bb.vc_custom_1754642609038{background-image: url(https:\/\/www.tabacafilmfest.com\/wp-content\/uploads\/2025\/08\/JURAT-TABACA2.jpg?id=36362) !important;background-position: center !important;background-repeat: no-repeat !important;background-size: cover !important;}\u00bb thegem_background_overlay_color=\u00bb#3939394F\u00bb][vc_column offset=\u00bbvc_hidden-xs\u00bb css=\u00bb.vc_custom_1743277871422{margin-top: 200px !important;margin-bottom:...","og_url":"https:\/\/www.tabacafilmfest.com\/es\/jurado\/","og_site_name":"Tabaca Film Fest","article_modified_time":"2026-09-02T18:12:30+00:00","twitter_card":"summary_large_image","twitter_misc":{"Tiempo de lectura":"3 minutos"},"schema":{"@context":"https:\/\/schema.org","@graph":[{"@type":"WebPage","@id":"https:\/\/www.tabacafilmfest.com\/es\/jurado\/","url":"https:\/\/www.tabacafilmfest.com\/es\/jurado\/","name":"JURADO - Tabaca Film Fest","isPartOf":{"@id":"https:\/\/www.tabacafilmfest.com\/#website"},"datePublished":"2025-08-08T08:35:39+00:00","dateModified":"2026-09-02T18:12:30+00:00","breadcrumb":{"@id":"https:\/\/www.tabacafilmfest.com\/es\/jurado\/#breadcrumb"},"inLanguage":"es","potentialAction":[{"@type":"ReadAction","target":["https:\/\/www.tabacafilmfest.com\/es\/jurado\/"]}]},{"@type":"BreadcrumbList","@id":"https:\/\/www.tabacafilmfest.com\/es\/jurado\/#breadcrumb","itemListElement":[{"@type":"ListItem","position":1,"name":"Inici","item":"https:\/\/www.tabacafilmfest.com\/es\/"},{"@type":"ListItem","position":2,"name":"JURADO"}]},{"@type":"WebSite","@id":"https:\/\/www.tabacafilmfest.com\/#website","url":"https:\/\/www.tabacafilmfest.com\/","name":"Tabaca Film Fest - Festival de Cinema Mitol\u00f2gic dels Pirineus","description":"Lo Festival de Cinema Mitol\u00f2gic dels Pirineus. 2a ed. de l&#039;11 al 14 de setembre de 2025.","publisher":{"@id":"https:\/\/www.tabacafilmfest.com\/#organization"},"potentialAction":[{"@type":"SearchAction","target":{"@type":"EntryPoint","urlTemplate":"https:\/\/www.tabacafilmfest.com\/?s={search_term_string}"},"query-input":{"@type":"PropertyValueSpecification","valueRequired":true,"valueName":"search_term_string"}}],"inLanguage":"es"},{"@type":"Organization","@id":"https:\/\/www.tabacafilmfest.com\/#organization","name":"Tabaca Film Fest - Festival de Cinema Mitol\u00f2gic dels Pirineus","url":"https:\/\/www.tabacafilmfest.com\/","logo":{"@type":"ImageObject","inLanguage":"es","@id":"https:\/\/www.tabacafilmfest.com\/#\/schema\/logo\/image\/","url":"https:\/\/www.tabacafilmfest.com\/wp-content\/uploads\/2020\/06\/LOGO-TABACA-2025-POSITIU-SF.png","contentUrl":"https:\/\/www.tabacafilmfest.com\/wp-content\/uploads\/2020\/06\/LOGO-TABACA-2025-POSITIU-SF.png","width":1191,"height":863,"caption":"Tabaca Film Fest - Festival de Cinema Mitol\u00f2gic dels Pirineus"},"image":{"@id":"https:\/\/www.tabacafilmfest.com\/#\/schema\/logo\/image\/"},"sameAs":["https:\/\/www.instagram.com\/tabacafilmfest"]}]}},"_links":{"self":[{"href":"https:\/\/www.tabacafilmfest.com\/es\/wp-json\/wp\/v2\/pages\/36339","targetHints":{"allow":["GET"]}}],"collection":[{"href":"https:\/\/www.tabacafilmfest.com\/es\/wp-json\/wp\/v2\/pages"}],"about":[{"href":"https:\/\/www.tabacafilmfest.com\/es\/wp-json\/wp\/v2\/types\/page"}],"author":[{"embeddable":true,"href":"https:\/\/www.tabacafilmfest.com\/es\/wp-json\/wp\/v2\/users\/1"}],"replies":[{"embeddable":true,"href":"https:\/\/www.tabacafilmfest.com\/es\/wp-json\/wp\/v2\/comments?post=36339"}],"version-history":[{"count":10,"href":"https:\/\/www.tabacafilmfest.com\/es\/wp-json\/wp\/v2\/pages\/36339\/revisions"}],"predecessor-version":[{"id":40530,"href":"https:\/\/www.tabacafilmfest.com\/es\/wp-json\/wp\/v2\/pages\/36339\/revisions\/40530"}],"wp:attachment":[{"href":"https:\/\/www.tabacafilmfest.com\/es\/wp-json\/wp\/v2\/media?parent=36339"}],"curies":[{"name":"wp","href":"https:\/\/api.w.org\/{rel}","templated":true}]}}