{"id":39796,"date":"2026-08-29T20:03:32","date_gmt":"2026-08-29T18:03:32","guid":{"rendered":"https:\/\/www.tabacafilmfest.com\/?page_id=39796"},"modified":"2026-09-01T23:40:39","modified_gmt":"2026-09-01T21:40:39","slug":"programa-2026","status":"publish","type":"page","link":"https:\/\/www.tabacafilmfest.com\/es\/programa-2026\/","title":{"rendered":"PROGRAMA 2026"},"content":{"rendered":"<div class=\"wpb-content-wrapper\"><p>[vc_row full_width=\u00bbstretch_row\u00bb content_placement=\u00bbmiddle\u00bb el_disable_tablet=\u00bb1&#8243; el_disable_mobile=\u00bb1&#8243; thegem_background_overlay=\u00bbtrue\u00bb css=\u00bb.vc_custom_1754328873184{background-image: url(https:\/\/www.tabacafilmfest.com\/wp-content\/uploads\/2025\/08\/ACPS_469549_210005130002374-scaled.jpg?id=36224) !important;background-position: center !important;background-repeat: no-repeat !important;background-size: cover !important;}\u00bb thegem_background_overlay_color=\u00bb#3939394F\u00bb][vc_column offset=\u00bbvc_hidden-xs\u00bb css=\u00bb.vc_custom_1743277871422{margin-top: 200px !important;margin-bottom: 450px !important;}\u00bb][vc_column_text css=\u00bb.vc_custom_1754324863493{margin-top: 30px !important;margin-bottom: 30px !important;}\u00bb css_animation=\u00bbnone\u00bb el_class=\u00bbcustom-font-3&#8243;]<\/p>\n<h1 class=\"title-xarge\" style=\"text-align: right;\"><span style=\"color: #f5f4d6; font-family: tusker; font-size: 100pt;\"><strong>PROGRAMA<\/strong><\/span><\/h1>\n<p>[\/vc_column_text][\/vc_column][\/vc_row][vc_row full_width=\u00bbstretch_row\u00bb content_placement=\u00bbmiddle\u00bb el_disable_desktop=\u00bb1&#8243; thegem_background_overlay=\u00bbtrue\u00bb css=\u00bb.vc_custom_1754328890341{background-image: url(https:\/\/www.tabacafilmfest.com\/wp-content\/uploads\/2025\/08\/ACPS_469549_210005130002374-scaled.jpg?id=36224) !important;background-position: center !important;background-repeat: no-repeat !important;background-size: cover !important;}\u00bb thegem_background_overlay_color=\u00bb#3939394F\u00bb][vc_column offset=\u00bbvc_hidden-lg\u00bb css=\u00bb.vc_custom_1742814528985{margin-top: 300px !important;margin-bottom: 200px !important;}\u00bb][vc_column_text css=\u00bb.vc_custom_1754504723258{margin-top: 30px !important;margin-bottom: 30px !important;}\u00bb css_animation=\u00bbnone\u00bb el_class=\u00bbcustom-font-3&#8243;]<\/p>\n<h1 class=\"title-xarge\" style=\"text-align: right;\"><span style=\"color: #f5f4d6; font-family: tusker; font-size: 45pt;\"><strong>PROGRAMA<\/strong><\/span><\/h1>\n<p>[\/vc_column_text][\/vc_column][\/vc_row][vc_row][vc_column tablet_margin_left=\u00bb12&#8243; tablet_margin_right=\u00bb12&#8243; mobile_margin_bottom=\u00bb30&#8243; mobile_margin_right=\u00bb20&#8243;]<div class=\"clearboth\"><\/div><style>#thegem-divider-6a97a6c80ddb5 {margin-top: 40px !important;}<\/style><div id=\"thegem-divider-6a97a6c80ddb5\" class=\"gem-divider  \" style=\"\" ><\/div>[vc_column_text css=\u00bb.vc_custom_1788275665828{margin-right: 20px !important;}\u00bb]<span style=\"font-family: Helvetica; font-size: 12pt; color: #303030;\">Consulta el programa completo del Tabaca Film Fest, elige tus actividades preferidas y reserva tus entradas aqu\u00ed.<\/span>[\/vc_column_text][\/vc_column][\/vc_row][vc_row][vc_column tablet_margin_left=\u00bb12&#8243; tablet_margin_right=\u00bb12&#8243;][vc_column_text css=\u00bb.vc_custom_1788164221259{margin-bottom: 8px !important;}\u00bb]<span style=\"font-family: Helvetica; font-size: 14pt; color: #9d1818;\"><strong><u>VIERNES <\/u><strong><u>18 DE SEPTIEMBRE<\/u><\/strong><\/strong><\/span>[\/vc_column_text][\/vc_column][\/vc_row][vc_row css=\u00bb.vc_custom_1754505483077{margin-left: 30px !important;}\u00bb mobile_margin_left=\u00bb-15&#8243; mobile_margin_right=\u00bb4&#8243;][vc_column offset=\u00bbvc_col-lg-12&#8243; tablet_margin_left=\u00bb12&#8243; tablet_margin_right=\u00bb12&#8243; mobile_margin_left=\u00bb12&#8243; mobile_margin_right=\u00bb12&#8243;][vc_tta_accordion style=\u00bbsimple_arrow\u00bb shape=\u00bbround\u00bb color=\u00bbmulled-wine\u00bb spacing=\u00bb1&#8243; c_icon=\u00bbtriangle\u00bb c_position=\u00bbright\u00bb active_section=\u00bbfalse\u00bb no_fill=\u00bbtrue\u00bb collapsible_all=\u00bbtrue\u00bb][vc_tta_section title=\u00bb<b>PANTERA<\/b> &#8211; Apertura del festival\u00bb tab_id=\u00bbpantera\u00bb]<div class=\"clearboth\"><\/div><style>#thegem-divider-6a97a6c80de46 {margin-top: -35px !important;}<\/style><div id=\"thegem-divider-6a97a6c80de46\" class=\"gem-divider  \" style=\"\" ><\/div>[vc_column_text css=\u00bb\u00bb]<span style=\"color: #303030;\">Dos panteras tiraban del carro de Dioniso, dios del vino, en sus viajes. No se nos ocurre una bestia mejor para abrir las puertas de la tercera edici\u00f3n del Tabaca Film Fest. <\/span><\/p>\n<p><span style=\"color: #303030;\">Y lo haremos con otro debut: ser\u00e1 tambi\u00e9n la primera velada en la que el Celler de Bresca se estrene ante el gran p\u00fablico. Un proyecto inspirador nacido para recuperar tierras abandonadas y volver a hacer crecer en ellas vi\u00f1as y olivos. <\/span><\/p>\n<p><span style=\"color: #303030;\">Cine, vino y aceite de monta\u00f1a en un lugar excepcional, con unas vistas imponentes y la Geganta Adormida presidiendo el valle. Una noche m\u00e1gica e irrepetible, con muy pocas plazas. <\/span>[\/vc_column_text]<div class=\"clearboth\"><\/div><style>#thegem-divider-6a97a6c80dea8 {margin-top: 35px !important;}<\/style><div id=\"thegem-divider-6a97a6c80dea8\" class=\"gem-divider  \" style=\"\" ><\/div>[vc_column_text css=\u00bb\u00bb]<span style=\"color: #303030;\"><strong>Precio: 10 \u20ac (todo incluido)<\/strong><\/span><br \/>\n<span style=\"color: #303030;\">D\u00f3nde: Celler de Bresca<\/span><br \/>\n<span style=\"color: #303030;\">Reserva necesaria. Aforo muy limitado.<br \/>\n<\/span><br \/>\n<span style=\"color: #303030;\">Se ruega llegar con 15 minutos de antelaci\u00f3n.<\/span><br \/>\n<span style=\"color: #303030;\">Se recomienda compartir coche. Aparcamiento delante de la bodega. <\/span><br \/>\n<span style=\"color: #303030;\">Tambi\u00e9n se recomienda llevar ropa de abrigo, habr\u00e1 alguna actividad al aire libre.<\/span>[\/vc_column_text]<style type=\"text\/css\">.thegem-button-6a97a6c80df727209 .gem-button svg {fill: #FFFFFF;}.thegem-button-6a97a6c80df727209 .gem-button:hover svg {fill: #9D1818;}<\/style><div class=\"gem-button-container gem-button-position-inline thegem-button-6a97a6c80df727209    \"  ><a class=\"gem-button gem-button-size-tiny gem-button-style-flat gem-button-text-weight-normal\" data-ll-effect=\"drop-right-without-wrap\" style=\"border-radius: 3px;background-color: #9D1818;color: #FFFFFF;\" onmouseleave=\"this.style.backgroundColor='#9D1818';this.style.color='#FFFFFF';\" onmouseenter=\"this.style.backgroundColor='#FFFFFF';this.style.color='#9D1818';\" href=\"https:\/\/tabacafilmfest.entrapolis.com\/entrades\/pantera\" target=\"_blank\">Reserva<\/a><\/div> [\/vc_tta_section][vc_tta_section title=\u00bb<b>18h<\/b> &#8211; SESI\u00d3N DE CINE I\u00bb tab_id=\u00bb1788296415482-18852b7e-3f8f\u00bb][vc_row_inner gap=\u00bb1&#8243; mobile_margin_top=\u00bb30&#8243;][vc_column_inner width=\u00bb1\/4&#8243;][vc_single_image image=\u00bb40202&#8243; img_size=\u00bb\u00bb css=\u00bb\u00bb][\/vc_column_inner][vc_column_inner width=\u00bb3\/4&#8243; mobile_margin_top=\u00bb-30&#8243;][vc_column_text css=\u00bb.vc_custom_1788296481446{padding-top: 35px !important;}\u00bb]<strong><span style=\"color: #303030;\">EIXAM <\/span><\/strong><span style=\"color: #303030;\">&#8211; <\/span><span style=\"color: #303030;\">19 min \/ Ficci\u00f3n \/ Direcci\u00f3n: Eugenia Sampedro \/ Espa\u00f1a \/ Catal\u00e1n \/ 2025<br \/>\nMar\u00eda viaja con su amiga Zoe a un pueblo tranquilo de Mallorca para pasar unas vacaciones de invierno. Pero lo que empieza como una escapada pl\u00e1cida toma poco a poco un giro inquietante.<\/span>[\/vc_column_text][\/vc_column_inner][\/vc_row_inner][vc_empty_space height=\u00bb8px\u00bb][vc_row_inner gap=\u00bb1&#8243; mobile_margin_top=\u00bb30&#8243;][vc_column_inner width=\u00bb1\/4&#8243;][vc_single_image image=\u00bb40206&#8243; img_size=\u00bb\u00bb css=\u00bb\u00bb][\/vc_column_inner][vc_column_inner width=\u00bb3\/4&#8243; mobile_margin_top=\u00bb-30&#8243;][vc_column_text css=\u00bb.vc_custom_1788296514096{padding-top: 15px !important;}\u00bb]<strong><span style=\"color: #303030;\"><strong>TEETAN<\/strong><\/span><\/strong><span style=\"color: #303030;\"> &#8211;\u00a0<\/span><span style=\"color: #303030;\">15 min \/ Ficci\u00f3n \/ Direcci\u00f3n: Hadi Rezayati Charan \/ Ir\u00e1n \/ Kurdo \/ 2025<br \/>\nCada pocos a\u00f1os, durante los tres primeros d\u00edas del invierno, los habitantes de un pueblo deben ofrecer un sacrificio. El primer d\u00eda, un padre desaparece misteriosamente y deja a su hijo completamente solo, obligado a afrontar el peso de lo que parece un destino inevitable.<\/span>[\/vc_column_text][\/vc_column_inner][\/vc_row_inner][vc_empty_space height=\u00bb8px\u00bb][vc_row_inner gap=\u00bb1&#8243; mobile_margin_top=\u00bb30&#8243;][vc_column_inner width=\u00bb1\/4&#8243;][vc_single_image image=\u00bb40210&#8243; img_size=\u00bb\u00bb css=\u00bb\u00bb][\/vc_column_inner][vc_column_inner width=\u00bb3\/4&#8243; mobile_margin_top=\u00bb-30&#8243;][vc_column_text css=\u00bb.vc_custom_1788296538929{padding-top: 15px !important;}\u00bb]<strong><span style=\"color: #303030;\"><strong>ENTRE MITGERES <\/strong><\/span><\/strong><span style=\"color: #303030;\">\u2013 10 min \/ Ficci\u00f3n \/ Direcci\u00f3n: Andreu Oliva \/ Espa\u00f1a \/ Catal\u00e1n \/ 2025<br \/>\nPau, un joven poco comprometido con el trabajo de pay\u00e9s, hace tiempo que pospone la recuperaci\u00f3n de la relaci\u00f3n emocional que perdi\u00f3 con su padre. La reciente muerte de su madre y la falta de personal cualificado en el campo llevar\u00e1n a Pau a replantearse cu\u00e1l debe ser su pr\u00f3ximo paso.<\/span>[\/vc_column_text][\/vc_column_inner][\/vc_row_inner][vc_empty_space height=\u00bb8px\u00bb][vc_row_inner gap=\u00bb1&#8243; mobile_margin_top=\u00bb30&#8243;][vc_column_inner width=\u00bb1\/4&#8243;][vc_single_image image=\u00bb40214&#8243; img_size=\u00bb\u00bb css=\u00bb\u00bb][\/vc_column_inner][vc_column_inner width=\u00bb3\/4&#8243; mobile_margin_top=\u00bb-30&#8243;][vc_column_text css=\u00bb.vc_custom_1788296577947{padding-top: 35px !important;}\u00bb]<strong><span style=\"color: #303030;\"><strong>RADIX <\/strong><\/span><\/strong><span style=\"color: #303030;\">\u2013 4 min \/ Animaci\u00f3n \/ Direcci\u00f3n: Anne Breymann \/ Alemania \/ Sin di\u00e1logos \/ 2025<br \/>\nDos criaturas se encuentran en un \u00e1rbol. Su encuentro las lleva hasta lo m\u00e1s profundo de las ra\u00edces&#8230; y m\u00e1s all\u00e1.<\/span>[\/vc_column_text][\/vc_column_inner][\/vc_row_inner][vc_empty_space height=\u00bb8px\u00bb][vc_row_inner gap=\u00bb1&#8243; mobile_margin_top=\u00bb30&#8243;][vc_column_inner width=\u00bb1\/4&#8243;][vc_single_image image=\u00bb40218&#8243; img_size=\u00bb\u00bb css=\u00bb\u00bb][\/vc_column_inner][vc_column_inner width=\u00bb3\/4&#8243; mobile_margin_top=\u00bb-30&#8243;][vc_column_text css=\u00bb.vc_custom_1788296611797{padding-top: 15px !important;}\u00bb]<strong><span style=\"color: #303030;\"><strong>FLEURIR <\/strong><\/span><\/strong><span style=\"color: #303030;\">&#8211; 14 min \/ Documental \/ Direcci\u00f3n: Amanda Meunier \/ Francia \/ 2024<br \/>\nUna joven estudiante de cine decide retratar a las mujeres de su familia que viven en los Pirineos y se dedican a la vida campesina. A trav\u00e9s de la c\u00e1mara, se adentra en su d\u00eda a d\u00eda y en los v\u00ednculos familiares, construyendo un relato \u00edntimo sobre la monta\u00f1a, el trabajo y la transmisi\u00f3n oral.<\/span>[\/vc_column_text][\/vc_column_inner][\/vc_row_inner][\/vc_tta_section][vc_tta_section title=\u00bb<b>20h<\/b> &#8211; CATA DE VINOS + DEGUSTACI\u00d3N DE PRODUCTOS DE PROXIMIDAD\u00bb el_class=\u00bbdisable-accordion-click\u00bb tab_id=\u00bb18-setembre-20h\u00bb][\/vc_tta_section][\/vc_tta_accordion][\/vc_column][\/vc_row][vc_row][vc_column tablet_margin_left=\u00bb12&#8243; tablet_margin_right=\u00bb12&#8243; mobile_margin_left=\u00bb12&#8243; mobile_margin_right=\u00bb12&#8243;]<div class=\"clearboth\"><\/div><style>#thegem-divider-6a97a6c80dfe5 {margin-top: 25px !important;}<\/style><div id=\"thegem-divider-6a97a6c80dfe5\" class=\"gem-divider  \" style=\"\" ><\/div>[vc_column_text css=\u00bb.vc_custom_1788164229239{margin-bottom: 8px !important;}\u00bb]<span style=\"font-family: Helvetica; font-size: 14pt; color: #9d1818;\"><strong>S\u00c1BADO 19 DE SEPTIEMBRE<\/strong><\/span>[\/vc_column_text][\/vc_column][\/vc_row][vc_row css=\u00bb.vc_custom_1754505523319{margin-left: 30px !important;}\u00bb mobile_margin_left=\u00bb-15&#8243; mobile_margin_right=\u00bb4&#8243;][vc_column offset=\u00bbvc_col-lg-12&#8243; tablet_margin_left=\u00bb12&#8243; tablet_margin_right=\u00bb12&#8243; mobile_margin_left=\u00bb12&#8243; mobile_margin_right=\u00bb12&#8243;][vc_tta_accordion style=\u00bbsimple_arrow\u00bb color=\u00bbmulled-wine\u00bb spacing=\u00bb1&#8243; c_icon=\u00bbtriangle\u00bb c_position=\u00bbright\u00bb active_section=\u00bbfalse\u00bb no_fill=\u00bbtrue\u00bb collapsible_all=\u00bbtrue\u00bb][vc_tta_section title=\u00bb<b>MINOTAURE<\/b> &#8211; CINE Y M\u00daSICA\u00bb tab_id=\u00bbminotaure\u00bb]<div class=\"clearboth\"><\/div><style>#thegem-divider-6a97a6c80e042 {margin-top: -35px !important;}<\/style><div id=\"thegem-divider-6a97a6c80e042\" class=\"gem-divider  \" style=\"\" ><\/div>[vc_column_text css=\u00bb\u00bb]<span style=\"color: #303030;\">El Minotauro nos espera en el centro del laberinto. Y para llegar hasta \u00e9l, nos adentraremos en la Era d\u2019Ortega de la preciosa villa cerrada de Peramea, uno de los rincones m\u00e1s singulares del Baix Pallars, que acoger\u00e1 una noche de cine, memoria y m\u00fasica. <\/span><\/p>\n<p><span style=\"color: #303030;\">Viviremos una sesi\u00f3n de cortometrajes finalistas del Tabaca Film Fest que culminar\u00e1 con el estreno de \u201cMito, c\u00e1mara y acci\u00f3n\u201d, un documental que recupera mitos, leyendas y memoria oral del Pallars Sobir\u00e0. Algunos de sus protagonistas nos acompa\u00f1ar\u00e1n en esta velada tan especial. <\/span><\/p>\n<p><span style=\"color: #303030;\">Despu\u00e9s compartiremos un picoteo y, cuando caiga la noche, las poderosas voces del tr\u00edo femenino Silvestres desplegar\u00e1n un repertorio que recupera y reinterpreta cantos tradicionales.<\/span>[\/vc_column_text]<div class=\"clearboth\"><\/div><style>#thegem-divider-6a97a6c80e0a3 {margin-top: 35px !important;}<\/style><div id=\"thegem-divider-6a97a6c80e0a3\" class=\"gem-divider  \" style=\"\" ><\/div>[vc_column_text css=\u00bb\u00bb]<span style=\"color: #303030;\"><strong>Precio: 10 \u20ac (todo incluido)<\/strong><\/span><br \/>\n<span style=\"color: #303030;\">Reserva necesaria. Aforo muy limitado.<br \/>\n<\/span><\/p>\n<p><span style=\"color: #303030;\">D\u00f3nde: <a href=\"https:\/\/www.google.com\/maps\/place\/Era+d%E2%80%99Ortega\/@42.3298743,1.0466481,17z\/data=!3m1!4b1!4m6!3m5!1s0x12a61143f4ac28d3:0xe4e1194f131de321!8m2!3d42.3298743!4d1.049223!16s%2Fg%2F11r3lvr4p_?entry=ttu&amp;g_ep=EgoyMDI2MDgyNS4wIKXMDSoASAFQAw%3D%3D\" target=\"_blank\" rel=\"noopener\">Era d\u2019Ortega, Peramea<\/a><\/span><br \/>\n<span style=\"color: #303030;\">Se recomienda llevar ropa de abrigo, habr\u00e1 alguna actividad al aire libre.<\/span>[\/vc_column_text]<style type=\"text\/css\">.thegem-button-6a97a6c80e1284386 .gem-button svg {fill: #FFFFFF;}.thegem-button-6a97a6c80e1284386 .gem-button:hover svg {fill: #9D1818;}<\/style><div class=\"gem-button-container gem-button-position-inline thegem-button-6a97a6c80e1284386    \"  ><a class=\"gem-button gem-button-size-tiny gem-button-style-flat gem-button-text-weight-normal\" data-ll-effect=\"drop-right-without-wrap\" style=\"border-radius: 3px;background-color: #9D1818;color: #FFFFFF;\" onmouseleave=\"this.style.backgroundColor='#9D1818';this.style.color='#FFFFFF';\" onmouseenter=\"this.style.backgroundColor='#FFFFFF';this.style.color='#9D1818';\" href=\"https:\/\/tabacafilmfest.entrapolis.com\/entrades\/minotaure\" target=\"_blank\">Reserva<\/a><\/div> [\/vc_tta_section][vc_tta_section title=\u00bb<b>19h<\/b> &#8211; SESI\u00d3N DE CINE II\u00bb tab_id=\u00bb19-setembre-19h\u00bb][vc_row_inner mobile_margin_top=\u00bb30&#8243;][vc_column_inner width=\u00bb1\/4&#8243;][vc_single_image image=\u00bb40222&#8243; img_size=\u00bb\u00bb css=\u00bb\u00bb][\/vc_column_inner][vc_column_inner width=\u00bb3\/4&#8243; mobile_margin_top=\u00bb-30&#8243;][vc_column_text css=\u00bb.vc_custom_1788296678780{padding-top: 22px !important;}\u00bb]<strong><span style=\"color: #303030;\">SANG DE BOU <\/span><\/strong><span style=\"color: #303030;\">&#8211; <\/span><span style=\"color: #303030;\">17 min \/ Ficci\u00f3n \/ Direcci\u00f3n: Cl\u00e0udia Munuera \/ Espa\u00f1a \/ Catal\u00e1n \/ 2026<br \/>\nEn un mundo sin recursos y con un mar devastado, Emma, una joven pescadora ambiciosa que lucha desesperadamente por ganarse la vida, buscar\u00e1 la ayuda de su amigo Albert, m\u00e1s conformista y reservado.<\/span>[\/vc_column_text][\/vc_column_inner][\/vc_row_inner][vc_empty_space height=\u00bb8px\u00bb][vc_row_inner mobile_margin_top=\u00bb30&#8243;][vc_column_inner width=\u00bb1\/4&#8243;][vc_single_image image=\u00bb40226&#8243; img_size=\u00bb\u00bb css=\u00bb\u00bb][\/vc_column_inner][vc_column_inner width=\u00bb3\/4&#8243; mobile_margin_top=\u00bb-30&#8243;][vc_column_text css=\u00bb.vc_custom_1788296706580{padding-top: 22px !important;}\u00bb]<strong><span style=\"color: #303030;\">L\u2019\u00daLTIM REFLEX <\/span><\/strong><span style=\"color: #303030;\">&#8211; <\/span><span style=\"color: #303030;\">1 min \/ Animaci\u00f3n \/ Direcci\u00f3n: Pablo Jim\u00e9nez \/ Espa\u00f1a \/ Catal\u00e1n \/ 2026<br \/>\nUn fabricante de espejos crea una pieza distinta a todas las dem\u00e1s. Al contemplarla, una visi\u00f3n lo conmueve profundamente y lo deja muy perturbado.<\/span>[\/vc_column_text][\/vc_column_inner][\/vc_row_inner][vc_empty_space height=\u00bb8px\u00bb][vc_row_inner mobile_margin_top=\u00bb30&#8243;][vc_column_inner width=\u00bb1\/4&#8243;][vc_single_image image=\u00bb40230&#8243; img_size=\u00bb\u00bb css=\u00bb\u00bb][\/vc_column_inner][vc_column_inner width=\u00bb3\/4&#8243; mobile_margin_top=\u00bb-30&#8243;][vc_column_text css=\u00bb.vc_custom_1788296753230{padding-top: 22px !important;}\u00bb]<strong><span style=\"color: #303030;\">ADIEU SOLEIL <\/span><\/strong><span style=\"color: #303030;\">&#8211; <\/span><span style=\"color: #303030;\">20 min \/ Ficci\u00f3n \/ Direcci\u00f3n: Hakim Atoui \/ Francia \/ Franc\u00e9s \/ 2024<br \/>\nEs el final del verano y el calor es sofocante. Una ni\u00f1a de 11 a\u00f1os y su familia esperan con impaciencia el eclipse solar del que todo el mundo habla, pero todo toma un giro inesperado.<\/span>[\/vc_column_text][\/vc_column_inner][\/vc_row_inner][vc_empty_space height=\u00bb8px\u00bb][vc_row_inner tablet_margin_top=\u00bb30&#8243;][vc_column_inner width=\u00bb1\/4&#8243;][vc_single_image image=\u00bb40234&#8243; img_size=\u00bb\u00bb css=\u00bb\u00bb][\/vc_column_inner][vc_column_inner width=\u00bb3\/4&#8243; mobile_margin_top=\u00bb-30&#8243;][vc_column_text css=\u00bb.vc_custom_1788296773845{padding-top: 15px !important;}\u00bb]<strong><span style=\"color: #303030;\">MERCERIA L\u00cdDIA <\/span><\/strong><span style=\"color: #303030;\">&#8211; <\/span><span style=\"color: #303030;\">8 min \/ Documental \/ Direcci\u00f3n: Ingrid Miralles \/ Andorra \/ Catal\u00e1n \/ 2025<br \/>\nEste documental nos descubre la historia de una mercer\u00eda de Andorra la Vella: Merceria Lidia. Un relato contado por su propietaria, su nieta e incluso por la propia mercer\u00eda. Un testimonio sobre el paso del tiempo, los recuerdos y el amor.<\/span>[\/vc_column_text][\/vc_column_inner][\/vc_row_inner][vc_empty_space height=\u00bb8px\u00bb][vc_row_inner mobile_margin_top=\u00bb30&#8243;][vc_column_inner width=\u00bb1\/4&#8243;][vc_single_image image=\u00bb40238&#8243; img_size=\u00bb\u00bb css=\u00bb\u00bb][\/vc_column_inner][vc_column_inner width=\u00bb3\/4&#8243; mobile_margin_top=\u00bb-30&#8243;][vc_column_text css=\u00bb.vc_custom_1788296792581{padding-top: 35px !important;}\u00bb]<strong><span style=\"color: #303030;\">MITE, C\u00c0MERA, ACCI\u00d3! <\/span><\/strong><span style=\"color: #303030;\">&#8211; <\/span><span style=\"color: #303030;\">42 min \/ Documental \/ Direcci\u00f3n: Tabaca Film Fest \/ Espa\u00f1a \/ Catal\u00e1n \/ 2026<br \/>\nUn viaje sobre el patrimonio, cultura y folclore del Pallars a trav\u00e9s de la mirada de diferentes abuelas, abuelos y mitos.<\/span>[\/vc_column_text][\/vc_column_inner][\/vc_row_inner][\/vc_tta_section][vc_tta_section title=\u00bb<b>21h<\/b> &#8211; PICA-PICA\u00bb tab_id=\u00bb19-setembre-21h\u00bb el_class=\u00bbdisable-accordion-click\u00bb][\/vc_tta_section][vc_tta_section title=\u00bb<b>22h<\/b> &#8211; CONCIERTO DE SILVESTRES\u00bb tab_id=\u00bb19-setembre-22h\u00bb el_class=\u00bbdisable-accordion-click\u00bb][\/vc_tta_section][\/vc_tta_accordion][\/vc_column][\/vc_row][vc_row][vc_column tablet_margin_left=\u00bb12&#8243; tablet_margin_right=\u00bb12&#8243; mobile_margin_left=\u00bb12&#8243; mobile_margin_right=\u00bb12&#8243;]<div class=\"clearboth\"><\/div><style>#thegem-divider-6a97a6c80e184 {margin-top: 25px !important;}<\/style><div id=\"thegem-divider-6a97a6c80e184\" class=\"gem-divider  \" style=\"\" ><\/div>[vc_column_text css=\u00bb.vc_custom_1788164240175{margin-bottom: 8px !important;}\u00bb]<span style=\"font-family: Helvetica; font-size: 14pt; color: #9d1818;\"><strong>DOMINGO 20 DE SEPTIEMBRE<\/strong><\/span>[\/vc_column_text][\/vc_column][\/vc_row][vc_row css=\u00bb.vc_custom_1754505535908{margin-left: 30px !important;}\u00bb mobile_margin_left=\u00bb-15&#8243; mobile_margin_right=\u00bb4&#8243;][vc_column offset=\u00bbvc_col-lg-12&#8243; tablet_margin_left=\u00bb12&#8243; tablet_margin_right=\u00bb12&#8243; mobile_margin_left=\u00bb12&#8243; mobile_margin_right=\u00bb12&#8243;][vc_tta_accordion style=\u00bbsimple_arrow\u00bb color=\u00bbmulled-wine\u00bb spacing=\u00bb1&#8243; c_icon=\u00bbtriangle\u00bb c_position=\u00bbright\u00bb active_section=\u00bbfalse\u00bb no_fill=\u00bbtrue\u00bb collapsible_all=\u00bbtrue\u00bb][vc_tta_section title=\u00bb<b>UN DOMINGO ENTERO DE CINE EN SORT<\/b>\u00bb tab_id=\u00bbdiumenge\u00bb]<div class=\"clearboth\"><\/div><style>#thegem-divider-6a97a6c80e1d5 {margin-top: -35px !important;}<\/style><div id=\"thegem-divider-6a97a6c80e1d5\" class=\"gem-divider  \" style=\"\" ><\/div>[vc_column_text css=\u00bb\u00bb]<span style=\"color: #303030;\">Cuatro sesiones con nombre de bestias y cine para todas las edades: ni\u00f1os, j\u00f3venes y adultos. Pod\u00e9is venir a una, a dos&#8230; o hacerlas todas.<br \/>\n<\/span><span style=\"color: #303030;\">Habr\u00e1 sorteos y sorpresas, y podr\u00e9is votar vuestros cortos favoritos para contribuir a decidir el Premio del P\u00fablico del Tabaca Film Fest.<\/span>[\/vc_column_text][\/vc_tta_section][vc_tta_section title=\u00bb<b>11h CUCAFERA <\/b>&#8211; SESI\u00d3N DE CINE III &#8211; CINE INFANTIL\u00bb tab_id=\u00bb20-setembre-11h\u00bb]<div class=\"clearboth\"><\/div><style>#thegem-divider-6a97a6c80e22d {margin-top: -35px !important;}<\/style><div id=\"thegem-divider-6a97a6c80e22d\" class=\"gem-divider  \" style=\"\" ><\/div>[vc_column_text css=\u00bb\u00bb]<span style=\"color: #303030;\">La Cucafera, uno de los animales m\u00e1s festivos y entra\u00f1ables de nuestro bestiario, ser\u00e1 la encargada de abrir este domingo de cine.<\/span><\/p>\n<p><span style=\"color: #303030;\">Una sesi\u00f3n pensada especialmente para los m\u00e1s peque\u00f1os de la casa \u2014y, por supuesto, tambi\u00e9n para los mayores que quieran acompa\u00f1arlos\u2014, con una selecci\u00f3n de cortometrajes para descubrir criaturas, mundos fant\u00e1sticos e historias sorprendentes a trav\u00e9s del cine.<\/span><\/p>\n<p><span style=\"color: #303030;\">Y atenci\u00f3n, porque antes de marcharse, los peque\u00f1os espectadores tendr\u00e1n una sorpresa muy dulce.<\/span>[\/vc_column_text]<div class=\"clearboth\"><\/div><style>#thegem-divider-6a97a6c80e278 {margin-top: 20px !important;}<\/style><div id=\"thegem-divider-6a97a6c80e278\" class=\"gem-divider  \" style=\"\" ><\/div>[vc_column_text css=\u00bb\u00bb]<span style=\"color: #303030;\"><strong>Sesi\u00f3n gratuita.<\/strong><\/span><br \/>\n<span style=\"color: #303030;\">Reserva recomendada.<\/span><\/p>\n<p><span style=\"color: #303030;\">D\u00f3nde: <a href=\"https:\/\/www.google.com\/maps\/place\/Cinema+Els+Til%C2%B7lers\/@42.4071059,1.1263229,17z\/data=!3m1!4b1!4m6!3m5!1s0x12a605e76e921537:0x2f52d04ad51ed073!8m2!3d42.4071059!4d1.1288978!16s%2Fg%2F11g9nlp3bp?entry=ttu&amp;g_ep=EgoyMDI2MDgyNS4wIKXMDSoASAFQAw%3D%3D\" target=\"_blank\" rel=\"noopener\">Cinema Els Til\u00b7lers, Sort<\/a><\/span><br \/>\n<em><span style=\"color: #303030;\">A partir de 7 a\u00f1os<\/span><\/em><br \/>\n<em><span style=\"color: #303030;\">Actividad adherida a Apropa Cultura<\/span><\/em>[\/vc_column_text]<style type=\"text\/css\">.thegem-button-6a97a6c80e2ec8778 .gem-button svg {fill: #FFFFFF;}.thegem-button-6a97a6c80e2ec8778 .gem-button:hover svg {fill: #9D1818;}<\/style><div class=\"gem-button-container gem-button-position-inline thegem-button-6a97a6c80e2ec8778    \"  ><a class=\"gem-button gem-button-size-tiny gem-button-style-flat gem-button-text-weight-normal\" data-ll-effect=\"drop-right-without-wrap\" style=\"border-radius: 3px;background-color: #9D1818;color: #FFFFFF;\" onmouseleave=\"this.style.backgroundColor='#9D1818';this.style.color='#FFFFFF';\" onmouseenter=\"this.style.backgroundColor='#FFFFFF';this.style.color='#9D1818';\" href=\"https:\/\/tabacafilmfest.entrapolis.com\/entrades\/cucafera\" target=\"_blank\">Reserva<\/a><\/div> [vc_empty_space height=\u00bb8px\u00bb][vc_row_inner mobile_margin_top=\u00bb30&#8243;][vc_column_inner width=\u00bb1\/4&#8243;][vc_single_image image=\u00bb40242&#8243; img_size=\u00bb\u00bb css=\u00bb\u00bb][\/vc_column_inner][vc_column_inner width=\u00bb3\/4&#8243; mobile_margin_top=\u00bb-30&#8243;][vc_column_text css=\u00bb.vc_custom_1788297012165{padding-top: 35px !important;}\u00bb]<strong><span style=\"color: #303030;\">TOTS ELS MEUS COLORS <\/span><\/strong><span style=\"color: #303030;\">&#8211; <\/span><span style=\"color: #303030;\">5 min \/ Animaci\u00f3n \/ Direcci\u00f3n: Anna Solanas y Marc Riba \/ Espa\u00f1a \/ Catal\u00e1n \/ 2023<br \/>\nTras la muerte de su madre, una ni\u00f1a pierde todos sus colores. \u00bfPodr\u00e1 recuperarlos?<\/span>[\/vc_column_text][\/vc_column_inner][\/vc_row_inner][vc_empty_space height=\u00bb8px\u00bb][vc_row_inner mobile_margin_top=\u00bb30&#8243;][vc_column_inner width=\u00bb1\/4&#8243;][vc_single_image image=\u00bb40246&#8243; img_size=\u00bb\u00bb css=\u00bb\u00bb][\/vc_column_inner][vc_column_inner width=\u00bb3\/4&#8243; mobile_margin_top=\u00bb-30&#8243;][vc_column_text css=\u00bb.vc_custom_1788297033981{padding-top: 25px !important;}\u00bb]<strong><span style=\"color: #303030;\">THE SUN IS BAD <\/span><\/strong><span style=\"color: #303030;\">&#8211; <\/span><span style=\"color: #303030;\">3 min \/ Animaci\u00f3n \/ Direcci\u00f3n: Rachel Mow \/ Estados Unidos y Hong Kong \/ Chino \/ 2023<br \/>\nEn esta historia ambientada en el Hong Kong de los a\u00f1os ochenta, una ni\u00f1a con mucho car\u00e1cter intenta destruir el sol para evitar que derrita su ciudad. Y para hacerlo, \u00a1utiliza sus juguetes y cualquier cosa que encuentra!<\/span>[\/vc_column_text][\/vc_column_inner][\/vc_row_inner][vc_empty_space height=\u00bb8px\u00bb][vc_row_inner mobile_margin_top=\u00bb30&#8243;][vc_column_inner width=\u00bb1\/4&#8243;][vc_single_image image=\u00bb40250&#8243; img_size=\u00bb\u00bb css=\u00bb\u00bb][\/vc_column_inner][vc_column_inner width=\u00bb3\/4&#8243; mobile_margin_top=\u00bb-30&#8243;][vc_column_text css=\u00bb.vc_custom_1788297054531{padding-top: 35px !important;}\u00bb]<strong><span style=\"color: #303030;\">A WALK INTO THE AFTERLIFE <\/span><\/strong><span style=\"color: #303030;\">&#8211; <\/span><span style=\"color: #303030;\">4 min \/ Animaci\u00f3n \/ Direcci\u00f3n: Jiyun Jeong \/ Luxemburgo \/ Sin di\u00e1logos \/ 2024<br \/>\nUn peque\u00f1o gato negro emprende un viaje al jard\u00edn del m\u00e1s all\u00e1 en busca de una flor m\u00e1gica.<\/span>[\/vc_column_text][\/vc_column_inner][\/vc_row_inner][vc_empty_space height=\u00bb8px\u00bb][vc_row_inner mobile_margin_top=\u00bb30&#8243;][vc_column_inner width=\u00bb1\/4&#8243;][vc_single_image image=\u00bb40254&#8243; img_size=\u00bb\u00bb css=\u00bb\u00bb][\/vc_column_inner][vc_column_inner width=\u00bb3\/4&#8243; mobile_margin_top=\u00bb-30&#8243;][vc_column_text css=\u00bb.vc_custom_1788297088930{padding-top: 15px !important;}\u00bb]<strong><span style=\"color: #303030;\">HOOFS ON SKATES <\/span><\/strong><span style=\"color: #303030;\">&#8211; <\/span><span style=\"color: #303030;\">12 min \/ Animaci\u00f3n \/ Direcci\u00f3n: Ignas Meil\u016bnas \/ Lituania \/ Sin di\u00e1logos \/ 2024<br \/>\nEn un pa\u00eds invernal de cuento, dos amigas se lo pasan en grande patinando sobre un lago helado cuando, de repente, se abre bajo ellas un mundo extra\u00f1o y desconocido. Ahora tendr\u00e1n que aprender a relacionarse con \u00ablos otros\u00bb sin dejar que el miedo y los prejuicios las dominen.<\/span>[\/vc_column_text][\/vc_column_inner][\/vc_row_inner][vc_empty_space height=\u00bb8px\u00bb][vc_row_inner mobile_margin_top=\u00bb30&#8243;][vc_column_inner width=\u00bb1\/4&#8243;][vc_single_image image=\u00bb40258&#8243; img_size=\u00bb\u00bb css=\u00bb\u00bb][\/vc_column_inner][vc_column_inner width=\u00bb3\/4&#8243; mobile_margin_top=\u00bb-30&#8243;][vc_column_text css=\u00bb.vc_custom_1788297105498{padding-top: 18px !important;}\u00bb]<strong><span style=\"color: #303030;\">COLORED MEMORIES <\/span><\/strong><span style=\"color: #303030;\">&#8211; <\/span><span style=\"color: #303030;\">4 min \/ Animaci\u00f3n \/ Direcci\u00f3n: Anna\u00efs Affolter \/ Francia \/ Sin di\u00e1logos \/ 2026<br \/>\nEn medio de las ruinas de su ciudad devastada, una ni\u00f1a que busca comida sigue a un colibr\u00ed m\u00e1gico cuyas gotas curan las paredes destruidas por la guerra, solo para enfrentarse a las fr\u00e1giles fronteras entre la esperanza y la realidad.<\/span>[\/vc_column_text][\/vc_column_inner][\/vc_row_inner][vc_empty_space height=\u00bb8px\u00bb][vc_row_inner mobile_margin_top=\u00bb30&#8243;][vc_column_inner width=\u00bb1\/4&#8243;][vc_single_image image=\u00bb40262&#8243; img_size=\u00bb\u00bb css=\u00bb\u00bb][\/vc_column_inner][vc_column_inner width=\u00bb3\/4&#8243; mobile_margin_top=\u00bb-30&#8243;][vc_column_text css=\u00bb.vc_custom_1788297122481{padding-top: 18px !important;}\u00bb]<strong><span style=\"color: #303030;\">THE BOY WHO CHEATED DEATH <\/span><\/strong><span style=\"color: #303030;\">&#8211; <\/span><span style=\"color: #303030;\">5 min \/ Animaci\u00f3n \/ Direcci\u00f3n: Pipou Phuong Nguyen \/ Francia y Vietnam \/ Sin di\u00e1logos \/ 2025<br \/>\nUn ni\u00f1o intenta esconder a su madre de la Muerte. Juntos se embarcan en un juego del escondite, mientras la Muerte se convierte en su depredador implacable.<\/span>[\/vc_column_text][\/vc_column_inner][\/vc_row_inner][vc_empty_space height=\u00bb8px\u00bb][vc_row_inner mobile_margin_top=\u00bb30&#8243;][vc_column_inner width=\u00bb1\/4&#8243;][vc_single_image image=\u00bb40266&#8243; img_size=\u00bb\u00bb css=\u00bb\u00bb][\/vc_column_inner][vc_column_inner width=\u00bb3\/4&#8243; mobile_margin_top=\u00bb-30&#8243;][vc_column_text css=\u00bb.vc_custom_1788297156782{padding-top: 28px !important;}\u00bb]<strong><span style=\"color: #303030;\">PENINSULA <\/span><\/strong><span style=\"color: #303030;\">&#8211; <\/span><span style=\"color: #303030;\">5 min \/ Animaci\u00f3n \/ Direcci\u00f3n: Ang\u00e8le Vergoni, Sarah Vanhoeck \/ B\u00e9lgica \/ Sin di\u00e1logos \/ 2025<br \/>\nUna mujer se despierta en un bosque diminuto habitado por personas de aspecto extra\u00f1o, todas muy peque\u00f1as. Algo avergonzada, decide explorar el resto de este lugar ins\u00f3lito en busca de alg\u00fan espacio donde no moleste a nadie.<\/span>[\/vc_column_text][\/vc_column_inner][\/vc_row_inner][vc_empty_space height=\u00bb8px\u00bb][vc_row_inner mobile_margin_top=\u00bb30&#8243;][vc_column_inner width=\u00bb1\/4&#8243;][vc_single_image image=\u00bb40270&#8243; img_size=\u00bb\u00bb css=\u00bb\u00bb][\/vc_column_inner][vc_column_inner width=\u00bb3\/4&#8243; mobile_margin_top=\u00bb-30&#8243;][vc_column_text css=\u00bb.vc_custom_1788297171481{padding-top: 28px !important;}\u00bb]<strong><span style=\"color: #303030;\">G\u00d6KOTTA <\/span><\/strong><span style=\"color: #303030;\">&#8211; <\/span><span style=\"color: #303030;\">14 min \/ Ficci\u00f3n \/ Direcci\u00f3n: Kay Oceans \/ Espa\u00f1a \/ Castellano \/ 2025<br \/>\nTras un sue\u00f1o sobre una guardiana del bosque, Samuel, un joven desmotivado con la vida adulta, recuerda una historia que vivi\u00f3 de peque\u00f1o: un d\u00eda encontr\u00f3 un peque\u00f1o poblado de duendes en medio del bosque.<\/span>[\/vc_column_text][\/vc_column_inner][\/vc_row_inner][\/vc_tta_section][vc_tta_section title=\u00bb<b>12h30 URCO <\/b>&#8211; SESI\u00d3N DE CINE IV &#8211; CINE PARA J\u00d3VENES Y ADULTOS\u00bb tab_id=\u00bb20-setembre-12h\u00bb]<div class=\"clearboth\"><\/div><style>#thegem-divider-6a97a6c80e341 {margin-top: -35px !important;}<\/style><div id=\"thegem-divider-6a97a6c80e341\" class=\"gem-divider  \" style=\"\" ><\/div>[vc_column_text css=\u00bb\u00bb]<span style=\"color: #303030;\">\u00bfCu\u00e1l es uno de los mejores planes para un domingo por la ma\u00f1ana en Sort? Una matinal de cine de las de toda la vida. <\/span><\/p>\n<p><span style=\"color: #303030;\">El Urco, el misterioso perro negro del folclore gallego, nos invita a una sesi\u00f3n donde convivir\u00e1n poderes extraordinarios, historias atravesadas por la guerra, mundos que no todo el mundo puede ver y recuerdos lejanos de la infancia. Criaturas, memoria, realidad y fantas\u00eda se mezclar\u00e1n en una nueva selecci\u00f3n de cortometrajes finalistas del Tabaca Film Fest. <\/span><\/p>\n<p><span style=\"color: #303030;\">\u00bfY despu\u00e9s? Todav\u00eda tendr\u00e9is todo el domingo por delante, pero ya habr\u00e9is viajado a tierras y tiempos lejanos. <\/span>[\/vc_column_text]<div class=\"clearboth\"><\/div><style>#thegem-divider-6a97a6c80e387 {margin-top: 20px !important;}<\/style><div id=\"thegem-divider-6a97a6c80e387\" class=\"gem-divider  \" style=\"\" ><\/div>[vc_column_text css=\u00bb\u00bb]<span style=\"color: #303030;\"><strong>Sesi\u00f3n gratuita.<\/strong><\/span><br \/>\n<span style=\"color: #303030;\">Reserva recomendada.<br \/>\n<\/span><span style=\"color: #303030;\">D\u00f3nde: <a href=\"https:\/\/www.google.com\/maps\/place\/Cinema+Els+Til%C2%B7lers\/@42.4071059,1.1263229,17z\/data=!3m1!4b1!4m6!3m5!1s0x12a605e76e921537:0x2f52d04ad51ed073!8m2!3d42.4071059!4d1.1288978!16s%2Fg%2F11g9nlp3bp?entry=ttu&amp;g_ep=EgoyMDI2MDgyNS4wIKXMDSoASAFQAw%3D%3D\" target=\"_blank\" rel=\"noopener\">Cinema Els Til\u00b7lers, Sort<\/a><\/span>[\/vc_column_text]<style type=\"text\/css\">.thegem-button-6a97a6c80e3f42224 .gem-button svg {fill: #FFFFFF;}.thegem-button-6a97a6c80e3f42224 .gem-button:hover svg {fill: #9D1818;}<\/style><div class=\"gem-button-container gem-button-position-inline thegem-button-6a97a6c80e3f42224    \"  ><a class=\"gem-button gem-button-size-tiny gem-button-style-flat gem-button-text-weight-normal\" data-ll-effect=\"drop-right-without-wrap\" style=\"border-radius: 3px;background-color: #9D1818;color: #FFFFFF;\" onmouseleave=\"this.style.backgroundColor='#9D1818';this.style.color='#FFFFFF';\" onmouseenter=\"this.style.backgroundColor='#FFFFFF';this.style.color='#9D1818';\" href=\"https:\/\/tabacafilmfest.entrapolis.com\/entrades\/urco\" target=\"_blank\">Reserva<\/a><\/div> [vc_empty_space height=\u00bb8px\u00bb][vc_row_inner mobile_margin_top=\u00bb30&#8243;][vc_column_inner width=\u00bb1\/4&#8243;][vc_single_image image=\u00bb40274&#8243; img_size=\u00bb\u00bb css=\u00bb\u00bb][\/vc_column_inner][vc_column_inner width=\u00bb3\/4&#8243; mobile_margin_top=\u00bb-30&#8243;][vc_column_text css=\u00bb.vc_custom_1788297293070{padding-top: 28px !important;}\u00bb]<strong><span style=\"color: #303030;\">PL\u00c0NCTON <\/span><\/strong><span style=\"color: #303030;\">&#8211; <\/span><span style=\"color: #303030;\">23 min \/ Ficci\u00f3n \/ Direcci\u00f3n: Irene Moray \/ Espa\u00f1a \/ Catal\u00e1n \/ 2025<br \/>\nJoel ha ocultado sus sentimientos durante mucho tiempo. Pero el regreso de un antiguo amor empieza a reabrir sus cicatrices.<\/span>[\/vc_column_text][\/vc_column_inner][\/vc_row_inner][vc_empty_space height=\u00bb8px\u00bb][vc_row_inner mobile_margin_top=\u00bb30&#8243;][vc_column_inner width=\u00bb1\/4&#8243;][vc_single_image image=\u00bb40278&#8243; img_size=\u00bb\u00bb css=\u00bb\u00bb][\/vc_column_inner][vc_column_inner width=\u00bb3\/4&#8243; mobile_margin_top=\u00bb-30&#8243;][vc_column_text css=\u00bb.vc_custom_1788297310404{padding-top: 40px !important;}\u00bb]<strong><span style=\"color: #303030;\">KUKERI <\/span><\/strong><span style=\"color: #303030;\">&#8211; <\/span><span style=\"color: #303030;\">13 min \/ Ficci\u00f3n \/ Direcci\u00f3n: Kourosh Ahari \/ Bulgaria \/ B\u00falgaro \/ 2024<br \/>\nEn un remoto pueblo de Bulgaria, un antiguo ritual destinado a proteger a un beb\u00e9 acaba liberando una fuerza sobrenatural.<\/span>[\/vc_column_text][\/vc_column_inner][\/vc_row_inner][vc_empty_space height=\u00bb8px\u00bb][vc_row_inner mobile_margin_top=\u00bb30&#8243;][vc_column_inner width=\u00bb1\/4&#8243;][vc_single_image image=\u00bb40282&#8243; img_size=\u00bb\u00bb css=\u00bb\u00bb][\/vc_column_inner][vc_column_inner width=\u00bb3\/4&#8243; mobile_margin_top=\u00bb-30&#8243;][vc_column_text css=\u00bb.vc_custom_1788297329054{padding-top: 20px !important;}\u00bb]<strong><span style=\"color: #303030;\">GRITA <\/span><\/strong><span style=\"color: #303030;\">&#8211; <\/span><span style=\"color: #303030;\">3 min \/ Ficci\u00f3n Animaci\u00f3n \/ Direcci\u00f3n: Ulises Rivera \/ Espa\u00f1a \/ Castellano \/ 2025<br \/>\nCuando el tiempo perdido se acumula, cuando lo que realmente importa se va aplazando, la rutina ahoga el impulso interior y parece que ya es demasiado tarde, puede estallar una conmoci\u00f3n \u00edntima, a veces ca\u00f3tica, capaz de reordenar el rumbo de la vida.<\/span>[\/vc_column_text][\/vc_column_inner][\/vc_row_inner][vc_empty_space height=\u00bb8px\u00bb][vc_row_inner mobile_margin_top=\u00bb30&#8243;][vc_column_inner width=\u00bb1\/4&#8243;][vc_single_image image=\u00bb40286&#8243; img_size=\u00bb\u00bb css=\u00bb\u00bb][\/vc_column_inner][vc_column_inner width=\u00bb3\/4&#8243; mobile_margin_top=\u00bb-30&#8243;][vc_column_text css=\u00bb.vc_custom_1788297349205{padding-top: 22px !important;}\u00bb]<strong><span style=\"color: #303030;\">SAUR\u00cd <\/span><\/strong><span style=\"color: #303030;\">&#8211; <\/span><span style=\"color: #303030;\">19 min \/ Ficci\u00f3n \/ Direcci\u00f3n: Josep Sol\u00e9 i Blasi \/ Espa\u00f1a \/ Catal\u00e1n y Castellano \/ 2025<br \/>\nAngelina, una mujer que vive sola con sus animales a orillas del Ebro, oye una explosi\u00f3n y descubre un cuerpo que baja r\u00edo abajo. \u00bfPodr\u00eda ser Jaume, su hijo desaparecido durante la Guerra Civil?<\/span>[\/vc_column_text][\/vc_column_inner][\/vc_row_inner][vc_empty_space height=\u00bb8px\u00bb][vc_row_inner mobile_margin_top=\u00bb30&#8243;][vc_column_inner width=\u00bb1\/4&#8243;][vc_single_image image=\u00bb40290&#8243; img_size=\u00bb\u00bb css=\u00bb\u00bb][\/vc_column_inner][vc_column_inner width=\u00bb3\/4&#8243; mobile_margin_top=\u00bb-30&#8243;][vc_column_text css=\u00bb.vc_custom_1788297377604{padding-top: 22px !important;}\u00bb]<strong><span style=\"color: #303030;\">GALLINA <\/span><\/strong><span style=\"color: #303030;\">&#8211; <\/span><span style=\"color: #303030;\">16 min \/ Ficci\u00f3n \/ Direcci\u00f3n: Fernando Reinaldos \/ Espa\u00f1a \/ Castellano \/ 2025<br \/>\nEn un entorno rural de Espa\u00f1a, un ni\u00f1o de diez a\u00f1os adora pasar ratos en casa de su abuela, jugando con su hermana peque\u00f1a y su mejor amigo. Pero todo se transforma cuando un juego inocente puede convertirse en traici\u00f3n.<\/span>[\/vc_column_text][\/vc_column_inner][\/vc_row_inner][\/vc_tta_section][vc_tta_section title=\u00bb<b>17h F\u00c8NIX <\/b>&#8211; SESI\u00d3N DE CINE V &#8211; CINE PARA J\u00d3VENES Y ADULTOS\u00bb tab_id=\u00bb20-setembre-17h\u00bb]<div class=\"clearboth\"><\/div><style>#thegem-divider-6a97a6c80e442 {margin-top: -35px !important;}<\/style><div id=\"thegem-divider-6a97a6c80e442\" class=\"gem-divider  \" style=\"\" ><\/div>[vc_column_text css=\u00bb\u00bb]<span style=\"color: #303030;\">Avanzamos una selecci\u00f3n de cortometrajes que el Tabaca Film Fest compartir\u00e1 durante la semana siguiente con los institutos del territorio.<\/span><\/p>\n<p><span style=\"color: #303030;\">Historias vibrantes para hablar de cambio, identidad, transformaci\u00f3n, miedos y nuevas miradas sobre el mundo, inspiradas en el F\u00e9nix, ese p\u00e1jaro extraordinario que muere y vuelve a nacer de sus propias cenizas.<\/span>[\/vc_column_text]<div class=\"clearboth\"><\/div><style>#thegem-divider-6a97a6c80e492 {margin-top: 20px !important;}<\/style><div id=\"thegem-divider-6a97a6c80e492\" class=\"gem-divider  \" style=\"\" ><\/div>[vc_column_text css=\u00bb\u00bb]<span style=\"color: #303030;\"><strong>Sesi\u00f3n gratuita.<\/strong><br \/>\nReserva recomendada.<br \/>\n<\/span><span style=\"color: #303030;\">D\u00f3nde: <a href=\"https:\/\/www.google.com\/maps\/place\/Cinema+Els+Til%C2%B7lers\/@42.4071059,1.1263229,17z\/data=!3m1!4b1!4m6!3m5!1s0x12a605e76e921537:0x2f52d04ad51ed073!8m2!3d42.4071059!4d1.1288978!16s%2Fg%2F11g9nlp3bp?entry=ttu&amp;g_ep=EgoyMDI2MDgyNS4wIKXMDSoASAFQAw%3D%3D\" target=\"_blank\" rel=\"noopener\">Cinema Els Til\u00b7lers, Sort<\/a><\/span><br \/>\n<em><span style=\"color: #303030;\">Actividad adherida a Apropa Cultura<\/span><\/em>[\/vc_column_text]<style type=\"text\/css\">.thegem-button-6a97a6c80e4fa6649 .gem-button svg {fill: #FFFFFF;}.thegem-button-6a97a6c80e4fa6649 .gem-button:hover svg {fill: #9D1818;}<\/style><div class=\"gem-button-container gem-button-position-inline thegem-button-6a97a6c80e4fa6649    \"  ><a class=\"gem-button gem-button-size-tiny gem-button-style-flat gem-button-text-weight-normal\" data-ll-effect=\"drop-right-without-wrap\" style=\"border-radius: 3px;background-color: #9D1818;color: #FFFFFF;\" onmouseleave=\"this.style.backgroundColor='#9D1818';this.style.color='#FFFFFF';\" onmouseenter=\"this.style.backgroundColor='#FFFFFF';this.style.color='#9D1818';\" href=\"https:\/\/tabacafilmfest.entrapolis.com\/entrades\/fenix\" target=\"_blank\">Reserva<\/a><\/div> [vc_empty_space height=\u00bb8px\u00bb][vc_row_inner mobile_margin_top=\u00bb30&#8243;][vc_column_inner width=\u00bb1\/4&#8243;][vc_single_image image=\u00bb40294&#8243; img_size=\u00bb\u00bb css=\u00bb\u00bb][\/vc_column_inner][vc_column_inner width=\u00bb3\/4&#8243; mobile_margin_top=\u00bb-30&#8243;][vc_column_text css=\u00bb.vc_custom_1788297542688{padding-top: 15px !important;}\u00bb]<strong><span style=\"color: #303030;\">UNDERGROUND INVADERS <\/span><\/strong><span style=\"color: #303030;\">&#8211; <\/span><span style=\"color: #303030;\">8 min \/ Animaci\u00f3n \/ Direcci\u00f3n: Shera Courtalhac, Ines Molinier, Victor Lesaffre, Ma\u00eblle Metaireau, Dana Guyot, Ines Dolivet, Meggie Bernier \/ Francia \/ Franc\u00e9s \/ 2024<br \/>\nTres j\u00f3venes adultos, obsesionados con los horrores del mundo moderno, se encuentran atrapados en las profundidades de un metro subterr\u00e1neo, que se transforma progresivamente en una pesadilla.<\/span>[\/vc_column_text][\/vc_column_inner][\/vc_row_inner][vc_empty_space height=\u00bb8px\u00bb][vc_row_inner mobile_margin_top=\u00bb30&#8243;][vc_column_inner width=\u00bb1\/4&#8243;][vc_single_image image=\u00bb40298&#8243; img_size=\u00bb\u00bb css=\u00bb\u00bb][\/vc_column_inner][vc_column_inner width=\u00bb3\/4&#8243; mobile_margin_top=\u00bb-30&#8243;][vc_column_text css=\u00bb.vc_custom_1788297557855{padding-top: 15px !important;}\u00bb]<strong><span style=\"color: #303030;\">DARSHAN <\/span><\/strong><span style=\"color: #303030;\">&#8211; <\/span><span style=\"color: #303030;\">18 min \/ Ficci\u00f3n \/ Direcci\u00f3n: Alberto Allica \/ Espa\u00f1a \/ Castellano \/ 2025<br \/>\nAbhinav se siente ahogado por la peque\u00f1a comunidad hind\u00fa de Madrid, y sue\u00f1a con escaparse de rave con sus amigos en busca de otro tipo de \u00e9xtasis. Una serie de acontecimientos extra\u00f1os presagian la colisi\u00f3n inevitable entre los dos mundos a los que pertenece.<\/span>[\/vc_column_text][\/vc_column_inner][\/vc_row_inner][vc_empty_space height=\u00bb8px\u00bb][vc_row_inner mobile_margin_top=\u00bb30&#8243;][vc_column_inner width=\u00bb1\/4&#8243;][vc_single_image image=\u00bb40302&#8243; img_size=\u00bb\u00bb css=\u00bb\u00bb][\/vc_column_inner][vc_column_inner width=\u00bb3\/4&#8243; mobile_margin_top=\u00bb-30&#8243;][vc_column_text css=\u00bb.vc_custom_1788297576589{padding-top: 15px !important;}\u00bb]<strong><span style=\"color: #303030;\">EDUCACI\u00d3N F\u00cdSICA OBLIGATORIA <\/span><\/strong><span style=\"color: #303030;\">&#8211; <\/span><span style=\"color: #303030;\">13 min \/ Ficci\u00f3n \/ Direcci\u00f3n: Pablo Porcuna \/ Espa\u00f1a \/ Castellano \/ 2026<br \/>\nAbhinav se siente ahogado por la peque\u00f1a comunidad hind\u00fa de Madrid, pero sue\u00f1a con escaparse de rave con sus amigos en busca de otro tipo de \u00e9xtasis. Una serie de acontecimientos extra\u00f1os presagian la colisi\u00f3n inevitable entre los dos mundos a los que pertenece.<\/span>[\/vc_column_text][\/vc_column_inner][\/vc_row_inner][vc_empty_space height=\u00bb8px\u00bb][vc_row_inner mobile_margin_top=\u00bb30&#8243;][vc_column_inner width=\u00bb1\/4&#8243;][vc_single_image image=\u00bb40306&#8243; img_size=\u00bb\u00bb css=\u00bb\u00bb][\/vc_column_inner][vc_column_inner width=\u00bb3\/4&#8243; mobile_margin_top=\u00bb-30&#8243;][vc_column_text css=\u00bb.vc_custom_1788297590172{padding-top: 25px !important;}\u00bb]<strong><span style=\"color: #303030;\">SEMPRE, SEMPRE <\/span><\/strong><span style=\"color: #303030;\">&#8211; <\/span><span style=\"color: #303030;\">19 min \/ Ficci\u00f3n \/ Direcci\u00f3n: Marc Esquirol \/ Espa\u00f1a \/ Catal\u00e1n \/ 2026<br \/>\nMartina se cruza por casualidad con Gerard en Barcelona. Su conversaci\u00f3n abre una grieta en el presente y el tiempo se pliega sobre s\u00ed mismo: la niebla de los Pirineos y una ma\u00f1ana en un vivero vuelven como una memoria f\u00edsica.<\/span>[\/vc_column_text][\/vc_column_inner][\/vc_row_inner][vc_empty_space height=\u00bb8px\u00bb][vc_row_inner mobile_margin_top=\u00bb30&#8243;][vc_column_inner width=\u00bb1\/4&#8243;][vc_single_image image=\u00bb40310&#8243; img_size=\u00bb\u00bb css=\u00bb\u00bb][\/vc_column_inner][vc_column_inner width=\u00bb3\/4&#8243; mobile_margin_top=\u00bb-30&#8243;][vc_column_text css=\u00bb.vc_custom_1788297615272{padding-top: 15px !important;}\u00bb]<strong><span style=\"color: #303030;\">CHAIR ADOLESCENTE <\/span><\/strong><span style=\"color: #303030;\">&#8211; <\/span><span style=\"color: #303030;\">10 min \/ Ficci\u00f3n \/ Direcci\u00f3n: Pablo Cabel \/ Francia \/ Franc\u00e9s \/ 2025<br \/>\nUn estudiante de secundaria descubre que su cuerpo est\u00e1 cambiando de una manera que va mucho m\u00e1s all\u00e1 de las transformaciones habituales de la adolescencia. Con la esperanza de acercarse a su novia, har\u00e1 todo lo posible para deshacerse de esta extra\u00f1a metamorfosis.<\/span>[\/vc_column_text][\/vc_column_inner][\/vc_row_inner][vc_empty_space height=\u00bb8px\u00bb][vc_row_inner mobile_margin_top=\u00bb30&#8243;][vc_column_inner width=\u00bb1\/4&#8243;][vc_single_image image=\u00bb40314&#8243; img_size=\u00bb\u00bb css=\u00bb\u00bb][\/vc_column_inner][vc_column_inner width=\u00bb3\/4&#8243; mobile_margin_top=\u00bb-30&#8243;][vc_column_text css=\u00bb.vc_custom_1788297632306{padding-top: 25px !important;}\u00bb]<strong><span style=\"color: #303030;\">GEEKITA <\/span><\/strong><span style=\"color: #303030;\">&#8211; <\/span><span style=\"color: #303030;\">11 min \/ Ficci\u00f3n \/ Direcci\u00f3n: Renaud Parra \/ Francia \/ Franc\u00e9s \/ 2025<br \/>\nAdicta a las pantallas, Eva es una geek sin complejos, para desesperaci\u00f3n de Koki, su fiel mascota. Cuando finalmente sale a la venta la figura de colecci\u00f3n de sus sue\u00f1os, la situaci\u00f3n se le escapa r\u00e1pidamente de las manos.<\/span>[\/vc_column_text][\/vc_column_inner][\/vc_row_inner][\/vc_tta_section][vc_tta_section tab_id=\u00bb20-setembre-19h\u00bb title=\u00bb<b>19h TARASQUE<\/b> &#8211; Sesi\u00f3n de cine VI \u00b7 largometraje \u201cEl reino animal\u201d\u00bb]<div class=\"clearboth\"><\/div><style>#thegem-divider-6a97a6c80e545 {margin-top: -35px !important;}<\/style><div id=\"thegem-divider-6a97a6c80e545\" class=\"gem-divider  \" style=\"\" ><\/div>[vc_column_text css=\u00bb\u00bb]<span style=\"color: #303030;\">Terminaremos nuestro domingo de cine con una bestia grande.<\/span><\/p>\n<p><span style=\"color: #303030;\">La Tarasca, criatura legendaria de la tradici\u00f3n francesa, mitad animal, mitad monstruo y dif\u00edcil de domesticar, nos conducir\u00e1 hasta una de las pel\u00edculas fant\u00e1sticas francesas m\u00e1s celebradas de los \u00faltimos a\u00f1os: Le R\u00e8gne animal, de Thomas Cailley.<\/span><\/p>\n<p><span style=\"color: #303030;\">Un padre y un hijo se adentran en una aventura que habla de metamorfosis, naturaleza y de la bestia que quiz\u00e1 todos llevamos dentro. Una f\u00e1bula fant\u00e1stica, salvaje y profundamente humana para poner el punto final a todo un d\u00eda de cine en Sort. <\/span><\/p>\n<p><span style=\"color: #303030;\">Presentada en el Festival de Cannes, la pel\u00edcula obtuvo 12 nominaciones a los Premios C\u00e9sar y gan\u00f3 5, entre ellos fotograf\u00eda, m\u00fasica original y efectos visuales.<\/span>[\/vc_column_text]<div class=\"clearboth\"><\/div><style>#thegem-divider-6a97a6c80e584 {margin-top: 25px !important;}<\/style><div id=\"thegem-divider-6a97a6c80e584\" class=\"gem-divider  \" style=\"\" ><\/div>[vc_column_text css=\u00bb\u00bb]<span style=\"color: #303030;\"><strong>Sesi\u00f3n gratuita.<\/strong><\/span><br \/>\n<span style=\"color: #303030;\">Reserva recomendada.<\/span><br \/>\n<em><span style=\"color: #303030;\">Versi\u00f3n original subtitulada al catal\u00e1n<\/span><\/em><\/p>\n<p><span style=\"color: #303030;\">D\u00f3nde: <a href=\"https:\/\/www.google.com\/maps\/place\/Cinema+Els+Til%C2%B7lers\/@42.4071059,1.1263229,17z\/data=!3m1!4b1!4m6!3m5!1s0x12a605e76e921537:0x2f52d04ad51ed073!8m2!3d42.4071059!4d1.1288978!16s%2Fg%2F11g9nlp3bp?entry=ttu&amp;g_ep=EgoyMDI2MDgyNS4wIKXMDSoASAFQAw%3D%3D\" target=\"_blank\" rel=\"noopener\">Cinema Els Til\u00b7lers, Sort<\/a><\/span><br \/>\n<em><span style=\"color: #303030;\">Actividad adherida a Apropa Cultura<\/span><\/em>[\/vc_column_text]<style type=\"text\/css\">.thegem-button-6a97a6c80e5eb9208 .gem-button svg {fill: #FFFFFF;}.thegem-button-6a97a6c80e5eb9208 .gem-button:hover svg {fill: #9D1818;}<\/style><div class=\"gem-button-container gem-button-position-inline thegem-button-6a97a6c80e5eb9208    \"  ><a class=\"gem-button gem-button-size-tiny gem-button-style-flat gem-button-text-weight-normal\" data-ll-effect=\"drop-right-without-wrap\" style=\"border-radius: 3px;background-color: #9D1818;color: #FFFFFF;\" onmouseleave=\"this.style.backgroundColor='#9D1818';this.style.color='#FFFFFF';\" onmouseenter=\"this.style.backgroundColor='#FFFFFF';this.style.color='#9D1818';\" href=\"https:\/\/tabacafilmfest.entrapolis.com\/entrades\/tarasque\" target=\"_blank\">Reserva<\/a><\/div> [vc_empty_space height=\u00bb8px\u00bb][vc_row_inner mobile_margin_top=\u00bb30&#8243;][vc_column_inner width=\u00bb1\/4&#8243;][vc_single_image image=\u00bb40318&#8243; img_size=\u00bb\u00bb css=\u00bb\u00bb][\/vc_column_inner][vc_column_inner width=\u00bb3\/4&#8243; mobile_margin_top=\u00bb-30&#8243;][vc_column_text css=\u00bb.vc_custom_1788297676189{padding-top: 15px !important;}\u00bb]<strong><span style=\"color: #303030;\">EL REGNE ANIMAL <\/span><\/strong><span style=\"color: #303030;\">&#8211; <\/span><span style=\"color: #303030;\">128 min \/ Ficci\u00f3n \/ Direcci\u00f3n: Thomas Cailley \/ Francia \/ Franc\u00e9s \/ 2023<br \/>\nEn un mundo azotado por una oleada de mutaciones que transforman gradualmente a algunos humanos, Fran\u00e7ois hace todo lo posible por salvar a su mujer, afectada por esta misteriosa enfermedad. Mientras la sociedad se ve abocada a un nuevo orden, iniciar\u00e1 junto a \u00c9mile, su hijo de 16 a\u00f1os, una b\u00fasqueda que los cambiar\u00e1 para siempre.<\/span>[\/vc_column_text][\/vc_column_inner][\/vc_row_inner][\/vc_tta_section][\/vc_tta_accordion][\/vc_column][\/vc_row][vc_row][vc_column tablet_margin_left=\u00bb12&#8243; tablet_margin_right=\u00bb12&#8243; mobile_margin_left=\u00bb12&#8243; mobile_margin_right=\u00bb12&#8243;]<div class=\"clearboth\"><\/div><style>#thegem-divider-6a97a6c80e654 {margin-top: 25px !important;}<\/style><div id=\"thegem-divider-6a97a6c80e654\" class=\"gem-divider  \" style=\"\" ><\/div>[vc_column_text css=\u00bb.vc_custom_1788164248492{margin-bottom: 8px !important;}\u00bb]<span style=\"font-family: Helvetica; font-size: 14pt; color: #9d1818;\"><strong><u>JUEVES <\/u><\/strong><strong><u>24 DE SEPTIEMBRE<\/u><\/strong><\/span>[\/vc_column_text][\/vc_column][\/vc_row][vc_row css=\u00bb.vc_custom_1754505535908{margin-left: 30px !important;}\u00bb mobile_margin_left=\u00bb-15&#8243; mobile_margin_right=\u00bb4&#8243;][vc_column offset=\u00bbvc_col-lg-12&#8243; tablet_margin_left=\u00bb12&#8243; tablet_margin_right=\u00bb12&#8243; mobile_margin_left=\u00bb12&#8243; mobile_margin_right=\u00bb12&#8243;][vc_tta_accordion style=\u00bbsimple_arrow\u00bb color=\u00bbmulled-wine\u00bb spacing=\u00bb1&#8243; c_icon=\u00bbtriangle\u00bb c_position=\u00bbright\u00bb active_section=\u00bbfalse\u00bb no_fill=\u00bbtrue\u00bb collapsible_all=\u00bbtrue\u00bb][vc_tta_section title=\u00bb<b>C\u00c8RBER<\/b> &#8211; INAUGURACI\u00d3N OFICIAL DEL FESTIVAL\u00bb tab_id=\u00bbcerber\u00bb]<div class=\"clearboth\"><\/div><style>#thegem-divider-6a97a6c80e695 {margin-top: -35px !important;}<\/style><div id=\"thegem-divider-6a97a6c80e695\" class=\"gem-divider  \" style=\"\" ><\/div>[vc_column_text css=\u00bb\u00bb]<span style=\"color: #303030;\">El Reial Alfol\u00ed de Gerri de la Sal se convertir\u00e1, durante cuatro d\u00edas, en territorio Tabaca de cine, cultura y fieras.<\/span><\/p>\n<p><span style=\"color: #303030;\">El viaje comenzar\u00e1 con el acto inaugural oficial de la tercera edici\u00f3n del Tabaca Film Fest, seguido de una nueva sesi\u00f3n de cortometrajes finalistas. Pero no estaremos solos: unos misteriosos personajes nos acompa\u00f1ar\u00e1n durante toda la velada y se encargar\u00e1n, a su manera, de que lleguemos a destino. Preparad las maletas. <\/span><\/p>\n<p><span style=\"color: #303030;\">Despu\u00e9s, compartiremos una cena salvaje de bienvenida inspirada en los sabores m\u00e1s ancestrales del Pallars, ideada por Jaume Mora, reconocido cocinero de la Fonda Farr\u00e9 de Baro, una de las casas de referencia de la cocina pallaresa de proximidad.<\/span><\/p>\n<p><span style=\"color: #303030;\">Y cuando parezca que la noche termina, Cerbero, el perro de tres cabezas que custodiaba las puertas del inframundo, nos abrir\u00e1 la \u00faltima puerta\u2026<\/span>[\/vc_column_text]<div class=\"clearboth\"><\/div><style>#thegem-divider-6a97a6c80e6d5 {margin-top: 25px !important;}<\/style><div id=\"thegem-divider-6a97a6c80e6d5\" class=\"gem-divider  \" style=\"\" ><\/div>[vc_column_text css=\u00bb\u00bb]<span style=\"color: #303030;\">Precio: <strong>15 \u20ac (todo incluido)<\/strong><\/span><br \/>\n<span style=\"color: #303030;\">Reserva necesaria. Aforo limitado. <\/span><\/p>\n<p><span style=\"color: #303030;\">D\u00f3nde: Reial Alfol\u00ed \u00b7 Gerri de la Sal<\/span><br \/>\n<span style=\"color: #303030;\">Se recomienda llevar ropa de abrigo, habr\u00e1 alguna actividad al aire libre.<\/span>[\/vc_column_text]<style type=\"text\/css\">.thegem-button-6a97a6c80e73b3079 .gem-button svg {fill: #FFFFFF;}.thegem-button-6a97a6c80e73b3079 .gem-button:hover svg {fill: #9D1818;}<\/style><div class=\"gem-button-container gem-button-position-inline thegem-button-6a97a6c80e73b3079    \"  ><a class=\"gem-button gem-button-size-tiny gem-button-style-flat gem-button-text-weight-normal\" data-ll-effect=\"drop-right-without-wrap\" style=\"border-radius: 3px;background-color: #9D1818;color: #FFFFFF;\" onmouseleave=\"this.style.backgroundColor='#9D1818';this.style.color='#FFFFFF';\" onmouseenter=\"this.style.backgroundColor='#FFFFFF';this.style.color='#9D1818';\" href=\"https:\/\/tabacafilmfest.entrapolis.com\/entrades\/cerber\" target=\"_blank\">Reserva<\/a><\/div> [\/vc_tta_section][vc_tta_section title=\u00bb<b>19h <\/b>&#8211; ACTO INAUGURAL OFICIAL\u00bb tab_id=\u00bb24-setembre-19h\u00bb el_class=\u00bbdisable-accordion-click\u00bb][\/vc_tta_section][vc_tta_section title=\u00bb<b>19h30<\/b> &#8211; SESI\u00d3N DE CINE VII\u00bb tab_id=\u00bb24-setembre-1930h\u00bb][vc_row_inner mobile_margin_top=\u00bb30&#8243;][vc_column_inner width=\u00bb1\/4&#8243;][vc_single_image image=\u00bb40322&#8243; img_size=\u00bb\u00bb css=\u00bb\u00bb][\/vc_column_inner][vc_column_inner width=\u00bb3\/4&#8243; mobile_margin_top=\u00bb-30&#8243;][vc_column_text css=\u00bb.vc_custom_1788297745674{padding-top: 25px !important;}\u00bb]<strong><span style=\"color: #303030;\">BARLEBAS <\/span><\/strong><span style=\"color: #303030;\">&#8211; <\/span><span style=\"color: #303030;\">20 min \/ Ficci\u00f3n \/ Direcci\u00f3n: Malu Jansen \/ Pa\u00edses Bajos \/ Holand\u00e9s \/ 2024<br \/>\nEn el a\u00f1o 1595, una mujer acusada de brujer\u00eda se niega a ser silenciada. Su esp\u00edritu libre y su voz poderosa acabar\u00e1n inspirando a una nueva generaci\u00f3n.<\/span>[\/vc_column_text][\/vc_column_inner][\/vc_row_inner][vc_empty_space height=\u00bb8px\u00bb][vc_row_inner mobile_margin_top=\u00bb30&#8243;][vc_column_inner width=\u00bb1\/4&#8243;][vc_single_image image=\u00bb40326&#8243; img_size=\u00bb\u00bb css=\u00bb\u00bb][\/vc_column_inner][vc_column_inner width=\u00bb3\/4&#8243; mobile_margin_top=\u00bb-30&#8243;][vc_column_text css=\u00bb.vc_custom_1788297760256{padding-top: 15px !important;}\u00bb]<strong><span style=\"color: #303030;\">DISSECCI\u00d3 D\u2019UNA INCOHER\u00c8NCIA <\/span><\/strong><span style=\"color: #303030;\">&#8211; <\/span><span style=\"color: #303030;\">16 min \/ Ficci\u00f3n \/ Direcci\u00f3n: Nausica Serra \/ Espa\u00f1a \/ Catal\u00e1n \/ 2025<br \/>\nTres ni\u00f1as en una absurda y banal discusi\u00f3n sobre c\u00f3mo hacer un avi\u00f3n de papel. Tres adultos en un sofisticado y culto enfrentamiento sobre las concreciones de un hecho hist\u00f3rico. La incomodidad est\u00e1 servida, y sobrevuela el entorno id\u00edlico de una joven familia.<\/span>[\/vc_column_text][\/vc_column_inner][\/vc_row_inner][vc_empty_space height=\u00bb8px\u00bb][vc_row_inner mobile_margin_top=\u00bb30&#8243;][vc_column_inner width=\u00bb1\/4&#8243;][vc_single_image image=\u00bb40330&#8243; img_size=\u00bb\u00bb css=\u00bb\u00bb][\/vc_column_inner][vc_column_inner width=\u00bb3\/4&#8243; mobile_margin_top=\u00bb-30&#8243;][vc_column_text css=\u00bb.vc_custom_1788297775257{padding-top: 35px !important;}\u00bb]<strong><span style=\"color: #303030;\">MATER BENEFACTA <\/span><\/strong><span style=\"color: #303030;\">&#8211; <\/span><span style=\"color: #303030;\">12 min \/ Animaci\u00f3n \/ Direcci\u00f3n: Marc Riba y Anna Solanas \/ Espa\u00f1a \/ Sin di\u00e1logos \/ 2024<br \/>\nEn un convento de la Espa\u00f1a de la dictadura, unas monjas ofrecen refugio a chicas j\u00f3venes que necesitan ayuda.<\/span>[\/vc_column_text][\/vc_column_inner][\/vc_row_inner][vc_empty_space height=\u00bb8px\u00bb][vc_row_inner mobile_margin_top=\u00bb30&#8243;][vc_column_inner width=\u00bb1\/4&#8243;][vc_single_image image=\u00bb40334&#8243; img_size=\u00bb\u00bb css=\u00bb\u00bb][\/vc_column_inner][vc_column_inner width=\u00bb3\/4&#8243; mobile_margin_top=\u00bb-30&#8243;][vc_column_text css=\u00bb.vc_custom_1788297792289{padding-top: 22px !important;}\u00bb]<strong><span style=\"color: #303030;\">CARTA D\u2019UN ARBRE ALS HUMANS <\/span><\/strong><span style=\"color: #303030;\">&#8211; <\/span><span style=\"color: #303030;\">9 min \/ Experimental \/ Direcci\u00f3n: Ventura Durall \/ Espa\u00f1a \/ Catal\u00e1n \/ 2026<br \/>\nEn un paisaje mediterr\u00e1neo asfixiado por el calor y el abandono rural, un \u00e1rbol encuentra su voz y escribe una carta a la humanidad, reclamando un pacto urgente con la naturaleza.<\/span>[\/vc_column_text][\/vc_column_inner][\/vc_row_inner][vc_empty_space height=\u00bb8px\u00bb][vc_row_inner mobile_margin_top=\u00bb30&#8243;][vc_column_inner width=\u00bb1\/4&#8243;][vc_single_image image=\u00bb40338&#8243; img_size=\u00bb\u00bb css=\u00bb\u00bb][\/vc_column_inner][vc_column_inner width=\u00bb3\/4&#8243; mobile_margin_top=\u00bb-30&#8243;][vc_column_text css=\u00bb.vc_custom_1788297806507{padding-top: 28px !important;}\u00bb]<strong><span style=\"color: #303030;\">SER UN HOMBRE <\/span><\/strong><span style=\"color: #303030;\">&#8211; <\/span><span style=\"color: #303030;\">20 min \/ Ficci\u00f3n \/ Direcci\u00f3n: Lucas Parras \/ Espa\u00f1a \/ Castellano \/ 2025<br \/>\nMiguelito, un ni\u00f1o inocente de siete a\u00f1os, acompa\u00f1a a su padre y a su abuelo en una cacer\u00eda que lo cambiar\u00e1 para siempre.<\/span>[\/vc_column_text][\/vc_column_inner][\/vc_row_inner][\/vc_tta_section][vc_tta_section title=\u00bb<b>21h <\/b>&#8211; CENA SALVAJE DE BIENVENIDA\u00bb tab_id=\u00bb24-setembre-21h\u00bb el_class=\u00bbdisable-accordion-click\u00bb][\/vc_tta_section][vc_tta_section title=\u00bb<b>22h<\/b> &#8211; ACTIVIDAD SORPRESA BAJO LAS ESTRELLAS\u00bb tab_id=\u00bb24-setembre-22h\u00bb el_class=\u00bbdisable-accordion-click\u00bb][\/vc_tta_section][\/vc_tta_accordion][\/vc_column][\/vc_row][vc_row][vc_column tablet_margin_left=\u00bb12&#8243; tablet_margin_right=\u00bb12&#8243; mobile_margin_left=\u00bb12&#8243; mobile_margin_right=\u00bb12&#8243;]<div class=\"clearboth\"><\/div><style>#thegem-divider-6a97a6c80e77f {margin-top: 25px !important;}<\/style><div id=\"thegem-divider-6a97a6c80e77f\" class=\"gem-divider  \" style=\"\" ><\/div>[vc_column_text css=\u00bb.vc_custom_1788164257925{margin-bottom: 8px !important;}\u00bb]<span style=\"font-family: Helvetica; font-size: 14pt; color: #9d1818;\"><strong><u>VIERNES <\/u><\/strong><strong><u>25 DE SEPTIEMBRE<\/u><\/strong><\/span>[\/vc_column_text][\/vc_column][\/vc_row][vc_row css=\u00bb.vc_custom_1754505535908{margin-left: 30px !important;}\u00bb mobile_margin_left=\u00bb-15&#8243; mobile_margin_right=\u00bb4&#8243;][vc_column offset=\u00bbvc_col-lg-12&#8243; tablet_margin_left=\u00bb12&#8243; tablet_margin_right=\u00bb12&#8243; mobile_margin_left=\u00bb12&#8243; mobile_margin_right=\u00bb12&#8243;][vc_tta_accordion style=\u00bbsimple_arrow\u00bb color=\u00bbmulled-wine\u00bb spacing=\u00bb1&#8243; c_icon=\u00bbtriangle\u00bb c_position=\u00bbright\u00bb active_section=\u00bbfalse\u00bb no_fill=\u00bbtrue\u00bb collapsible_all=\u00bbtrue\u00bb][vc_tta_section title=\u00bb<b>10h ART\u00c8MIA<\/b> &#8211; VISITA GUIADA AL MUSEO DE LA SAL (tambi\u00e9n a la 13h)\u00bb tab_id=\u00bb25-setembre-10&#8243;]<div class=\"clearboth\"><\/div><style>#thegem-divider-6a97a6c80e7ba {margin-top: -35px !important;}<\/style><div id=\"thegem-divider-6a97a6c80e7ba\" class=\"gem-divider  \" style=\"\" ><\/div>[vc_column_text css=\u00bb\u00bb]<span style=\"color: #303030;\">La artemia es un peque\u00f1o crust\u00e1ceo de un linaje antiqu\u00edsimo, capaz de vivir all\u00ed donde casi nadie m\u00e1s puede hacerlo: en aguas con concentraciones alt\u00edsimas de sal. La mejor gu\u00eda para descubrir uno de los grandes tesoros de Gerri. <\/span><\/p>\n<p><span style=\"color: #303030;\">Visitaremos el Museu de la Sal y el Reial Alfol\u00ed, un edificio emblem\u00e1tico que ha sido almac\u00e9n de sal, escuela, teatro y espacio de vida colectiva a lo largo de los siglos. Conoceremos la historia salinera de Gerri y celebraremos tambi\u00e9n una peque\u00f1a gran proeza: este a\u00f1o se ha vuelto a producir sal de manera tradicional, gracias al esfuerzo y la implicaci\u00f3n de todo un pueblo. <\/span>[\/vc_column_text]<div class=\"clearboth\"><\/div><style>#thegem-divider-6a97a6c80e7f3 {margin-top: 35px !important;}<\/style><div id=\"thegem-divider-6a97a6c80e7f3\" class=\"gem-divider  \" style=\"\" ><\/div>[vc_column_text css=\u00bb\u00bb]<strong><span style=\"color: #303030;\">Actividad gratuita.<\/span><\/strong><br \/>\n<span style=\"color: #303030;\">Reserva necesaria. Aforo limitado.<br \/>\nD\u00f3nde: Reial Alfol\u00ed \u00b7 Gerri de la Sal<br \/>\n<\/span>[\/vc_column_text]<style type=\"text\/css\">.thegem-button-6a97a6c80e86a8865 .gem-button svg {fill: #FFFFFF;}.thegem-button-6a97a6c80e86a8865 .gem-button:hover svg {fill: #9D1818;}<\/style><div class=\"gem-button-container gem-button-position-inline thegem-button-6a97a6c80e86a8865    \"  ><a class=\"gem-button gem-button-size-tiny gem-button-style-flat gem-button-text-weight-normal\" data-ll-effect=\"drop-right-without-wrap\" style=\"border-radius: 3px;background-color: #9D1818;color: #FFFFFF;\" onmouseleave=\"this.style.backgroundColor='#9D1818';this.style.color='#FFFFFF';\" onmouseenter=\"this.style.backgroundColor='#FFFFFF';this.style.color='#9D1818';\" href=\"https:\/\/tabacafilmfest.entrapolis.com\/entrades\/artemia\" target=\"_blank\">Reserva a las 10h<\/a><\/div> <style type=\"text\/css\">.thegem-button-6a97a6c80e8d53167 .gem-button svg {fill: #FFFFFF;}.thegem-button-6a97a6c80e8d53167 .gem-button:hover svg {fill: #9D1818;}<\/style><div class=\"gem-button-container gem-button-position-inline thegem-button-6a97a6c80e8d53167    \"  ><a class=\"gem-button gem-button-size-tiny gem-button-style-flat gem-button-text-weight-normal\" data-ll-effect=\"drop-right-without-wrap\" style=\"border-radius: 3px;background-color: #9D1818;color: #FFFFFF;\" onmouseleave=\"this.style.backgroundColor='#9D1818';this.style.color='#FFFFFF';\" onmouseenter=\"this.style.backgroundColor='#FFFFFF';this.style.color='#9D1818';\" href=\"https:\/\/tabacafilmfest.entrapolis.com\/entrades\/artemia\" target=\"_blank\">Reserva a las 13h<\/a><\/div> [\/vc_tta_section][vc_tta_section title=\u00bb<b>11h ALICORNI<\/b> &#8211; SESI\u00d3N DE CINE VIII\u00bb tab_id=\u00bb25-setembre-11h\u00bb]<div class=\"clearboth\"><\/div><style>#thegem-divider-6a97a6c80e918 {margin-top: -35px !important;}<\/style><div id=\"thegem-divider-6a97a6c80e918\" class=\"gem-divider  \" style=\"\" ><\/div>[vc_column_text css=\u00bb\u00bb]<span style=\"color: #303030;\">Mitad caballo, mitad criatura imposible, el Alicornio nos invitar\u00e1 a dejar atr\u00e1s durante un rato el mundo conocido.<\/span><\/p>\n<p><span style=\"color: #303030;\">Una de las sesiones m\u00e1s on\u00edricas e hipn\u00f3ticas del festival, con cortometrajes que nos har\u00e1n viajar hacia territorios extra\u00f1os, \u00edntimos e inesperados. Cine para dejarse llevar, mirar un poco m\u00e1s all\u00e1 y, quiz\u00e1, llegar hasta lugares que no sab\u00edamos que exist\u00edan. <\/span>[\/vc_column_text]<div class=\"clearboth\"><\/div><style>#thegem-divider-6a97a6c80e951 {margin-top: 10px !important;}<\/style><div id=\"thegem-divider-6a97a6c80e951\" class=\"gem-divider  \" style=\"\" ><\/div>[vc_column_text css=\u00bb\u00bb]<span style=\"color: #303030;\">Precio: <strong>3 \u20ac <\/strong> <\/span><br \/>\n<span style=\"color: #303030;\">Reserva recomendada. Aforo limitado. <\/span><\/p>\n<p><span style=\"color: #303030;\">D\u00f3nde: Reial Alfol\u00ed \u00b7 Gerri de la Sal<\/span><br \/>\n<em><span style=\"color: #303030;\">Actividad adherida a Apropa Cultura<\/span><\/em>[\/vc_column_text]<style type=\"text\/css\">.thegem-button-6a97a6c80e9ad1691 .gem-button svg {fill: #FFFFFF;}.thegem-button-6a97a6c80e9ad1691 .gem-button:hover svg {fill: #9D1818;}<\/style><div class=\"gem-button-container gem-button-position-inline thegem-button-6a97a6c80e9ad1691    \"  ><a class=\"gem-button gem-button-size-tiny gem-button-style-flat gem-button-text-weight-normal\" data-ll-effect=\"drop-right-without-wrap\" style=\"border-radius: 3px;background-color: #9D1818;color: #FFFFFF;\" onmouseleave=\"this.style.backgroundColor='#9D1818';this.style.color='#FFFFFF';\" onmouseenter=\"this.style.backgroundColor='#FFFFFF';this.style.color='#9D1818';\" href=\"https:\/\/tabacafilmfest.entrapolis.com\/entrades\/alicorni\" target=\"_blank\">Reserva<\/a><\/div> [vc_empty_space height=\u00bb8px\u00bb][vc_row_inner mobile_margin_top=\u00bb30&#8243;][vc_column_inner width=\u00bb1\/4&#8243;][vc_single_image image=\u00bb40342&#8243; img_size=\u00bb\u00bb css=\u00bb\u00bb][\/vc_column_inner][vc_column_inner width=\u00bb3\/4&#8243; mobile_margin_top=\u00bb-30&#8243;][vc_column_text css=\u00bb.vc_custom_1788297951941{padding-top: 25px !important;}\u00bb]<strong><span style=\"color: #303030;\">PER BRUIXA I METZINERA <\/span><\/strong><span style=\"color: #303030;\">&#8211; <\/span><span style=\"color: #303030;\">24 min \/ Ficci\u00f3n \/ Direcci\u00f3n: Marc Camardons \/ Espa\u00f1a \/ Catal\u00e1n \/ 2025<br \/>\nCebriana, una le\u00f1adora de un pueblo del Prepirineo, descubre una extra\u00f1a hoguera en la monta\u00f1a en plena noche. En la oscuridad, una masa de fuego y luz arde con ferocidad, consumi\u00e9ndolo todo.<\/span>[\/vc_column_text][\/vc_column_inner][\/vc_row_inner][vc_empty_space height=\u00bb8px\u00bb][vc_row_inner mobile_margin_top=\u00bb30&#8243;][vc_column_inner width=\u00bb1\/4&#8243;][vc_single_image image=\u00bb40346&#8243; img_size=\u00bb\u00bb css=\u00bb\u00bb][\/vc_column_inner][vc_column_inner width=\u00bb3\/4&#8243; mobile_margin_top=\u00bb-30&#8243;][vc_column_text css=\u00bb.vc_custom_1788297964556{padding-top: 15px !important;}\u00bb]<strong><span style=\"color: #303030;\">EL CUERPO DE CRISTO <\/span><\/strong><span style=\"color: #303030;\">&#8211; <\/span><span style=\"color: #303030;\">12 min \/ Animaci\u00f3n \/ Direcci\u00f3n: Bea Lema \/ Espa\u00f1a \/ Castellano \/ 2025<br \/>\nCon un trastorno mental no reconocido, Adela busca respuestas en rituales populares. Siente que algo la observa y la perjudica, y solo la religi\u00f3n parece comprenderla. Durante una visita a una sanadora, confiesa el origen inquietante de su sufrimiento.<\/span>[\/vc_column_text][\/vc_column_inner][\/vc_row_inner][vc_empty_space height=\u00bb8px\u00bb][vc_row_inner mobile_margin_top=\u00bb30&#8243;][vc_column_inner width=\u00bb1\/4&#8243;][vc_single_image image=\u00bb40350&#8243; img_size=\u00bb\u00bb css=\u00bb\u00bb][\/vc_column_inner][vc_column_inner width=\u00bb3\/4&#8243; mobile_margin_top=\u00bb-30&#8243;][vc_column_text css=\u00bb.vc_custom_1788297979357{padding-top: 25px !important;}\u00bb]<strong><span style=\"color: #303030;\">STALLION Y LA BOLA DE CRISTAL <\/span><\/strong><span style=\"color: #303030;\">&#8211; <\/span><span style=\"color: #303030;\">19 min \/ Ficci\u00f3n \/ Direcci\u00f3n: Christian Avil\u00e9s \/ Espa\u00f1a \/ Castellano \/ 2026<br \/>\nEn su habitaci\u00f3n oscura y silenciosa, un adolescente recluso, consumido por un deseo ardiente, lanza un hechizo. Mientras visiones violentas deforman su realidad, una burbuja amenaza con estallar; algo tiene que romperse.<\/span>[\/vc_column_text][\/vc_column_inner][\/vc_row_inner][vc_empty_space height=\u00bb8px\u00bb][vc_row_inner mobile_margin_top=\u00bb30&#8243;][vc_column_inner width=\u00bb1\/4&#8243;][vc_single_image image=\u00bb40354&#8243; img_size=\u00bb\u00bb css=\u00bb\u00bb][\/vc_column_inner][vc_column_inner width=\u00bb3\/4&#8243; mobile_margin_top=\u00bb-30&#8243;][vc_column_text css=\u00bb.vc_custom_1788298000840{padding-top: 22px !important;}\u00bb]<strong><span style=\"color: #303030;\">UNA DANZA NON SANCTA <\/span><\/strong><span style=\"color: #303030;\">&#8211; <\/span><span style=\"color: #303030;\">7 min \/ Experimental \/ Direcci\u00f3n: Tiago Alman\u00e7a \/ Espa\u00f1a \/ Castellano \/ 2025<br \/>\nCada invierno, en Luz\u00f3n, un peque\u00f1o pueblo de Castilla-La Mancha, vuelve un ritual ancestral. Los habitantes, cubiertos de holl\u00edn y adornados con cuernos y cencerros, se adentran en la oscuridad para convertirse en demonios.<\/span>[\/vc_column_text][\/vc_column_inner][\/vc_row_inner][vc_empty_space height=\u00bb8px\u00bb][vc_row_inner mobile_margin_top=\u00bb30&#8243;][vc_column_inner width=\u00bb1\/4&#8243;][vc_single_image image=\u00bb40358&#8243; img_size=\u00bb\u00bb css=\u00bb\u00bb][\/vc_column_inner][vc_column_inner width=\u00bb3\/4&#8243; mobile_margin_top=\u00bb-30&#8243;][vc_column_text css=\u00bb.vc_custom_1788298016191{padding-top: 25px !important;}\u00bb]<strong><span style=\"color: #303030;\">NING\u00da BORDA <\/span><\/strong><span style=\"color: #303030;\">&#8211; <\/span><span style=\"color: #303030;\">20 min \/ Ficci\u00f3n \/ Direcci\u00f3n: J\u00falia Coldwell \/ Espa\u00f1a \/ Catal\u00e1n \/ 2025<br \/>\nCandela lleva una vida mon\u00f3tona trabajando en la tintorer\u00eda familiar de un pueblo de interior. Durante las fiestas del pueblo, tiene un triste incidente con el coche, pero decide no confesarlo para evitar estropearle el cumplea\u00f1os a su sobrino.<\/span>[\/vc_column_text][\/vc_column_inner][\/vc_row_inner][\/vc_tta_section][vc_tta_section title=\u00bb<b>13h QUIMERA<\/b> &#8211; Masterclass Animales mitol\u00f3gicos, con Joan de D\u00e9u Prats\u00bb tab_id=\u00bb25-setembre-13h\u00bb]<div class=\"clearboth\"><\/div><style>#thegem-divider-6a97a6c80ea07 {margin-top: -35px !important;}<\/style><div id=\"thegem-divider-6a97a6c80ea07\" class=\"gem-divider  \" style=\"\" ><\/div>[vc_column_text css=\u00bb\u00bb]<span style=\"font-weight: 400; color: #303030;\">Dragones, grifos, bestias imposibles y criaturas nacidas de la imaginaci\u00f3n humana desde tiempos inmemoriales. Si este a\u00f1o hemos decidido llenar el Tabaca de bestias, no pod\u00edamos encontrar a nadie mejor que Joan de D\u00e9u Prats para ayudarnos a entender de d\u00f3nde vienen y qu\u00e9 nos cuentan. <\/span><\/p>\n<p><span style=\"font-weight: 400; color: #303030;\">Escritor y gran conocedor del imaginario fant\u00e1stico y legendario, nos invitar\u00e1 a explorar el universo de los animales mitol\u00f3gicos, sus historias, sus s\u00edmbolos y todo aquello que los humanos hemos proyectado en ellos.<\/span><\/p>\n<p><span style=\"font-weight: 400; color: #303030;\">Una ocasi\u00f3n para ir un poco m\u00e1s all\u00e1 del mito y descubrir qu\u00e9 se esconde detr\u00e1s de la bestia.<\/span>[\/vc_column_text]<div class=\"clearboth\"><\/div><style>#thegem-divider-6a97a6c80ea42 {margin-top: 35px !important;}<\/style><div id=\"thegem-divider-6a97a6c80ea42\" class=\"gem-divider  \" style=\"\" ><\/div>[vc_column_text css=\u00bb\u00bb]<span style=\"color: #303030;\"><strong>Actividad gratuita y sin reserva.<\/strong><\/span><br \/>\n<span style=\"color: #303030;\">Recomendada para p\u00fablico adulto.<\/span><br \/>\n<span style=\"color: #303030;\">Aforo limitado. Entrada libre, por orden de llegada.<\/span><\/p>\n<p><span style=\"color: #303030;\">D\u00f3nde: Reial Alfol\u00ed \u00b7 Gerri de la Sal<\/span><br \/>\n<em><span style=\"color: #303030;\">Actividad adherida a Apropa Cultura<\/span><\/em>[\/vc_column_text][\/vc_tta_section][vc_tta_section title=\u00bb<b>16h AATXE <\/b>&#8211; SESI\u00d3N DE CINE IX\u00bb tab_id=\u00bb25-setembre-16h\u00bb]<div class=\"clearboth\"><\/div><style>#thegem-divider-6a97a6c80ea76 {margin-top: -35px !important;}<\/style><div id=\"thegem-divider-6a97a6c80ea76\" class=\"gem-divider  \" style=\"\" ><\/div>[vc_column_text css=\u00bb\u00bb]<span style=\"font-weight: 400; color: #303030;\">El Aatxe, esp\u00edritu de la mitolog\u00eda vasca que adopta la forma de un toro rojo, aparece de noche y habita cuevas y lugares escondidos. Y esta sesi\u00f3n tambi\u00e9n nos llevar\u00e1 hacia territorios inc\u00f3modos. <\/span><\/p>\n<p><span style=\"font-weight: 400; color: #303030;\">Distop\u00edas, anhelos, futuros inquietantes y realidades que a veces parecen ficci\u00f3n. Una selecci\u00f3n de cortometrajes que nos pondr\u00e1 frente al espejo y nos invitar\u00e1 a preguntarnos hacia d\u00f3nde vamos, y qu\u00e9 queda de nosotros por el camino. <\/span>[\/vc_column_text]<div class=\"clearboth\"><\/div><style>#thegem-divider-6a97a6c80eaa8 {margin-top: 10px !important;}<\/style><div id=\"thegem-divider-6a97a6c80eaa8\" class=\"gem-divider  \" style=\"\" ><\/div>[vc_column_text css=\u00bb\u00bb]<span style=\"color: #303030;\">Precio: <strong>3 \u20ac <\/strong> <\/span><br \/>\n<span style=\"color: #303030;\">Reserva recomendada. Aforo limitado.<br \/>\n<\/span><span style=\"color: #303030;\">D\u00f3nde: Reial Alfol\u00ed \u00b7 Gerri de la Sal<\/span>[\/vc_column_text]<style type=\"text\/css\">.thegem-button-6a97a6c80eb019849 .gem-button svg {fill: #FFFFFF;}.thegem-button-6a97a6c80eb019849 .gem-button:hover svg {fill: #9D1818;}<\/style><div class=\"gem-button-container gem-button-position-inline thegem-button-6a97a6c80eb019849    \"  ><a class=\"gem-button gem-button-size-tiny gem-button-style-flat gem-button-text-weight-normal\" data-ll-effect=\"drop-right-without-wrap\" style=\"border-radius: 3px;background-color: #9D1818;color: #FFFFFF;\" onmouseleave=\"this.style.backgroundColor='#9D1818';this.style.color='#FFFFFF';\" onmouseenter=\"this.style.backgroundColor='#FFFFFF';this.style.color='#9D1818';\" href=\"https:\/\/tabacafilmfest.entrapolis.com\/entrades\/aatxe\" target=\"_blank\">Reserva<\/a><\/div> [vc_empty_space height=\u00bb8px\u00bb][vc_row_inner mobile_margin_top=\u00bb30&#8243;][vc_column_inner width=\u00bb1\/4&#8243;][vc_single_image image=\u00bb40362&#8243; img_size=\u00bb\u00bb css=\u00bb\u00bb][\/vc_column_inner][vc_column_inner width=\u00bb3\/4&#8243; mobile_margin_top=\u00bb-30&#8243;][vc_column_text css=\u00bb.vc_custom_1788298149141{padding-top: 25px !important;}\u00bb]<strong><span style=\"color: #303030;\">EL REGALO <\/span><\/strong><span style=\"color: #303030;\">&#8211; <\/span><span style=\"color: #303030;\">14 min \/ Ficci\u00f3n \/ Direcci\u00f3n: Lara Izaguirre Garizurieta \/ Espa\u00f1a \/ Castellano, Euskera, Franc\u00e9s \/ 2025<br \/>\nDesir\u00e9e, Samara y Aurora salen de su barrio de la periferia de Bilbao hacia el centro de la ciudad, para comprar un regalo para su sobrina. Sin embargo, la simple tarea acaba complic\u00e1ndose.<\/span>[\/vc_column_text][\/vc_column_inner][\/vc_row_inner][vc_empty_space height=\u00bb8px\u00bb][vc_row_inner mobile_margin_top=\u00bb30&#8243;][vc_column_inner width=\u00bb1\/4&#8243;][vc_single_image image=\u00bb40366&#8243; img_size=\u00bb\u00bb css=\u00bb\u00bb][\/vc_column_inner][vc_column_inner width=\u00bb3\/4&#8243; mobile_margin_top=\u00bb-30&#8243;][vc_column_text css=\u00bb.vc_custom_1788298164141{padding-top: 15px !important;}\u00bb]<strong><span style=\"color: #303030;\">GYNOID <\/span><\/strong><span style=\"color: #303030;\">&#8211; <\/span><span style=\"color: #303030;\">20 min \/ Ficci\u00f3n \/ Direcci\u00f3n: Celia Gal\u00e1n \/ Espa\u00f1a \/ Catal\u00e1n \/ 2025<br \/>\nDos desconocidas participan en un experimento de rob\u00f3tica en el que tendr\u00e1n que resolver un enigma. A medida que avanza la prueba, los l\u00edmites entre la inteligencia artificial, la identidad y la percepci\u00f3n de la realidad se difuminan, dando lugar a un inquietante juego psicol\u00f3gico.<\/span>[\/vc_column_text][\/vc_column_inner][\/vc_row_inner][vc_empty_space height=\u00bb8px\u00bb][vc_row_inner mobile_margin_top=\u00bb30&#8243;][vc_column_inner width=\u00bb1\/4&#8243;][vc_single_image image=\u00bb40370&#8243; img_size=\u00bb\u00bb css=\u00bb\u00bb][\/vc_column_inner][vc_column_inner width=\u00bb3\/4&#8243; mobile_margin_top=\u00bb-30&#8243;][vc_column_text css=\u00bb.vc_custom_1788298178042{padding-top: 25px !important;}\u00bb]<strong><span style=\"color: #303030;\">I WALKED THROUGH THE WALL <\/span><\/strong><span style=\"color: #303030;\">&#8211; <\/span><span style=\"color: #303030;\">8 min \/ Ficci\u00f3n \/ Direcci\u00f3n: Pablo Larcuen \/ Espa\u00f1a \/ Ingl\u00e9s \/ 2025<br \/>\nUna mujer que se siente atrapada en una vida dedicada al servicio de su familia descubre accidentalmente que tiene un poder extra\u00f1o.<\/span>[\/vc_column_text][\/vc_column_inner][\/vc_row_inner][vc_empty_space height=\u00bb8px\u00bb][vc_row_inner mobile_margin_top=\u00bb30&#8243;][vc_column_inner width=\u00bb1\/4&#8243;][vc_single_image image=\u00bb40374&#8243; img_size=\u00bb\u00bb css=\u00bb\u00bb][\/vc_column_inner][vc_column_inner width=\u00bb3\/4&#8243; mobile_margin_top=\u00bb-30&#8243;][vc_column_text css=\u00bb.vc_custom_1788298195026{padding-top: 15px !important;}\u00bb]<strong><span style=\"color: #303030;\">MY MOTHER IS A COW <\/span><\/strong><span style=\"color: #303030;\">&#8211; <\/span><span style=\"color: #303030;\">15 min \/ Ficci\u00f3n \/ Direcci\u00f3n: Moara Passoni \/ Brasil \/ Portugu\u00e9s \/ 2024<br \/>\nMia, de doce a\u00f1os, queda a cargo de su t\u00eda en el rancho familiar, en los l\u00edmites del Pantanal brasile\u00f1o, una regi\u00f3n devastada por los incendios forestales. A\u00f1orando el afecto de su madre, tendr\u00e1 que aprender a convivir con una naturaleza ind\u00f3mita e imprevisible, mientras la amenaza de un jaguar mortal se cierne sobre la familia.<\/span>[\/vc_column_text][\/vc_column_inner][\/vc_row_inner][vc_empty_space height=\u00bb8px\u00bb][vc_row_inner mobile_margin_top=\u00bb30&#8243;][vc_column_inner width=\u00bb1\/4&#8243;][vc_single_image image=\u00bb40378&#8243; img_size=\u00bb\u00bb css=\u00bb\u00bb][\/vc_column_inner][vc_column_inner width=\u00bb3\/4&#8243; mobile_margin_top=\u00bb-30&#8243;][vc_column_text css=\u00bb.vc_custom_1788298212541{padding-top: 28px !important;}\u00bb]<strong><span style=\"color: #303030;\">LES IMATGES ARRIBAREN A TEMPS <\/span><\/strong><span style=\"color: #303030;\">&#8211; <\/span><span style=\"color: #303030;\">6 min \/ Documental Experimental \/ Direcci\u00f3n: Jaume Carri\u00f3 \/ Espa\u00f1a \/ Catal\u00e1n \/ 2025<br \/>\nLos recientes desastres naturales han tenido un impacto emocional en el cineasta Jaume Carri\u00f3, que reflexiona sobre la p\u00e9rdida y analiza c\u00f3mo la sociedad captura y conserva los recuerdos.<\/span>[\/vc_column_text][\/vc_column_inner][\/vc_row_inner][vc_empty_space height=\u00bb8px\u00bb][vc_row_inner mobile_margin_top=\u00bb30&#8243;][vc_column_inner width=\u00bb1\/4&#8243;][vc_single_image image=\u00bb40382&#8243; img_size=\u00bb\u00bb css=\u00bb\u00bb][\/vc_column_inner][vc_column_inner width=\u00bb3\/4&#8243; mobile_margin_top=\u00bb-30&#8243;][vc_column_text css=\u00bb.vc_custom_1788298227480{padding-top: 15px !important;}\u00bb]<strong><span style=\"color: #303030;\">MY BROTHER MY BROTHER <\/span><\/strong><span style=\"color: #303030;\">&#8211; <\/span><span style=\"color: #303030;\">15 min \/ Animaci\u00f3n \/ Direcci\u00f3n: Abdelrahman Dnewar, Saad Dnewa \/ Egipto \/ \u00c1rabe \/ 2025<br \/>\nEn un paisaje desolador e inquietante, un hombre repasa su vida de dependencia, control y tensi\u00f3n constante. El mundo que lo rodea parece responder a su estado emocional y transforma el paisaje en un reflejo de su conflicto interior.<\/span>[\/vc_column_text][\/vc_column_inner][\/vc_row_inner][\/vc_tta_section][vc_tta_section title=\u00bb<b>17h ESFINX<\/b> &#8211; TALLER DE DIBUJO DE CARTAS DE TAROT, CON JES\u00daS ROSAN\u00bb tab_id=\u00bb25-setembre-17h\u00bb]<div class=\"clearboth\"><\/div><style>#thegem-divider-6a97a6c80eb3f {margin-top: -35px !important;}<\/style><div id=\"thegem-divider-6a97a6c80eb3f\" class=\"gem-divider  \" style=\"\" ><\/div>[vc_column_text css=\u00bb\u00bb]<span style=\"font-weight: 400; color: #303030;\">La Esfinge planteaba enigmas a los viajeros. Nosotros le responderemos con l\u00e1piz, imaginaci\u00f3n y una baraja de cartas todav\u00eda por inventar. <\/span><\/p>\n<p><span style=\"font-weight: 400; color: #303030;\">Jes\u00fas Rosan, artista y c\u00f3mplice habitual del Tabaca, nos invitar\u00e1 a crear nuestras propias cartas de Tarot inspir\u00e1ndonos en animales, s\u00edmbolos y elementos del Pirineo. El Tarot como herramienta de exploraci\u00f3n y autoconocimiento, pero tambi\u00e9n como territorio de juego y creaci\u00f3n. <\/span><\/p>\n<p><span style=\"font-weight: 400; color: #303030;\">\u00bfC\u00f3mo ser\u00eda un Tarot nacido en el Pirineo? Venid a dibujar una carta y, sobre todo, id pensando qu\u00e9 pregunta le har\u00e9is. <\/span>[\/vc_column_text]<div class=\"clearboth\"><\/div><style>#thegem-divider-6a97a6c80eb70 {margin-top: 35px !important;}<\/style><div id=\"thegem-divider-6a97a6c80eb70\" class=\"gem-divider  \" style=\"\" ><\/div>[vc_column_text css=\u00bb\u00bb]<span style=\"color: #303030;\"><strong>Actividad gratuita al aire libre. A partir de 7 a\u00f1os. <\/strong><br \/>\nReserva recomendada. Plazas limitadas.<br \/>\nD\u00f3nde: <a href=\"https:\/\/www.google.com\/maps\/place\/Xiringuito+de+la+Sal\/@42.3233816,1.056231,15z\/data=!4m14!1m7!3m6!1s0x12a611c10cd3e787:0x6f5cc1404635bf8a!2sXiringuito+de+la+Sal!8m2!3d42.3233662!4d1.0665093!16s%2Fg%2F11v3h7mfxc!3m5!1s0x12a611c10cd3e787:0x6f5cc1404635bf8a!8m2!3d42.3233662!4d1.0665093!16s%2Fg%2F11v3h7mfxc?entry=ttu&amp;g_ep=EgoyMDI2MDgyNi4wIKXMDSoASAFQAw%3D%3D\" target=\"_blank\" rel=\"noopener\">Xiringuito de la Sal \u00b7 Gerri de la Sal<\/a><br \/>\n<\/span><br \/>\n<span style=\"color: #303030;\"><i>Actividad coorganizada por el Parc Natural de l\u2019Alt Pirineu<br \/>\nActividad adherida a Apropa Cultura<\/i><\/span><i><\/i>[\/vc_column_text]<style type=\"text\/css\">.thegem-button-6a97a6c80ebc27594 .gem-button svg {fill: #FFFFFF;}.thegem-button-6a97a6c80ebc27594 .gem-button:hover svg {fill: #9D1818;}<\/style><div class=\"gem-button-container gem-button-position-inline thegem-button-6a97a6c80ebc27594    \"  ><a class=\"gem-button gem-button-size-tiny gem-button-style-flat gem-button-text-weight-normal\" data-ll-effect=\"drop-right-without-wrap\" style=\"border-radius: 3px;background-color: #9D1818;color: #FFFFFF;\" onmouseleave=\"this.style.backgroundColor='#9D1818';this.style.color='#FFFFFF';\" onmouseenter=\"this.style.backgroundColor='#FFFFFF';this.style.color='#9D1818';\" href=\"https:\/\/tabacafilmfest.entrapolis.com\/entrades\/esfinx\" target=\"_blank\">Reserva<\/a><\/div> [\/vc_tta_section][vc_tta_section title=\u00bb<b>19h V\u00cdBRIA<\/b> &#8211; SESI\u00d3N DE CINE X\u00bb tab_id=\u00bb25-setembre-19&#8243;]<div class=\"clearboth\"><\/div><style>#thegem-divider-6a97a6c80ebfc {margin-top: -35px !important;}<\/style><div id=\"thegem-divider-6a97a6c80ebfc\" class=\"gem-divider  \" style=\"\" ><\/div>[vc_column_text css=\u00bb\u00bb]<span style=\"font-weight: 400; color: #303030;\">Mitad mujer, mitad drag\u00f3n, la Vibria es una de las criaturas m\u00e1s feroces de nuestro imaginario. Y la \u00faltima sesi\u00f3n de cine del d\u00eda no vendr\u00e1 a hacernos cosquillas. <\/span><\/p>\n<p><span style=\"font-weight: 400; color: #303030;\">Poes\u00eda, heridas, rabia, deseo y venganza convivir\u00e1n en una selecci\u00f3n de cortometrajes que nos acercar\u00e1 a historias atravesadas por el conflicto y con personajes que se niegan a agachar la cabeza. Una sesi\u00f3n intensa que no nos dejar\u00e1 indiferentes. <\/span>[\/vc_column_text]<div class=\"clearboth\"><\/div><style>#thegem-divider-6a97a6c80ec32 {margin-top: 10px !important;}<\/style><div id=\"thegem-divider-6a97a6c80ec32\" class=\"gem-divider  \" style=\"\" ><\/div>[vc_column_text css=\u00bb\u00bb]<span style=\"color: #303030;\">Precio: <strong>3 \u20ac <\/strong> <\/span><br \/>\n<span style=\"color: #303030;\">Reserva recomendada. Aforo limitado.<br \/>\n<\/span><span style=\"color: #303030;\">D\u00f3nde: Reial Alfol\u00ed \u00b7 Gerri de la Sal<\/span>[\/vc_column_text]<style type=\"text\/css\">.thegem-button-6a97a6c80ec836718 .gem-button svg {fill: #FFFFFF;}.thegem-button-6a97a6c80ec836718 .gem-button:hover svg {fill: #9D1818;}<\/style><div class=\"gem-button-container gem-button-position-inline thegem-button-6a97a6c80ec836718    \"  ><a class=\"gem-button gem-button-size-tiny gem-button-style-flat gem-button-text-weight-normal\" data-ll-effect=\"drop-right-without-wrap\" style=\"border-radius: 3px;background-color: #9D1818;color: #FFFFFF;\" onmouseleave=\"this.style.backgroundColor='#9D1818';this.style.color='#FFFFFF';\" onmouseenter=\"this.style.backgroundColor='#FFFFFF';this.style.color='#9D1818';\" href=\"https:\/\/tabacafilmfest.entrapolis.com\/entrades\/vibria\" target=\"_blank\">Reserva<\/a><\/div> [vc_empty_space height=\u00bb8px\u00bb][vc_row_inner mobile_margin_top=\u00bb30&#8243;][vc_column_inner width=\u00bb1\/4&#8243;][vc_single_image image=\u00bb40386&#8243; img_size=\u00bb\u00bb css=\u00bb\u00bb][\/vc_column_inner][vc_column_inner width=\u00bb3\/4&#8243; mobile_margin_top=\u00bb-30&#8243;][vc_column_text css=\u00bb.vc_custom_1788298320140{padding-top: 15px !important;}\u00bb]<strong><span style=\"color: #303030;\">LOQUITA POR TI <\/span><\/strong><span style=\"color: #303030;\">&#8211; <\/span><span style=\"color: #303030;\">19 min \/ Ficci\u00f3n \/ Direcci\u00f3n: Greta D\u00edaz \/ Espa\u00f1a \/ Castellano \/ 2025<br \/>\nAlma est\u00e1 en plena fase adolescente, centrada en Jos\u00e9, el chico de oro que todas desean. El escenario: una capea donde los chicos demuestran ser unos machos puros y las chicas refunfu\u00f1an, esperando captar su atenci\u00f3n. Alma se esfuerza por ser vista, pero la \u00fanica criatura que le hace caso es un animal extra\u00f1o que no deja de mirarla.<\/span>[\/vc_column_text][\/vc_column_inner][\/vc_row_inner][vc_empty_space height=\u00bb8px\u00bb][vc_row_inner mobile_margin_top=\u00bb30&#8243;][vc_column_inner width=\u00bb1\/4&#8243;][vc_single_image image=\u00bb40390&#8243; img_size=\u00bb\u00bb css=\u00bb\u00bb][\/vc_column_inner][vc_column_inner width=\u00bb3\/4&#8243; mobile_margin_top=\u00bb-30&#8243;][vc_column_text css=\u00bb.vc_custom_1788298334873{padding-top: 25px !important;}\u00bb]<strong><span style=\"color: #303030;\">WHITE FLAG <\/span><\/strong><span style=\"color: #303030;\">&#8211; <\/span><span style=\"color: #303030;\">15 min \/ Documental \/ Direcci\u00f3n: Perviz Rostemi \/ Ir\u00e1n e Irak \/ Kurdo \/ 2026<br \/>\nUn hombre y una mujer que viven en un pueblo en la frontera del Kurdist\u00e1n han perdido a su hijo y a su nuera en unos bombardeos. Juntos, recogen los restos de la guerra esparcidos por las monta\u00f1as de alrededor y los llevan a casa.<\/span>[\/vc_column_text][\/vc_column_inner][\/vc_row_inner][vc_empty_space height=\u00bb8px\u00bb][vc_row_inner mobile_margin_top=\u00bb30&#8243;][vc_column_inner width=\u00bb1\/4&#8243;][vc_single_image image=\u00bb40394&#8243; img_size=\u00bb\u00bb css=\u00bb\u00bb][\/vc_column_inner][vc_column_inner width=\u00bb3\/4&#8243; mobile_margin_top=\u00bb-30&#8243;][vc_column_text css=\u00bb.vc_custom_1788298359073{padding-top: 22px !important;}\u00bb]<strong><span style=\"color: #303030;\">GEOMETRIA B\u00c0SICA DE LA MUNTANYA DEL MONTSIANELL <\/span><\/strong><span style=\"color: #303030;\">&#8211; <\/span><span style=\"color: #303030;\">4 min \/ Experimental \/ Direcci\u00f3n: Antoni Gra\u00f1ana \/ Espa\u00f1a \/ Catal\u00e1n \/ 2025<br \/>\nUn director, enviado por el Instituto Geom\u00e9trico de las Terres de l&#8217;Ebre, emprende una misi\u00f3n aparentemente cient\u00edfica: una exploraci\u00f3n geom\u00e9trica de la monta\u00f1a del Montsianell, en Amposta.<\/span>[\/vc_column_text][\/vc_column_inner][\/vc_row_inner][vc_empty_space height=\u00bb8px\u00bb][vc_row_inner mobile_margin_top=\u00bb30&#8243;][vc_column_inner width=\u00bb1\/4&#8243;][vc_single_image image=\u00bb40398&#8243; img_size=\u00bb\u00bb css=\u00bb\u00bb][\/vc_column_inner][vc_column_inner width=\u00bb3\/4&#8243; mobile_margin_top=\u00bb-30&#8243;][vc_column_text css=\u00bb.vc_custom_1788298376107{padding-top: 15px !important;}\u00bb]<strong><span style=\"color: #303030;\">DOG AND WOLF <\/span><\/strong><span style=\"color: #303030;\">&#8211; <\/span><span style=\"color: #303030;\">20 min \/ Ficci\u00f3n \/ Direcci\u00f3n: Ter\u00e9zia Halamov\u00e1 \/ Chequia \/ Checo \/ 2025<br \/>\nRudo es un stripper de 25 a\u00f1os que ha decidido abrazar una vida de fiesta interminable y noches sin dormir. Mientras deriva por el caos de la noche, rodeado de drogas, m\u00fasica y baile, los recuerdos de su expareja, Misha, lo persiguen y le recuerdan las promesas rotas y los v\u00ednculos que ha perdido.<\/span>[\/vc_column_text][\/vc_column_inner][\/vc_row_inner][vc_empty_space height=\u00bb8px\u00bb][vc_row_inner mobile_margin_top=\u00bb30&#8243;][vc_column_inner width=\u00bb1\/4&#8243;][vc_single_image image=\u00bb40402&#8243; img_size=\u00bb\u00bb css=\u00bb\u00bb][\/vc_column_inner][vc_column_inner width=\u00bb3\/4&#8243; mobile_margin_top=\u00bb-30&#8243;][vc_column_text css=\u00bb.vc_custom_1788298391873{padding-top: 25px !important;}\u00bb]<strong><span style=\"color: #303030;\">SE\u00d1UELO <\/span><\/strong><span style=\"color: #303030;\">&#8211; <\/span><span style=\"color: #303030;\">16 min \/ Ficci\u00f3n \/ Direcci\u00f3n: Marta G. Ayerbe \/ Espa\u00f1a \/ Castellano \/ 2025<br \/>\nMart\u00edn, un ni\u00f1o t\u00edmido y sensible, acompa\u00f1a a su padre y al jefe de este durante un d\u00eda de caza. La jornada sacar\u00e1 a la luz las tensiones y frustraciones de estos dos hombres, poniendo a prueba la val\u00eda de Mart\u00edn.<\/span>[\/vc_column_text][\/vc_column_inner][\/vc_row_inner][\/vc_tta_section][vc_tta_section title=\u00bb<b>22h GALL FER<\/b> &#8211; CONCIERTO DE ARNAU OBIOLS\u00bb tab_id=\u00bb25-setembre-22&#8243;]<div class=\"clearboth\"><\/div><style>#thegem-divider-6a97a6c80ecb8 {margin-top: -35px !important;}<\/style><div id=\"thegem-divider-6a97a6c80ecb8\" class=\"gem-divider  \" style=\"\" ><\/div>[vc_column_text css=\u00bb\u00bb]<span style=\"font-weight: 400; color: #303030;\">Arnau Obiols llegar\u00e1 al Tabaca Film Fest con \u201cOcelltambor\u201d, su \u00faltimo trabajo: un universo sonoro nacido de la escucha atenta de la naturaleza, la monta\u00f1a y el silencio. Voz, percusiones, flabiol, electr\u00f3nica y sonidos recogidos del paisaje se encontrar\u00e1n en una m\u00fasica libre, ancestral y absolutamente personal. <\/span><\/p>\n<p><span style=\"font-weight: 400; color: #303030;\">Una invitaci\u00f3n a escuchar de otra manera. A cerrar los ojos y entrar en el bosque. \u00bfY qui\u00e9n sabe? Quiz\u00e1, entre sonidos y silencio, descubramos una de las criaturas m\u00e1s emblem\u00e1ticas y misteriosas de los bosques pirenaicos, el urogallo. <\/span>[\/vc_column_text]<div class=\"clearboth\"><\/div><style>#thegem-divider-6a97a6c80ece5 {margin-top: 35px !important;}<\/style><div id=\"thegem-divider-6a97a6c80ece5\" class=\"gem-divider  \" style=\"\" ><\/div>[vc_column_text css=\u00bb\u00bb]<span style=\"color: #303030;\"><strong>Actividad gratuita y sin reserva.<br \/>\n<\/strong><\/span><span style=\"font-weight: 400; color: #303030;\">Aforo limitado. Entrada libre, por orden de llegada.<br \/>\n<\/span><span style=\"color: #303030;\">D\u00f3nde: <span style=\"font-weight: 400;\">Reial Alfol\u00ed <\/span> \u00b7 Gerri de la Sal<\/span><i><\/i>[\/vc_column_text][\/vc_tta_section][\/vc_tta_accordion][\/vc_column][\/vc_row][vc_row][vc_column tablet_margin_left=\u00bb12&#8243; tablet_margin_right=\u00bb12&#8243; mobile_margin_left=\u00bb12&#8243; mobile_margin_right=\u00bb12&#8243;]<div class=\"clearboth\"><\/div><style>#thegem-divider-6a97a6c80ed0f {margin-top: 25px !important;}<\/style><div id=\"thegem-divider-6a97a6c80ed0f\" class=\"gem-divider  \" style=\"\" ><\/div>[vc_column_text css=\u00bb.vc_custom_1788164266325{margin-bottom: 8px !important;}\u00bb]<span style=\"font-family: Helvetica; font-size: 14pt; color: #9d1818;\"><strong><u>S\u00c1BADO <\/u><\/strong><strong><u>26 DE SEPTIEMBRE<\/u><\/strong><\/span>[\/vc_column_text][\/vc_column][\/vc_row][vc_row css=\u00bb.vc_custom_1754505535908{margin-left: 30px !important;}\u00bb mobile_margin_left=\u00bb-15&#8243; mobile_margin_right=\u00bb4&#8243;][vc_column offset=\u00bbvc_col-lg-12&#8243; tablet_margin_left=\u00bb12&#8243; tablet_margin_right=\u00bb12&#8243; mobile_margin_left=\u00bb12&#8243; mobile_margin_right=\u00bb12&#8243;][vc_tta_accordion style=\u00bbsimple_arrow\u00bb color=\u00bbmulled-wine\u00bb spacing=\u00bb1&#8243; c_icon=\u00bbtriangle\u00bb c_position=\u00bbright\u00bb active_section=\u00bbfalse\u00bb no_fill=\u00bbtrue\u00bb collapsible_all=\u00bbtrue\u00bb][vc_tta_section title=\u00bb<b>10h KELPIE<\/b> &#8211; Salida guiada al Estany de Montcort\u00e8s, con Geoparc Or\u00edgens y Gratitud Pallars\u00bb tab_id=\u00bb26-setembre-10h\u00bb]<div class=\"clearboth\"><\/div><style>#thegem-divider-6a97a6c80ed38 {margin-top: -35px !important;}<\/style><div id=\"thegem-divider-6a97a6c80ed38\" class=\"gem-divider  \" style=\"\" ><\/div>[vc_column_text css=\u00bb\u00bb]<span style=\"font-weight: 400; color: #303030;\">\u00bfQu\u00e9 se esconde bajo las aguas de un lago? Dicen las leyendas escocesas que los Kelpies, misteriosos caballos de agua, habitan las profundidades de sus lagos y fiordos. En Montcort\u00e8s tambi\u00e9n hay muchas teor\u00edas\u2026 <\/span><\/p>\n<p><span style=\"font-weight: 400; color: #303030;\">Empezaremos descubriendo, de la mano de un experto de Geoparc Or\u00edgens, las particularidades geol\u00f3gicas de este lago excepcional y del paisaje que lo rodea. Continuaremos el camino con Gratitud Pallars para conocer las microrreservas que impulsan en la zona, descubrir qu\u00e9 es el turismo regenerativo y preguntarnos qu\u00e9 podemos hacer nosotros para dejar una huella un poco mejor en el mundo. <\/span><\/p>\n<p><span style=\"font-weight: 400; color: #303030;\">Una salida para caminar, observar, aprender y mirar el Estany de Montcort\u00e8s con otros ojos.<\/span>[\/vc_column_text]<div class=\"clearboth\"><\/div><style>#thegem-divider-6a97a6c80ed5f {margin-top: 35px !important;}<\/style><div id=\"thegem-divider-6a97a6c80ed5f\" class=\"gem-divider  \" style=\"\" ><\/div>[vc_column_text css=\u00bb\u00bb]<span style=\"color: #303030;\"><strong>Actividad gratuita. A partir de 8 a\u00f1os.<br \/>\n<\/strong>Reserva necesaria. Plazas muy limitadas.<br \/>\nPunto de encuentro: Aparcamiento del Estany de Montcort\u00e8s (cruce de la pista de Peracal\u00e7)<br \/>\nSe recomienda llevar calzado y ropa adecuados, bebida, gorra y protecci\u00f3n solar. <\/span>[\/vc_column_text]<style type=\"text\/css\">.thegem-button-6a97a6c80edaa3163 .gem-button svg {fill: #FFFFFF;}.thegem-button-6a97a6c80edaa3163 .gem-button:hover svg {fill: #9D1818;}<\/style><div class=\"gem-button-container gem-button-position-inline thegem-button-6a97a6c80edaa3163    \"  ><a class=\"gem-button gem-button-size-tiny gem-button-style-flat gem-button-text-weight-normal\" data-ll-effect=\"drop-right-without-wrap\" style=\"border-radius: 3px;background-color: #9D1818;color: #FFFFFF;\" onmouseleave=\"this.style.backgroundColor='#9D1818';this.style.color='#FFFFFF';\" onmouseenter=\"this.style.backgroundColor='#FFFFFF';this.style.color='#9D1818';\" href=\"https:\/\/tabacafilmfest.entrapolis.com\/entrades\/kelpie\" target=\"_blank\">Reserva<\/a><\/div> [\/vc_tta_section][vc_tta_section title=\u00bb<b>11h BASILISC<\/b> &#8211; SESI\u00d3N DE CINE XI\u00bb tab_id=\u00bb26-setembre-11h\u00bb]<div class=\"clearboth\"><\/div><style>#thegem-divider-6a97a6c80edef {margin-top: -35px !important;}<\/style><div id=\"thegem-divider-6a97a6c80edef\" class=\"gem-divider  \" style=\"\" ><\/div>[vc_column_text css=\u00bb\u00bb]<span style=\"font-weight: 400; color: #303030;\">El Basilisco, criatura fant\u00e1stica con cuerpo de reptil y una mirada capaz de matar, nos conducir\u00e1 por una sesi\u00f3n de transformaciones.<\/span><\/p>\n<p><span style=\"font-weight: 400; color: #303030;\">Crecer, cambiar, descubrir qui\u00e9nes somos y aprender a convivir con todo aquello que vamos dejando atr\u00e1s. Una selecci\u00f3n de cortometrajes sobre momentos de transici\u00f3n, con todo lo que tienen de luz, de descubrimiento y, a veces, tambi\u00e9n de herida. <\/span>[\/vc_column_text]<div class=\"clearboth\"><\/div><style>#thegem-divider-6a97a6c80ee19 {margin-top: 10px !important;}<\/style><div id=\"thegem-divider-6a97a6c80ee19\" class=\"gem-divider  \" style=\"\" ><\/div>[vc_column_text css=\u00bb\u00bb]<span style=\"color: #303030;\">Precio: <strong>3 \u20ac <\/strong> <\/span><br \/>\n<span style=\"color: #303030;\">Reserva recomendada. Aforo limitado.<br \/>\n<\/span><span style=\"color: #303030;\">D\u00f3nde: Reial Alfol\u00ed \u00b7 Gerri de la Sal<\/span><br \/>\n<em><span style=\"color: #303030;\">Actividad adherida a Apropa Cultura<\/span><\/em>[\/vc_column_text]<style type=\"text\/css\">.thegem-button-6a97a6c80ee662060 .gem-button svg {fill: #FFFFFF;}.thegem-button-6a97a6c80ee662060 .gem-button:hover svg {fill: #9D1818;}<\/style><div class=\"gem-button-container gem-button-position-inline thegem-button-6a97a6c80ee662060    \"  ><a class=\"gem-button gem-button-size-tiny gem-button-style-flat gem-button-text-weight-normal\" data-ll-effect=\"drop-right-without-wrap\" style=\"border-radius: 3px;background-color: #9D1818;color: #FFFFFF;\" onmouseleave=\"this.style.backgroundColor='#9D1818';this.style.color='#FFFFFF';\" onmouseenter=\"this.style.backgroundColor='#FFFFFF';this.style.color='#9D1818';\" href=\"https:\/\/tabacafilmfest.entrapolis.com\/entrades\/basilisc\" target=\"_blank\">Reserva<\/a><\/div> [vc_empty_space height=\u00bb8px\u00bb][vc_row_inner mobile_margin_top=\u00bb30&#8243;][vc_column_inner width=\u00bb1\/4&#8243;][vc_single_image image=\u00bb40406&#8243; img_size=\u00bb\u00bb css=\u00bb\u00bb][\/vc_column_inner][vc_column_inner width=\u00bb3\/4&#8243; mobile_margin_top=\u00bb-30&#8243;][vc_column_text css=\u00bb.vc_custom_1788298473507{padding-top: 25px !important;}\u00bb]<strong><span style=\"color: #303030;\">LAS COLILLAS DE MI CASA <\/span><\/strong><span style=\"color: #303030;\">&#8211; <\/span><span style=\"color: #303030;\">19 min \/ Ficci\u00f3n \/ Direcci\u00f3n: Eduard Amado \/ Espa\u00f1a \/ Catal\u00e1n y Castellano \/ 2025<br \/>\nAmanda vive sola y atrapada en su rutina. Trabaja en su estanco de tabaco y asiste a clases de flamenco con su amiga Maribel. Su hijo Pol, aprovechando que tiene un casting en Barcelona, vuelve a casa por sorpresa un par de d\u00edas.<\/span>[\/vc_column_text][\/vc_column_inner][\/vc_row_inner][vc_empty_space height=\u00bb8px\u00bb][vc_row_inner mobile_margin_top=\u00bb30&#8243;][vc_column_inner width=\u00bb1\/4&#8243;][vc_single_image image=\u00bb40410&#8243; img_size=\u00bb\u00bb css=\u00bb\u00bb][\/vc_column_inner][vc_column_inner width=\u00bb3\/4&#8243; mobile_margin_top=\u00bb-30&#8243;][vc_column_text css=\u00bb.vc_custom_1788298487491{padding-top: 25px !important;}\u00bb]<strong><span style=\"color: #303030;\">A DOG\u2019S LIFE <\/span><\/strong><span style=\"color: #303030;\">&#8211; <\/span><span style=\"color: #303030;\">9 min \/ Animaci\u00f3n \/ Direcci\u00f3n: Sophie Olga de Jong, Sytske Kok \/ Pa\u00edses Bajos \/ Holand\u00e9s \/ 2025<br \/>\nCuando muere el perro de la abuela, su nieta Luna la ayuda a enterrarlo. Pero, \u00bfqu\u00e9 pasa cuando mueres y acabas bajo tierra? La abuela evita responder a la pregunta y Luna decide descubrir por ella misma qu\u00e9 hay ah\u00ed abajo.<\/span>[\/vc_column_text][\/vc_column_inner][\/vc_row_inner][vc_empty_space height=\u00bb8px\u00bb][vc_row_inner mobile_margin_top=\u00bb30&#8243;][vc_column_inner width=\u00bb1\/4&#8243;][vc_single_image image=\u00bb40414&#8243; img_size=\u00bb\u00bb css=\u00bb\u00bb][\/vc_column_inner][vc_column_inner width=\u00bb3\/4&#8243; mobile_margin_top=\u00bb-30&#8243;][vc_column_text css=\u00bb.vc_custom_1788298503391{padding-top: 15px !important;}\u00bb]<strong><span style=\"color: #303030;\">ABATA <\/span><\/strong><span style=\"color: #303030;\">&#8211; <\/span><span style=\"color: #303030;\">24 min \/ Documental \/ Direcci\u00f3n: Aner Etxebarria y Pablo Vidal \/ Espa\u00f1a \/ Euskera \/ 2026<br \/>\nEn el a\u00f1o 1955, fascinado por la ingeniosa caza de palomas con palas de madera y redes, Orson Welles dirigi\u00f3 el documental The Land of Basques. Hoy, desde una borda en la frontera entre Navarra y Francia, un palomero veterano nos revela los secretos de esta tradici\u00f3n de m\u00e1s de 700 a\u00f1os, a punto de desaparecer.<\/span>[\/vc_column_text][\/vc_column_inner][\/vc_row_inner][vc_empty_space height=\u00bb8px\u00bb][vc_row_inner mobile_margin_top=\u00bb30&#8243;][vc_column_inner width=\u00bb1\/4&#8243;][vc_single_image image=\u00bb40418&#8243; img_size=\u00bb\u00bb css=\u00bb\u00bb][\/vc_column_inner][vc_column_inner width=\u00bb3\/4&#8243; mobile_margin_top=\u00bb-30&#8243;][vc_column_text css=\u00bb.vc_custom_1788298518758{padding-top: 25px !important;}\u00bb]<strong><span style=\"color: #303030;\">PLUJA D\u2019ESTIU <\/span><\/strong><span style=\"color: #303030;\">&#8211; <\/span><span style=\"color: #303030;\">13 min \/ Ficci\u00f3n \/ Direcci\u00f3n: Teo Nicolau \/ Espa\u00f1a \/ Catal\u00e1n \/ 2026<br \/>\nPor su 18\u00ba cumplea\u00f1os, Oriol invita a sus amigos del instituto, a quienes no ve\u00eda desde antes de la pandemia, a la casa de verano de su familia. A pesar del deseo de un reencuentro pospand\u00e9mico, una lluvia repentina parece hundir a Oriol.<\/span>[\/vc_column_text][\/vc_column_inner][\/vc_row_inner][vc_empty_space height=\u00bb8px\u00bb][vc_row_inner mobile_margin_top=\u00bb30&#8243;][vc_column_inner width=\u00bb1\/4&#8243;][vc_single_image image=\u00bb40422&#8243; img_size=\u00bb\u00bb css=\u00bb\u00bb][\/vc_column_inner][vc_column_inner width=\u00bb3\/4&#8243; mobile_margin_top=\u00bb-30&#8243;][vc_column_text css=\u00bb.vc_custom_1788298533258{padding-top: 15px !important;}\u00bb]<strong><span style=\"color: #303030;\">MAL DE MADRE <\/span><\/strong><span style=\"color: #303030;\">&#8211; <\/span><span style=\"color: #303030;\">21 min \/ Ficci\u00f3n \/ Direcci\u00f3n: Irene Baqu\u00e9 \/ Espa\u00f1a \/ Castellano \/ 2025<br \/>\nLita, de 16 a\u00f1os, tiene miedo a los lagartos desde la infancia. Cada verano vuelve a Lagartera, un pueblo donde las tradiciones familiares est\u00e1n profundamente arraigadas. Durante la celebraci\u00f3n del Corpus Christi, mientras su abuela la ayuda a vestirse, Lita descubre el origen de este miedo que la ha acompa\u00f1ado toda la vida.<\/span>[\/vc_column_text][\/vc_column_inner][\/vc_row_inner][\/vc_tta_section][vc_tta_section tab_id=\u00bb26-setembre-13h\u00bb title=\u00bb<b>13h QILIN<\/b> &#8211; Taller infantil \u201cCrea tu Personaje-Semilla\u201d, con Helena de Flamisella\u00bb]<div class=\"clearboth\"><\/div><style>#thegem-divider-6a97a6c80ee95 {margin-top: -35px !important;}<\/style><div id=\"thegem-divider-6a97a6c80ee95\" class=\"gem-divider  \" style=\"\" ><\/div>[vc_column_text css=\u00bb\u00bb]<span style=\"font-weight: 400; color: #303030;\">El Qilin es una criatura de la mitolog\u00eda china vinculada a la bondad, la prosperidad y la llegada de tiempos f\u00e9rtiles. Y esta ma\u00f1ana nos ayudar\u00e1 a descubrir las semillas ancestrales del Pallars Sobir\u00e0, y cu\u00e1les son las estrategias para que algo tan diminuto pueda comenzar una nueva vida. <\/span><\/p>\n<p><span style=\"font-weight: 400; color: #303030;\">De la mano de la bi\u00f3loga Helena Barril, crearemos nuestro Personaje-Semilla con materiales variados. \u00a1La Naturaleza no deja de sorprendernos, y nuestra creatividad tampoco! <\/span>[\/vc_column_text]<div class=\"clearboth\"><\/div><style>#thegem-divider-6a97a6c80eebd {margin-top: 35px !important;}<\/style><div id=\"thegem-divider-6a97a6c80eebd\" class=\"gem-divider  \" style=\"\" ><\/div>[vc_column_text css=\u00bb\u00bb]<span style=\"color: #303030;\"><strong>Actividad gratuita al aire libre. A partir de 5 a\u00f1os.<br \/>\n<\/strong><span style=\"font-weight: 400;\">Reserva recomendada. Plazas limitadas.<br \/>\n<\/span>D\u00f3nde: <span style=\"font-weight: 400;\"><a href=\"https:\/\/www.google.com\/maps\/place\/Xiringuito+de+la+Sal\/@42.3233816,1.056231,15z\/data=!4m14!1m7!3m6!1s0x12a611c10cd3e787:0x6f5cc1404635bf8a!2sXiringuito+de+la+Sal!8m2!3d42.3233662!4d1.0665093!16s%2Fg%2F11v3h7mfxc!3m5!1s0x12a611c10cd3e787:0x6f5cc1404635bf8a!8m2!3d42.3233662!4d1.0665093!16s%2Fg%2F11v3h7mfxc?entry=ttu&amp;g_ep=EgoyMDI2MDgyNi4wIKXMDSoASAFQAw%3D%3D\" target=\"_blank\" rel=\"noopener\">Xiringuito de la Sal, Gerri de la Sal<\/a><\/span><\/span><\/p>\n<p><span style=\"color: #303030;\"><i>Actividad coorganizada por el Parc Natural de l\u2019Alt Pirineu<br \/>\nCon la colaboraci\u00f3n de Esbo\u00efga (Associaci\u00f3 de varietats locals de l\u2019Alt Pirineu)<br \/>\nActividad adherida a Apropa Cultura<\/i><\/span>[\/vc_column_text]<style type=\"text\/css\">.thegem-button-6a97a6c80ef053386 .gem-button svg {fill: #FFFFFF;}.thegem-button-6a97a6c80ef053386 .gem-button:hover svg {fill: #9D1818;}<\/style><div class=\"gem-button-container gem-button-position-inline thegem-button-6a97a6c80ef053386    \"  ><a class=\"gem-button gem-button-size-tiny gem-button-style-flat gem-button-text-weight-normal\" data-ll-effect=\"drop-right-without-wrap\" style=\"border-radius: 3px;background-color: #9D1818;color: #FFFFFF;\" onmouseleave=\"this.style.backgroundColor='#9D1818';this.style.color='#FFFFFF';\" onmouseenter=\"this.style.backgroundColor='#FFFFFF';this.style.color='#9D1818';\" href=\"https:\/\/tabacafilmfest.entrapolis.com\/entrades\/qilin\" target=\"_blank\">Reserva<\/a><\/div> [\/vc_tta_section][vc_tta_section title=\u00bb<b>13h GERI\u00d3<\/b> &#8211; Charla \u00b7 El Cine ante los l\u00edmites de la Realidad\u00bb tab_id=\u00bb26-setembre-13h2&#8243;]<div class=\"clearboth\"><\/div><style>#thegem-divider-6a97a6c80ef38 {margin-top: -35px !important;}<\/style><div id=\"thegem-divider-6a97a6c80ef38\" class=\"gem-divider  \" style=\"\" ><\/div>[vc_column_text css=\u00bb\u00bb]<span style=\"font-weight: 400; color: #303030;\">Desde su nacimiento, el cine no ha dejado de hacerse grandes preguntas. Sobre qui\u00e9nes somos, de d\u00f3nde venimos, el origen de la vida, qu\u00e9 es real y qu\u00e9 puede haber m\u00e1s all\u00e1 de lo que somos capaces de ver. <\/span><\/p>\n<p><span style=\"font-weight: 400; color: #303030;\">Durante milenios, la humanidad busc\u00f3 respuestas en los mitos. Despu\u00e9s lleg\u00f3 la ciencia y los dos caminos se separaron. Pero quiz\u00e1 hoy, cuando la f\u00edsica cu\u00e1ntica ofrece nuevas respuestas, ciencia y mito no sean mundos tan alejados como pensamos. <\/span><\/p>\n<p><span style=\"font-weight: 400; color: #303030;\">Javier Urrutia, profesor de est\u00e9tica y experto en cine; Sebasti\u00e1n Grinschpun, f\u00edsico y divulgador especializado en la f\u00edsica del Universo; y Blanca Pujals, arquitecta e investigadora de infraestructuras cient\u00edficas, conversar\u00e1n sobre c\u00f3mo el cine ha representado todos estos temas. Recorreremos grandes pel\u00edculas y cineastas que se han atrevido a mirar hacia aqu\u00ed: otras realidades, los l\u00edmites de la percepci\u00f3n, el Universo y todo aquello que todav\u00eda se nos escapa. <\/span><\/p>\n<p><span style=\"font-weight: 400; color: #303030;\">Un poco de cine, un poco de f\u00edsica cu\u00e1ntica, un poco de mito y, probablemente, una cierta dosis de v\u00e9rtigo c\u00f3smico. <\/span><\/p>\n<p><span style=\"font-weight: 400; color: #303030;\">Para guiarnos, Geri\u00f3n, el gigante de tres cuerpos de la mitolog\u00eda griega que, persiguiendo a Pirene, dio origen a los Pirineos. O eso dice la leyenda. <\/span>[\/vc_column_text]<div class=\"clearboth\"><\/div><style>#thegem-divider-6a97a6c80ef5d {margin-top: 35px !important;}<\/style><div id=\"thegem-divider-6a97a6c80ef5d\" class=\"gem-divider  \" style=\"\" ><\/div>[vc_column_text css=\u00bb\u00bb]<span style=\"color: #303030;\"><strong>Actividad gratuita y sin reserva.<br \/>\n<\/strong><span style=\"font-weight: 400;\">Aforo limitado. Entrada libre, por orden de llegada.<br \/>\n<\/span>D\u00f3nde: <span style=\"font-weight: 400;\">Reial Alfol\u00ed \u00b7 Gerri de la Sal<\/span><\/span>[\/vc_column_text][\/vc_tta_section][vc_tta_section title=\u00bb<b>16h PANARRAT<\/b> &#8211; SESI\u00d3N DE CINE XII\u00bb tab_id=\u00bb26-setembre-16h\u00bb]<div class=\"clearboth\"><\/div><style>#thegem-divider-6a97a6c80ef7f {margin-top: -35px !important;}<\/style><div id=\"thegem-divider-6a97a6c80ef7f\" class=\"gem-divider  \" style=\"\" ><\/div>[vc_column_text css=\u00bb\u00bb]<span style=\"font-weight: 400; color: #303030;\">Por la tarde, el Panarrat (murci\u00e9lago en pallar\u00e9s), una criatura de la noche que siempre hemos asociado a supersticiones y miedos, nos conducir\u00e1 hacia las zonas m\u00e1s oscuras de la imaginaci\u00f3n, con historias sobre el odio visceral, recetas ancestrales y exilios forzados. <\/span>[\/vc_column_text]<div class=\"clearboth\"><\/div><style>#thegem-divider-6a97a6c80efa3 {margin-top: 10px !important;}<\/style><div id=\"thegem-divider-6a97a6c80efa3\" class=\"gem-divider  \" style=\"\" ><\/div>[vc_column_text css=\u00bb\u00bb]<span style=\"color: #303030;\">Precio: <strong>3 \u20ac <\/strong> <\/span><br \/>\n<span style=\"color: #303030;\">Reserva recomendada. Aforo limitado.<br \/>\n<\/span><span style=\"color: #303030;\">D\u00f3nde: Reial Alfol\u00ed \u00b7 Gerri de la Sal<\/span>[\/vc_column_text]<style type=\"text\/css\">.thegem-button-6a97a6c80efe8705 .gem-button svg {fill: #FFFFFF;}.thegem-button-6a97a6c80efe8705 .gem-button:hover svg {fill: #9D1818;}<\/style><div class=\"gem-button-container gem-button-position-inline thegem-button-6a97a6c80efe8705    \"  ><a class=\"gem-button gem-button-size-tiny gem-button-style-flat gem-button-text-weight-normal\" data-ll-effect=\"drop-right-without-wrap\" style=\"border-radius: 3px;background-color: #9D1818;color: #FFFFFF;\" onmouseleave=\"this.style.backgroundColor='#9D1818';this.style.color='#FFFFFF';\" onmouseenter=\"this.style.backgroundColor='#FFFFFF';this.style.color='#9D1818';\" href=\"https:\/\/tabacafilmfest.entrapolis.com\/entrades\/panarrat\" target=\"_blank\">Reserva<\/a><\/div> [vc_empty_space height=\u00bb8px\u00bb][vc_row_inner mobile_margin_top=\u00bb30&#8243;][vc_column_inner width=\u00bb1\/4&#8243;][vc_single_image image=\u00bb40426&#8243; img_size=\u00bb\u00bb css=\u00bb\u00bb][\/vc_column_inner][vc_column_inner width=\u00bb3\/4&#8243; mobile_margin_top=\u00bb-30&#8243;][vc_column_text css=\u00bb.vc_custom_1788298633342{padding-top: 25px !important;}\u00bb]<strong><span style=\"color: #303030;\">EL FANTASMA DE LA QUINTA <\/span><\/strong><span style=\"color: #303030;\">&#8211; <\/span><span style=\"color: #303030;\">17 min \/ Animaci\u00f3n \/ Direcci\u00f3n: James A. Castillo \/ Espa\u00f1a \/ Castellano \/ 2025<br \/>\nEn el a\u00f1o 1819, un Francisco de Goya envejecido se aleja de la vida p\u00fablica y se retira a la Quinta del Sordo, donde dar\u00e1 forma a alguna de sus obras m\u00e1s oscuras.<\/span>[\/vc_column_text][\/vc_column_inner][\/vc_row_inner][vc_row_inner mobile_margin_top=\u00bb30&#8243;][vc_column_inner width=\u00bb1\/4&#8243;][vc_single_image image=\u00bb40430&#8243; img_size=\u00bb\u00bb css=\u00bb\u00bb][\/vc_column_inner][vc_column_inner width=\u00bb3\/4&#8243; mobile_margin_top=\u00bb-30&#8243;][vc_column_text css=\u00bb.vc_custom_1788298647042{padding-top: 25px !important;}\u00bb]<strong><span style=\"color: #303030;\">CARA DE CONA <\/span><\/strong><span style=\"color: #303030;\">&#8211; <\/span><span style=\"color: #303030;\">17 min \/ Ficci\u00f3n \/ Direcci\u00f3n: Guillermo de Oliveira \/ Espa\u00f1a \/ Gallego \/ 2026<br \/>\nMoncho vive y trabaja desde hace a\u00f1os en una peque\u00f1a aldea de la Galicia rural. Su paz interior se ve perturbada por la llegada de Pardavila.<\/span>[\/vc_column_text][\/vc_column_inner][\/vc_row_inner][vc_empty_space height=\u00bb8px\u00bb][vc_row_inner mobile_margin_top=\u00bb30&#8243;][vc_column_inner width=\u00bb1\/4&#8243;][vc_single_image image=\u00bb40434&#8243; img_size=\u00bb\u00bb css=\u00bb\u00bb][\/vc_column_inner][vc_column_inner width=\u00bb3\/4&#8243; mobile_margin_top=\u00bb-30&#8243;][vc_column_text css=\u00bb.vc_custom_1788298663525{padding-top: 25px !important;}\u00bb]<strong><span style=\"color: #303030;\">LA DISSIDENTE <\/span><\/strong><span style=\"color: #303030;\">&#8211; <\/span><span style=\"color: #303030;\">22 min \/ Ficci\u00f3n \/ Direcci\u00f3n: Nicolas Vimenet \/ Francia \/ Chino y Franc\u00e9s \/ 2025<br \/>\nHua Liu, una poeta china de 60 a\u00f1os, recibe ayuda de su hija para obtener un visado de larga duraci\u00f3n que le permitir\u00e1 pasar su jubilaci\u00f3n en Francia con su familia. Pero Hua Liu esconde un secreto que la seguir\u00e1 all\u00e1 donde vaya.<\/span>[\/vc_column_text][\/vc_column_inner][\/vc_row_inner][vc_empty_space height=\u00bb8px\u00bb][vc_row_inner mobile_margin_top=\u00bb30&#8243;][vc_column_inner width=\u00bb1\/4&#8243;][vc_single_image image=\u00bb40438&#8243; img_size=\u00bb\u00bb css=\u00bb\u00bb][\/vc_column_inner][vc_column_inner width=\u00bb3\/4&#8243; mobile_margin_top=\u00bb-30&#8243;][vc_column_text css=\u00bb.vc_custom_1788298681224{padding-top: 25px !important;}\u00bb]<strong><span style=\"color: #303030;\">BORSCHT <\/span><\/strong><span style=\"color: #303030;\">&#8211; <\/span><span style=\"color: #303030;\">14 min \/ Ficci\u00f3n \/ Direcci\u00f3n: Vika Evdokimenko \/ Reino Unido \/ Ingl\u00e9s, ruso, ucraniano y polaco \/ 2025<br \/>\nIntentando impresionar al chico que le gusta, una joven prepara una receta familiar siguiendo las instrucciones que dej\u00f3 su abuela difunta. Pero la tarea se va complicando mucho m\u00e1s de lo que jam\u00e1s habr\u00eda imaginado.<\/span>[\/vc_column_text][\/vc_column_inner][\/vc_row_inner][vc_empty_space height=\u00bb8px\u00bb][vc_row_inner mobile_margin_top=\u00bb30&#8243;][vc_column_inner width=\u00bb1\/4&#8243;][vc_single_image image=\u00bb40442&#8243; img_size=\u00bb\u00bb css=\u00bb\u00bb][\/vc_column_inner][vc_column_inner width=\u00bb3\/4&#8243; mobile_margin_top=\u00bb-30&#8243;][vc_column_text css=\u00bb.vc_custom_1788298697192{padding-top: 35px !important;}\u00bb]<strong><span style=\"color: #303030;\">KR\u00c0LIK <\/span><\/strong><span style=\"color: #303030;\">&#8211; <\/span><span style=\"color: #303030;\">13 min \/ Ficci\u00f3n \/ Direcci\u00f3n: Alessandro Rocca \/ Italia \/ Eslovaco \/ 2025<br \/>\nUn padre es atormentado por una pesadilla recurrente en la que su hijo lo mata. La vida en la granja se vuelve cada vez m\u00e1s dif\u00edcil a medida que su territorio se va reduciendo.<\/span>[\/vc_column_text][\/vc_column_inner][\/vc_row_inner][\/vc_tta_section][vc_tta_section title=\u00bb<b>18h ESCARABEU<\/b> &#8211; Taller de amuletos y preparados de hierbas tradicionales, con Nat\u00e0lia Salda\u00f1a\u00bb tab_id=\u00bb26-setembre-18h\u00bb]<div class=\"clearboth\"><\/div><style>#thegem-divider-6a97a6c80f01e {margin-top: -35px !important;}<\/style><div id=\"thegem-divider-6a97a6c80f01e\" class=\"gem-divider  \" style=\"\" ><\/div>[vc_column_text css=\u00bb\u00bb]<span style=\"font-weight: 400; color: #303030;\">A lo largo de la historia y en muchas culturas, la figura del escarabajo ha sido un amuleto de protecci\u00f3n y regeneraci\u00f3n. En el Tabaca os proponemos descubrir los amuletos de nuestra tradici\u00f3n popular. <\/span><\/p>\n<p><span style=\"font-weight: 400; color: #303030;\">Con Nat\u00e0lia Salda\u00f1a, gran conocedora de los usos ancestrales de las plantas, exploraremos hierbas de nuestro entorno empleadas tradicionalmente para alejar brujas, malos esp\u00edritus y desgracias. Aprenderemos c\u00f3mo se preparaban amuletos, brebajes y otros preparados destinados a purificar y proteger el hogar y a sus habitantes. <\/span><\/p>\n<p><span style=\"font-weight: 400; color: #303030;\">Un poco de bot\u00e1nica, un poco de sabidur\u00eda popular y, por si acaso, un poco de protecci\u00f3n.<\/span>[\/vc_column_text]<div class=\"clearboth\"><\/div><style>#thegem-divider-6a97a6c80f044 {margin-top: 35px !important;}<\/style><div id=\"thegem-divider-6a97a6c80f044\" class=\"gem-divider  \" style=\"\" ><\/div>[vc_column_text css=\u00bb\u00bb]<span style=\"color: #303030;\"><strong>Actividad gratuita al aire libre para adultos. Pod\u00e9is venir acompa\u00f1ados por ni\u00f1os a partir de 6 a\u00f1os.<\/strong><br \/>\nReserva recomendada. Plazas limitadas. <\/span><\/p>\n<p><span style=\"color: #303030;\">D\u00f3nde:<\/span> <a href=\"https:\/\/www.google.com\/maps\/place\/Xiringuito+de+la+Sal\/@42.3233816,1.056231,15z\/data=!4m14!1m7!3m6!1s0x12a611c10cd3e787:0x6f5cc1404635bf8a!2sXiringuito+de+la+Sal!8m2!3d42.3233662!4d1.0665093!16s%2Fg%2F11v3h7mfxc!3m5!1s0x12a611c10cd3e787:0x6f5cc1404635bf8a!8m2!3d42.3233662!4d1.0665093!16s%2Fg%2F11v3h7mfxc?entry=ttu&amp;g_ep=EgoyMDI2MDgyNi4wIKXMDSoASAFQAw%3D%3D\" target=\"_blank\" rel=\"noopener\">Xiringuito de la Sal \u00b7 Gerri de la Sal<\/a><br \/>\n<span style=\"color: #303030;\"><i><span style=\"font-weight: 400;\">Actividad adherida a Apropa Cultura<\/span><\/i><\/span><i><\/i>[\/vc_column_text]<style type=\"text\/css\">.thegem-button-6a97a6c80f0859153 .gem-button svg {fill: #FFFFFF;}.thegem-button-6a97a6c80f0859153 .gem-button:hover svg {fill: #9D1818;}<\/style><div class=\"gem-button-container gem-button-position-inline thegem-button-6a97a6c80f0859153    \"  ><a class=\"gem-button gem-button-size-tiny gem-button-style-flat gem-button-text-weight-normal\" data-ll-effect=\"drop-right-without-wrap\" style=\"border-radius: 3px;background-color: #9D1818;color: #FFFFFF;\" onmouseleave=\"this.style.backgroundColor='#9D1818';this.style.color='#FFFFFF';\" onmouseenter=\"this.style.backgroundColor='#FFFFFF';this.style.color='#9D1818';\" href=\"https:\/\/tabacafilmfest.entrapolis.com\/entrades\/escarabeu\" target=\"_blank\">Reserva<\/a><\/div> [\/vc_tta_section][vc_tta_section title=\u00bb<b>19h MULASSA<\/b> &#8211; SESI\u00d3N DE CINE XIII\u00bb tab_id=\u00bb26-setembre-19h\u00bb]<div class=\"clearboth\"><\/div><style>#thegem-divider-6a97a6c80f0b0 {margin-top: -35px !important;}<\/style><div id=\"thegem-divider-6a97a6c80f0b0\" class=\"gem-divider  \" style=\"\" ><\/div>[vc_column_text css=\u00bb\u00bb]<span style=\"font-weight: 400; color: #303030;\">\u00bfSe puede encontrar el amor en la monta\u00f1a? \u00bfSe puede salir de fiesta y acabar viendo la luz? \u00bfQu\u00e9 estamos dispuestos a hacer para ser libres? \u00bfHasta d\u00f3nde llegaremos para perseguir nuestros sue\u00f1os? <\/span><\/p>\n<p><span style=\"font-weight: 400; color: #303030;\">La Mulassa nos llevar\u00e1 por una sesi\u00f3n llena de personajes que buscan, desean, luchan, se equivocan y siguen adelante. Historias de vida, herencia, libertad y monta\u00f1a, con protagonistas que, cada uno a su manera, intentan encontrar su lugar en el mundo. <\/span>[\/vc_column_text]<div class=\"clearboth\"><\/div><style>#thegem-divider-6a97a6c80f0cf {margin-top: 10px !important;}<\/style><div id=\"thegem-divider-6a97a6c80f0cf\" class=\"gem-divider  \" style=\"\" ><\/div>[vc_column_text css=\u00bb\u00bb]<span style=\"color: #303030;\">Precio: <strong>3 \u20ac <\/strong> <\/span><br \/>\n<span style=\"color: #303030;\">Reserva recomendada. Aforo limitado.<br \/>\n<\/span><span style=\"color: #303030;\">D\u00f3nde: Reial Alfol\u00ed \u00b7 Gerri de la Sal<\/span>[\/vc_column_text]<style type=\"text\/css\">.thegem-button-6a97a6c80f1108356 .gem-button svg {fill: #FFFFFF;}.thegem-button-6a97a6c80f1108356 .gem-button:hover svg {fill: #9D1818;}<\/style><div class=\"gem-button-container gem-button-position-inline thegem-button-6a97a6c80f1108356    \"  ><a class=\"gem-button gem-button-size-tiny gem-button-style-flat gem-button-text-weight-normal\" data-ll-effect=\"drop-right-without-wrap\" style=\"border-radius: 3px;background-color: #9D1818;color: #FFFFFF;\" onmouseleave=\"this.style.backgroundColor='#9D1818';this.style.color='#FFFFFF';\" onmouseenter=\"this.style.backgroundColor='#FFFFFF';this.style.color='#9D1818';\" href=\"https:\/\/tabacafilmfest.entrapolis.com\/entrades\/mulassa\" target=\"_blank\">Reserva<\/a><\/div> [vc_empty_space height=\u00bb8px\u00bb][vc_row_inner mobile_margin_top=\u00bb30&#8243;][vc_column_inner width=\u00bb1\/4&#8243;][vc_single_image image=\u00bb40446&#8243; img_size=\u00bb\u00bb css=\u00bb\u00bb][\/vc_column_inner][vc_column_inner width=\u00bb3\/4&#8243; mobile_margin_top=\u00bb-30&#8243;][vc_column_text css=\u00bb.vc_custom_1788298785993{padding-top: 35px !important;}\u00bb]<strong><span style=\"color: #303030;\">L\u2019AMOUR <\/span><\/strong><span style=\"color: #303030;\">&#8211; <\/span><span style=\"color: #303030;\">29 min \/ Documental \/ Direcci\u00f3n: Amanda Meunier \/ Francia \/ 2023<br \/>\nEntra\u00f1able retrato sobre el amor y la soledad en las monta\u00f1as del Pirineo franc\u00e9s.<\/span>[\/vc_column_text][\/vc_column_inner][\/vc_row_inner][vc_empty_space height=\u00bb8px\u00bb][vc_row_inner mobile_margin_top=\u00bb30&#8243;][vc_column_inner width=\u00bb1\/4&#8243;][vc_single_image image=\u00bb40450&#8243; img_size=\u00bb\u00bb css=\u00bb\u00bb][\/vc_column_inner][vc_column_inner width=\u00bb3\/4&#8243; mobile_margin_top=\u00bb-30&#8243;][vc_column_text css=\u00bb.vc_custom_1788298803909{padding-top: 15px !important;}\u00bb]<strong><span style=\"color: #303030;\">LUZ DIABLA <\/span><\/strong><span style=\"color: #303030;\">&#8211; <\/span><span style=\"color: #303030;\">11 min \/ Animaci\u00f3n \/ Direcci\u00f3n: Gervasio Canda, Paula Boffo y Patricio Plaza \/ Argentina \/ Castellano \/ 2025<br \/>\nMart\u00edn, un joven raver urbano, se ve implicado en un extra\u00f1o accidente de carretera mientras viaja hacia una fiesta en el coraz\u00f3n de la Pampa argentina. Buscando refugio en una misteriosa taberna rural, la paranoia se va apoderando progresivamente de \u00e9l.<\/span>[\/vc_column_text][\/vc_column_inner][\/vc_row_inner][vc_empty_space height=\u00bb8px\u00bb][vc_row_inner mobile_margin_top=\u00bb30&#8243;][vc_column_inner width=\u00bb1\/4&#8243;][vc_single_image image=\u00bb40458&#8243; img_size=\u00bb\u00bb css=\u00bb\u00bb][\/vc_column_inner][vc_column_inner width=\u00bb3\/4&#8243; mobile_margin_top=\u00bb-30&#8243;][vc_column_text css=\u00bb.vc_custom_1788298818841{padding-top: 25px !important;}\u00bb]<strong><span style=\"color: #303030;\">EL PR\u00cdNCIPE NIGERIANO <\/span><\/strong><span style=\"color: #303030;\">&#8211; <\/span><span style=\"color: #303030;\">17 min \/ Ficci\u00f3n \/ Direcci\u00f3n: Marcel Sesplugues \/ Espa\u00f1a \/ Catal\u00e1n y Castellano \/ 2025<br \/>\nGuillermo trabaja en una inmobiliaria y sue\u00f1a con mudarse a Miami. Para conseguirlo, acepta un trato con su vecina Carme, que quiere comprar un piso.<\/span>[\/vc_column_text][\/vc_column_inner][\/vc_row_inner][vc_empty_space height=\u00bb8px\u00bb][vc_row_inner mobile_margin_top=\u00bb30&#8243;][vc_column_inner width=\u00bb1\/4&#8243;][vc_single_image image=\u00bb40454&#8243; img_size=\u00bb\u00bb css=\u00bb\u00bb][\/vc_column_inner][vc_column_inner width=\u00bb3\/4&#8243; mobile_margin_top=\u00bb-30&#8243;][vc_column_text css=\u00bb.vc_custom_1788298832476{padding-top: 25px !important;}\u00bb]<strong><span style=\"color: #303030;\">MAJONEZ\u00cb <\/span><\/strong><span style=\"color: #303030;\">&#8211; <\/span><span style=\"color: #303030;\">22 min \/ Ficci\u00f3n \/ Direcci\u00f3n: Giulia Grandinetti \/ Italia \/ Alban\u00e9s y Serbio \/ 2024<br \/>\nElyria vive con su familia en un remoto pueblo de monta\u00f1a de Albania, bajo la autoridad inflexible de su padre. Atrapada en una sociedad opresiva, cada vez le cuesta m\u00e1s contener la rabia que crece en su interior.<\/span>[\/vc_column_text][\/vc_column_inner][\/vc_row_inner][\/vc_tta_section][vc_tta_section title=\u00bb<b>22h GRIF\u00d3<\/b> &#8211; Acto de entrega de premios\u00bb tab_id=\u00bb26-setembre-22h\u00bb]<div class=\"clearboth\"><\/div><style>#thegem-divider-6a97a6c80f135 {margin-top: -35px !important;}<\/style><div id=\"thegem-divider-6a97a6c80f135\" class=\"gem-divider  \" style=\"\" ><\/div>[vc_column_text css=\u00bb\u00bb]<span style=\"font-weight: 400; color: #303030;\">Dicen que los grifos, mitad le\u00f3n y mitad \u00e1guila, custodiaban los tesoros m\u00e1s preciados. Este ser\u00e1 el momento de descubrir qui\u00e9n se llevar\u00e1 los galardones de la tercera edici\u00f3n del Tabaca Film Fest. <\/span><\/p>\n<p><span style=\"font-weight: 400; color: #303030;\">Desvelaremos los premios del jurado, conoceremos el Premio del P\u00fablico que habr\u00e9is ayudado a decidir a lo largo del festival y recibiremos a cineastas e invitados muy especiales. Habr\u00e1 sorteos, regalos y alguna sorpresa m\u00e1s. <\/span><\/p>\n<p><span style=\"font-weight: 400; color: #303030;\">Y todo ello, con Esperanceta de Casa Gassia como maestra de ceremonias. A partir de aqu\u00ed, no podemos garantizar mucho m\u00e1s. Solo que nos llevar\u00e1 por donde ella quiera. <\/span>[\/vc_column_text]<div class=\"clearboth\"><\/div><style>#thegem-divider-6a97a6c80f153 {margin-top: 35px !important;}<\/style><div id=\"thegem-divider-6a97a6c80f153\" class=\"gem-divider  \" style=\"\" ><\/div>[vc_column_text css=\u00bb\u00bb]<span style=\"color: #303030;\"><strong>Actividad gratuita.<br \/>\n<\/strong><span style=\"font-weight: 400;\">Reserva recomendada. Plazas limitadas.<br \/>\n<\/span>D\u00f3nde: <span style=\"font-weight: 400;\">Reial Alfol\u00ed <\/span> \u00b7 Gerri de la Sal<\/span><i><\/i>[\/vc_column_text]<style type=\"text\/css\">.thegem-button-6a97a6c80f1903243 .gem-button svg {fill: #FFFFFF;}.thegem-button-6a97a6c80f1903243 .gem-button:hover svg {fill: #9D1818;}<\/style><div class=\"gem-button-container gem-button-position-inline thegem-button-6a97a6c80f1903243    \"  ><a class=\"gem-button gem-button-size-tiny gem-button-style-flat gem-button-text-weight-normal\" data-ll-effect=\"drop-right-without-wrap\" style=\"border-radius: 3px;background-color: #9D1818;color: #FFFFFF;\" onmouseleave=\"this.style.backgroundColor='#9D1818';this.style.color='#FFFFFF';\" onmouseenter=\"this.style.backgroundColor='#FFFFFF';this.style.color='#9D1818';\" href=\"https:\/\/tabacafilmfest.entrapolis.com\/entrades\/grifo\" target=\"_blank\">Reserva<\/a><\/div> [\/vc_tta_section][vc_tta_section title=\u00bb<b>23h MANT\u00cdCORA<\/b> &#8211; Sesi\u00f3n doble de DJs: Las Duras + PdPijas\u00bb tab_id=\u00bb26-setembre-23h\u00bb]<div class=\"clearboth\"><\/div><style>#thegem-divider-6a97a6c80f1bf {margin-top: -35px !important;}<\/style><div id=\"thegem-divider-6a97a6c80f1bf\" class=\"gem-divider  \" style=\"\" ><\/div>[vc_column_text css=\u00bb\u00bb]<span style=\"font-weight: 400; color: #303030;\">La Mant\u00edcora es una bestia imposible. Una mezcla de criaturas que, contra todo pron\u00f3stico, funciona. <\/span><\/p>\n<p><span style=\"font-weight: 400; color: #303030;\">Despu\u00e9s de los premios, se acaban las formalidades.<\/span><\/p>\n<p><span style=\"font-weight: 400; color: #303030;\">Las Duras vuelven al Tabaca y PdPijas se estrenan oficialmente. Dos generaciones, dos universos y una sola pista. <\/span><\/p>\n<p><span style=\"font-weight: 400; color: #303030;\">La \u00faltima noche del Tabaca no se explica. Se baila. <\/span>[\/vc_column_text]<div class=\"clearboth\"><\/div><style>#thegem-divider-6a97a6c80f1db {margin-top: 35px !important;}<\/style><div id=\"thegem-divider-6a97a6c80f1db\" class=\"gem-divider  \" style=\"\" ><\/div>[vc_column_text css=\u00bb\u00bb]<span style=\"color: #303030;\"><strong>Actividad gratuita y sin reserva.<br \/>\n<\/strong><\/span><span style=\"font-weight: 400; color: #303030;\">Aforo limitado. Entrada libre, por orden de llegada.<br \/>\n<\/span><span style=\"color: #303030;\">D\u00f3nde: <span style=\"font-weight: 400;\">Reial Alfol\u00ed <\/span> \u00b7 Gerri de la Sal<\/span><i><\/i>[\/vc_column_text][\/vc_tta_section][\/vc_tta_accordion][\/vc_column][\/vc_row][vc_row][vc_column tablet_margin_left=\u00bb12&#8243; tablet_margin_right=\u00bb12&#8243; mobile_margin_left=\u00bb12&#8243; mobile_margin_right=\u00bb12&#8243;]<div class=\"clearboth\"><\/div><style>#thegem-divider-6a97a6c80f1f4 {margin-top: 25px !important;}<\/style><div id=\"thegem-divider-6a97a6c80f1f4\" class=\"gem-divider  \" style=\"\" ><\/div>[vc_column_text css=\u00bb.vc_custom_1788164274159{margin-bottom: 8px !important;}\u00bb]<span style=\"font-family: Helvetica; font-size: 14pt; color: #9d1818;\"><strong><u>DOMINGO <\/u><\/strong><strong><u>27 DE SEPTIEMBRE<\/u><\/strong><\/span>[\/vc_column_text][\/vc_column][\/vc_row][vc_row css=\u00bb.vc_custom_1754505535908{margin-left: 30px !important;}\u00bb mobile_margin_left=\u00bb-15&#8243; mobile_margin_right=\u00bb4&#8243;][vc_column offset=\u00bbvc_col-lg-12&#8243; tablet_margin_left=\u00bb12&#8243; tablet_margin_right=\u00bb12&#8243; mobile_margin_left=\u00bb12&#8243; mobile_margin_right=\u00bb12&#8243;][vc_tta_accordion style=\u00bbsimple_arrow\u00bb color=\u00bbmulled-wine\u00bb spacing=\u00bb1&#8243; c_icon=\u00bbtriangle\u00bb c_position=\u00bbright\u00bb active_section=\u00bbfalse\u00bb no_fill=\u00bbtrue\u00bb collapsible_all=\u00bbtrue\u00bb][vc_tta_section title=\u00bb<b>11h STRIGA<\/b> &#8211; Ponencia sobre brujer\u00eda pirenaica, de Pau Castell\u00bb tab_id=\u00bb27-setembre-11h\u00bb]<div class=\"clearboth\"><\/div><style>#thegem-divider-6a97a6c80f20b {margin-top: -35px !important;}<\/style><div id=\"thegem-divider-6a97a6c80f20b\" class=\"gem-divider  \" style=\"\" ><\/div>[vc_column_text css=\u00bb\u00bb]<span style=\"font-weight: 400; color: #303030;\">De brujas se ha hablado mucho. Pero hay pocas personas que las hayan estudiado como Pau Castell. <\/span><\/p>\n<p><span style=\"font-weight: 400; color: #303030;\">Historiador medievalista nacido en Tremp, profesor de la Universitat de Barcelona y uno de los grandes expertos en la caza de brujas en Catalu\u00f1a, lleva a\u00f1os rastreando archivos y procesos judiciales para reconstruir una historia especialmente intensa en el Pirineo.<\/span><\/p>\n<p><span style=\"font-weight: 400; color: #303030;\">Y es que el Pallars ocupa un lugar sorprendente en esta historia: \u00bfsab\u00edais que la primera legislaci\u00f3n europea conocida contra el crimen de brujer\u00eda, de 1424, es originaria de les Valls d\u2019\u00c0neu?<\/span><\/p>\n<p><span style=\"font-weight: 400; color: #303030;\">En el Tabaca, Pau Castell nos acercar\u00e1 a casos de brujer\u00eda pirenaica poco conocidos, algunos surgidos del propio Baix Pallars. Mujeres acusadas, juicios, miedos, creencias y persecuciones que sucedieron mucho m\u00e1s cerca de lo que imaginamos. <\/span><\/p>\n<p><span style=\"font-weight: 400; color: #303030;\">La Striga, esa figura femenina nocturna que atraviesa desde hace siglos el imaginario europeo, sobrevolar\u00e1 inevitablemente la sala. <\/span>[\/vc_column_text]<div class=\"clearboth\"><\/div><style>#thegem-divider-6a97a6c80f222 {margin-top: 35px !important;}<\/style><div id=\"thegem-divider-6a97a6c80f222\" class=\"gem-divider  \" style=\"\" ><\/div>[vc_column_text css=\u00bb\u00bb]<span style=\"color: #303030;\"><strong>Actividad gratuita y sin reserva.<\/strong><br \/>\nAforo limitado. Entrada libre, por orden de llegada.<br \/>\nD\u00f3nde:<span style=\"font-weight: 400;\"> Reial Alfol\u00ed, Gerri de la Sal<br \/>\n<\/span><i>Actividad adherida a Apropa Cultura<\/i> <\/span>[\/vc_column_text][\/vc_tta_section][vc_tta_section tab_id=\u00bb27-setembre-13h\u00bb title=\u00bb<b>13h BAKU<\/b> &#8211; Clausura del festival \u00b7 Obra de teatro \u201cSue\u00f1os Perversos\u201d, de la Cooperativa Alba Juss\u00e0\u00bb]<div class=\"clearboth\"><\/div><style>#thegem-divider-6a97a6c80f23b {margin-top: -35px !important;}<\/style><div id=\"thegem-divider-6a97a6c80f23b\" class=\"gem-divider  \" style=\"\" ><\/div>[vc_column_text css=\u00bb\u00bb]<span style=\"font-weight: 400; color: #303030;\">Dice la leyenda japonesa que el Baku, otra bestia h\u00edbrida, devora las pesadillas. Este mediod\u00eda tendr\u00e1 mucho trabajo. <\/span><\/p>\n<p><span style=\"font-weight: 400; color: #303030;\">Despu\u00e9s de emocionarnos el a\u00f1o pasado con \u201cUn pueblo bajo las aguas\u201d, la cooperativa Alba Juss\u00e0 vuelve al Tabaca con una propuesta dif\u00edcil de encasillar: teatro y cine conviven en un mismo escenario con m\u00e1s de veinte int\u00e9rpretes y un imaginario absolutamente desbordante.<\/span><\/p>\n<p><span style=\"font-weight: 400; color: #303030;\">\u201cSue\u00f1os perversos\u201d, dirigida por Eduard Muntada, nos permitir\u00e1 conocer las travesuras de los minairons, la ira de Zeus y al inquietante Caronte a trav\u00e9s de una obra teatral que incluye tres cortometrajes creados por los propios int\u00e9rpretes.<\/span><\/p>\n<p><span style=\"font-weight: 400; color: #303030;\">Mito, cine, teatro, humor y creatividad en estado puro. Una de las propuestas m\u00e1s singulares de esta edici\u00f3n, y la mejor manera de clausurarla. <\/span>[\/vc_column_text]<div class=\"clearboth\"><\/div><style>#thegem-divider-6a97a6c80f251 {margin-top: 35px !important;}<\/style><div id=\"thegem-divider-6a97a6c80f251\" class=\"gem-divider  \" style=\"\" ><\/div>[vc_column_text css=\u00bb\u00bb]<span style=\"color: #303030;\"><strong>Actividad gratuita y sin reserva.<\/strong><br \/>\nAforo limitado. Entrada libre, por orden de llegada.<br \/>\nD\u00f3nde:<span style=\"font-weight: 400;\"> Reial Alfol\u00ed, Gerri de la Sal<br \/>\n<\/span><i>Actividad adherida a Apropa Cultura<\/i> <\/span>[\/vc_column_text][\/vc_tta_section][\/vc_tta_accordion][\/vc_column][\/vc_row][vc_row][vc_column]<div class=\"clearboth\"><\/div><style>#thegem-divider-6a97a6c80f268 {margin-top: 18px !important;}<\/style><div id=\"thegem-divider-6a97a6c80f268\" class=\"gem-divider  \" style=\"\" ><\/div>[\/vc_column][\/vc_row][vc_row tablet_margin_left=\u00bb12&#8243; tablet_margin_right=\u00bb12&#8243; mobile_margin_left=\u00bb12&#8243; mobile_margin_right=\u00bb12&#8243;][vc_column css=\u00bb.vc_custom_1788035328382{padding-right: 33px !important;padding-left: 33px !important;background-color: #F5F4D6D6 !important;}\u00bb][vc_column_text css=\u00bb\u00bb]<span style=\"font-family: Helvetica; font-size: 14pt; color: #9d1818;\"><strong>Y entre pel\u00edcula y pel\u00edcula\u2026 SUPO-SUPO<\/strong><\/span>[\/vc_column_text]<div class=\"clearboth\"><\/div><style>#thegem-divider-6a97a6c80f27e {margin-top: 25px !important;}<\/style><div id=\"thegem-divider-6a97a6c80f27e\" class=\"gem-divider  \" style=\"\" ><\/div>[vc_column_text css=\u00bb\u00bb]<span style=\"font-weight: 400; color: #303030;\">La sala de cine del Reial Alfol\u00ed estar\u00e1 flanqueada por dos espacios donde seguir alimentando el imaginario \u2014y la conversaci\u00f3n\u2014 m\u00e1s all\u00e1 de la pantalla.<\/span><\/p>\n<p><span style=\"font-weight: 400; color: #303030;\">A la entrada podr\u00e9is visitar \u201cProtegiu-nos de tot mal\u201d, la magn\u00edfica exposici\u00f3n de Jordi Borr\u00e0s, un recorrido visual por creencias, rituales y formas de protecci\u00f3n que todav\u00eda perviven en nuestro territorio.<\/span><\/p>\n<p><span style=\"font-weight: 400; color: #303030;\">Y a la salida, encontrar\u00e9is el SUPO-SUPO. <\/span><\/p>\n<p><span style=\"font-weight: 400; color: #303030;\">En pallar\u00e9s, hacer supo-supo significa encontrarse por casualidad, coincidir inesperadamente. <\/span><\/p>\n<p><span style=\"font-weight: 400; color: #303030;\">En el Tabaca Film Fest, el SUPO-SUPO ser\u00e1 un espacio de encuentro informal para comentar, curiosear, descubrir y sorprendernos. Habr\u00e1 una peque\u00f1a muestra de productos y artesan\u00eda del territorio, cervecer\u00eda-bar, merchandising, espacio de lectura\u2026 Tambi\u00e9n encontrar\u00e9is la mesa para las votaciones del p\u00fablico y otras peque\u00f1as cosas que ir\u00e1n sucediendo. <\/span><\/p>\n<p><span style=\"font-weight: 400; color: #303030;\">Y es que el festival contin\u00faa cuando se encienden las luces de la sala: en las conversaciones, las coincidencias y los encuentros.<\/span>[\/vc_column_text]<div class=\"clearboth\"><\/div><style>#thegem-divider-6a97a6c80f293 {margin-top: 40px !important;}<\/style><div id=\"thegem-divider-6a97a6c80f293\" class=\"gem-divider  \" style=\"\" ><\/div>[\/vc_column][\/vc_row][vc_row][vc_column]<div class=\"clearboth\"><\/div><style>#thegem-divider-6a97a6c80f2a9 {margin-top: 100px !important;}<\/style><div id=\"thegem-divider-6a97a6c80f2a9\" class=\"gem-divider  \" style=\"\" ><\/div>[\/vc_column][\/vc_row]<\/p>\n<\/div>","protected":false},"excerpt":{"rendered":"<p>[vc_row full_width=\u00bbstretch_row\u00bb content_placement=\u00bbmiddle\u00bb el_disable_tablet=\u00bb1&#8243; el_disable_mobile=\u00bb1&#8243; thegem_background_overlay=\u00bbtrue\u00bb css=\u00bb.vc_custom_1754328873184{background-image: url(https:\/\/www.tabacafilmfest.com\/wp-content\/uploads\/2025\/08\/ACPS_469549_210005130002374-scaled.jpg?id=36224) !important;background-position: center !important;background-repeat: no-repeat !important;background-size: cover !important;}\u00bb thegem_background_overlay_color=\u00bb#3939394F\u00bb][vc_column offset=\u00bbvc_hidden-xs\u00bb css=\u00bb.vc_custom_1743277871422{margin-top: 200px !important;margin-bottom:&#8230;<\/p>\n","protected":false},"author":1,"featured_media":0,"parent":0,"menu_order":1,"comment_status":"closed","ping_status":"closed","template":"","meta":{"_monsterinsights_skip_tracking":false,"footnotes":""},"class_list":["post-39796","page","type-page","status-publish"],"yoast_head":"<!-- This site is optimized with the Yoast SEO plugin v25.1 - https:\/\/yoast.com\/wordpress\/plugins\/seo\/ -->\n<title>Programa 2026 | Tabaca Film Fest<\/title>\n<meta name=\"description\" content=\"Programa 2026, descubre el programa oficial de la tercera edici\u00f3n del Tabaca Film Fest\" \/>\n<meta name=\"robots\" content=\"index, follow, max-snippet:-1, max-image-preview:large, max-video-preview:-1\" \/>\n<link rel=\"canonical\" href=\"https:\/\/www.tabacafilmfest.com\/es\/programa-2026\/\" \/>\n<meta property=\"og:locale\" content=\"es_ES\" \/>\n<meta property=\"og:type\" content=\"article\" \/>\n<meta property=\"og:title\" content=\"Programa 2026 | Tabaca Film Fest\" \/>\n<meta property=\"og:description\" content=\"Programa 2026, descubre el programa oficial de la tercera edici\u00f3n del Tabaca Film Fest\" \/>\n<meta property=\"og:url\" content=\"https:\/\/www.tabacafilmfest.com\/es\/programa-2026\/\" \/>\n<meta property=\"og:site_name\" content=\"Tabaca Film Fest\" \/>\n<meta property=\"article:modified_time\" content=\"2026-09-01T21:40:39+00:00\" \/>\n<meta name=\"twitter:card\" content=\"summary_large_image\" \/>\n<meta name=\"twitter:label1\" content=\"Tiempo de lectura\" \/>\n\t<meta name=\"twitter:data1\" content=\"46 minutos\" \/>\n<script type=\"application\/ld+json\" class=\"yoast-schema-graph\">{\"@context\":\"https:\/\/schema.org\",\"@graph\":[{\"@type\":\"WebPage\",\"@id\":\"https:\/\/www.tabacafilmfest.com\/es\/programa-2026\/\",\"url\":\"https:\/\/www.tabacafilmfest.com\/es\/programa-2026\/\",\"name\":\"Programa 2026 | Tabaca Film Fest\",\"isPartOf\":{\"@id\":\"https:\/\/www.tabacafilmfest.com\/#website\"},\"datePublished\":\"2026-08-29T18:03:32+00:00\",\"dateModified\":\"2026-09-01T21:40:39+00:00\",\"description\":\"Programa 2026, descubre el programa oficial de la tercera edici\u00f3n del Tabaca Film Fest\",\"breadcrumb\":{\"@id\":\"https:\/\/www.tabacafilmfest.com\/es\/programa-2026\/#breadcrumb\"},\"inLanguage\":\"es\",\"potentialAction\":[{\"@type\":\"ReadAction\",\"target\":[\"https:\/\/www.tabacafilmfest.com\/es\/programa-2026\/\"]}]},{\"@type\":\"BreadcrumbList\",\"@id\":\"https:\/\/www.tabacafilmfest.com\/es\/programa-2026\/#breadcrumb\",\"itemListElement\":[{\"@type\":\"ListItem\",\"position\":1,\"name\":\"Inici\",\"item\":\"https:\/\/www.tabacafilmfest.com\/es\/\"},{\"@type\":\"ListItem\",\"position\":2,\"name\":\"PROGRAMA 2026\"}]},{\"@type\":\"WebSite\",\"@id\":\"https:\/\/www.tabacafilmfest.com\/#website\",\"url\":\"https:\/\/www.tabacafilmfest.com\/\",\"name\":\"Tabaca Film Fest - Festival de Cinema Mitol\u00f2gic dels Pirineus\",\"description\":\"Lo Festival de Cinema Mitol\u00f2gic dels Pirineus. 2a ed. de l&#039;11 al 14 de setembre de 2025.\",\"publisher\":{\"@id\":\"https:\/\/www.tabacafilmfest.com\/#organization\"},\"potentialAction\":[{\"@type\":\"SearchAction\",\"target\":{\"@type\":\"EntryPoint\",\"urlTemplate\":\"https:\/\/www.tabacafilmfest.com\/?s={search_term_string}\"},\"query-input\":{\"@type\":\"PropertyValueSpecification\",\"valueRequired\":true,\"valueName\":\"search_term_string\"}}],\"inLanguage\":\"es\"},{\"@type\":\"Organization\",\"@id\":\"https:\/\/www.tabacafilmfest.com\/#organization\",\"name\":\"Tabaca Film Fest - Festival de Cinema Mitol\u00f2gic dels Pirineus\",\"url\":\"https:\/\/www.tabacafilmfest.com\/\",\"logo\":{\"@type\":\"ImageObject\",\"inLanguage\":\"es\",\"@id\":\"https:\/\/www.tabacafilmfest.com\/#\/schema\/logo\/image\/\",\"url\":\"https:\/\/www.tabacafilmfest.com\/wp-content\/uploads\/2020\/06\/LOGO-TABACA-2025-POSITIU-SF.png\",\"contentUrl\":\"https:\/\/www.tabacafilmfest.com\/wp-content\/uploads\/2020\/06\/LOGO-TABACA-2025-POSITIU-SF.png\",\"width\":1191,\"height\":863,\"caption\":\"Tabaca Film Fest - Festival de Cinema Mitol\u00f2gic dels Pirineus\"},\"image\":{\"@id\":\"https:\/\/www.tabacafilmfest.com\/#\/schema\/logo\/image\/\"},\"sameAs\":[\"https:\/\/www.instagram.com\/tabacafilmfest\"]}]}<\/script>\n<!-- \/ Yoast SEO plugin. -->","yoast_head_json":{"title":"Programa 2026 | Tabaca Film Fest","description":"Programa 2026, descubre el programa oficial de la tercera edici\u00f3n del Tabaca Film Fest","robots":{"index":"index","follow":"follow","max-snippet":"max-snippet:-1","max-image-preview":"max-image-preview:large","max-video-preview":"max-video-preview:-1"},"canonical":"https:\/\/www.tabacafilmfest.com\/es\/programa-2026\/","og_locale":"es_ES","og_type":"article","og_title":"Programa 2026 | Tabaca Film Fest","og_description":"Programa 2026, descubre el programa oficial de la tercera edici\u00f3n del Tabaca Film Fest","og_url":"https:\/\/www.tabacafilmfest.com\/es\/programa-2026\/","og_site_name":"Tabaca Film Fest","article_modified_time":"2026-09-01T21:40:39+00:00","twitter_card":"summary_large_image","twitter_misc":{"Tiempo de lectura":"46 minutos"},"schema":{"@context":"https:\/\/schema.org","@graph":[{"@type":"WebPage","@id":"https:\/\/www.tabacafilmfest.com\/es\/programa-2026\/","url":"https:\/\/www.tabacafilmfest.com\/es\/programa-2026\/","name":"Programa 2026 | Tabaca Film Fest","isPartOf":{"@id":"https:\/\/www.tabacafilmfest.com\/#website"},"datePublished":"2026-08-29T18:03:32+00:00","dateModified":"2026-09-01T21:40:39+00:00","description":"Programa 2026, descubre el programa oficial de la tercera edici\u00f3n del Tabaca Film Fest","breadcrumb":{"@id":"https:\/\/www.tabacafilmfest.com\/es\/programa-2026\/#breadcrumb"},"inLanguage":"es","potentialAction":[{"@type":"ReadAction","target":["https:\/\/www.tabacafilmfest.com\/es\/programa-2026\/"]}]},{"@type":"BreadcrumbList","@id":"https:\/\/www.tabacafilmfest.com\/es\/programa-2026\/#breadcrumb","itemListElement":[{"@type":"ListItem","position":1,"name":"Inici","item":"https:\/\/www.tabacafilmfest.com\/es\/"},{"@type":"ListItem","position":2,"name":"PROGRAMA 2026"}]},{"@type":"WebSite","@id":"https:\/\/www.tabacafilmfest.com\/#website","url":"https:\/\/www.tabacafilmfest.com\/","name":"Tabaca Film Fest - Festival de Cinema Mitol\u00f2gic dels Pirineus","description":"Lo Festival de Cinema Mitol\u00f2gic dels Pirineus. 2a ed. de l&#039;11 al 14 de setembre de 2025.","publisher":{"@id":"https:\/\/www.tabacafilmfest.com\/#organization"},"potentialAction":[{"@type":"SearchAction","target":{"@type":"EntryPoint","urlTemplate":"https:\/\/www.tabacafilmfest.com\/?s={search_term_string}"},"query-input":{"@type":"PropertyValueSpecification","valueRequired":true,"valueName":"search_term_string"}}],"inLanguage":"es"},{"@type":"Organization","@id":"https:\/\/www.tabacafilmfest.com\/#organization","name":"Tabaca Film Fest - Festival de Cinema Mitol\u00f2gic dels Pirineus","url":"https:\/\/www.tabacafilmfest.com\/","logo":{"@type":"ImageObject","inLanguage":"es","@id":"https:\/\/www.tabacafilmfest.com\/#\/schema\/logo\/image\/","url":"https:\/\/www.tabacafilmfest.com\/wp-content\/uploads\/2020\/06\/LOGO-TABACA-2025-POSITIU-SF.png","contentUrl":"https:\/\/www.tabacafilmfest.com\/wp-content\/uploads\/2020\/06\/LOGO-TABACA-2025-POSITIU-SF.png","width":1191,"height":863,"caption":"Tabaca Film Fest - Festival de Cinema Mitol\u00f2gic dels Pirineus"},"image":{"@id":"https:\/\/www.tabacafilmfest.com\/#\/schema\/logo\/image\/"},"sameAs":["https:\/\/www.instagram.com\/tabacafilmfest"]}]}},"_links":{"self":[{"href":"https:\/\/www.tabacafilmfest.com\/es\/wp-json\/wp\/v2\/pages\/39796","targetHints":{"allow":["GET"]}}],"collection":[{"href":"https:\/\/www.tabacafilmfest.com\/es\/wp-json\/wp\/v2\/pages"}],"about":[{"href":"https:\/\/www.tabacafilmfest.com\/es\/wp-json\/wp\/v2\/types\/page"}],"author":[{"embeddable":true,"href":"https:\/\/www.tabacafilmfest.com\/es\/wp-json\/wp\/v2\/users\/1"}],"replies":[{"embeddable":true,"href":"https:\/\/www.tabacafilmfest.com\/es\/wp-json\/wp\/v2\/comments?post=39796"}],"version-history":[{"count":59,"href":"https:\/\/www.tabacafilmfest.com\/es\/wp-json\/wp\/v2\/pages\/39796\/revisions"}],"predecessor-version":[{"id":40152,"href":"https:\/\/www.tabacafilmfest.com\/es\/wp-json\/wp\/v2\/pages\/39796\/revisions\/40152"}],"wp:attachment":[{"href":"https:\/\/www.tabacafilmfest.com\/es\/wp-json\/wp\/v2\/media?parent=39796"}],"curies":[{"name":"wp","href":"https:\/\/api.w.org\/{rel}","templated":true}]}}