{"id":36341,"date":"2025-08-08T10:35:39","date_gmt":"2025-08-08T08:35:39","guid":{"rendered":"https:\/\/www.tabacafilmfest.com\/?page_id=36341"},"modified":"2026-09-02T20:22:31","modified_gmt":"2026-09-02T18:22:31","slug":"jury","status":"publish","type":"page","link":"https:\/\/www.tabacafilmfest.com\/fr\/jury\/","title":{"rendered":"JURY"},"content":{"rendered":"<div class=\"wpb-content-wrapper\"><p>[vc_row full_width=\u00a0\u00bbstretch_row\u00a0\u00bb content_placement=\u00a0\u00bbmiddle\u00a0\u00bb el_disable_tablet=\u00a0\u00bb1&Prime; el_disable_mobile=\u00a0\u00bb1&Prime; thegem_background_overlay=\u00a0\u00bbtrue\u00a0\u00bb css=\u00a0\u00bb.vc_custom_1754642609038{background-image: url(https:\/\/www.tabacafilmfest.com\/wp-content\/uploads\/2025\/08\/JURAT-TABACA2.jpg?id=36362) !important;background-position: center !important;background-repeat: no-repeat !important;background-size: cover !important;}\u00a0\u00bb thegem_background_overlay_color=\u00a0\u00bb#3939394F\u00a0\u00bb][vc_column offset=\u00a0\u00bbvc_hidden-xs\u00a0\u00bb css=\u00a0\u00bb.vc_custom_1743277871422{margin-top: 200px !important;margin-bottom: 450px !important;}\u00a0\u00bb][vc_column_text css=\u00a0\u00bb.vc_custom_1754642088734{margin-top: 30px !important;margin-bottom: 30px !important;}\u00a0\u00bb css_animation=\u00a0\u00bbnone\u00a0\u00bb el_class=\u00a0\u00bbcustom-font-3&Prime;]<\/p>\n<h1 class=\"title-xarge\" style=\"text-align: right;\"><span style=\"color: #f5f4d6; font-family: tusker; font-size: 100pt;\"><strong>JURY<\/strong><\/span><\/h1>\n<p>[\/vc_column_text][\/vc_column][\/vc_row][vc_row full_width=\u00a0\u00bbstretch_row\u00a0\u00bb content_placement=\u00a0\u00bbmiddle\u00a0\u00bb el_disable_desktop=\u00a0\u00bb1&Prime; thegem_background_overlay=\u00a0\u00bbtrue\u00a0\u00bb css=\u00a0\u00bb.vc_custom_1754642133712{background-image: url(https:\/\/www.tabacafilmfest.com\/wp-content\/uploads\/2025\/08\/JURAT.jpg?id=36349) !important;background-position: center !important;background-repeat: no-repeat !important;background-size: cover !important;}\u00a0\u00bb thegem_background_overlay_color=\u00a0\u00bb#3939394F\u00a0\u00bb][vc_column offset=\u00a0\u00bbvc_hidden-lg\u00a0\u00bb css=\u00a0\u00bb.vc_custom_1742814528985{margin-top: 300px !important;margin-bottom: 200px !important;}\u00a0\u00bb][vc_column_text css=\u00a0\u00bb.vc_custom_1754643113334{margin-top: 30px !important;margin-bottom: 30px !important;}\u00a0\u00bb css_animation=\u00a0\u00bbnone\u00a0\u00bb el_class=\u00a0\u00bbcustom-font-3&Prime;]<\/p>\n<h1 class=\"title-xarge\" style=\"text-align: right;\"><span style=\"color: #f5f4d6; font-family: tusker; font-size: 60pt;\"><strong>JURY<\/strong><\/span><\/h1>\n<p>[\/vc_column_text][\/vc_column][\/vc_row][vc_row][vc_column offset=\u00a0\u00bbvc_hidden-xs\u00a0\u00bb][vc_empty_space height=\u00a0\u00bb45px\u00a0\u00bb][vc_column_text css=\u00a0\u00bb\u00a0\u00bb]<span style=\"font-family: tusker; font-size: 36pt; color: #000000;\">JURY TABACA<\/span>[\/vc_column_text][\/vc_column][\/vc_row][vc_row][vc_column offset=\u00a0\u00bbvc_hidden-lg vc_hidden-md vc_hidden-sm\u00a0\u00bb][vc_empty_space height=\u00a0\u00bb92px\u00a0\u00bb][vc_column_text css=\u00a0\u00bb\u00a0\u00bb]<span style=\"font-family: tusker; font-size: 24pt; color: #000000;\">JURY TABACA<\/span>[\/vc_column_text][vc_empty_space height=\u00a0\u00bb15px\u00a0\u00bb][\/vc_column][\/vc_row][vc_row][vc_column width=\u00a0\u00bb1\/3&Prime; mobile_margin_bottom=\u00a0\u00bb45&Prime;]<div class=\"centered-box gem-image-centered-box\" ><div class=\"gem-image gem-wrapbox gem-wrapbox-style-default gem-wrapbox-position-centered  thegem-custom-6a98fbc97e6436305\"  style=\"\" ><div class=\"gem-wrapbox-inner \" ><img class=\"gem-wrapbox-element img-responsive\" src=\"https:\/\/www.tabacafilmfest.com\/wp-content\/uploads\/2026\/09\/Nuria-Prims-Tabaca-Film-Fest.webp\" alt=\"\"\/><\/div><\/div><\/div>[vc_column_text css=\u00a0\u00bb\u00a0\u00bb]<\/p>\n<p style=\"text-align: left;\"><span style=\"font-size: 18pt; color: #383838;\"><strong>N\u00daRIA PRIMS<\/strong><\/span><\/p>\n<p>[\/vc_column_text][vc_column_text css=\u00a0\u00bb\u00a0\u00bb]<span style=\"color: #383838;\">N\u00faria Prims est une actrice d&rsquo;une grande intensit\u00e9 et sensibilit\u00e9, capable de construire des personnages qui restent dans les m\u00e9moires. Tout au long de sa carri\u00e8re, elle a interpr\u00e9t\u00e9 des r\u00f4les aussi divers que la Carlana dans Incerta Gl\u00f2ria, la m\u00e8re dans Un sol radiant ou les personnages d&rsquo;Hist\u00f2ries del Kronen et Sica. Sa carri\u00e8re continue de s&rsquo;enrichir avec de nouveaux projets, comme Forastera, qui sort en septembre, et sa participation inoubliable dans El ser querido.  <\/span>[\/vc_column_text][\/vc_column][vc_column width=\u00a0\u00bb1\/3&Prime; mobile_margin_bottom=\u00a0\u00bb45&Prime;]<div class=\"centered-box gem-image-centered-box\" ><div class=\"gem-image gem-wrapbox gem-wrapbox-style-default gem-wrapbox-position-centered  thegem-custom-6a98fbc97eb0b6550\"  style=\"\" ><div class=\"gem-wrapbox-inner \" ><img class=\"gem-wrapbox-element img-responsive\" src=\"https:\/\/www.tabacafilmfest.com\/wp-content\/uploads\/2026\/09\/Lluis-Ares-Tabaca-Film-Fest.webp\" alt=\"\"\/><\/div><\/div><\/div>[vc_column_text css=\u00a0\u00bb\u00a0\u00bb]<\/p>\n<p style=\"text-align: left;\"><span style=\"font-size: 18pt; color: #383838;\"><strong>LLU\u00cdS ARES<\/strong><\/span><\/p>\n<p>[\/vc_column_text][vc_column_text css=\u00a0\u00bb\u00a0\u00bb]<span style=\"color: #383838;\">Llu\u00eds Ares vit entour\u00e9 de courts m\u00e9trages depuis de nombreuses ann\u00e9es. En tant que directeur de Fascurt, Festival de Curtmetratges del Masnou, il a contribu\u00e9 \u00e0 l&rsquo;essor d&rsquo;un \u00e9v\u00e9nement qui s&rsquo;est consolid\u00e9 comme festival qualifiant pour les Premis Goya. Membre de l&rsquo;Acad\u00e8mia Catalana de Cinema, il travaille professionnellement dans la publicit\u00e9 ainsi que dans le domaine du sc\u00e9nario et du storytelling. Il r\u00e9alise actuellement 250 g., un court m\u00e9trage avec Clara Segura et Miquel Sitjar dans les r\u00f4les principaux. Nous sommes particuli\u00e8rement ravis de l&rsquo;accueillir au Tabaca Film Fest en ce moment de d\u00e9couverte d&rsquo;une nouvelle facette cr\u00e9ative.<\/span>[\/vc_column_text][\/vc_column][vc_column width=\u00a0\u00bb1\/3&Prime;]<div class=\"centered-box gem-image-centered-box\" ><div class=\"gem-image gem-wrapbox gem-wrapbox-style-default gem-wrapbox-position-centered  thegem-custom-6a98fbc97ece87197\"  style=\"\" ><div class=\"gem-wrapbox-inner \" ><img class=\"gem-wrapbox-element img-responsive\" src=\"https:\/\/www.tabacafilmfest.com\/wp-content\/uploads\/2026\/09\/Ivan-Massague-Tabaca-Film-Fest.webp\" alt=\"\"\/><\/div><\/div><\/div>[vc_column_text css=\u00a0\u00bb\u00a0\u00bb]<\/p>\n<p style=\"text-align: left;\"><span style=\"font-size: 18pt; color: #383838;\"><strong>IVAN MASSAGU\u00c9<\/strong><\/span><\/p>\n<p>[\/vc_column_text][vc_column_text css=\u00a0\u00bb\u00a0\u00bb]<span style=\"color: #383838;\">Ivan Massagu\u00e9 est un acteur polyvalent et cam\u00e9l\u00e9on, dot\u00e9 d&rsquo;une pr\u00e9sence unique devant la cam\u00e9ra et sur sc\u00e8ne. Il a d\u00e9velopp\u00e9 une solide carri\u00e8re au cin\u00e9ma, \u00e0 la t\u00e9l\u00e9vision et au th\u00e9\u00e2tre, avec des projets aussi divers que El cor de la ciutat, Esmorza amb mi, Benvinguts a la fam\u00edlia ou El hoyo. Profond\u00e9ment engag\u00e9 envers le cin\u00e9ma de son pays, il est codirecteur de l\u2019INFCTA, le Festival de Cinema de la Terra Alta, \u00e0 Bot.  <\/span>[\/vc_column_text][\/vc_column][\/vc_row][vc_row][vc_column offset=\u00a0\u00bbvc_hidden-xs\u00a0\u00bb][vc_empty_space height=\u00a0\u00bb82px\u00a0\u00bb][vc_column_text css=\u00a0\u00bb\u00a0\u00bb]<span style=\"font-family: tusker; font-size: 36pt; color: #000000;\">JURY BITERNA<\/span>[\/vc_column_text][\/vc_column][\/vc_row][vc_row][vc_column offset=\u00a0\u00bbvc_hidden-lg vc_hidden-md vc_hidden-sm\u00a0\u00bb][vc_empty_space height=\u00a0\u00bb92px\u00a0\u00bb][vc_column_text css=\u00a0\u00bb\u00a0\u00bb]<span style=\"font-family: tusker; font-size: 24pt; color: #000000;\">JURY BITERNA<\/span>[\/vc_column_text][vc_empty_space height=\u00a0\u00bb15px\u00a0\u00bb][\/vc_column][\/vc_row][vc_row][vc_column width=\u00a0\u00bb1\/3&Prime; mobile_margin_bottom=\u00a0\u00bb45&Prime;]<div class=\"centered-box gem-image-centered-box\" ><div class=\"gem-image gem-wrapbox gem-wrapbox-style-default gem-wrapbox-position-centered  thegem-custom-6a98fbc97ee968014\"  style=\"\" ><div class=\"gem-wrapbox-inner \" ><img class=\"gem-wrapbox-element img-responsive\" src=\"https:\/\/www.tabacafilmfest.com\/wp-content\/uploads\/2026\/09\/Ramon-Alaro-Tabaca-Film-Fest.webp\" alt=\"\"\/><\/div><\/div><\/div>[vc_column_text css=\u00a0\u00bb\u00a0\u00bb]<\/p>\n<p style=\"text-align: left;\"><span style=\"font-size: 18pt; color: #383838;\"><strong>RAMON ALAR\u00d3<\/strong><\/span><\/p>\n<p>[\/vc_column_text][vc_column_text css=\u00a0\u00bb\u00a0\u00bb]<span style=\"color: #383838;\">Ramon Alar\u00f3 est un technicien audiovisuel dot\u00e9 d&rsquo;une longue exp\u00e9rience professionnelle. En 1976, il a fait ses d\u00e9buts en tant que cin\u00e9aste en tournant son premier documentaire en Super-8 et, depuis lors, il a continu\u00e9 \u00e0 travailler en suivant l&rsquo;\u00e9volution du monde audiovisuel, du cellulo\u00efd \u00e0 la vid\u00e9o et de la vid\u00e9o aux formats num\u00e9riques en Full HD et 4K. Il a travaill\u00e9 dans diverses soci\u00e9t\u00e9s de production vid\u00e9o et pour Televisi\u00f3 de Badalona, o\u00f9 il a fait partie de l&rsquo;\u00e9quipe du Filmets Badalona Film Festival pendant cinq \u00e9ditions. Il est actuellement le directeur de Curt\u00c0neu, le festival international de courts m\u00e9trages de les Valls d\u2019\u00c0neu, dans le Pallars Sobir\u00e0.   <\/span>[\/vc_column_text][\/vc_column][vc_column width=\u00a0\u00bb1\/3&Prime; mobile_margin_bottom=\u00a0\u00bb45&Prime;]<div class=\"centered-box gem-image-centered-box\" ><div class=\"gem-image gem-wrapbox gem-wrapbox-style-default gem-wrapbox-position-centered  thegem-custom-6a98fbc97f03f166\"  style=\"\" ><div class=\"gem-wrapbox-inner \" ><img class=\"gem-wrapbox-element img-responsive\" src=\"https:\/\/www.tabacafilmfest.com\/wp-content\/uploads\/2026\/09\/Pepe-Camps-Tabaca-Film-Fest.webp\" alt=\"\"\/><\/div><\/div><\/div>[vc_column_text css=\u00a0\u00bb\u00a0\u00bb]<\/p>\n<p style=\"text-align: left;\"><span style=\"font-size: 18pt; color: #383838;\"><strong>PEPE CAMPS<\/strong><\/span><\/p>\n<p>[\/vc_column_text][vc_column_text css=\u00a0\u00bb\u00a0\u00bb]<span style=\"color: #383838;\">Pepe Camps est artiste, photographe et documentariste, form\u00e9 \u00e0 l&rsquo;Escola d\u2019Art Leandre Crist\u00f2fol de Lleida. R\u00e9sidant dans le Pallars Sobir\u00e0 depuis 2001, il a d\u00e9velopp\u00e9 une grande partie de sa carri\u00e8re autour du monde rural, du paysage et des personnes qui l&rsquo;habitent. Il a travaill\u00e9 sur divers projets audiovisuels et documentaires, et son \u0153uvre photographique et d&rsquo;art vid\u00e9o a \u00e9t\u00e9 pr\u00e9sente dans diff\u00e9rents festivals, foires et espaces d&rsquo;art. Il d\u00e9veloppe actuellement de nouveaux projets de cr\u00e9ation li\u00e9s au territoire.   <\/span>[\/vc_column_text][\/vc_column][vc_column width=\u00a0\u00bb1\/3&Prime;]<div class=\"centered-box gem-image-centered-box\" ><div class=\"gem-image gem-wrapbox gem-wrapbox-style-default gem-wrapbox-position-centered  thegem-custom-6a98fbc97f1b81705\"  style=\"\" ><div class=\"gem-wrapbox-inner \" ><img class=\"gem-wrapbox-element img-responsive\" src=\"https:\/\/www.tabacafilmfest.com\/wp-content\/uploads\/2026\/09\/Anne-Paule-Beis-Tabaca-Film-Fest.webp\" alt=\"\"\/><\/div><\/div><\/div>[vc_column_text css=\u00a0\u00bb\u00a0\u00bb]<\/p>\n<p style=\"text-align: left;\"><span style=\"font-size: 18pt; color: #383838;\"><strong>ANNE-PAULE B\u00c9\u00cfS<\/strong><\/span><\/p>\n<p>[\/vc_column_text][vc_column_text css=\u00a0\u00bb\u00a0\u00bb]<span style=\"color: #383838;\">Anne-Paule B\u00e9\u00efs a d\u00e9couvert le cin\u00e9ma d\u00e8s son plus jeune \u00e2ge et, \u00e0 quatorze ans, a commenc\u00e9 \u00e0 travailler comme ouvreuse au cin\u00e9ma Jean Eustache de Pessac. Depuis vingt ans, elle vit dans un petit village des Pyr\u00e9n\u00e9es, o\u00f9 elle a d\u00e9velopp\u00e9 son parcours professionnel autour des politiques publiques locales, des transitions \u00e9cologiques, sociales et d\u00e9mocratiques, et de la participation citoyenne. Elle accompagne des projets collectifs et des processus de transformation des territoires, convaincue du pouvoir des histoires pour g\u00e9n\u00e9rer de nouveaux regards et imaginer d&rsquo;autres mani\u00e8res d&rsquo;habiter le monde.  <\/span>[\/vc_column_text][\/vc_column][\/vc_row][vc_row][vc_column offset=\u00a0\u00bbvc_hidden-xs\u00a0\u00bb][vc_empty_space height=\u00a0\u00bb82px\u00a0\u00bb][vc_column_text css=\u00a0\u00bb\u00a0\u00bb]<span style=\"font-family: tusker; font-size: 36pt; color: #000000;\">JURY GEA<\/span>[\/vc_column_text][\/vc_column][\/vc_row][vc_row][vc_column offset=\u00a0\u00bbvc_hidden-lg vc_hidden-md vc_hidden-sm\u00a0\u00bb][vc_empty_space height=\u00a0\u00bb92px\u00a0\u00bb][vc_column_text css=\u00a0\u00bb\u00a0\u00bb]<span style=\"font-family: tusker; font-size: 24pt; color: #000000;\">JURY GEA<\/span>[\/vc_column_text][vc_empty_space height=\u00a0\u00bb15px\u00a0\u00bb][\/vc_column][\/vc_row][vc_row][vc_column width=\u00a0\u00bb1\/3&Prime; mobile_margin_bottom=\u00a0\u00bb45&Prime;]<div class=\"centered-box gem-image-centered-box\" ><div class=\"gem-image gem-wrapbox gem-wrapbox-style-default gem-wrapbox-position-centered  thegem-custom-6a98fbc97f32e2741\"  style=\"\" ><div class=\"gem-wrapbox-inner \" ><img class=\"gem-wrapbox-element img-responsive\" src=\"https:\/\/www.tabacafilmfest.com\/wp-content\/uploads\/2026\/09\/Miquel-Diaz-Pont-Tabaca-Film-Fest.webp\" alt=\"\"\/><\/div><\/div><\/div>[vc_column_text css=\u00a0\u00bb\u00a0\u00bb]<\/p>\n<p style=\"text-align: left;\"><span style=\"font-size: 18pt; color: #383838;\"><strong>MIQUEL D\u00cdAZ<\/strong><\/span><\/p>\n<p>[\/vc_column_text][vc_column_text css=\u00a0\u00bb\u00a0\u00bb]<span style=\"color: #383838;\">Miquel D\u00edaz Pont est r\u00e9alisateur de cin\u00e9ma et cr\u00e9ateur audiovisuel. En 2023, il a \u00e9crit et r\u00e9alis\u00e9 son premier court m\u00e9trage, Pesudo, pr\u00e9sent\u00e9 au Sitges Film Festival et reconnu internationalement par plusieurs prix. Son \u0153uvre a \u00e9galement re\u00e7u une mention sp\u00e9ciale lors de la premi\u00e8re \u00e9dition du TABACA Film Fest. Il fait actuellement partie de l&rsquo;\u00e9quipe de r\u00e9alisateurs de la prestigieuse soci\u00e9t\u00e9 de production internationale Iconoclast.   <\/span>[\/vc_column_text][\/vc_column][vc_column width=\u00a0\u00bb1\/3&Prime; mobile_margin_bottom=\u00a0\u00bb45&Prime;]<div class=\"centered-box gem-image-centered-box\" ><div class=\"gem-image gem-wrapbox gem-wrapbox-style-default gem-wrapbox-position-centered  thegem-custom-6a98fbc97f4b97444\"  style=\"\" ><div class=\"gem-wrapbox-inner \" ><img class=\"gem-wrapbox-element img-responsive\" src=\"https:\/\/www.tabacafilmfest.com\/wp-content\/uploads\/2026\/09\/Conor-Kennedy-Tabaca-Film-Fest.webp\" alt=\"\"\/><\/div><\/div><\/div>[vc_column_text css=\u00a0\u00bb\u00a0\u00bb]<\/p>\n<p style=\"text-align: left;\"><span style=\"font-size: 18pt; color: #383838;\"><strong>CONOR KENNEDY<\/strong><\/span><\/p>\n<p>[\/vc_column_text][vc_column_text css=\u00a0\u00bb\u00a0\u00bb]<span style=\"color: #383838;\">Conor Kennedy Burke est cin\u00e9aste, professionnel du th\u00e9\u00e2tre et conteur de l&rsquo;ouest de l&rsquo;Irlande. Inspir\u00e9 par les paysages, la langue et les traditions du Galway rural, son travail explore des histoires de foyer, de m\u00e9moire culturelle et d&rsquo;appartenance, transposant la m\u00e9moire populaire dans la narration contemporaine. Lors de la deuxi\u00e8me \u00e9dition de Tabaca, ils ont remport\u00e9 le Prix du Public avec le court m\u00e9trage Puca.  <\/span>[\/vc_column_text][\/vc_column][vc_column width=\u00a0\u00bb1\/3&Prime;]<div class=\"centered-box gem-image-centered-box\" ><div class=\"gem-image gem-wrapbox gem-wrapbox-style-default gem-wrapbox-position-centered  thegem-custom-6a98fbc97f62c2159\"  style=\"\" ><div class=\"gem-wrapbox-inner \" ><img class=\"gem-wrapbox-element img-responsive\" src=\"https:\/\/www.tabacafilmfest.com\/wp-content\/uploads\/2026\/09\/EQUIP-Tabaca-Film-Fest.webp\" alt=\"\"\/><\/div><\/div><\/div>[vc_column_text css=\u00a0\u00bb\u00a0\u00bb]<\/p>\n<p style=\"text-align: left;\"><span style=\"font-size: 18pt; color: #383838;\"><strong>\u00c9QUIPE TABACA<\/strong><\/span><\/p>\n<p>[\/vc_column_text][vc_column_text css=\u00a0\u00bb\u00a0\u00bb]<span style=\"color: #383838;\">L&rsquo;\u00e9quipe du TABACA Film Fest compl\u00e8te le jury GEA.<\/span>[\/vc_column_text][\/vc_column][\/vc_row][vc_row][vc_column offset=\u00a0\u00bbvc_hidden-xs\u00a0\u00bb][vc_empty_space height=\u00a0\u00bb82px\u00a0\u00bb][vc_column_text css=\u00a0\u00bb\u00a0\u00bb]<span style=\"font-family: tusker; font-size: 36pt; color: #000000;\">JURY OFITA<\/span>[\/vc_column_text][\/vc_column][\/vc_row][vc_row][vc_column offset=\u00a0\u00bbvc_hidden-lg vc_hidden-md vc_hidden-sm\u00a0\u00bb][vc_empty_space height=\u00a0\u00bb92px\u00a0\u00bb][vc_column_text css=\u00a0\u00bb\u00a0\u00bb]<span style=\"font-family: tusker; font-size: 24pt; color: #000000;\">JURY OFITA<\/span>[\/vc_column_text][vc_empty_space height=\u00a0\u00bb15px\u00a0\u00bb][\/vc_column][\/vc_row][vc_row][vc_column width=\u00a0\u00bb1\/3&Prime; mobile_margin_bottom=\u00a0\u00bb45&Prime;]<div class=\"centered-box gem-image-centered-box\" ><div class=\"gem-image gem-wrapbox gem-wrapbox-style-default gem-wrapbox-position-centered  thegem-custom-6a98fbc97f7bb6330\"  style=\"\" ><div class=\"gem-wrapbox-inner \" ><img class=\"gem-wrapbox-element img-responsive\" src=\"https:\/\/www.tabacafilmfest.com\/wp-content\/uploads\/2026\/09\/Anna-Sentinella-Tabaca-Film-Fest.webp\" alt=\"\"\/><\/div><\/div><\/div>[vc_column_text css=\u00a0\u00bb\u00a0\u00bb]<\/p>\n<p style=\"text-align: left;\"><span style=\"font-size: 18pt; color: #383838;\"><strong>ANNA SENTINELLA<\/strong><\/span><\/p>\n<p>[\/vc_column_text][vc_column_text css=\u00a0\u00bb\u00a0\u00bb]<span style=\"color: #383838;\">Anna Sentinella, p\u00e9dagogue, m\u00e8re de trois enfants et maire de Baix Pallars. L&rsquo;initiatrice, avec sa famille, du projet du Refugi de Cuberes, qui a transform\u00e9 une ancienne maison foresti\u00e8re en un projet de vie dans le Pallars. <\/span>[\/vc_column_text][\/vc_column][vc_column width=\u00a0\u00bb1\/3&Prime; mobile_margin_bottom=\u00a0\u00bb45&Prime;]<div class=\"centered-box gem-image-centered-box\" ><div class=\"gem-image gem-wrapbox gem-wrapbox-style-default gem-wrapbox-position-centered  thegem-custom-6a98fbc97f9b15855\"  style=\"\" ><div class=\"gem-wrapbox-inner \" ><img class=\"gem-wrapbox-element img-responsive\" src=\"https:\/\/www.tabacafilmfest.com\/wp-content\/uploads\/2026\/09\/David-Saro-Arroyo-Tabaca-Film-Fest.webp\" alt=\"\"\/><\/div><\/div><\/div>[vc_column_text css=\u00a0\u00bb\u00a0\u00bb]<\/p>\n<p style=\"text-align: left;\"><span style=\"font-size: 18pt; color: #383838;\"><strong>DAVID SARO<\/strong><\/span><\/p>\n<p>[\/vc_column_text][vc_column_text css=\u00a0\u00bb\u00a0\u00bb]<span style=\"color: #383838;\">David Saro Arroyo, ing\u00e9nieur de l&rsquo;UPC, paissant dans le Pallars Sobir\u00e0 et membre 937 de l&rsquo;Associaci\u00f3 de Galtaires dels Pa\u00efsos Catalans. Suspect. Et, de temps en temps, il verse une larme de merlu.  <\/span>[\/vc_column_text][\/vc_column][vc_column width=\u00a0\u00bb1\/3&Prime;]<div class=\"centered-box gem-image-centered-box\" ><div class=\"gem-image gem-wrapbox gem-wrapbox-style-default gem-wrapbox-position-centered  thegem-custom-6a98fbc97fb578381\"  style=\"\" ><div class=\"gem-wrapbox-inner \" ><img class=\"gem-wrapbox-element img-responsive\" src=\"https:\/\/www.tabacafilmfest.com\/wp-content\/uploads\/2026\/09\/Marta-Farre-Tabaca-Film-Fest.webp\" alt=\"\"\/><\/div><\/div><\/div>[vc_column_text css=\u00a0\u00bb\u00a0\u00bb]<\/p>\n<p style=\"text-align: left;\"><span style=\"font-size: 18pt; color: #383838;\"><strong>MARTA FARR\u00c9<\/strong><\/span><\/p>\n<p>[\/vc_column_text][vc_column_text css=\u00a0\u00bb\u00a0\u00bb]<span style=\"color: #383838;\">Marta Farr\u00e9, de Casa Girallum de Gerri et actuellement r\u00e9sidente de Bresca. Historienne m\u00e9di\u00e9vale, libraire de La Singratalla de Tremp et li\u00e9e depuis 28 ans au Baix Pallars, o\u00f9 elle a \u00e9galement fait grandir le projet du Celler de Bresca. <\/span>[\/vc_column_text][\/vc_column][\/vc_row][vc_row][vc_column][vc_empty_space height=\u00a0\u00bb100px\u00a0\u00bb][\/vc_column][\/vc_row]<\/p>\n<\/div>","protected":false},"excerpt":{"rendered":"<p>[vc_row full_width=\u00a0\u00bbstretch_row\u00a0\u00bb content_placement=\u00a0\u00bbmiddle\u00a0\u00bb el_disable_tablet=\u00a0\u00bb1&Prime; el_disable_mobile=\u00a0\u00bb1&Prime; thegem_background_overlay=\u00a0\u00bbtrue\u00a0\u00bb css=\u00a0\u00bb.vc_custom_1754642609038{background-image: url(https:\/\/www.tabacafilmfest.com\/wp-content\/uploads\/2025\/08\/JURAT-TABACA2.jpg?id=36362) !important;background-position: center !important;background-repeat: no-repeat !important;background-size: cover !important;}\u00a0\u00bb thegem_background_overlay_color=\u00a0\u00bb#3939394F\u00a0\u00bb][vc_column offset=\u00a0\u00bbvc_hidden-xs\u00a0\u00bb css=\u00a0\u00bb.vc_custom_1743277871422{margin-top: 200px !important;margin-bottom:&#8230;<\/p>\n","protected":false},"author":1,"featured_media":0,"parent":0,"menu_order":1,"comment_status":"closed","ping_status":"closed","template":"","meta":{"_monsterinsights_skip_tracking":false,"footnotes":""},"class_list":["post-36341","page","type-page","status-publish"],"yoast_head":"<!-- This site is optimized with the Yoast SEO plugin v25.1 - https:\/\/yoast.com\/wordpress\/plugins\/seo\/ -->\n<title>JURY - Tabaca Film Fest<\/title>\n<meta name=\"robots\" content=\"index, follow, max-snippet:-1, max-image-preview:large, max-video-preview:-1\" \/>\n<link rel=\"canonical\" href=\"https:\/\/www.tabacafilmfest.com\/fr\/jury\/\" \/>\n<meta property=\"og:locale\" content=\"fr_FR\" \/>\n<meta property=\"og:type\" content=\"article\" \/>\n<meta property=\"og:title\" content=\"JURY - Tabaca Film Fest\" \/>\n<meta property=\"og:description\" content=\"[vc_row full_width=\u00a0\u00bbstretch_row\u00a0\u00bb content_placement=\u00a0\u00bbmiddle\u00a0\u00bb el_disable_tablet=\u00a0\u00bb1&Prime; el_disable_mobile=\u00a0\u00bb1&Prime; thegem_background_overlay=\u00a0\u00bbtrue\u00a0\u00bb css=\u00a0\u00bb.vc_custom_1754642609038{background-image: url(https:\/\/www.tabacafilmfest.com\/wp-content\/uploads\/2025\/08\/JURAT-TABACA2.jpg?id=36362) !important;background-position: center !important;background-repeat: no-repeat !important;background-size: cover !important;}\u00a0\u00bb thegem_background_overlay_color=\u00a0\u00bb#3939394F\u00a0\u00bb][vc_column offset=\u00a0\u00bbvc_hidden-xs\u00a0\u00bb css=\u00a0\u00bb.vc_custom_1743277871422{margin-top: 200px !important;margin-bottom:...\" \/>\n<meta property=\"og:url\" content=\"https:\/\/www.tabacafilmfest.com\/fr\/jury\/\" \/>\n<meta property=\"og:site_name\" content=\"Tabaca Film Fest\" \/>\n<meta property=\"article:modified_time\" content=\"2026-09-02T18:22:31+00:00\" \/>\n<meta name=\"twitter:card\" content=\"summary_large_image\" \/>\n<meta name=\"twitter:label1\" content=\"Dur\u00e9e de lecture estim\u00e9e\" \/>\n\t<meta name=\"twitter:data1\" content=\"4 minutes\" \/>\n<script type=\"application\/ld+json\" class=\"yoast-schema-graph\">{\"@context\":\"https:\/\/schema.org\",\"@graph\":[{\"@type\":\"WebPage\",\"@id\":\"https:\/\/www.tabacafilmfest.com\/fr\/jury\/\",\"url\":\"https:\/\/www.tabacafilmfest.com\/fr\/jury\/\",\"name\":\"JURY - Tabaca Film Fest\",\"isPartOf\":{\"@id\":\"https:\/\/www.tabacafilmfest.com\/#website\"},\"datePublished\":\"2025-08-08T08:35:39+00:00\",\"dateModified\":\"2026-09-02T18:22:31+00:00\",\"breadcrumb\":{\"@id\":\"https:\/\/www.tabacafilmfest.com\/fr\/jury\/#breadcrumb\"},\"inLanguage\":\"fr-FR\",\"potentialAction\":[{\"@type\":\"ReadAction\",\"target\":[\"https:\/\/www.tabacafilmfest.com\/fr\/jury\/\"]}]},{\"@type\":\"BreadcrumbList\",\"@id\":\"https:\/\/www.tabacafilmfest.com\/fr\/jury\/#breadcrumb\",\"itemListElement\":[{\"@type\":\"ListItem\",\"position\":1,\"name\":\"Inici\",\"item\":\"https:\/\/www.tabacafilmfest.com\/fr\/\"},{\"@type\":\"ListItem\",\"position\":2,\"name\":\"JURY\"}]},{\"@type\":\"WebSite\",\"@id\":\"https:\/\/www.tabacafilmfest.com\/#website\",\"url\":\"https:\/\/www.tabacafilmfest.com\/\",\"name\":\"Tabaca Film Fest - Festival de Cinema Mitol\u00f2gic dels Pirineus\",\"description\":\"Lo Festival de Cinema Mitol\u00f2gic dels Pirineus. 2a ed. de l&#039;11 al 14 de setembre de 2025.\",\"publisher\":{\"@id\":\"https:\/\/www.tabacafilmfest.com\/#organization\"},\"potentialAction\":[{\"@type\":\"SearchAction\",\"target\":{\"@type\":\"EntryPoint\",\"urlTemplate\":\"https:\/\/www.tabacafilmfest.com\/?s={search_term_string}\"},\"query-input\":{\"@type\":\"PropertyValueSpecification\",\"valueRequired\":true,\"valueName\":\"search_term_string\"}}],\"inLanguage\":\"fr-FR\"},{\"@type\":\"Organization\",\"@id\":\"https:\/\/www.tabacafilmfest.com\/#organization\",\"name\":\"Tabaca Film Fest - Festival de Cinema Mitol\u00f2gic dels Pirineus\",\"url\":\"https:\/\/www.tabacafilmfest.com\/\",\"logo\":{\"@type\":\"ImageObject\",\"inLanguage\":\"fr-FR\",\"@id\":\"https:\/\/www.tabacafilmfest.com\/#\/schema\/logo\/image\/\",\"url\":\"https:\/\/www.tabacafilmfest.com\/wp-content\/uploads\/2020\/06\/LOGO-TABACA-2025-POSITIU-SF.png\",\"contentUrl\":\"https:\/\/www.tabacafilmfest.com\/wp-content\/uploads\/2020\/06\/LOGO-TABACA-2025-POSITIU-SF.png\",\"width\":1191,\"height\":863,\"caption\":\"Tabaca Film Fest - Festival de Cinema Mitol\u00f2gic dels Pirineus\"},\"image\":{\"@id\":\"https:\/\/www.tabacafilmfest.com\/#\/schema\/logo\/image\/\"},\"sameAs\":[\"https:\/\/www.instagram.com\/tabacafilmfest\"]}]}<\/script>\n<!-- \/ Yoast SEO plugin. -->","yoast_head_json":{"title":"JURY - Tabaca Film Fest","robots":{"index":"index","follow":"follow","max-snippet":"max-snippet:-1","max-image-preview":"max-image-preview:large","max-video-preview":"max-video-preview:-1"},"canonical":"https:\/\/www.tabacafilmfest.com\/fr\/jury\/","og_locale":"fr_FR","og_type":"article","og_title":"JURY - Tabaca Film Fest","og_description":"[vc_row full_width=\u00a0\u00bbstretch_row\u00a0\u00bb content_placement=\u00a0\u00bbmiddle\u00a0\u00bb el_disable_tablet=\u00a0\u00bb1&Prime; el_disable_mobile=\u00a0\u00bb1&Prime; thegem_background_overlay=\u00a0\u00bbtrue\u00a0\u00bb css=\u00a0\u00bb.vc_custom_1754642609038{background-image: url(https:\/\/www.tabacafilmfest.com\/wp-content\/uploads\/2025\/08\/JURAT-TABACA2.jpg?id=36362) !important;background-position: center !important;background-repeat: no-repeat !important;background-size: cover !important;}\u00a0\u00bb thegem_background_overlay_color=\u00a0\u00bb#3939394F\u00a0\u00bb][vc_column offset=\u00a0\u00bbvc_hidden-xs\u00a0\u00bb css=\u00a0\u00bb.vc_custom_1743277871422{margin-top: 200px !important;margin-bottom:...","og_url":"https:\/\/www.tabacafilmfest.com\/fr\/jury\/","og_site_name":"Tabaca Film Fest","article_modified_time":"2026-09-02T18:22:31+00:00","twitter_card":"summary_large_image","twitter_misc":{"Dur\u00e9e de lecture estim\u00e9e":"4 minutes"},"schema":{"@context":"https:\/\/schema.org","@graph":[{"@type":"WebPage","@id":"https:\/\/www.tabacafilmfest.com\/fr\/jury\/","url":"https:\/\/www.tabacafilmfest.com\/fr\/jury\/","name":"JURY - Tabaca Film Fest","isPartOf":{"@id":"https:\/\/www.tabacafilmfest.com\/#website"},"datePublished":"2025-08-08T08:35:39+00:00","dateModified":"2026-09-02T18:22:31+00:00","breadcrumb":{"@id":"https:\/\/www.tabacafilmfest.com\/fr\/jury\/#breadcrumb"},"inLanguage":"fr-FR","potentialAction":[{"@type":"ReadAction","target":["https:\/\/www.tabacafilmfest.com\/fr\/jury\/"]}]},{"@type":"BreadcrumbList","@id":"https:\/\/www.tabacafilmfest.com\/fr\/jury\/#breadcrumb","itemListElement":[{"@type":"ListItem","position":1,"name":"Inici","item":"https:\/\/www.tabacafilmfest.com\/fr\/"},{"@type":"ListItem","position":2,"name":"JURY"}]},{"@type":"WebSite","@id":"https:\/\/www.tabacafilmfest.com\/#website","url":"https:\/\/www.tabacafilmfest.com\/","name":"Tabaca Film Fest - Festival de Cinema Mitol\u00f2gic dels Pirineus","description":"Lo Festival de Cinema Mitol\u00f2gic dels Pirineus. 2a ed. de l&#039;11 al 14 de setembre de 2025.","publisher":{"@id":"https:\/\/www.tabacafilmfest.com\/#organization"},"potentialAction":[{"@type":"SearchAction","target":{"@type":"EntryPoint","urlTemplate":"https:\/\/www.tabacafilmfest.com\/?s={search_term_string}"},"query-input":{"@type":"PropertyValueSpecification","valueRequired":true,"valueName":"search_term_string"}}],"inLanguage":"fr-FR"},{"@type":"Organization","@id":"https:\/\/www.tabacafilmfest.com\/#organization","name":"Tabaca Film Fest - Festival de Cinema Mitol\u00f2gic dels Pirineus","url":"https:\/\/www.tabacafilmfest.com\/","logo":{"@type":"ImageObject","inLanguage":"fr-FR","@id":"https:\/\/www.tabacafilmfest.com\/#\/schema\/logo\/image\/","url":"https:\/\/www.tabacafilmfest.com\/wp-content\/uploads\/2020\/06\/LOGO-TABACA-2025-POSITIU-SF.png","contentUrl":"https:\/\/www.tabacafilmfest.com\/wp-content\/uploads\/2020\/06\/LOGO-TABACA-2025-POSITIU-SF.png","width":1191,"height":863,"caption":"Tabaca Film Fest - Festival de Cinema Mitol\u00f2gic dels Pirineus"},"image":{"@id":"https:\/\/www.tabacafilmfest.com\/#\/schema\/logo\/image\/"},"sameAs":["https:\/\/www.instagram.com\/tabacafilmfest"]}]}},"_links":{"self":[{"href":"https:\/\/www.tabacafilmfest.com\/fr\/wp-json\/wp\/v2\/pages\/36341","targetHints":{"allow":["GET"]}}],"collection":[{"href":"https:\/\/www.tabacafilmfest.com\/fr\/wp-json\/wp\/v2\/pages"}],"about":[{"href":"https:\/\/www.tabacafilmfest.com\/fr\/wp-json\/wp\/v2\/types\/page"}],"author":[{"embeddable":true,"href":"https:\/\/www.tabacafilmfest.com\/fr\/wp-json\/wp\/v2\/users\/1"}],"replies":[{"embeddable":true,"href":"https:\/\/www.tabacafilmfest.com\/fr\/wp-json\/wp\/v2\/comments?post=36341"}],"version-history":[{"count":9,"href":"https:\/\/www.tabacafilmfest.com\/fr\/wp-json\/wp\/v2\/pages\/36341\/revisions"}],"predecessor-version":[{"id":40534,"href":"https:\/\/www.tabacafilmfest.com\/fr\/wp-json\/wp\/v2\/pages\/36341\/revisions\/40534"}],"wp:attachment":[{"href":"https:\/\/www.tabacafilmfest.com\/fr\/wp-json\/wp\/v2\/media?parent=36341"}],"curies":[{"name":"wp","href":"https:\/\/api.w.org\/{rel}","templated":true}]}}