{"id":39798,"date":"2026-08-29T20:03:32","date_gmt":"2026-08-29T18:03:32","guid":{"rendered":"https:\/\/www.tabacafilmfest.com\/?page_id=39798"},"modified":"2026-09-01T17:20:51","modified_gmt":"2026-09-01T15:20:51","slug":"programme-2026","status":"publish","type":"page","link":"https:\/\/www.tabacafilmfest.com\/fr\/programme-2026\/","title":{"rendered":"PROGRAMME 2026"},"content":{"rendered":"<div class=\"wpb-content-wrapper\"><p>[vc_row full_width=\u00a0\u00bbstretch_row\u00a0\u00bb content_placement=\u00a0\u00bbmiddle\u00a0\u00bb el_disable_tablet=\u00a0\u00bb1&Prime; el_disable_mobile=\u00a0\u00bb1&Prime; thegem_background_overlay=\u00a0\u00bbtrue\u00a0\u00bb css=\u00a0\u00bb.vc_custom_1754328873184{background-image: url(https:\/\/www.tabacafilmfest.com\/wp-content\/uploads\/2025\/08\/ACPS_469549_210005130002374-scaled.jpg?id=36224) !important;background-position: center !important;background-repeat: no-repeat !important;background-size: cover !important;}\u00a0\u00bb thegem_background_overlay_color=\u00a0\u00bb#3939394F\u00a0\u00bb][vc_column offset=\u00a0\u00bbvc_hidden-xs\u00a0\u00bb css=\u00a0\u00bb.vc_custom_1743277871422{margin-top: 200px !important;margin-bottom: 450px !important;}\u00a0\u00bb][vc_column_text css=\u00a0\u00bb.vc_custom_1788268687535{margin-top: 30px !important;margin-bottom: 30px !important;}\u00a0\u00bb css_animation=\u00a0\u00bbnone\u00a0\u00bb el_class=\u00a0\u00bbcustom-font-3&Prime;]<\/p>\n<h1 class=\"title-xarge\" style=\"text-align: right;\"><span style=\"color: #f5f4d6; font-family: tusker; font-size: 100pt;\"><strong>PROGRAMME<\/strong><\/span><\/h1>\n<p>[\/vc_column_text][\/vc_column][\/vc_row][vc_row full_width=\u00a0\u00bbstretch_row\u00a0\u00bb content_placement=\u00a0\u00bbmiddle\u00a0\u00bb el_disable_desktop=\u00a0\u00bb1&Prime; thegem_background_overlay=\u00a0\u00bbtrue\u00a0\u00bb css=\u00a0\u00bb.vc_custom_1754328890341{background-image: url(https:\/\/www.tabacafilmfest.com\/wp-content\/uploads\/2025\/08\/ACPS_469549_210005130002374-scaled.jpg?id=36224) !important;background-position: center !important;background-repeat: no-repeat !important;background-size: cover !important;}\u00a0\u00bb thegem_background_overlay_color=\u00a0\u00bb#3939394F\u00a0\u00bb][vc_column offset=\u00a0\u00bbvc_hidden-lg\u00a0\u00bb css=\u00a0\u00bb.vc_custom_1742814528985{margin-top: 300px !important;margin-bottom: 200px !important;}\u00a0\u00bb][vc_column_text css=\u00a0\u00bb.vc_custom_1788268728802{margin-top: 30px !important;margin-bottom: 30px !important;}\u00a0\u00bb css_animation=\u00a0\u00bbnone\u00a0\u00bb el_class=\u00a0\u00bbcustom-font-3&Prime;]<\/p>\n<h1 class=\"title-xarge\" style=\"text-align: right;\"><span style=\"color: #f5f4d6; font-family: tusker; font-size: 45pt;\"><strong>PROGRAMME<\/strong><\/span><\/h1>\n<p>[\/vc_column_text][\/vc_column][\/vc_row][vc_row][vc_column tablet_margin_left=\u00a0\u00bb12&Prime; tablet_margin_right=\u00a0\u00bb12&Prime; mobile_margin_bottom=\u00a0\u00bb30&Prime; mobile_margin_right=\u00a0\u00bb20&Prime;]<div class=\"clearboth\"><\/div><style>#thegem-divider-6a97a679c367e {margin-top: 40px !important;}<\/style><div id=\"thegem-divider-6a97a679c367e\" class=\"gem-divider  \" style=\"\" ><\/div>[vc_column_text css=\u00a0\u00bb.vc_custom_1788276040957{margin-right: 20px !important;}\u00a0\u00bb]<span style=\"font-family: Helvetica; font-size: 12pt; color: #303030;\">Consultez le programme complet du Tabaca Film Fest, choisissez vos activit\u00e9s pr\u00e9f\u00e9r\u00e9es et r\u00e9servez vos entr\u00e9es ici.<\/span>[\/vc_column_text][\/vc_column][\/vc_row][vc_row][vc_column tablet_margin_left=\u00a0\u00bb12&Prime; tablet_margin_right=\u00a0\u00bb12&Prime;][vc_column_text css=\u00a0\u00bb.vc_custom_1788032676200{margin-bottom: 8px !important;}\u00a0\u00bb]<span style=\"font-family: Helvetica; font-size: 14pt; color: #9d1818;\"><strong><u>VENDREDI <\/u><\/strong><strong><u>18 SEPTEMBRE<\/u><\/strong><\/span>[\/vc_column_text][\/vc_column][\/vc_row][vc_row css=\u00a0\u00bb.vc_custom_1754505483077{margin-left: 30px !important;}\u00a0\u00bb mobile_margin_left=\u00a0\u00bb-15&Prime; mobile_margin_right=\u00a0\u00bb4&Prime;][vc_column offset=\u00a0\u00bbvc_col-lg-12&Prime; tablet_margin_left=\u00a0\u00bb12&Prime; tablet_margin_right=\u00a0\u00bb12&Prime; mobile_margin_left=\u00a0\u00bb12&Prime; mobile_margin_right=\u00a0\u00bb12&Prime;][vc_tta_accordion style=\u00a0\u00bbsimple_arrow\u00a0\u00bb shape=\u00a0\u00bbround\u00a0\u00bb color=\u00a0\u00bbmulled-wine\u00a0\u00bb spacing=\u00a0\u00bb1&Prime; c_icon=\u00a0\u00bbtriangle\u00a0\u00bb c_position=\u00a0\u00bbright\u00a0\u00bb active_section=\u00a0\u00bbfalse\u00a0\u00bb no_fill=\u00a0\u00bbtrue\u00a0\u00bb collapsible_all=\u00a0\u00bbtrue\u00a0\u00bb][vc_tta_section title=\u00a0\u00bb<b>PANTERA<\/b> &#8211; Ouverture du festival\u00a0\u00bb tab_id=\u00a0\u00bbpantera\u00a0\u00bb]<div class=\"clearboth\"><\/div><style>#thegem-divider-6a97a679c3717 {margin-top: -35px !important;}<\/style><div id=\"thegem-divider-6a97a679c3717\" class=\"gem-divider  \" style=\"\" ><\/div>[vc_column_text css=\u00a0\u00bb\u00a0\u00bb]<span style=\"color: #303030;\">Deux panth\u00e8res tiraient le char de Dionysos, dieu du vin, au cours de ses voyages. Nous ne pouvions imaginer meilleure b\u00eate pour ouvrir les portes de la troisi\u00e8me \u00e9dition du Tabaca Film Fest. <\/span><\/p>\n<p><span style=\"color: #303030;\">Et nous le ferons avec une autre premi\u00e8re : ce sera \u00e9galement la premi\u00e8re soir\u00e9e o\u00f9 le Celler de Bresca ouvrira ses portes au grand public. Un projet inspirant n\u00e9 de la volont\u00e9 de r\u00e9cup\u00e9rer des terres abandonn\u00e9es et d\u2019y faire \u00e0 nouveau pousser des vignes et des oliviers. <\/span><\/p>\n<p><span style=\"color: #303030;\">Cin\u00e9ma, vin et huile de montagne dans un lieu exceptionnel, avec des vues impressionnantes et la Geganta Adormida dominant la vall\u00e9e. Une nuit magique et unique, avec tr\u00e8s peu de places. <\/span>[\/vc_column_text]<div class=\"clearboth\"><\/div><style>#thegem-divider-6a97a679c3763 {margin-top: 35px !important;}<\/style><div id=\"thegem-divider-6a97a679c3763\" class=\"gem-divider  \" style=\"\" ><\/div>[vc_column_text css=\u00a0\u00bb\u00a0\u00bb]<span style=\"color: #303030;\"><strong>Prix: 10 \u20ac (tout compris)<\/strong><\/span><br \/>\n<span style=\"color: #303030;\">O\u00f9: Celler de Bresca<\/span><br \/>\n<span style=\"color: #303030;\">R\u00e9servation obligatoire. Jauge tr\u00e8s limit\u00e9e.<br \/>\n<\/span><br \/>\n<span style=\"color: #303030;\">Merci d\u2019arriver 15 minutes \u00e0 l\u2019avance.<\/span><br \/>\n<span style=\"color: #303030;\">Il est recommand\u00e9 de covoiturer. Parking devant le domaine. <\/span><br \/>\n<span style=\"color: #303030;\">Il est \u00e9galement recommand\u00e9 de pr\u00e9voir des v\u00eatements chauds, certaines activit\u00e9s auront lieu en plein air.<\/span>[\/vc_column_text]<style type=\"text\/css\">.thegem-button-6a97a679c38494716 .gem-button svg {fill: #FFFFFF;}.thegem-button-6a97a679c38494716 .gem-button:hover svg {fill: #9D1818;}<\/style><div class=\"gem-button-container gem-button-position-inline thegem-button-6a97a679c38494716    \"  ><a class=\"gem-button gem-button-size-tiny gem-button-style-flat gem-button-text-weight-normal\" data-ll-effect=\"drop-right-without-wrap\" style=\"border-radius: 3px;background-color: #9D1818;color: #FFFFFF;\" onmouseleave=\"this.style.backgroundColor='#9D1818';this.style.color='#FFFFFF';\" onmouseenter=\"this.style.backgroundColor='#FFFFFF';this.style.color='#9D1818';\" href=\"https:\/\/tabacafilmfest.entrapolis.com\/entrades\/pantera\" target=\"_blank\">R\u00e9servation<\/a><\/div> [\/vc_tta_section][vc_tta_section title=\u00a0\u00bb<b>18h<\/b> &#8211; S\u00e9ance de cin\u00e9ma I\u00a0\u00bb el_class=\u00a0\u00bbdisable-accordion-click\u00a0\u00bb tab_id=\u00a0\u00bb18-setembre-18h\u00a0\u00bb][vc_row_inner gap=\u00a0\u00bb1&Prime; mobile_margin_top=\u00a0\u00bb30&Prime;][vc_column_inner width=\u00a0\u00bb1\/4&Prime;][vc_single_image image=\u00a0\u00bb37094&Prime; img_size=\u00a0\u00bb\u00a0\u00bb css=\u00a0\u00bb\u00a0\u00bb][\/vc_column_inner][vc_column_inner width=\u00a0\u00bb3\/4&Prime; mobile_margin_top=\u00a0\u00bb-30&Prime;][vc_column_text css=\u00a0\u00bb.vc_custom_1757488922569{padding-top: 35px !important;}\u00a0\u00bb]<strong><span style=\"color: #303030;\">La Dama Blanca <\/span><\/strong><span style=\"color: #303030;\">&#8211; <\/span><span style=\"color: #303030;\">29 min \/ Ficci\u00f3 \/ Direcci\u00f3: David Haro i Gerard Naval\u00f3n \/ Andorra \/ Catal\u00e0<br \/>\nEl 1942, als boscos andorrans, ocupats per soldats nazis i maquis republicans, es produeixen misteriosos assassinats. <\/span>[\/vc_column_text][\/vc_column_inner][\/vc_row_inner][vc_empty_space height=\u00a0\u00bb12px\u00a0\u00bb][vc_row_inner gap=\u00a0\u00bb1&Prime; mobile_margin_top=\u00a0\u00bb30&Prime;][vc_column_inner width=\u00a0\u00bb1\/4&Prime;][vc_single_image image=\u00a0\u00bb36812&Prime; img_size=\u00a0\u00bb\u00a0\u00bb css=\u00a0\u00bb\u00a0\u00bb][\/vc_column_inner][vc_column_inner width=\u00a0\u00bb3\/4&Prime; mobile_margin_top=\u00a0\u00bb-30&Prime;][vc_column_text css=\u00a0\u00bb.vc_custom_1757488938368{padding-top: 35px !important;}\u00a0\u00bb]<strong><span style=\"color: #303030;\"><strong>Spider Zan <\/strong><\/span><\/strong><span style=\"color: #303030;\">\u2013 12 min \/ Ficci\u00f3 \/ Direcci\u00f3: Maryam Khodabakahsh \/ Iran \/ Persa <\/span><strong><span style=\"color: #303030;\"><br \/>\n<\/span><\/strong><span style=\"color: #303030;\">Per a la seva cerim\u00f2nia de proposta de matrimoni, la Negar necessita aconseguir un preuat objecte molt dif\u00edcil d\u2019aconseguir.<\/span>[\/vc_column_text][\/vc_column_inner][\/vc_row_inner][vc_empty_space height=\u00a0\u00bb12px\u00a0\u00bb][vc_row_inner gap=\u00a0\u00bb1&Prime; mobile_margin_top=\u00a0\u00bb30&Prime;][vc_column_inner width=\u00a0\u00bb1\/4&Prime;][vc_single_image image=\u00a0\u00bb37078&Prime; img_size=\u00a0\u00bb\u00a0\u00bb css=\u00a0\u00bb\u00a0\u00bb][\/vc_column_inner][vc_column_inner width=\u00a0\u00bb3\/4&Prime; mobile_margin_top=\u00a0\u00bb-30&Prime;][vc_column_text css=\u00a0\u00bb.vc_custom_1755617702000{padding-top: 35px !important;}\u00a0\u00bb]<strong><span style=\"color: #303030;\"><strong>Close your eyes <\/strong><\/span><\/strong><span style=\"color: #303030;\">\u2013 5 min \/ Ficci\u00f3 \/ Direcci\u00f3: Gus St. Clair \/ Espanya \/ Angl\u00e8s <\/span><strong><span style=\"color: #303030;\"><br \/>\n<\/span><\/strong><span style=\"color: #303030;\">Elliot, un nen de 9 anys, ha deixat de creure que hi hagi res m\u00e0gic en el m\u00f3n que l\u2019envolta.<\/span>[\/vc_column_text][\/vc_column_inner][\/vc_row_inner][vc_empty_space height=\u00a0\u00bb12px\u00a0\u00bb][vc_row_inner gap=\u00a0\u00bb1&Prime; mobile_margin_top=\u00a0\u00bb30&Prime;][vc_column_inner width=\u00a0\u00bb1\/4&Prime;][vc_single_image image=\u00a0\u00bb36808&Prime; img_size=\u00a0\u00bb\u00a0\u00bb css=\u00a0\u00bb\u00a0\u00bb][\/vc_column_inner][vc_column_inner width=\u00a0\u00bb3\/4&Prime; mobile_margin_top=\u00a0\u00bb-30&Prime;][vc_column_text css=\u00a0\u00bb.vc_custom_1755681094258{padding-top: 35px !important;}\u00a0\u00bb]<strong><span style=\"color: #303030;\"><strong>Lavadoiro <\/strong><\/span><\/strong><span style=\"color: #303030;\">\u2013 17 min \/ Documental \/ Direcci\u00f3: Ana Amado i Lois Pati\u00f1o \/ Espanya \/ Gallec <\/span><strong><span style=\"color: #303030;\"><br \/>\n<\/span><\/strong><span style=\"color: #303030;\">L\u00b4espai po\u00e8tic del safareig p\u00fablic gallec es mostra com a punt de cohesi\u00f3 entre dones.<\/span>[\/vc_column_text][\/vc_column_inner][\/vc_row_inner][vc_empty_space height=\u00a0\u00bb12px\u00a0\u00bb][vc_row_inner gap=\u00a0\u00bb1&Prime; mobile_margin_top=\u00a0\u00bb30&Prime;][vc_column_inner width=\u00a0\u00bb1\/4&Prime;][vc_single_image image=\u00a0\u00bb36828&Prime; img_size=\u00a0\u00bb\u00a0\u00bb css=\u00a0\u00bb\u00a0\u00bb][\/vc_column_inner][vc_column_inner width=\u00a0\u00bb3\/4&Prime; mobile_margin_top=\u00a0\u00bb-30&Prime;][vc_column_text css=\u00a0\u00bb.vc_custom_1755681336595{padding-top: 35px !important;}\u00a0\u00bb]<strong><span style=\"color: #303030;\"><strong>La Valla <\/strong><\/span><\/strong><span style=\"color: #303030;\">&#8211; 14 min \/ Animaci\u00f3 \/ Direcci\u00f3: Sam Orti \/ Espanya<br \/>\nUna fam\u00edlia empr\u00e8n un perill\u00f3s exili m\u00e9s enll\u00e0 de la civilitzaci\u00f3.<\/span>[\/vc_column_text][\/vc_column_inner][\/vc_row_inner][vc_empty_space height=\u00a0\u00bb12px\u00a0\u00bb][vc_row_inner gap=\u00a0\u00bb1&Prime; mobile_margin_top=\u00a0\u00bb30&Prime;][vc_column_inner width=\u00a0\u00bb1\/4&Prime;][vc_single_image image=\u00a0\u00bb36824&Prime; img_size=\u00a0\u00bb\u00a0\u00bb css=\u00a0\u00bb\u00a0\u00bb][\/vc_column_inner][vc_column_inner width=\u00a0\u00bb3\/4&Prime; mobile_margin_top=\u00a0\u00bb-30&Prime;][vc_column_text css=\u00a0\u00bb.vc_custom_1757488949968{padding-top: 35px !important;}\u00a0\u00bb]<strong><span style=\"color: #303030;\"><strong>El Pr\u00edncep<\/strong><\/span><\/strong> <span style=\"color: #303030;\">&#8211; 29 min \/ Ficci\u00f3 \/ Direcci\u00f3: Alex Sard\u00e0 \/ Espanya \/ Catal\u00e0<br \/>\nL\u2019Artur, fill d\u00b4una fam\u00edlia burgesa i ballar\u00ed, es prepara per a la nit d\u2019estrena del seu nou espectacle.<\/span>[\/vc_column_text][\/vc_column_inner][\/vc_row_inner][\/vc_tta_section][vc_tta_section title=\u00a0\u00bb<b>20h<\/b> &#8211; D\u00e9gustation de vins + d\u00e9gustation de produits locaux\u00a0\u00bb el_class=\u00a0\u00bbdisable-accordion-click\u00a0\u00bb tab_id=\u00a0\u00bb18-setembre-20h\u00a0\u00bb][\/vc_tta_section][\/vc_tta_accordion][\/vc_column][\/vc_row][vc_row][vc_column tablet_margin_left=\u00a0\u00bb12&Prime; tablet_margin_right=\u00a0\u00bb12&Prime; mobile_margin_left=\u00a0\u00bb12&Prime; mobile_margin_right=\u00a0\u00bb12&Prime;]<div class=\"clearboth\"><\/div><style>#thegem-divider-6a97a679c38c5 {margin-top: 25px !important;}<\/style><div id=\"thegem-divider-6a97a679c38c5\" class=\"gem-divider  \" style=\"\" ><\/div>[vc_column_text css=\u00a0\u00bb.vc_custom_1788032690566{margin-bottom: 8px !important;}\u00a0\u00bb]<span style=\"font-family: Helvetica; font-size: 14pt; color: #9d1818;\"><strong><u>SAMEDI <\/u><\/strong><strong><u>19 SEPTEMBRE<\/u><\/strong><\/span>[\/vc_column_text][\/vc_column][\/vc_row][vc_row css=\u00a0\u00bb.vc_custom_1754505523319{margin-left: 30px !important;}\u00a0\u00bb mobile_margin_left=\u00a0\u00bb-15&Prime; mobile_margin_right=\u00a0\u00bb4&Prime;][vc_column offset=\u00a0\u00bbvc_col-lg-12&Prime; tablet_margin_left=\u00a0\u00bb12&Prime; tablet_margin_right=\u00a0\u00bb12&Prime; mobile_margin_left=\u00a0\u00bb12&Prime; mobile_margin_right=\u00a0\u00bb12&Prime;][vc_tta_accordion style=\u00a0\u00bbsimple_arrow\u00a0\u00bb color=\u00a0\u00bbmulled-wine\u00a0\u00bb spacing=\u00a0\u00bb1&Prime; c_icon=\u00a0\u00bbtriangle\u00a0\u00bb c_position=\u00a0\u00bbright\u00a0\u00bb active_section=\u00a0\u00bbfalse\u00a0\u00bb no_fill=\u00a0\u00bbtrue\u00a0\u00bb collapsible_all=\u00a0\u00bbtrue\u00a0\u00bb][vc_tta_section title=\u00a0\u00bb<b>MINOTAURE<\/b> &#8211; Cin\u00e9ma et musique\u00a0\u00bb tab_id=\u00a0\u00bbminotaure\u00a0\u00bb]<div class=\"clearboth\"><\/div><style>#thegem-divider-6a97a679c390b {margin-top: -35px !important;}<\/style><div id=\"thegem-divider-6a97a679c390b\" class=\"gem-divider  \" style=\"\" ><\/div>[vc_column_text css=\u00a0\u00bb\u00a0\u00bb]<span style=\"color: #303030;\">Le Minotaure nous attend au centre du labyrinthe. Et pour le rejoindre, nous nous enfoncerons jusqu\u2019\u00e0 l\u2019Era d\u2019Ortega, dans le magnifique village clos de Peramea, l\u2019un des lieux les plus singuliers du Baix Pallars, qui accueillera une soir\u00e9e de cin\u00e9ma, de m\u00e9moire et de musique. <\/span><\/p>\n<p><span style=\"color: #303030;\">Nous y vivrons une s\u00e9ance de courts m\u00e9trages finalistes du Tabaca Film Fest qui culminera avec la premi\u00e8re de \u00ab Mite, c\u00e0mera i acci\u00f3 \u00bb, un documentaire qui recueille mythes, l\u00e9gendes et m\u00e9moire orale du Pallars Sobir\u00e0. Certains de ses protagonistes nous accompagneront lors de cette soir\u00e9e si particuli\u00e8re. <\/span><\/p>\n<p><span style=\"color: #303030;\">Nous partagerons ensuite un ap\u00e9ritif et, lorsque la nuit tombera, les puissantes voix du trio f\u00e9minin Silvestres d\u00e9ploieront un r\u00e9pertoire qui reprend et r\u00e9interpr\u00e8te des chants traditionnels.<\/span>[\/vc_column_text]<div class=\"clearboth\"><\/div><style>#thegem-divider-6a97a679c3948 {margin-top: 35px !important;}<\/style><div id=\"thegem-divider-6a97a679c3948\" class=\"gem-divider  \" style=\"\" ><\/div>[vc_column_text css=\u00a0\u00bb\u00a0\u00bb]<span style=\"color: #303030;\"><strong>Prix: 10 \u20ac (tout compris)<\/strong><\/span><br \/>\n<span style=\"color: #303030;\">R\u00e9servation obligatoire. Jauge tr\u00e8s limit\u00e9e.<br \/>\n<\/span><\/p>\n<p><span style=\"color: #303030;\">O\u00f9: <a href=\"https:\/\/www.google.com\/maps\/place\/Era+d%E2%80%99Ortega\/@42.3298743,1.0466481,17z\/data=!3m1!4b1!4m6!3m5!1s0x12a61143f4ac28d3:0xe4e1194f131de321!8m2!3d42.3298743!4d1.049223!16s%2Fg%2F11r3lvr4p_?entry=ttu&amp;g_ep=EgoyMDI2MDgyNS4wIKXMDSoASAFQAw%3D%3D\" target=\"_blank\" rel=\"noopener\">Era d\u2019Ortega, Peramea<\/a><\/span><br \/>\n<span style=\"color: #303030;\">Il est \u00e9galement recommand\u00e9 de pr\u00e9voir des v\u00eatements chauds, certaines activit\u00e9s auront lieu en plein air.<\/span>[\/vc_column_text]<style type=\"text\/css\">.thegem-button-6a97a679c39b87035 .gem-button svg {fill: #FFFFFF;}.thegem-button-6a97a679c39b87035 .gem-button:hover svg {fill: #9D1818;}<\/style><div class=\"gem-button-container gem-button-position-inline thegem-button-6a97a679c39b87035    \"  ><a class=\"gem-button gem-button-size-tiny gem-button-style-flat gem-button-text-weight-normal\" data-ll-effect=\"drop-right-without-wrap\" style=\"border-radius: 3px;background-color: #9D1818;color: #FFFFFF;\" onmouseleave=\"this.style.backgroundColor='#9D1818';this.style.color='#FFFFFF';\" onmouseenter=\"this.style.backgroundColor='#FFFFFF';this.style.color='#9D1818';\" href=\"https:\/\/tabacafilmfest.entrapolis.com\/entrades\/minotaure\" target=\"_blank\">R\u00e9servation<\/a><\/div> [\/vc_tta_section][vc_tta_section title=\u00a0\u00bb<b>19h<\/b> &#8211; S\u00e9ance de cin\u00e9ma II\u00a0\u00bb tab_id=\u00a0\u00bb19-setembre-19h\u00a0\u00bb el_class=\u00a0\u00bbdisable-accordion-click\u00a0\u00bb][vc_row_inner mobile_margin_top=\u00a0\u00bb30&Prime;][vc_column_inner width=\u00a0\u00bb1\/4&Prime;][vc_single_image image=\u00a0\u00bb36836&Prime; img_size=\u00a0\u00bb\u00a0\u00bb css=\u00a0\u00bb\u00a0\u00bb][\/vc_column_inner][vc_column_inner width=\u00a0\u00bb3\/4&Prime; mobile_margin_top=\u00a0\u00bb-30&Prime;][vc_column_text css=\u00a0\u00bb.vc_custom_1755617780965{padding-top: 35px !important;}\u00a0\u00bb]<strong><span style=\"color: #303030;\">A Spot in the World <\/span><\/strong><span style=\"color: #303030;\">&#8211; <\/span><span style=\"color: #303030;\">25 min \/ Ficci\u00f3 \/ Direcci\u00f3: Carlos Robisco \/ Espanya \/ Angl\u00e8s<br \/>\nEnmig d\u00b4una crisi mental vinculada a una nova droga, Franklin Cloud torna al barri on es va criar.<\/span>[\/vc_column_text][\/vc_column_inner][\/vc_row_inner][vc_empty_space height=\u00a0\u00bb12px\u00a0\u00bb][vc_row_inner mobile_margin_top=\u00a0\u00bb30&Prime;][vc_column_inner width=\u00a0\u00bb1\/4&Prime;][vc_single_image image=\u00a0\u00bb36840&Prime; img_size=\u00a0\u00bb\u00a0\u00bb css=\u00a0\u00bb\u00a0\u00bb][\/vc_column_inner][vc_column_inner width=\u00a0\u00bb3\/4&Prime; mobile_margin_top=\u00a0\u00bb-30&Prime;][vc_column_text css=\u00a0\u00bb.vc_custom_1757488978408{padding-top: 35px !important;}\u00a0\u00bb]<strong><span style=\"color: #303030;\">Le F\u00e9tiche <\/span><\/strong><span style=\"color: #303030;\">&#8211; <\/span><span style=\"color: #303030;\">16 min \/ Videodansa \/ Direcci\u00f3: Samuel Kouam\u00e9 Mathurin \/ Costa d&rsquo;Ivori \/ Franc\u00e8s<br \/>\nUn aspirant a ballar\u00ed demana un ninot a un amic perqu\u00e8 li porti sort. <\/span>[\/vc_column_text][\/vc_column_inner][\/vc_row_inner][vc_empty_space height=\u00a0\u00bb12px\u00a0\u00bb][vc_row_inner mobile_margin_top=\u00a0\u00bb30&Prime;][vc_column_inner width=\u00a0\u00bb1\/4&Prime;][vc_single_image image=\u00a0\u00bb36848&Prime; img_size=\u00a0\u00bb\u00a0\u00bb css=\u00a0\u00bb\u00a0\u00bb][\/vc_column_inner][vc_column_inner width=\u00a0\u00bb3\/4&Prime; mobile_margin_top=\u00a0\u00bb-30&Prime;][vc_column_text css=\u00a0\u00bb.vc_custom_1755617800169{padding-top: 35px !important;}\u00a0\u00bb]<strong><span style=\"color: #303030;\">Campolivar <\/span><\/strong><span style=\"color: #303030;\">&#8211; <\/span><span style=\"color: #303030;\">16 min \/ Documental experimental \/ Direcci\u00f3: Alicia Monchol\u00ed \/ Espanya \/ Castell\u00e0<br \/>\nRetrat de la fracturada relaci\u00f3 entre la directora i el seu pare. <\/span>[\/vc_column_text][\/vc_column_inner][\/vc_row_inner][vc_empty_space height=\u00a0\u00bb12px\u00a0\u00bb][vc_row_inner tablet_margin_top=\u00a0\u00bb30&Prime;][vc_column_inner width=\u00a0\u00bb1\/4&Prime;][vc_single_image image=\u00a0\u00bb36852&Prime; img_size=\u00a0\u00bb\u00a0\u00bb css=\u00a0\u00bb\u00a0\u00bb][\/vc_column_inner][vc_column_inner width=\u00a0\u00bb3\/4&Prime; mobile_margin_top=\u00a0\u00bb-30&Prime;][vc_column_text css=\u00a0\u00bb.vc_custom_1757488997904{padding-top: 35px !important;}\u00a0\u00bb]<strong><span style=\"color: #303030;\">The Horse <\/span><\/strong><span style=\"color: #303030;\">&#8211; <\/span><span style=\"color: #303030;\">15 min \/ Ficci\u00f3 \/ Direcci\u00f3: Yi-Tzu Lan \/ Taiwan \/ Xin\u00e8s<br \/>\nMentre la Jing prepara una dif\u00edcil mudan\u00e7a, apareix un cavall dins del pis. <\/span>[\/vc_column_text][\/vc_column_inner][\/vc_row_inner][vc_empty_space height=\u00a0\u00bb12px\u00a0\u00bb][vc_row_inner mobile_margin_top=\u00a0\u00bb30&Prime;][vc_column_inner width=\u00a0\u00bb1\/4&Prime;][vc_single_image image=\u00a0\u00bb37090&Prime; img_size=\u00a0\u00bb\u00a0\u00bb css=\u00a0\u00bb\u00a0\u00bb][\/vc_column_inner][vc_column_inner width=\u00a0\u00bb3\/4&Prime; mobile_margin_top=\u00a0\u00bb-30&Prime;][vc_column_text css=\u00a0\u00bb.vc_custom_1755617818810{padding-top: 35px !important;}\u00a0\u00bb]<strong><span style=\"color: #303030;\">Ixigoleta y Bord\u00f3n <\/span><\/strong><span style=\"color: #303030;\">&#8211; <\/span><span style=\"color: #303030;\">30 min \/ Documental \/ Direcci\u00f3: S\u00edlvia Or\u00f3s \/ Espanya \/ Castell\u00e0<br \/>\nRelaci\u00f3 entre llengua, paisatge i m\u00fasica al Pirineu aragon\u00e8s. <\/span>[\/vc_column_text][\/vc_column_inner][\/vc_row_inner][\/vc_tta_section][vc_tta_section title=\u00a0\u00bb<b>21h<\/b> &#8211; Ap\u00e9ritif\u00a0\u00bb tab_id=\u00a0\u00bb19-setembre-21h\u00a0\u00bb el_class=\u00a0\u00bbdisable-accordion-click\u00a0\u00bb][\/vc_tta_section][vc_tta_section title=\u00a0\u00bb<b>22h<\/b> &#8211; CONCERT DE SILVESTRES\u00a0\u00bb tab_id=\u00a0\u00bb19-setembre-22h\u00a0\u00bb el_class=\u00a0\u00bbdisable-accordion-click\u00a0\u00bb][\/vc_tta_section][\/vc_tta_accordion][\/vc_column][\/vc_row][vc_row][vc_column tablet_margin_left=\u00a0\u00bb12&Prime; tablet_margin_right=\u00a0\u00bb12&Prime; mobile_margin_left=\u00a0\u00bb12&Prime; mobile_margin_right=\u00a0\u00bb12&Prime;]<div class=\"clearboth\"><\/div><style>#thegem-divider-6a97a679c39ff {margin-top: 25px !important;}<\/style><div id=\"thegem-divider-6a97a679c39ff\" class=\"gem-divider  \" style=\"\" ><\/div>[vc_column_text css=\u00a0\u00bb.vc_custom_1788032696468{margin-bottom: 8px !important;}\u00a0\u00bb]<span style=\"font-family: Helvetica; font-size: 14pt; color: #9d1818;\"><strong><u>DIMANCHE <\/u><\/strong><strong><u>20 SEPTEMBRE<\/u><\/strong><\/span>[\/vc_column_text][\/vc_column][\/vc_row][vc_row css=\u00a0\u00bb.vc_custom_1754505535908{margin-left: 30px !important;}\u00a0\u00bb mobile_margin_left=\u00a0\u00bb-15&Prime; mobile_margin_right=\u00a0\u00bb4&Prime;][vc_column offset=\u00a0\u00bbvc_col-lg-12&Prime; tablet_margin_left=\u00a0\u00bb12&Prime; tablet_margin_right=\u00a0\u00bb12&Prime; mobile_margin_left=\u00a0\u00bb12&Prime; mobile_margin_right=\u00a0\u00bb12&Prime;][vc_tta_accordion style=\u00a0\u00bbsimple_arrow\u00a0\u00bb color=\u00a0\u00bbmulled-wine\u00a0\u00bb spacing=\u00a0\u00bb1&Prime; c_icon=\u00a0\u00bbtriangle\u00a0\u00bb c_position=\u00a0\u00bbright\u00a0\u00bb active_section=\u00a0\u00bbfalse\u00a0\u00bb no_fill=\u00a0\u00bbtrue\u00a0\u00bb collapsible_all=\u00a0\u00bbtrue\u00a0\u00bb][vc_tta_section title=\u00a0\u00bb<b>Un dimanche entier de cin\u00e9ma \u00e0 Sort<\/b>\u00a0\u00bb tab_id=\u00a0\u00bbdiumenge\u00a0\u00bb]<div class=\"clearboth\"><\/div><style>#thegem-divider-6a97a679c3a36 {margin-top: -35px !important;}<\/style><div id=\"thegem-divider-6a97a679c3a36\" class=\"gem-divider  \" style=\"\" ><\/div>[vc_column_text css=\u00a0\u00bb\u00a0\u00bb]<span style=\"color: #303030;\">Quatre s\u00e9ances portant des noms de b\u00eates et du cin\u00e9ma pour tous les \u00e2ges : enfants, jeunes et adultes. Vous pouvez venir \u00e0 une s\u00e9ance, \u00e0 deux\u2026 ou toutes les faire.<br \/>\n<\/span><span style=\"color: #303030;\">Il y aura des tirages au sort et des surprises, et vous pourrez voter pour vos courts m\u00e9trages pr\u00e9f\u00e9r\u00e9s afin de contribuer \u00e0 d\u00e9signer le Prix du Public du Tabaca Film Fest.<\/span>[\/vc_column_text][\/vc_tta_section][vc_tta_section title=\u00a0\u00bb<b>11h CUCAFERA<\/b> &#8211; S\u00e9ance de cin\u00e9ma III \u00b7 Cin\u00e9ma jeune public\u00a0\u00bb tab_id=\u00a0\u00bb20-setembre-11h\u00a0\u00bb]<div class=\"clearboth\"><\/div><style>#thegem-divider-6a97a679c3a6b {margin-top: -35px !important;}<\/style><div id=\"thegem-divider-6a97a679c3a6b\" class=\"gem-divider  \" style=\"\" ><\/div>[vc_column_text css=\u00a0\u00bb\u00a0\u00bb]<span style=\"color: #303030;\">La Cucafera, l\u2019un des animaux les plus festifs et attachants de notre bestiaire, sera charg\u00e9e d\u2019ouvrir ce dimanche de cin\u00e9ma.<\/span><\/p>\n<p><span style=\"color: #303030;\">Une s\u00e9ance sp\u00e9cialement pens\u00e9e pour les plus petits \u2014et, bien s\u00fbr, pour les grands qui souhaitent les accompagner\u2014, avec une s\u00e9lection de courts m\u00e9trages permettant de d\u00e9couvrir cr\u00e9atures, mondes fantastiques et histoires surprenantes \u00e0 travers le cin\u00e9ma.<\/span><\/p>\n<p><span style=\"color: #303030;\">Et attention : avant de repartir, les jeunes spectateurs auront droit \u00e0 une surprise particuli\u00e8rement gourmande.<\/span>[\/vc_column_text]<div class=\"clearboth\"><\/div><style>#thegem-divider-6a97a679c3aad {margin-top: 20px !important;}<\/style><div id=\"thegem-divider-6a97a679c3aad\" class=\"gem-divider  \" style=\"\" ><\/div>[vc_column_text css=\u00a0\u00bb\u00a0\u00bb]<span style=\"color: #303030;\"><strong>S\u00e9ance gratuite<\/strong><\/span><br \/>\n<span style=\"color: #303030;\">R\u00e9servation recommand\u00e9e<\/span><\/p>\n<p><span style=\"color: #303030;\">O\u00f9: <span style=\"color: #993300;\"><a style=\"color: #993300;\" href=\"https:\/\/www.google.com\/maps\/place\/Cinema+Els+Til%C2%B7lers\/@42.4071059,1.1263229,17z\/data=!3m1!4b1!4m6!3m5!1s0x12a605e76e921537:0x2f52d04ad51ed073!8m2!3d42.4071059!4d1.1288978!16s%2Fg%2F11g9nlp3bp?entry=ttu&amp;g_ep=EgoyMDI2MDgyNS4wIKXMDSoASAFQAw%3D%3D\" target=\"_blank\" rel=\"noopener\">Cinema Els Til\u00b7lers, Sort<\/a><\/span><\/span><br \/>\n<span style=\"color: #303030;\"><em>\u00c0 partir de 7 ans<br \/>\nActivit\u00e9 partenaire d\u2019Apropa Cultura<\/em><\/span>[\/vc_column_text]<style type=\"text\/css\">.thegem-button-6a97a679c3b0c6551 .gem-button svg {fill: #FFFFFF;}.thegem-button-6a97a679c3b0c6551 .gem-button:hover svg {fill: #9D1818;}<\/style><div class=\"gem-button-container gem-button-position-inline thegem-button-6a97a679c3b0c6551    \"  ><a class=\"gem-button gem-button-size-tiny gem-button-style-flat gem-button-text-weight-normal\" data-ll-effect=\"drop-right-without-wrap\" style=\"border-radius: 3px;background-color: #9D1818;color: #FFFFFF;\" onmouseleave=\"this.style.backgroundColor='#9D1818';this.style.color='#FFFFFF';\" onmouseenter=\"this.style.backgroundColor='#FFFFFF';this.style.color='#9D1818';\" href=\"https:\/\/tabacafilmfest.entrapolis.com\/entrades\/cucafera\" target=\"_blank\">R\u00e9servation<\/a><\/div> [\/vc_tta_section][vc_tta_section title=\u00a0\u00bb<b>12h30 URCO<\/b> &#8211; S\u00e9ance de cin\u00e9ma IV &#8211; Cin\u00e9ma pour jeunes et adultes\u00a0\u00bb tab_id=\u00a0\u00bb20-setembre-12h\u00a0\u00bb]<div class=\"clearboth\"><\/div><style>#thegem-divider-6a97a679c3b51 {margin-top: -35px !important;}<\/style><div id=\"thegem-divider-6a97a679c3b51\" class=\"gem-divider  \" style=\"\" ><\/div>[vc_column_text css=\u00a0\u00bb\u00a0\u00bb]<span style=\"color: #303030;\">Quel est l\u2019un des meilleurs programmes pour un dimanche matin \u00e0 Sort ? Une vraie matin\u00e9e de cin\u00e9ma comme autrefois. <\/span><\/p>\n<p><span style=\"color: #303030;\">L\u2019Urco, le myst\u00e9rieux chien noir du folklore galicien, nous invite \u00e0 une s\u00e9ance o\u00f9 cohabiteront pouvoirs extraordinaires, histoires travers\u00e9es par la guerre, mondes que tout le monde ne peut pas voir et lointains souvenirs d\u2019enfance. Cr\u00e9atures, m\u00e9moire, r\u00e9alit\u00e9 et imaginaire se m\u00ealeront dans une nouvelle s\u00e9lection de courts m\u00e9trages finalistes du Tabaca Film Fest. <\/span><\/p>\n<p><span style=\"color: #303030;\">Et apr\u00e8s ? Vous aurez encore tout votre dimanche devant vous, mais vous aurez d\u00e9j\u00e0 voyag\u00e9 vers des terres et des \u00e9poques lointaines. <\/span>[\/vc_column_text]<div class=\"clearboth\"><\/div><style>#thegem-divider-6a97a679c3b9b {margin-top: 20px !important;}<\/style><div id=\"thegem-divider-6a97a679c3b9b\" class=\"gem-divider  \" style=\"\" ><\/div>[vc_column_text css=\u00a0\u00bb\u00a0\u00bb]<span style=\"color: #303030;\"><strong>S\u00e9ance gratuite.<\/strong><br \/>\nR\u00e9servation recommand\u00e9e.<br \/>\n<\/span><span style=\"color: #303030;\">O\u00f9: <a href=\"https:\/\/www.google.com\/maps\/place\/Cinema+Els+Til%C2%B7lers\/@42.4071059,1.1263229,17z\/data=!3m1!4b1!4m6!3m5!1s0x12a605e76e921537:0x2f52d04ad51ed073!8m2!3d42.4071059!4d1.1288978!16s%2Fg%2F11g9nlp3bp?entry=ttu&amp;g_ep=EgoyMDI2MDgyNS4wIKXMDSoASAFQAw%3D%3D\" target=\"_blank\" rel=\"noopener\">Cinema Els Til\u00b7lers, Sort<\/a><\/span>[\/vc_column_text]<style type=\"text\/css\">.thegem-button-6a97a679c3c373482 .gem-button svg {fill: #FFFFFF;}.thegem-button-6a97a679c3c373482 .gem-button:hover svg {fill: #9D1818;}<\/style><div class=\"gem-button-container gem-button-position-inline thegem-button-6a97a679c3c373482    \"  ><a class=\"gem-button gem-button-size-tiny gem-button-style-flat gem-button-text-weight-normal\" data-ll-effect=\"drop-right-without-wrap\" style=\"border-radius: 3px;background-color: #9D1818;color: #FFFFFF;\" onmouseleave=\"this.style.backgroundColor='#9D1818';this.style.color='#FFFFFF';\" onmouseenter=\"this.style.backgroundColor='#FFFFFF';this.style.color='#9D1818';\" href=\"https:\/\/tabacafilmfest.entrapolis.com\/entrades\/urco\" target=\"_blank\">R\u00e9servation<\/a><\/div> [\/vc_tta_section][vc_tta_section title=\u00a0\u00bb<b>17h F\u00c8NIX<\/b> &#8211; S\u00e9ance de cin\u00e9ma V &#8211; Cin\u00e9ma pour jeunes et adultes\u00a0\u00bb tab_id=\u00a0\u00bb20-setembre-17h\u00a0\u00bb]<div class=\"clearboth\"><\/div><style>#thegem-divider-6a97a679c3cb9 {margin-top: -35px !important;}<\/style><div id=\"thegem-divider-6a97a679c3cb9\" class=\"gem-divider  \" style=\"\" ><\/div>[vc_column_text css=\u00a0\u00bb\u00a0\u00bb]<span style=\"color: #303030;\">Nous d\u00e9voilons en avant-premi\u00e8re une s\u00e9lection de courts m\u00e9trages que le Tabaca Film Fest partagera la semaine suivante avec les \u00e9tablissements scolaires du territoire.<\/span><\/p>\n<p><span style=\"color: #303030;\">Des histoires vibrantes pour parler de changement, d\u2019identit\u00e9, de transformation, de peurs et de nouveaux regards sur le monde, inspir\u00e9es du Ph\u00e9nix, cet oiseau extraordinaire qui meurt et rena\u00eet de ses propres cendres.<\/span>[\/vc_column_text]<div class=\"clearboth\"><\/div><style>#thegem-divider-6a97a679c3d18 {margin-top: 20px !important;}<\/style><div id=\"thegem-divider-6a97a679c3d18\" class=\"gem-divider  \" style=\"\" ><\/div>[vc_column_text css=\u00a0\u00bb\u00a0\u00bb]<span style=\"color: #303030;\"><strong>S\u00e9ance gratuite.<\/strong><br \/>\nR\u00e9servation recommand\u00e9e.<br \/>\n<\/span><span style=\"color: #303030;\">O\u00f9: <a href=\"https:\/\/www.google.com\/maps\/place\/Cinema+Els+Til%C2%B7lers\/@42.4071059,1.1263229,17z\/data=!3m1!4b1!4m6!3m5!1s0x12a605e76e921537:0x2f52d04ad51ed073!8m2!3d42.4071059!4d1.1288978!16s%2Fg%2F11g9nlp3bp?entry=ttu&amp;g_ep=EgoyMDI2MDgyNS4wIKXMDSoASAFQAw%3D%3D\" target=\"_blank\" rel=\"noopener\">Cinema Els Til\u00b7lers, Sort<\/a><\/span><br \/>\n<span style=\"color: #303030;\"><em>Activit\u00e9 partenaire d\u2019Apropa Cultura<\/em><\/span>[\/vc_column_text]<style type=\"text\/css\">.thegem-button-6a97a679c3da93125 .gem-button svg {fill: #FFFFFF;}.thegem-button-6a97a679c3da93125 .gem-button:hover svg {fill: #9D1818;}<\/style><div class=\"gem-button-container gem-button-position-inline thegem-button-6a97a679c3da93125    \"  ><a class=\"gem-button gem-button-size-tiny gem-button-style-flat gem-button-text-weight-normal\" data-ll-effect=\"drop-right-without-wrap\" style=\"border-radius: 3px;background-color: #9D1818;color: #FFFFFF;\" onmouseleave=\"this.style.backgroundColor='#9D1818';this.style.color='#FFFFFF';\" onmouseenter=\"this.style.backgroundColor='#FFFFFF';this.style.color='#9D1818';\" href=\"https:\/\/tabacafilmfest.entrapolis.com\/entrades\/fenix\" target=\"_blank\">R\u00e9servation<\/a><\/div> [\/vc_tta_section][vc_tta_section tab_id=\u00a0\u00bb20-setembre-19h\u00a0\u00bb title=\u00a0\u00bb<b>19h TARASQUE<\/b> &#8211; S\u00e9ance de cin\u00e9ma VI \u00b7 long m\u00e9trage \u00ab\u00a0Le R\u00e8gne animal\u00ab\u00a0\u00ab\u00a0]<div class=\"clearboth\"><\/div><style>#thegem-divider-6a97a679c3e14 {margin-top: -35px !important;}<\/style><div id=\"thegem-divider-6a97a679c3e14\" class=\"gem-divider  \" style=\"\" ><\/div>[vc_column_text css=\u00a0\u00bb\u00a0\u00bb]<span style=\"color: #303030;\">Nous terminerons notre dimanche de cin\u00e9ma avec une grosse b\u00eate.<\/span><\/p>\n<p><span style=\"color: #303030;\">La Tarasque, cr\u00e9ature l\u00e9gendaire de la tradition fran\u00e7aise, mi-animal, mi-monstre et difficile \u00e0 domestiquer, nous conduira jusqu\u2019\u00e0 l\u2019un des films fantastiques fran\u00e7ais les plus remarqu\u00e9s de ces derni\u00e8res ann\u00e9es : Le R\u00e8gne animal, de Thomas Cailley.<\/span><\/p>\n<p><span style=\"color: #303030;\">Un p\u00e8re et son fils se lancent dans une aventure qui parle de m\u00e9tamorphose, de nature et de la b\u00eate que nous portons peut-\u00eatre tous en nous. Une fable fantastique, sauvage et profond\u00e9ment humaine pour clore toute une journ\u00e9e de cin\u00e9ma \u00e0 Sort. <\/span><\/p>\n<p><span style=\"color: #303030;\">Pr\u00e9sent\u00e9 au Festival de Cannes, le film a obtenu 12 nominations aux C\u00e9sar et en a remport\u00e9 5, notamment pour la photographie, la musique originale et les effets visuels.<\/span>[\/vc_column_text]<div class=\"clearboth\"><\/div><style>#thegem-divider-6a97a679c3e6a {margin-top: 25px !important;}<\/style><div id=\"thegem-divider-6a97a679c3e6a\" class=\"gem-divider  \" style=\"\" ><\/div>[vc_column_text css=\u00a0\u00bb\u00a0\u00bb]<span style=\"color: #303030;\"><strong>S\u00e9ance gratuite.<\/strong><\/span><br \/>\n<span style=\"color: #303030;\">R\u00e9servation recommand\u00e9e<\/span><br \/>\n<span style=\"color: #303030;\">Versi\u00f3 original subtitulada al catal\u00e0<\/span><\/p>\n<p><span style=\"color: #303030;\">O\u00f9: <a href=\"https:\/\/www.google.com\/maps\/place\/Cinema+Els+Til%C2%B7lers\/@42.4071059,1.1263229,17z\/data=!3m1!4b1!4m6!3m5!1s0x12a605e76e921537:0x2f52d04ad51ed073!8m2!3d42.4071059!4d1.1288978!16s%2Fg%2F11g9nlp3bp?entry=ttu&amp;g_ep=EgoyMDI2MDgyNS4wIKXMDSoASAFQAw%3D%3D\" target=\"_blank\" rel=\"noopener\">Cinema Els Til\u00b7lers, Sort<\/a><\/span><br \/>\n<span style=\"color: #303030;\"><em>Activit\u00e9 partenaire d\u2019Apropa Cultura<\/em><\/span>[\/vc_column_text]<style type=\"text\/css\">.thegem-button-6a97a679c3f056382 .gem-button svg {fill: #FFFFFF;}.thegem-button-6a97a679c3f056382 .gem-button:hover svg {fill: #9D1818;}<\/style><div class=\"gem-button-container gem-button-position-inline thegem-button-6a97a679c3f056382    \"  ><a class=\"gem-button gem-button-size-tiny gem-button-style-flat gem-button-text-weight-normal\" data-ll-effect=\"drop-right-without-wrap\" style=\"border-radius: 3px;background-color: #9D1818;color: #FFFFFF;\" onmouseleave=\"this.style.backgroundColor='#9D1818';this.style.color='#FFFFFF';\" onmouseenter=\"this.style.backgroundColor='#FFFFFF';this.style.color='#9D1818';\" href=\"https:\/\/tabacafilmfest.entrapolis.com\/entrades\/tarasque\" target=\"_blank\">R\u00e9servation<\/a><\/div> [\/vc_tta_section][\/vc_tta_accordion][\/vc_column][\/vc_row][vc_row][vc_column tablet_margin_left=\u00a0\u00bb12&Prime; tablet_margin_right=\u00a0\u00bb12&Prime; mobile_margin_left=\u00a0\u00bb12&Prime; mobile_margin_right=\u00a0\u00bb12&Prime;]<div class=\"clearboth\"><\/div><style>#thegem-divider-6a97a679c3f6d {margin-top: 25px !important;}<\/style><div id=\"thegem-divider-6a97a679c3f6d\" class=\"gem-divider  \" style=\"\" ><\/div>[vc_column_text css=\u00a0\u00bb.vc_custom_1788032702367{margin-bottom: 8px !important;}\u00a0\u00bb]<span style=\"font-family: Helvetica; font-size: 14pt; color: #9d1818;\"><strong><u>JEUDI <\/u><\/strong><strong><u>24 SEPTEMBRE<\/u><\/strong><\/span>[\/vc_column_text][\/vc_column][\/vc_row][vc_row css=\u00a0\u00bb.vc_custom_1754505535908{margin-left: 30px !important;}\u00a0\u00bb mobile_margin_left=\u00a0\u00bb-15&Prime; mobile_margin_right=\u00a0\u00bb4&Prime;][vc_column offset=\u00a0\u00bbvc_col-lg-12&Prime; tablet_margin_left=\u00a0\u00bb12&Prime; tablet_margin_right=\u00a0\u00bb12&Prime; mobile_margin_left=\u00a0\u00bb12&Prime; mobile_margin_right=\u00a0\u00bb12&Prime;][vc_tta_accordion style=\u00a0\u00bbsimple_arrow\u00a0\u00bb color=\u00a0\u00bbmulled-wine\u00a0\u00bb spacing=\u00a0\u00bb1&Prime; c_icon=\u00a0\u00bbtriangle\u00a0\u00bb c_position=\u00a0\u00bbright\u00a0\u00bb active_section=\u00a0\u00bbfalse\u00a0\u00bb no_fill=\u00a0\u00bbtrue\u00a0\u00bb collapsible_all=\u00a0\u00bbtrue\u00a0\u00bb][vc_tta_section title=\u00a0\u00bb<b>C\u00c8RBER<\/b> &#8211; Inauguration officielle du festival\u00a0\u00bb tab_id=\u00a0\u00bbcerber\u00a0\u00bb]<div class=\"clearboth\"><\/div><style>#thegem-divider-6a97a679c3fe6 {margin-top: -35px !important;}<\/style><div id=\"thegem-divider-6a97a679c3fe6\" class=\"gem-divider  \" style=\"\" ><\/div>[vc_column_text css=\u00a0\u00bb\u00a0\u00bb]<span style=\"color: #303030;\">Pendant quatre jours, le Reial Alfol\u00ed de Gerri de la Sal deviendra le territoire Tabaca du cin\u00e9ma, de la culture et des b\u00eates sauvages.<\/span><\/p>\n<p><span style=\"color: #303030;\">Le voyage commencera par l\u2019acte inaugural officiel de la troisi\u00e8me \u00e9dition du Tabaca Film Fest, suivi d\u2019une nouvelle s\u00e9ance de courts m\u00e9trages finalistes. Mais nous ne serons pas seuls : de myst\u00e9rieux personnages nous accompagneront tout au long de la soir\u00e9e et veilleront, \u00e0 leur mani\u00e8re, \u00e0 ce que nous arrivions \u00e0 destination. Pr\u00e9parez vos valises. <\/span><\/p>\n<p><span style=\"color: #303030;\">Nous partagerons ensuite un d\u00eener sauvage de bienvenue inspir\u00e9 des saveurs les plus ancestrales du Pallars, imagin\u00e9 par Jaume Mora, chef reconnu de la Fonda Farr\u00e9 de Baro, l\u2019une des maisons de r\u00e9f\u00e9rence de la cuisine locale du Pallars.<\/span><\/p>\n<p><span style=\"color: #303030;\">Et lorsqu\u2019il semblera que la nuit touche \u00e0 sa fin, Cerb\u00e8re, le chien \u00e0 trois t\u00eates qui gardait les portes des Enfers, nous ouvrira la derni\u00e8re porte\u2026<\/span>[\/vc_column_text]<div class=\"clearboth\"><\/div><style>#thegem-divider-6a97a679c4045 {margin-top: 25px !important;}<\/style><div id=\"thegem-divider-6a97a679c4045\" class=\"gem-divider  \" style=\"\" ><\/div>[vc_column_text css=\u00a0\u00bb\u00a0\u00bb]<span style=\"color: #303030;\">Prix: <strong>10 \u20ac (tout compris)<\/strong><\/span><br \/>\n<span style=\"color: #303030;\">R\u00e9servation obligatoire. Jauge limit\u00e9e. <\/span><\/p>\n<p><span style=\"color: #303030;\">O\u00f9: Reial Alfol\u00ed \u00b7 Gerri de la Sal<\/span><br \/>\n<span style=\"color: #303030;\">Il est \u00e9galement recommand\u00e9 de pr\u00e9voir des v\u00eatements chauds, certaines activit\u00e9s auront lieu en plein air.<\/span>[\/vc_column_text]<style type=\"text\/css\">.thegem-button-6a97a679c40d28636 .gem-button svg {fill: #FFFFFF;}.thegem-button-6a97a679c40d28636 .gem-button:hover svg {fill: #9D1818;}<\/style><div class=\"gem-button-container gem-button-position-inline thegem-button-6a97a679c40d28636    \"  ><a class=\"gem-button gem-button-size-tiny gem-button-style-flat gem-button-text-weight-normal\" data-ll-effect=\"drop-right-without-wrap\" style=\"border-radius: 3px;background-color: #9D1818;color: #FFFFFF;\" onmouseleave=\"this.style.backgroundColor='#9D1818';this.style.color='#FFFFFF';\" onmouseenter=\"this.style.backgroundColor='#FFFFFF';this.style.color='#9D1818';\" href=\"https:\/\/tabacafilmfest.entrapolis.com\/entrades\/cerber\" target=\"_blank\">R\u00e9servation<\/a><\/div> [\/vc_tta_section][vc_tta_section title=\u00a0\u00bb<b>19h<\/b> &#8211; Acte inaugural officiel\u00a0\u00bb tab_id=\u00a0\u00bb24-setembre-19h\u00a0\u00bb el_class=\u00a0\u00bbdisable-accordion-click\u00a0\u00bb][\/vc_tta_section][vc_tta_section title=\u00a0\u00bb<b>19h30<\/b> &#8211; S\u00e9ance de cin\u00e9ma VII\u00a0\u00bb tab_id=\u00a0\u00bb24-setembre-1930h\u00a0\u00bb el_class=\u00a0\u00bbdisable-accordion-click\u00a0\u00bb][vc_row_inner mobile_margin_top=\u00a0\u00bb30&Prime;][vc_column_inner width=\u00a0\u00bb1\/4&Prime;][vc_single_image image=\u00a0\u00bb36938&Prime; img_size=\u00a0\u00bb\u00a0\u00bb css=\u00a0\u00bb\u00a0\u00bb][\/vc_column_inner][vc_column_inner width=\u00a0\u00bb3\/4&Prime; mobile_margin_top=\u00a0\u00bb-30&Prime;][vc_column_text css=\u00a0\u00bb.vc_custom_1757489183822{padding-top: 35px !important;}\u00a0\u00bb]<strong><span style=\"color: #303030;\">Pietra <\/span><\/strong><span style=\"color: #303030;\">&#8211; <\/span><span style=\"color: #303030;\">12 min \/ Animaci\u00f3 \/ Direcci\u00f3: Zynthia Levitan \/ Brasil, Litu\u00e0nia, Pol\u00f2nia i Portugal<br \/>\nDues ve\u00efnes d\u00b4un cl\u00e0ssic barri portugu\u00e8s es troben arran d\u2019un conflicte, des de llocs aparentment molt diferents. <\/span>[\/vc_column_text][\/vc_column_inner][\/vc_row_inner][vc_empty_space height=\u00a0\u00bb12px\u00a0\u00bb][vc_row_inner mobile_margin_top=\u00a0\u00bb30&Prime;][vc_column_inner width=\u00a0\u00bb1\/4&Prime;][vc_single_image image=\u00a0\u00bb37110&Prime; img_size=\u00a0\u00bb\u00a0\u00bb css=\u00a0\u00bb\u00a0\u00bb][\/vc_column_inner][vc_column_inner width=\u00a0\u00bb3\/4&Prime; mobile_margin_top=\u00a0\u00bb-30&Prime;][vc_column_text css=\u00a0\u00bb.vc_custom_1757489212274{padding-top: 35px !important;}\u00a0\u00bb]<strong><span style=\"color: #303030;\">Nit de Reis <\/span><\/strong><span style=\"color: #303030;\">&#8211; <\/span><span style=\"color: #303030;\">5 min \/ Ficci\u00f3 \/ Direcci\u00f3: Teo Nicolau \/ Espanya \/ Catal\u00e0<br \/>\n\u00c9s la nit de Reis i hi ha qui t\u00e9 m\u00e9s ganes de sortir de festa que de treballar. <\/span>[\/vc_column_text][\/vc_column_inner][\/vc_row_inner][vc_empty_space height=\u00a0\u00bb12px\u00a0\u00bb][vc_row_inner mobile_margin_top=\u00a0\u00bb30&Prime;][vc_column_inner width=\u00a0\u00bb1\/4&Prime;][vc_single_image image=\u00a0\u00bb36950&Prime; img_size=\u00a0\u00bb\u00a0\u00bb css=\u00a0\u00bb\u00a0\u00bb][\/vc_column_inner][vc_column_inner width=\u00a0\u00bb3\/4&Prime; mobile_margin_top=\u00a0\u00bb-30&Prime;][vc_column_text css=\u00a0\u00bb.vc_custom_1757489227157{padding-top: 35px !important;}\u00a0\u00bb]<strong><span style=\"color: #303030;\">Felina <\/span><\/strong><span style=\"color: #303030;\">&#8211; <\/span><span style=\"color: #303030;\">12 min \/ Animaci\u00f3 \/ Direcci\u00f3: Mar\u00eda Lorenzo Hern\u00e1ndez \/ Espanya<br \/>\nFelina \u00e9s la hist\u00f2ria de dos \u00e9ssers que amaguen una sorprenent veritat.<\/span>[\/vc_column_text][\/vc_column_inner][\/vc_row_inner][vc_empty_space height=\u00a0\u00bb12px\u00a0\u00bb][vc_row_inner mobile_margin_top=\u00a0\u00bb30&Prime;][vc_column_inner width=\u00a0\u00bb1\/4&Prime;][vc_single_image image=\u00a0\u00bb36962&Prime; img_size=\u00a0\u00bb\u00a0\u00bb css=\u00a0\u00bb\u00a0\u00bb][\/vc_column_inner][vc_column_inner width=\u00a0\u00bb3\/4&Prime; mobile_margin_top=\u00a0\u00bb-30&Prime;][vc_column_text css=\u00a0\u00bb.vc_custom_1755621525358{padding-top: 35px !important;}\u00a0\u00bb]<strong><span style=\"color: #303030;\">Ese lugar part\u00edo <\/span><\/strong><span style=\"color: #303030;\">&#8211; <\/span><span style=\"color: #303030;\">8 min \/ Experimental \/ Direcci\u00f3: In\u00e9s Pintor Sierra \/ Espanya \/ Castell\u00e0<br \/>\nMarcos i Mateo creixen junts fins que la construcci\u00f3 d\u00b4una autopista divideix el poble en dos. <\/span>[\/vc_column_text][\/vc_column_inner][\/vc_row_inner][vc_empty_space height=\u00a0\u00bb12px\u00a0\u00bb][vc_row_inner mobile_margin_top=\u00a0\u00bb30&Prime;][vc_column_inner width=\u00a0\u00bb1\/4&Prime;][vc_single_image image=\u00a0\u00bb36942&Prime; img_size=\u00a0\u00bb\u00a0\u00bb css=\u00a0\u00bb\u00a0\u00bb][\/vc_column_inner][vc_column_inner width=\u00a0\u00bb3\/4&Prime; mobile_margin_top=\u00a0\u00bb-30&Prime;][vc_column_text css=\u00a0\u00bb.vc_custom_1755621582190{padding-top: 35px !important;}\u00a0\u00bb]<strong><span style=\"color: #303030;\">Plora aqu\u00ed <\/span><\/strong><span style=\"color: #303030;\">&#8211; <\/span><span style=\"color: #303030;\">8 min \/ Ficci\u00f3 \/ Direcci\u00f3: Pablo Maestres \/ Espanya \/ Catal\u00e0<br \/>\nSnif \u00e9s un monstre que viu a la natura i que accidentalment coneix a una fam\u00edlia. <\/span>[\/vc_column_text][\/vc_column_inner][\/vc_row_inner][vc_empty_space height=\u00a0\u00bb12px\u00a0\u00bb][vc_row_inner mobile_margin_top=\u00a0\u00bb30&Prime;][vc_column_inner width=\u00a0\u00bb1\/4&Prime;][vc_single_image image=\u00a0\u00bb36954&Prime; img_size=\u00a0\u00bb\u00a0\u00bb css=\u00a0\u00bb\u00a0\u00bb][\/vc_column_inner][vc_column_inner width=\u00a0\u00bb3\/4&Prime; mobile_margin_top=\u00a0\u00bb-30&Prime;][vc_column_text css=\u00a0\u00bb.vc_custom_1757489320523{padding-top: 35px !important;}\u00a0\u00bb]<strong><span style=\"color: #303030;\">El fin del mundo <\/span><\/strong><span style=\"color: #303030;\">&#8211; <\/span><span style=\"color: #303030;\">14 min \/ Ficci\u00f3 \/ Direcci\u00f3: Alessandro Mosca \/ Per\u00fa \/ Castell\u00e0<br \/>\nUn nen s\u2019ha perdut a la muntanya i busca el cam\u00ed de tornada a casa. <\/span>[\/vc_column_text][\/vc_column_inner][\/vc_row_inner][vc_empty_space height=\u00a0\u00bb12px\u00a0\u00bb][vc_row_inner mobile_margin_top=\u00a0\u00bb30&Prime;][vc_column_inner width=\u00a0\u00bb1\/4&Prime;][vc_single_image image=\u00a0\u00bb36958&Prime; img_size=\u00a0\u00bb\u00a0\u00bb css=\u00a0\u00bb\u00a0\u00bb][\/vc_column_inner][vc_column_inner width=\u00a0\u00bb3\/4&Prime; mobile_margin_top=\u00a0\u00bb-30&Prime;][vc_column_text css=\u00a0\u00bb.vc_custom_1755621808979{padding-top: 35px !important;}\u00a0\u00bb]<strong><span style=\"color: #303030;\">Els Simiots <\/span><\/strong><span style=\"color: #303030;\">&#8211; <\/span><span style=\"color: #303030;\">30 min \/ Documental \/ Direcci\u00f3: Jordi Busquets \/ Espanya \/ Catal\u00e0<br \/>\nA trav\u00e9s de testimonis locals, el documental explora la llegenda dels homes salvatges dels Pirineus, especialment a la zona d\u2019Arles. <\/span>[\/vc_column_text][\/vc_column_inner][\/vc_row_inner][vc_empty_space height=\u00a0\u00bb30px\u00a0\u00bb][\/vc_tta_section][vc_tta_section title=\u00a0\u00bb<b>21h<\/b> &#8211; D\u00eener sauvage de bienvenue\u00a0\u00bb tab_id=\u00a0\u00bb24-setembre-21h\u00a0\u00bb el_class=\u00a0\u00bbdisable-accordion-click\u00a0\u00bb][\/vc_tta_section][vc_tta_section title=\u00a0\u00bb<b>22h<\/b> &#8211; Activit\u00e9 surprise sous les \u00e9toiles\u00a0\u00bb tab_id=\u00a0\u00bb24-setembre-22h\u00a0\u00bb el_class=\u00a0\u00bbdisable-accordion-click\u00a0\u00bb][\/vc_tta_section][\/vc_tta_accordion][\/vc_column][\/vc_row][vc_row][vc_column tablet_margin_left=\u00a0\u00bb12&Prime; tablet_margin_right=\u00a0\u00bb12&Prime; mobile_margin_left=\u00a0\u00bb12&Prime; mobile_margin_right=\u00a0\u00bb12&Prime;]<div class=\"clearboth\"><\/div><style>#thegem-divider-6a97a679c414a {margin-top: 25px !important;}<\/style><div id=\"thegem-divider-6a97a679c414a\" class=\"gem-divider  \" style=\"\" ><\/div>[vc_column_text css=\u00a0\u00bb.vc_custom_1788032710001{margin-bottom: 8px !important;}\u00a0\u00bb]<span style=\"font-family: Helvetica; font-size: 14pt; color: #9d1818;\"><strong><u>VENDREDI <\/u><\/strong><strong><u>25 SEPTEMBRE<\/u><\/strong><\/span>[\/vc_column_text][\/vc_column][\/vc_row][vc_row css=\u00a0\u00bb.vc_custom_1754505535908{margin-left: 30px !important;}\u00a0\u00bb mobile_margin_left=\u00a0\u00bb-15&Prime; mobile_margin_right=\u00a0\u00bb4&Prime;][vc_column offset=\u00a0\u00bbvc_col-lg-12&Prime; tablet_margin_left=\u00a0\u00bb12&Prime; tablet_margin_right=\u00a0\u00bb12&Prime; mobile_margin_left=\u00a0\u00bb12&Prime; mobile_margin_right=\u00a0\u00bb12&Prime;][vc_tta_accordion style=\u00a0\u00bbsimple_arrow\u00a0\u00bb color=\u00a0\u00bbmulled-wine\u00a0\u00bb spacing=\u00a0\u00bb1&Prime; c_icon=\u00a0\u00bbtriangle\u00a0\u00bb c_position=\u00a0\u00bbright\u00a0\u00bb active_section=\u00a0\u00bbfalse\u00a0\u00bb no_fill=\u00a0\u00bbtrue\u00a0\u00bb collapsible_all=\u00a0\u00bbtrue\u00a0\u00bb][vc_tta_section title=\u00a0\u00bb<b>10h ART\u00c8MIA<\/b> &#8211; Visite guid\u00e9e du Museu de la Sal (\u00e9galement \u00e0 13h)\u00a0\u00bb tab_id=\u00a0\u00bb25-setembre-10&Prime;]<div class=\"clearboth\"><\/div><style>#thegem-divider-6a97a679c4196 {margin-top: -35px !important;}<\/style><div id=\"thegem-divider-6a97a679c4196\" class=\"gem-divider  \" style=\"\" ><\/div>[vc_column_text css=\u00a0\u00bb\u00a0\u00bb]<span style=\"color: #303030;\">L\u2019art\u00e9mie est un petit crustac\u00e9 issu d\u2019une lign\u00e9e tr\u00e8s ancienne, capable de vivre l\u00e0 o\u00f9 presque personne d\u2019autre ne le peut : dans des eaux pr\u00e9sentant des concentrations extr\u00eamement \u00e9lev\u00e9es de sel. Le meilleur guide pour d\u00e9couvrir l\u2019un des grands tr\u00e9sors de Gerri. <\/span><\/p>\n<p><span style=\"color: #303030;\">Nous visiterons le Museu de la Sal et le Reial Alfol\u00ed, un b\u00e2timent embl\u00e9matique qui, au fil des si\u00e8cles, a \u00e9t\u00e9 entrep\u00f4t de sel, \u00e9cole, th\u00e9\u00e2tre et lieu de vie collective. Nous d\u00e9couvrirons l\u2019histoire du sel \u00e0 Gerri et c\u00e9l\u00e9brerons \u00e9galement un petit grand exploit : cette ann\u00e9e, on y a de nouveau produit du sel de mani\u00e8re traditionnelle, gr\u00e2ce aux efforts et \u00e0 l\u2019implication de tout un village. <\/span>[\/vc_column_text]<div class=\"clearboth\"><\/div><style>#thegem-divider-6a97a679c41dd {margin-top: 35px !important;}<\/style><div id=\"thegem-divider-6a97a679c41dd\" class=\"gem-divider  \" style=\"\" ><\/div>[vc_column_text css=\u00a0\u00bb\u00a0\u00bb]<strong><span style=\"color: #303030;\">Activit\u00e9 gratuite.<\/span><\/strong><br \/>\n<span style=\"color: #303030;\">R\u00e9servation obligatoire. Jauge limit\u00e9e.<br \/>\nO\u00f9: Reial Alfol\u00ed \u00b7 Gerri de la Sal<br \/>\n<\/span>[\/vc_column_text]<style type=\"text\/css\">.thegem-button-6a97a679c42607822 .gem-button svg {fill: #FFFFFF;}.thegem-button-6a97a679c42607822 .gem-button:hover svg {fill: #9D1818;}<\/style><div class=\"gem-button-container gem-button-position-inline thegem-button-6a97a679c42607822    \"  ><a class=\"gem-button gem-button-size-tiny gem-button-style-flat gem-button-text-weight-normal\" data-ll-effect=\"drop-right-without-wrap\" style=\"border-radius: 3px;background-color: #9D1818;color: #FFFFFF;\" onmouseleave=\"this.style.backgroundColor='#9D1818';this.style.color='#FFFFFF';\" onmouseenter=\"this.style.backgroundColor='#FFFFFF';this.style.color='#9D1818';\" href=\"https:\/\/tabacafilmfest.entrapolis.com\/entrades\/artemia\" target=\"_blank\">R\u00e9servation 10h<\/a><\/div> <style type=\"text\/css\">.thegem-button-6a97a679c42fd3675 .gem-button svg {fill: #FFFFFF;}.thegem-button-6a97a679c42fd3675 .gem-button:hover svg {fill: #9D1818;}<\/style><div class=\"gem-button-container gem-button-position-inline thegem-button-6a97a679c42fd3675    \"  ><a class=\"gem-button gem-button-size-tiny gem-button-style-flat gem-button-text-weight-normal\" data-ll-effect=\"drop-right-without-wrap\" style=\"border-radius: 3px;background-color: #9D1818;color: #FFFFFF;\" onmouseleave=\"this.style.backgroundColor='#9D1818';this.style.color='#FFFFFF';\" onmouseenter=\"this.style.backgroundColor='#FFFFFF';this.style.color='#9D1818';\" href=\"https:\/\/tabacafilmfest.entrapolis.com\/entrades\/artemia\" target=\"_blank\">R\u00e9servation 13h<\/a><\/div> [\/vc_tta_section][vc_tta_section title=\u00a0\u00bb<b>11h ALICORNI<\/b> &#8211; S\u00e9ance de cin\u00e9ma VIII\u00a0\u00bb tab_id=\u00a0\u00bb25-setembre-11h\u00a0\u00bb]<div class=\"clearboth\"><\/div><style>#thegem-divider-6a97a679c4356 {margin-top: -35px !important;}<\/style><div id=\"thegem-divider-6a97a679c4356\" class=\"gem-divider  \" style=\"\" ><\/div>[vc_column_text css=\u00a0\u00bb\u00a0\u00bb]<span style=\"color: #303030;\">Mi-cheval, mi-cr\u00e9ature impossible, l\u2019Alicorni nous invitera \u00e0 laisser derri\u00e8re nous, pour un moment, le monde connu.<\/span><\/p>\n<p><span style=\"color: #303030;\">L\u2019une des s\u00e9ances les plus oniriques et hypnotiques du festival, avec des courts m\u00e9trages qui nous feront voyager vers des territoires \u00e9tranges, intimes et inattendus. Du cin\u00e9ma pour se laisser porter, regarder un peu plus loin et, peut-\u00eatre, atteindre des lieux dont nous ignorions l\u2019existence. <\/span>[\/vc_column_text]<div class=\"clearboth\"><\/div><style>#thegem-divider-6a97a679c43a0 {margin-top: 10px !important;}<\/style><div id=\"thegem-divider-6a97a679c43a0\" class=\"gem-divider  \" style=\"\" ><\/div>[vc_column_text css=\u00a0\u00bb\u00a0\u00bb]<span style=\"color: #303030;\">Prix: <strong>3 \u20ac <\/strong> <\/span><br \/>\n<span style=\"color: #303030;\">R\u00e9servation recommand\u00e9e. Jauge limit\u00e9e. <\/span><\/p>\n<p><span style=\"color: #303030;\">O\u00f9: Reial Alfol\u00ed \u00b7 Gerri de la Sal<\/span><br \/>\n<em><span style=\"color: #303030;\">Activit\u00e9 partenaire d\u2019Apropa Cultura<\/span><\/em>[\/vc_column_text]<style type=\"text\/css\">.thegem-button-6a97a679c441d788 .gem-button svg {fill: #FFFFFF;}.thegem-button-6a97a679c441d788 .gem-button:hover svg {fill: #9D1818;}<\/style><div class=\"gem-button-container gem-button-position-inline thegem-button-6a97a679c441d788    \"  ><a class=\"gem-button gem-button-size-tiny gem-button-style-flat gem-button-text-weight-normal\" data-ll-effect=\"drop-right-without-wrap\" style=\"border-radius: 3px;background-color: #9D1818;color: #FFFFFF;\" onmouseleave=\"this.style.backgroundColor='#9D1818';this.style.color='#FFFFFF';\" onmouseenter=\"this.style.backgroundColor='#FFFFFF';this.style.color='#9D1818';\" href=\"https:\/\/tabacafilmfest.entrapolis.com\/entrades\/alicorni\" target=\"_blank\">R\u00e9servation<\/a><\/div> [\/vc_tta_section][vc_tta_section title=\u00a0\u00bb<b>13h QUIMERA<\/b> &#8211; Masterclass Animaux mythologiques, avec Joan de D\u00e9u Prats\u00a0\u00bb tab_id=\u00a0\u00bb25-setembre-13h\u00a0\u00bb]<div class=\"clearboth\"><\/div><style>#thegem-divider-6a97a679c449c {margin-top: -35px !important;}<\/style><div id=\"thegem-divider-6a97a679c449c\" class=\"gem-divider  \" style=\"\" ><\/div>[vc_column_text css=\u00a0\u00bb\u00a0\u00bb]<span style=\"font-weight: 400; color: #303030;\">Dragons, griffons, b\u00eates impossibles et cr\u00e9atures n\u00e9es de l\u2019imagination humaine depuis des temps imm\u00e9moriaux. Puisque cette ann\u00e9e nous avons d\u00e9cid\u00e9 de remplir le Tabaca de b\u00eates, nous ne pouvions trouver meilleure personne que Joan de D\u00e9u Prats pour nous aider \u00e0 comprendre d\u2019o\u00f9 elles viennent et ce qu\u2019elles nous racontent. <\/span><\/p>\n<p><span style=\"font-weight: 400; color: #303030;\">\u00c9crivain et grand connaisseur de l\u2019imaginaire fantastique et l\u00e9gendaire, il nous invitera \u00e0 explorer l\u2019univers des animaux mythologiques, leurs histoires, leurs symboles et tout ce que les humains ont projet\u00e9 sur eux.<\/span><\/p>\n<p><span style=\"font-weight: 400; color: #303030;\">Une occasion d\u2019aller un peu au-del\u00e0 du mythe et de d\u00e9couvrir ce qui se cache derri\u00e8re la b\u00eate.<\/span>[\/vc_column_text]<div class=\"clearboth\"><\/div><style>#thegem-divider-6a97a679c44e0 {margin-top: 35px !important;}<\/style><div id=\"thegem-divider-6a97a679c44e0\" class=\"gem-divider  \" style=\"\" ><\/div>[vc_column_text css=\u00a0\u00bb\u00a0\u00bb]<span style=\"color: #303030;\"><strong>Activit\u00e9 gratuite et sans r\u00e9servation.<\/strong><\/span><br \/>\n<span style=\"color: #303030;\">Recommand\u00e9e pour un public adulte.<\/span><br \/>\n<span style=\"color: #303030;\">Jauge limit\u00e9e. Entr\u00e9e libre, par ordre d\u2019arriv\u00e9e.<\/span><\/p>\n<p><span style=\"color: #303030;\">O\u00f9: Reial Alfol\u00ed \u00b7 Gerri de la Sal<\/span><br \/>\n<span style=\"color: #303030;\"><em>Activit\u00e9 partenaire d\u2019Apropa Cultura<\/em><\/span>[\/vc_column_text][\/vc_tta_section][vc_tta_section title=\u00a0\u00bb<b>16h AATXE<\/b> &#8211; S\u00e9ance de cin\u00e9ma IX\u00a0\u00bb tab_id=\u00a0\u00bb25-setembre-16h\u00a0\u00bb]<div class=\"clearboth\"><\/div><style>#thegem-divider-6a97a679c4520 {margin-top: -35px !important;}<\/style><div id=\"thegem-divider-6a97a679c4520\" class=\"gem-divider  \" style=\"\" ><\/div>[vc_column_text css=\u00a0\u00bb\u00a0\u00bb]<span style=\"font-weight: 400; color: #303030;\">L\u2019Aatxe, esprit de la mythologie basque qui prend la forme d\u2019un taureau rouge, appara\u00eet la nuit et habite grottes et lieux cach\u00e9s. Cette s\u00e9ance nous entra\u00eenera elle aussi vers des territoires inconfortables. <\/span><\/p>\n<p><span style=\"font-weight: 400; color: #303030;\">Dystopies, d\u00e9sirs, futurs inqui\u00e9tants et r\u00e9alit\u00e9s qui ressemblent parfois \u00e0 de la fiction. Une s\u00e9lection de courts m\u00e9trages qui nous placera face au miroir et nous invitera \u00e0 nous demander o\u00f9 nous allons, et ce qu\u2019il reste de nous en chemin. <\/span>[\/vc_column_text]<div class=\"clearboth\"><\/div><style>#thegem-divider-6a97a679c4562 {margin-top: 10px !important;}<\/style><div id=\"thegem-divider-6a97a679c4562\" class=\"gem-divider  \" style=\"\" ><\/div>[vc_column_text css=\u00a0\u00bb\u00a0\u00bb]<span style=\"color: #303030;\">Prix: <strong>3 \u20ac <\/strong> <\/span><br \/>\n<span style=\"color: #303030;\">R\u00e9servation recommand\u00e9e. Jauge limit\u00e9e.<br \/>\n<\/span><span style=\"color: #303030;\">O\u00f9: Reial Alfol\u00ed \u00b7 Gerri de la Sal<\/span>[\/vc_column_text]<style type=\"text\/css\">.thegem-button-6a97a679c45de996 .gem-button svg {fill: #FFFFFF;}.thegem-button-6a97a679c45de996 .gem-button:hover svg {fill: #9D1818;}<\/style><div class=\"gem-button-container gem-button-position-inline thegem-button-6a97a679c45de996    \"  ><a class=\"gem-button gem-button-size-tiny gem-button-style-flat gem-button-text-weight-normal\" data-ll-effect=\"drop-right-without-wrap\" style=\"border-radius: 3px;background-color: #9D1818;color: #FFFFFF;\" onmouseleave=\"this.style.backgroundColor='#9D1818';this.style.color='#FFFFFF';\" onmouseenter=\"this.style.backgroundColor='#FFFFFF';this.style.color='#9D1818';\" href=\"https:\/\/tabacafilmfest.entrapolis.com\/entrades\/aatxe\" target=\"_blank\">R\u00e9servation<\/a><\/div> [\/vc_tta_section][vc_tta_section title=\u00a0\u00bb<b>17h ESFINX<\/b> &#8211; Atelier de dessin de cartes de Tarot, avec Jes\u00fas Rosan\u00a0\u00bb tab_id=\u00a0\u00bb25-setembre-17h\u00a0\u00bb]<div class=\"clearboth\"><\/div><style>#thegem-divider-6a97a679c462e {margin-top: -35px !important;}<\/style><div id=\"thegem-divider-6a97a679c462e\" class=\"gem-divider  \" style=\"\" ><\/div>[vc_column_text css=\u00a0\u00bb\u00a0\u00bb]<span style=\"font-weight: 400; color: #303030;\">Le Sphinx posait des \u00e9nigmes aux voyageurs. Nous lui r\u00e9pondrons avec des crayons, de l\u2019imagination et un jeu de cartes encore \u00e0 inventer. <\/span><\/p>\n<p><span style=\"font-weight: 400; color: #303030;\">Jes\u00fas Rosan, artiste et complice habituel du Tabaca, nous invitera \u00e0 cr\u00e9er nos propres cartes de Tarot en nous inspirant des animaux, des symboles et des \u00e9l\u00e9ments des Pyr\u00e9n\u00e9es. Le Tarot comme outil d\u2019exploration et de connaissance de soi, mais aussi comme terrain de jeu et de cr\u00e9ation. <\/span><\/p>\n<p><span style=\"font-weight: 400; color: #303030;\">\u00c0 quoi ressemblerait un Tarot n\u00e9 dans les Pyr\u00e9n\u00e9es ? Venez en dessiner une carte et, surtout, commencez \u00e0 r\u00e9fl\u00e9chir \u00e0 la question que vous lui poserez. <\/span>[\/vc_column_text]<div class=\"clearboth\"><\/div><style>#thegem-divider-6a97a679c467d {margin-top: 35px !important;}<\/style><div id=\"thegem-divider-6a97a679c467d\" class=\"gem-divider  \" style=\"\" ><\/div>[vc_column_text css=\u00a0\u00bb\u00a0\u00bb]<span style=\"color: #303030;\"><strong>Activit\u00e9 gratuite en plein air. \u00c0 partir de 7 ans. <\/strong><br \/>\nR\u00e9servation recommand\u00e9e. Places limit\u00e9es.<br \/>\nO\u00f9: <a href=\"https:\/\/www.google.com\/maps\/place\/Xiringuito+de+la+Sal\/@42.3233816,1.056231,15z\/data=!4m14!1m7!3m6!1s0x12a611c10cd3e787:0x6f5cc1404635bf8a!2sXiringuito+de+la+Sal!8m2!3d42.3233662!4d1.0665093!16s%2Fg%2F11v3h7mfxc!3m5!1s0x12a611c10cd3e787:0x6f5cc1404635bf8a!8m2!3d42.3233662!4d1.0665093!16s%2Fg%2F11v3h7mfxc?entry=ttu&amp;g_ep=EgoyMDI2MDgyNi4wIKXMDSoASAFQAw%3D%3D\" target=\"_blank\" rel=\"noopener\">Xiringuito de la Sal \u00b7 Gerri de la Sal<\/a><br \/>\n<\/span><br \/>\n<span style=\"color: #303030;\"><i>Activit\u00e9 coorganis\u00e9e par le Parc Natural de l\u2019Alt Pirineu<br \/>\nActivit\u00e9 partenaire d\u2019Apropa Cultura<\/i><\/span><i><\/i>[\/vc_column_text]<style type=\"text\/css\">.thegem-button-6a97a679c46d78435 .gem-button svg {fill: #FFFFFF;}.thegem-button-6a97a679c46d78435 .gem-button:hover svg {fill: #9D1818;}<\/style><div class=\"gem-button-container gem-button-position-inline thegem-button-6a97a679c46d78435    \"  ><a class=\"gem-button gem-button-size-tiny gem-button-style-flat gem-button-text-weight-normal\" data-ll-effect=\"drop-right-without-wrap\" style=\"border-radius: 3px;background-color: #9D1818;color: #FFFFFF;\" onmouseleave=\"this.style.backgroundColor='#9D1818';this.style.color='#FFFFFF';\" onmouseenter=\"this.style.backgroundColor='#FFFFFF';this.style.color='#9D1818';\" href=\"https:\/\/tabacafilmfest.entrapolis.com\/entrades\/esfinx\" target=\"_blank\">R\u00e9servation<\/a><\/div> [\/vc_tta_section][vc_tta_section title=\u00a0\u00bb<b>19h V\u00cdBRIA<\/b> &#8211; S\u00e9ance de cin\u00e9ma X\u00a0\u00bb tab_id=\u00a0\u00bb25-setembre-19&Prime;]<div class=\"clearboth\"><\/div><style>#thegem-divider-6a97a679c4709 {margin-top: -35px !important;}<\/style><div id=\"thegem-divider-6a97a679c4709\" class=\"gem-divider  \" style=\"\" ><\/div>[vc_column_text css=\u00a0\u00bb\u00a0\u00bb]<span style=\"font-weight: 400; color: #303030;\">Mi-femme, mi-dragon, la V\u00edbria est l\u2019une des cr\u00e9atures les plus f\u00e9roces de notre imaginaire. Et la derni\u00e8re s\u00e9ance de cin\u00e9ma de la journ\u00e9e ne viendra certainement pas nous chatouiller. <\/span><\/p>\n<p><span style=\"font-weight: 400; color: #303030;\">Po\u00e9sie, blessures, rage, d\u00e9sir et vengeance cohabiteront dans une s\u00e9lection de courts m\u00e9trages qui nous rapprochera d\u2019histoires travers\u00e9es par le conflit et de personnages qui refusent de baisser la t\u00eate. Une s\u00e9ance intense qui ne nous laissera pas indiff\u00e9rents. <\/span>[\/vc_column_text]<div class=\"clearboth\"><\/div><style>#thegem-divider-6a97a679c472f {margin-top: 10px !important;}<\/style><div id=\"thegem-divider-6a97a679c472f\" class=\"gem-divider  \" style=\"\" ><\/div>[vc_column_text css=\u00a0\u00bb\u00a0\u00bb]<span style=\"color: #303030;\">Prix: <strong>3 \u20ac <\/strong> <\/span><br \/>\n<span style=\"color: #303030;\">R\u00e9servation recommand\u00e9e. Jauge limit\u00e9e.<br \/>\n<\/span><span style=\"color: #303030;\">O\u00f9: Reial Alfol\u00ed \u00b7 Gerri de la Sal<\/span>[\/vc_column_text]<style type=\"text\/css\">.thegem-button-6a97a679c47799819 .gem-button svg {fill: #FFFFFF;}.thegem-button-6a97a679c47799819 .gem-button:hover svg {fill: #9D1818;}<\/style><div class=\"gem-button-container gem-button-position-inline thegem-button-6a97a679c47799819    \"  ><a class=\"gem-button gem-button-size-tiny gem-button-style-flat gem-button-text-weight-normal\" data-ll-effect=\"drop-right-without-wrap\" style=\"border-radius: 3px;background-color: #9D1818;color: #FFFFFF;\" onmouseleave=\"this.style.backgroundColor='#9D1818';this.style.color='#FFFFFF';\" onmouseenter=\"this.style.backgroundColor='#FFFFFF';this.style.color='#9D1818';\" href=\"https:\/\/tabacafilmfest.entrapolis.com\/entrades\/vibria\" target=\"_blank\">R\u00e9servation<\/a><\/div> [\/vc_tta_section][vc_tta_section title=\u00a0\u00bb<b>22h GALL FER<\/b> &#8211; Concert d\u2019Arnau Obiols\u00a0\u00bb tab_id=\u00a0\u00bb25-setembre-22&Prime;]<div class=\"clearboth\"><\/div><style>#thegem-divider-6a97a679c47a9 {margin-top: -35px !important;}<\/style><div id=\"thegem-divider-6a97a679c47a9\" class=\"gem-divider  \" style=\"\" ><\/div>[vc_column_text css=\u00a0\u00bb\u00a0\u00bb]<span style=\"font-weight: 400; color: #303030;\">Arnau Obiols arrivera au Tabaca Film Fest avec \u00ab Ocelltambor \u00bb, son dernier travail : un univers sonore n\u00e9 d\u2019une \u00e9coute attentive de la nature, de la montagne et du silence. Voix, percussions, flabiol, \u00e9lectronique et sons recueillis dans le paysage se rencontreront dans une musique libre, ancestrale et absolument personnelle. <\/span><\/p>\n<p><span style=\"font-weight: 400; color: #303030;\">Une invitation \u00e0 \u00e9couter autrement. \u00c0 fermer les yeux et entrer dans la for\u00eat. Et qui sait ? Peut-\u00eatre qu\u2019entre sons et silences, nous d\u00e9couvrirons l\u2019une des cr\u00e9atures les plus embl\u00e9matiques et myst\u00e9rieuses des for\u00eats pyr\u00e9n\u00e9ennes : le grand t\u00e9tras. <\/span>[\/vc_column_text]<div class=\"clearboth\"><\/div><style>#thegem-divider-6a97a679c47ce {margin-top: 35px !important;}<\/style><div id=\"thegem-divider-6a97a679c47ce\" class=\"gem-divider  \" style=\"\" ><\/div>[vc_column_text css=\u00a0\u00bb\u00a0\u00bb]<span style=\"color: #303030;\"><strong>Activit\u00e9 gratuite et sans r\u00e9servation.<br \/>\n<\/strong><\/span><span style=\"font-weight: 400; color: #303030;\">Jauge limit\u00e9e. Entr\u00e9e libre, par ordre d\u2019arriv\u00e9e.<br \/>\n<\/span><span style=\"color: #303030;\">O\u00f9: <span style=\"font-weight: 400;\">Reial Alfol\u00ed <\/span> \u00b7 Gerri de la Sal<\/span><i><\/i>[\/vc_column_text][\/vc_tta_section][\/vc_tta_accordion][\/vc_column][\/vc_row][vc_row][vc_column tablet_margin_left=\u00a0\u00bb12&Prime; tablet_margin_right=\u00a0\u00bb12&Prime; mobile_margin_left=\u00a0\u00bb12&Prime; mobile_margin_right=\u00a0\u00bb12&Prime;]<div class=\"clearboth\"><\/div><style>#thegem-divider-6a97a679c47f1 {margin-top: 25px !important;}<\/style><div id=\"thegem-divider-6a97a679c47f1\" class=\"gem-divider  \" style=\"\" ><\/div>[vc_column_text css=\u00a0\u00bb.vc_custom_1788032716934{margin-bottom: 8px !important;}\u00a0\u00bb]<span style=\"font-family: Helvetica; font-size: 14pt; color: #9d1818;\"><strong><u>SAMEDI <\/u><\/strong><strong><u>26 SEPTEMBRE<\/u><\/strong><\/span>[\/vc_column_text][\/vc_column][\/vc_row][vc_row css=\u00a0\u00bb.vc_custom_1754505535908{margin-left: 30px !important;}\u00a0\u00bb mobile_margin_left=\u00a0\u00bb-15&Prime; mobile_margin_right=\u00a0\u00bb4&Prime;][vc_column offset=\u00a0\u00bbvc_col-lg-12&Prime; tablet_margin_left=\u00a0\u00bb12&Prime; tablet_margin_right=\u00a0\u00bb12&Prime; mobile_margin_left=\u00a0\u00bb12&Prime; mobile_margin_right=\u00a0\u00bb12&Prime;][vc_tta_accordion style=\u00a0\u00bbsimple_arrow\u00a0\u00bb color=\u00a0\u00bbmulled-wine\u00a0\u00bb spacing=\u00a0\u00bb1&Prime; c_icon=\u00a0\u00bbtriangle\u00a0\u00bb c_position=\u00a0\u00bbright\u00a0\u00bb active_section=\u00a0\u00bbfalse\u00a0\u00bb no_fill=\u00a0\u00bbtrue\u00a0\u00bb collapsible_all=\u00a0\u00bbtrue\u00a0\u00bb][vc_tta_section title=\u00a0\u00bb<b>10h KELPIE<\/b> &#8211; Sortie guid\u00e9e \u00e0 l\u2019Estany de Montcort\u00e8s, avec Geoparc Or\u00edgens et Gratitud Pallars\u00a0\u00bb tab_id=\u00a0\u00bb26-setembre-10h\u00a0\u00bb]<div class=\"clearboth\"><\/div><style>#thegem-divider-6a97a679c482a {margin-top: -35px !important;}<\/style><div id=\"thegem-divider-6a97a679c482a\" class=\"gem-divider  \" style=\"\" ><\/div>[vc_column_text css=\u00a0\u00bb\u00a0\u00bb]<span style=\"font-weight: 400; color: #303030;\">Que se cache-t-il sous les eaux d\u2019un lac ? Les l\u00e9gendes \u00e9cossaises racontent que les Kelpies, myst\u00e9rieux chevaux d\u2019eau, vivent dans les profondeurs de leurs lacs et de leurs fjords. \u00c0 Montcort\u00e8s aussi, les th\u00e9ories ne manquent pas\u2026 <\/span><\/p>\n<p><span style=\"font-weight: 400; color: #303030;\">Nous commencerons par d\u00e9couvrir, avec un expert de Geoparc Or\u00edgens, les particularit\u00e9s g\u00e9ologiques de ce lac exceptionnel et du paysage qui l\u2019entoure. Nous poursuivrons le chemin avec Gratitud Pallars pour d\u00e9couvrir les micror\u00e9serves qu\u2019ils d\u00e9veloppent dans la r\u00e9gion, comprendre ce qu\u2019est le tourisme r\u00e9g\u00e9n\u00e9ratif et nous demander ce que nous pouvons faire, nous aussi, pour laisser une empreinte un peu plus positive dans le monde. <\/span><\/p>\n<p><span style=\"font-weight: 400; color: #303030;\">Une sortie pour marcher, observer, apprendre et regarder l\u2019Estany de Montcort\u00e8s autrement.<\/span>[\/vc_column_text]<div class=\"clearboth\"><\/div><style>#thegem-divider-6a97a679c484f {margin-top: 35px !important;}<\/style><div id=\"thegem-divider-6a97a679c484f\" class=\"gem-divider  \" style=\"\" ><\/div>[vc_column_text css=\u00a0\u00bb\u00a0\u00bb]<span style=\"color: #303030;\"><strong>Activit\u00e9 gratuite. \u00c0 partir de 8 ans.<br \/>\n<\/strong>R\u00e9servation obligatoire. Places tr\u00e8s limit\u00e9es.<br \/>\n<span style=\"font-weight: 400;\">Point de rendez-vous : Parking de l\u2019Estany de Montcort\u00e8s (croisement de la piste de Peracal\u00e7)<br \/>\n<\/span>Il est recommand\u00e9 de pr\u00e9voir des chaussures et des v\u00eatements adapt\u00e9s, de l\u2019eau, une casquette et une protection solaire. <\/span>[\/vc_column_text]<style type=\"text\/css\">.thegem-button-6a97a679c489b1640 .gem-button svg {fill: #FFFFFF;}.thegem-button-6a97a679c489b1640 .gem-button:hover svg {fill: #9D1818;}<\/style><div class=\"gem-button-container gem-button-position-inline thegem-button-6a97a679c489b1640    \"  ><a class=\"gem-button gem-button-size-tiny gem-button-style-flat gem-button-text-weight-normal\" data-ll-effect=\"drop-right-without-wrap\" style=\"border-radius: 3px;background-color: #9D1818;color: #FFFFFF;\" onmouseleave=\"this.style.backgroundColor='#9D1818';this.style.color='#FFFFFF';\" onmouseenter=\"this.style.backgroundColor='#FFFFFF';this.style.color='#9D1818';\" href=\"https:\/\/tabacafilmfest.entrapolis.com\/entrades\/kelpie\" target=\"_blank\">R\u00e9servation<\/a><\/div> [\/vc_tta_section][vc_tta_section title=\u00a0\u00bb<b>11h BASILISC<\/b> &#8211; S\u00e9ance de cin\u00e9ma XI\u00a0\u00bb tab_id=\u00a0\u00bb26-setembre-11h\u00a0\u00bb]<div class=\"clearboth\"><\/div><style>#thegem-divider-6a97a679c48c9 {margin-top: -35px !important;}<\/style><div id=\"thegem-divider-6a97a679c48c9\" class=\"gem-divider  \" style=\"\" ><\/div>[vc_column_text css=\u00a0\u00bb\u00a0\u00bb]<span style=\"font-weight: 400; color: #303030;\">Le Basilic, cr\u00e9ature fantastique au corps de reptile et au regard capable de tuer, nous guidera \u00e0 travers une s\u00e9ance consacr\u00e9e aux transformations.<\/span><\/p>\n<p><span style=\"font-weight: 400; color: #303030;\">Grandir, changer, d\u00e9couvrir qui nous sommes et apprendre \u00e0 vivre avec tout ce que nous laissons derri\u00e8re nous. Une s\u00e9lection de courts m\u00e9trages sur des moments de transition, avec toute leur lumi\u00e8re, leurs d\u00e9couvertes et, parfois aussi, leurs blessures. <\/span>[\/vc_column_text]<div class=\"clearboth\"><\/div><style>#thegem-divider-6a97a679c48ec {margin-top: 10px !important;}<\/style><div id=\"thegem-divider-6a97a679c48ec\" class=\"gem-divider  \" style=\"\" ><\/div>[vc_column_text css=\u00a0\u00bb\u00a0\u00bb]<span style=\"color: #303030;\">Prix: <strong>3 \u20ac <\/strong> <\/span><br \/>\n<span style=\"color: #303030;\">R\u00e9servation recommand\u00e9e. Jauge limit\u00e9e.<br \/>\n<\/span><span style=\"color: #303030;\">O\u00f9: Reial Alfol\u00ed \u00b7 Gerri de la Sal<\/span><br \/>\n<em><span style=\"color: #303030;\">Activit\u00e9 partenaire d\u2019Apropa Cultura<\/span><\/em>[\/vc_column_text]<style type=\"text\/css\">.thegem-button-6a97a679c49327743 .gem-button svg {fill: #FFFFFF;}.thegem-button-6a97a679c49327743 .gem-button:hover svg {fill: #9D1818;}<\/style><div class=\"gem-button-container gem-button-position-inline thegem-button-6a97a679c49327743    \"  ><a class=\"gem-button gem-button-size-tiny gem-button-style-flat gem-button-text-weight-normal\" data-ll-effect=\"drop-right-without-wrap\" style=\"border-radius: 3px;background-color: #9D1818;color: #FFFFFF;\" onmouseleave=\"this.style.backgroundColor='#9D1818';this.style.color='#FFFFFF';\" onmouseenter=\"this.style.backgroundColor='#FFFFFF';this.style.color='#9D1818';\" href=\"https:\/\/tabacafilmfest.entrapolis.com\/entrades\/basilisc\" target=\"_blank\">R\u00e9servation<\/a><\/div> [\/vc_tta_section][vc_tta_section tab_id=\u00a0\u00bb26-setembre-13h\u00a0\u00bb title=\u00a0\u00bb<b>13h QILIN<\/b> &#8211; Atelier jeune public \u00ab\u00a0Cr\u00e9e ton Personnage-Graine\u00ab\u00a0, avec Helena de Flamisella\u00a0\u00bb]<div class=\"clearboth\"><\/div><style>#thegem-divider-6a97a679c495e {margin-top: -35px !important;}<\/style><div id=\"thegem-divider-6a97a679c495e\" class=\"gem-divider  \" style=\"\" ><\/div>[vc_column_text css=\u00a0\u00bb\u00a0\u00bb]<span style=\"font-weight: 400; color: #303030;\">Le Qilin est une cr\u00e9ature de la mythologie chinoise li\u00e9e \u00e0 la bont\u00e9, \u00e0 la prosp\u00e9rit\u00e9 et \u00e0 l\u2019arriv\u00e9e de temps fertiles. Ce matin, il nous aidera \u00e0 d\u00e9couvrir les graines ancestrales du Pallars Sobir\u00e0 et les strat\u00e9gies permettant \u00e0 une chose aussi minuscule de commencer une nouvelle vie. <\/span><\/p>\n<p><span style=\"font-weight: 400; color: #303030;\">Avec la biologiste Helena Barril, nous cr\u00e9erons notre propre Personnage-Graine \u00e0 partir de diff\u00e9rents mat\u00e9riaux. La Nature n\u2019a pas fini de nous surprendre, et notre cr\u00e9ativit\u00e9 non plus! <\/span>[\/vc_column_text]<div class=\"clearboth\"><\/div><style>#thegem-divider-6a97a679c497f {margin-top: 35px !important;}<\/style><div id=\"thegem-divider-6a97a679c497f\" class=\"gem-divider  \" style=\"\" ><\/div>[vc_column_text css=\u00a0\u00bb\u00a0\u00bb]<span style=\"color: #303030;\"><strong>Activit\u00e9 gratuite en plein air. \u00c0 partir de 5 ans.<br \/>\n<\/strong><span style=\"font-weight: 400;\">R\u00e9servation recommand\u00e9e. Places limit\u00e9es.<br \/>\n<\/span>O\u00f9: <span style=\"font-weight: 400;\"><a href=\"https:\/\/www.google.com\/maps\/place\/Xiringuito+de+la+Sal\/@42.3233816,1.056231,15z\/data=!4m14!1m7!3m6!1s0x12a611c10cd3e787:0x6f5cc1404635bf8a!2sXiringuito+de+la+Sal!8m2!3d42.3233662!4d1.0665093!16s%2Fg%2F11v3h7mfxc!3m5!1s0x12a611c10cd3e787:0x6f5cc1404635bf8a!8m2!3d42.3233662!4d1.0665093!16s%2Fg%2F11v3h7mfxc?entry=ttu&amp;g_ep=EgoyMDI2MDgyNi4wIKXMDSoASAFQAw%3D%3D\" target=\"_blank\" rel=\"noopener\">Xiringuito de la Sal, Gerri de la Sal<\/a><\/span><\/span><\/p>\n<p><span style=\"color: #303030;\"><i>Activit\u00e9 coorganis\u00e9e par le Parc Natural de l\u2019Alt Pirineu<br \/>\nAvec la collaboration d\u2019Esbo\u00efga (Associaci\u00f3 de varietats locals de l\u2019Alt Pirineu)<br \/>\nActivit\u00e9 partenaire d\u2019Apropa Cultura<\/i><\/span>[\/vc_column_text]<style type=\"text\/css\">.thegem-button-6a97a679c49c1500 .gem-button svg {fill: #FFFFFF;}.thegem-button-6a97a679c49c1500 .gem-button:hover svg {fill: #9D1818;}<\/style><div class=\"gem-button-container gem-button-position-inline thegem-button-6a97a679c49c1500    \"  ><a class=\"gem-button gem-button-size-tiny gem-button-style-flat gem-button-text-weight-normal\" data-ll-effect=\"drop-right-without-wrap\" style=\"border-radius: 3px;background-color: #9D1818;color: #FFFFFF;\" onmouseleave=\"this.style.backgroundColor='#9D1818';this.style.color='#FFFFFF';\" onmouseenter=\"this.style.backgroundColor='#FFFFFF';this.style.color='#9D1818';\" href=\"https:\/\/tabacafilmfest.entrapolis.com\/entrades\/qilin\" target=\"_blank\">R\u00e9servation<\/a><\/div> [\/vc_tta_section][vc_tta_section title=\u00a0\u00bb<b>13h GERI\u00d3<\/b> &#8211; Conf\u00e9rence \u00b7 Le Cin\u00e9ma face aux limites de la R\u00e9alit\u00e9\u00a0\u00bb tab_id=\u00a0\u00bb26-setembre-13h2&Prime;]<div class=\"clearboth\"><\/div><style>#thegem-divider-6a97a679c49eb {margin-top: -35px !important;}<\/style><div id=\"thegem-divider-6a97a679c49eb\" class=\"gem-divider  \" style=\"\" ><\/div>[vc_column_text css=\u00a0\u00bb\u00a0\u00bb]<span style=\"font-weight: 400; color: #303030;\">Depuis sa naissance, le cin\u00e9ma n\u2019a cess\u00e9 de se poser de grandes questions. Sur qui nous sommes, d\u2019o\u00f9 nous venons, l\u2019origine de la vie, ce qui est r\u00e9el et ce qui pourrait exister au-del\u00e0 de ce que nous sommes capables de voir. <\/span><\/p>\n<p><span style=\"font-weight: 400; color: #303030;\">Pendant des mill\u00e9naires, l\u2019humanit\u00e9 a cherch\u00e9 des r\u00e9ponses dans les mythes. Puis la science est arriv\u00e9e et les deux chemins se sont s\u00e9par\u00e9s. Mais peut-\u00eatre qu\u2019aujourd\u2019hui, alors que la physique quantique propose de nouvelles r\u00e9ponses, science et mythe ne sont pas des mondes aussi \u00e9loign\u00e9s que nous le pensons. <\/span><\/p>\n<p><span style=\"font-weight: 400; color: #303030;\">Javier Urrutia, professeur d\u2019esth\u00e9tique et sp\u00e9cialiste du cin\u00e9ma ; Sebasti\u00e1n Grinschpun, physicien et vulgarisateur sp\u00e9cialis\u00e9 dans la physique de l\u2019Univers ; et Blanca Pujals, architecte et chercheuse sur les infrastructures scientifiques, discuteront de la mani\u00e8re dont le cin\u00e9ma a repr\u00e9sent\u00e9 toutes ces questions. Nous parcourrons de grands films et de grands cin\u00e9astes qui ont os\u00e9 regarder dans cette direction : autres r\u00e9alit\u00e9s, limites de la perception, Univers et tout ce qui continue encore \u00e0 nous \u00e9chapper. <\/span><\/p>\n<p><span style=\"font-weight: 400; color: #303030;\">Un peu de cin\u00e9ma, un peu de physique quantique, un peu de mythe et, probablement, une certaine dose de vertige cosmique. <\/span><\/p>\n<p><span style=\"font-weight: 400; color: #303030;\">Pour nous guider, Geri\u00f3, le g\u00e9ant \u00e0 trois corps de la mythologie grecque qui, en poursuivant Pyr\u00e8ne, donna naissance aux Pyr\u00e9n\u00e9es. Du moins, c\u2019est ce que raconte la l\u00e9gende. <\/span>[\/vc_column_text]<div class=\"clearboth\"><\/div><style>#thegem-divider-6a97a679c4a0a {margin-top: 35px !important;}<\/style><div id=\"thegem-divider-6a97a679c4a0a\" class=\"gem-divider  \" style=\"\" ><\/div>[vc_column_text css=\u00a0\u00bb\u00a0\u00bb]<span style=\"color: #303030;\"><strong>Activit\u00e9 gratuite et sans r\u00e9servation.<br \/>\n<\/strong><span style=\"font-weight: 400;\">Jauge limit\u00e9e. Entr\u00e9e libre, par ordre d\u2019arriv\u00e9e.<br \/>\n<\/span>O\u00f9: <span style=\"font-weight: 400;\">Reial Alfol\u00ed \u00b7 Gerri de la Sal<\/span><\/span>[\/vc_column_text][\/vc_tta_section][vc_tta_section title=\u00a0\u00bb<b>16h PANARRAT<\/b> &#8211; S\u00e9ance de cin\u00e9ma XII\u00a0\u00bb tab_id=\u00a0\u00bb26-setembre-16h\u00a0\u00bb]<div class=\"clearboth\"><\/div><style>#thegem-divider-6a97a679c4a28 {margin-top: -35px !important;}<\/style><div id=\"thegem-divider-6a97a679c4a28\" class=\"gem-divider  \" style=\"\" ><\/div>[vc_column_text css=\u00a0\u00bb\u00a0\u00bb]<span style=\"font-weight: 400; color: #303030;\">L\u2019apr\u00e8s-midi, le Panarrat (chauve-souris en pallar\u00e8s), cr\u00e9ature de la nuit que nous avons toujours associ\u00e9e aux superstitions et aux peurs, nous conduira vers les zones les plus sombres de l\u2019imagination, avec des histoires de haine visc\u00e9rale, de recettes ancestrales et d\u2019exils forc\u00e9s. <\/span>[\/vc_column_text]<div class=\"clearboth\"><\/div><style>#thegem-divider-6a97a679c4a55 {margin-top: 10px !important;}<\/style><div id=\"thegem-divider-6a97a679c4a55\" class=\"gem-divider  \" style=\"\" ><\/div>[vc_column_text css=\u00a0\u00bb\u00a0\u00bb]<span style=\"color: #303030;\">Prix: <strong>3 \u20ac <\/strong> <\/span><br \/>\n<span style=\"color: #303030;\">R\u00e9servation recommand\u00e9e. Jauge limit\u00e9e.<br \/>\n<\/span><span style=\"color: #303030;\">O\u00f9: Reial Alfol\u00ed \u00b7 Gerri de la Sal<\/span>[\/vc_column_text]<style type=\"text\/css\">.thegem-button-6a97a679c4a98700 .gem-button svg {fill: #FFFFFF;}.thegem-button-6a97a679c4a98700 .gem-button:hover svg {fill: #9D1818;}<\/style><div class=\"gem-button-container gem-button-position-inline thegem-button-6a97a679c4a98700    \"  ><a class=\"gem-button gem-button-size-tiny gem-button-style-flat gem-button-text-weight-normal\" data-ll-effect=\"drop-right-without-wrap\" style=\"border-radius: 3px;background-color: #9D1818;color: #FFFFFF;\" onmouseleave=\"this.style.backgroundColor='#9D1818';this.style.color='#FFFFFF';\" onmouseenter=\"this.style.backgroundColor='#FFFFFF';this.style.color='#9D1818';\" href=\"https:\/\/tabacafilmfest.entrapolis.com\/entrades\/panarrat\" target=\"_blank\">R\u00e9servation<\/a><\/div> [\/vc_tta_section][vc_tta_section title=\u00a0\u00bb<b>18h ESCARABEU<\/b> &#8211; Atelier d\u2019amulettes et de pr\u00e9parations traditionnelles \u00e0 base de plantes, avec Nat\u00e0lia Salda\u00f1a\u00a0\u00bb tab_id=\u00a0\u00bb26-setembre-18h\u00a0\u00bb]<div class=\"clearboth\"><\/div><style>#thegem-divider-6a97a679c4adc {margin-top: -35px !important;}<\/style><div id=\"thegem-divider-6a97a679c4adc\" class=\"gem-divider  \" style=\"\" ><\/div>[vc_column_text css=\u00a0\u00bb\u00a0\u00bb]<span style=\"font-weight: 400; color: #303030;\">Au fil de l\u2019histoire et dans de nombreuses cultures, la figure du scarab\u00e9e a \u00e9t\u00e9 utilis\u00e9e comme amulette de protection et de r\u00e9g\u00e9n\u00e9ration. Au Tabaca, nous vous proposons de d\u00e9couvrir les amulettes de notre tradition populaire. <\/span><\/p>\n<p><span style=\"font-weight: 400; color: #303030;\">Avec Nat\u00e0lia Salda\u00f1a, grande connaisseuse des usages ancestraux des plantes, nous explorerons les herbes de notre environnement traditionnellement utilis\u00e9es pour \u00e9loigner les sorci\u00e8res, les mauvais esprits et les malheurs. Nous apprendrons comment \u00e9taient pr\u00e9par\u00e9s les amulettes, breuvages et autres pr\u00e9parations destin\u00e9s \u00e0 purifier et prot\u00e9ger la maison et ses habitants. <\/span><\/p>\n<p><span style=\"font-weight: 400; color: #303030;\">Un peu de botanique, un peu de sagesse populaire et, au cas o\u00f9, un peu de protection.<\/span>[\/vc_column_text]<div class=\"clearboth\"><\/div><style>#thegem-divider-6a97a679c4afb {margin-top: 35px !important;}<\/style><div id=\"thegem-divider-6a97a679c4afb\" class=\"gem-divider  \" style=\"\" ><\/div>[vc_column_text css=\u00a0\u00bb\u00a0\u00bb]<span style=\"color: #303030;\"><span style=\"font-weight: 400;\"><strong>Activit\u00e9 gratuite en plein air pour adultes.<\/strong> Vous pouvez venir accompagn\u00e9s d\u2019enfants \u00e0 partir de 6 ans.<br \/>\n<\/span>R\u00e9servation recommand\u00e9e. Places limit\u00e9es. <\/span><\/p>\n<p><span style=\"color: #303030;\">O\u00f9:<\/span> <a href=\"https:\/\/www.google.com\/maps\/place\/Xiringuito+de+la+Sal\/@42.3233816,1.056231,15z\/data=!4m14!1m7!3m6!1s0x12a611c10cd3e787:0x6f5cc1404635bf8a!2sXiringuito+de+la+Sal!8m2!3d42.3233662!4d1.0665093!16s%2Fg%2F11v3h7mfxc!3m5!1s0x12a611c10cd3e787:0x6f5cc1404635bf8a!8m2!3d42.3233662!4d1.0665093!16s%2Fg%2F11v3h7mfxc?entry=ttu&amp;g_ep=EgoyMDI2MDgyNi4wIKXMDSoASAFQAw%3D%3D\" target=\"_blank\" rel=\"noopener\">Xiringuito de la Sal \u00b7 Gerri de la Sal<\/a><br \/>\n<span style=\"color: #303030;\"><i><span style=\"font-weight: 400;\">Activit\u00e9 partenaire d\u2019Apropa Cultura<\/span><\/i><\/span><i><\/i>[\/vc_column_text]<style type=\"text\/css\">.thegem-button-6a97a679c4b3d5391 .gem-button svg {fill: #FFFFFF;}.thegem-button-6a97a679c4b3d5391 .gem-button:hover svg {fill: #9D1818;}<\/style><div class=\"gem-button-container gem-button-position-inline thegem-button-6a97a679c4b3d5391    \"  ><a class=\"gem-button gem-button-size-tiny gem-button-style-flat gem-button-text-weight-normal\" data-ll-effect=\"drop-right-without-wrap\" style=\"border-radius: 3px;background-color: #9D1818;color: #FFFFFF;\" onmouseleave=\"this.style.backgroundColor='#9D1818';this.style.color='#FFFFFF';\" onmouseenter=\"this.style.backgroundColor='#FFFFFF';this.style.color='#9D1818';\" href=\"https:\/\/tabacafilmfest.entrapolis.com\/entrades\/escarabeu\" target=\"_blank\">R\u00e9servation<\/a><\/div> [\/vc_tta_section][vc_tta_section title=\u00a0\u00bb<b>19h MULASSA<\/b> &#8211; S\u00e9ance de cin\u00e9ma XIII\u00a0\u00bb tab_id=\u00a0\u00bb26-setembre-19h\u00a0\u00bb]<div class=\"clearboth\"><\/div><style>#thegem-divider-6a97a679c4b64 {margin-top: -35px !important;}<\/style><div id=\"thegem-divider-6a97a679c4b64\" class=\"gem-divider  \" style=\"\" ><\/div>[vc_column_text css=\u00a0\u00bb\u00a0\u00bb]<span style=\"font-weight: 400; color: #303030;\">Peut-on trouver l\u2019amour \u00e0 la montagne ? Peut-on sortir faire la f\u00eate et finir par voir la lumi\u00e8re ? Que sommes-nous pr\u00eats \u00e0 faire pour \u00eatre libres ? Jusqu\u2019o\u00f9 irons-nous pour poursuivre nos r\u00eaves ? <\/span><\/p>\n<p><span style=\"font-weight: 400; color: #303030;\">La Mulassa nous entra\u00eenera dans une s\u00e9ance pleine de personnages qui cherchent, d\u00e9sirent, luttent, se trompent et continuent d\u2019avancer. Des histoires de vie, d\u2019h\u00e9ritage, de libert\u00e9 et de montagne, avec des protagonistes qui, chacun \u00e0 sa mani\u00e8re, tentent de trouver leur place dans le monde. <\/span>[\/vc_column_text]<div class=\"clearboth\"><\/div><style>#thegem-divider-6a97a679c4b80 {margin-top: 10px !important;}<\/style><div id=\"thegem-divider-6a97a679c4b80\" class=\"gem-divider  \" style=\"\" ><\/div>[vc_column_text css=\u00a0\u00bb\u00a0\u00bb]<span style=\"color: #303030;\">Prix: <strong>3 \u20ac <\/strong> <\/span><br \/>\n<span style=\"color: #303030;\">R\u00e9servation recommand\u00e9e. Jauge limit\u00e9e.<br \/>\n<\/span><span style=\"color: #303030;\">O\u00f9: Reial Alfol\u00ed \u00b7 Gerri de la Sal<\/span>[\/vc_column_text]<style type=\"text\/css\">.thegem-button-6a97a679c4bc09551 .gem-button svg {fill: #FFFFFF;}.thegem-button-6a97a679c4bc09551 .gem-button:hover svg {fill: #9D1818;}<\/style><div class=\"gem-button-container gem-button-position-inline thegem-button-6a97a679c4bc09551    \"  ><a class=\"gem-button gem-button-size-tiny gem-button-style-flat gem-button-text-weight-normal\" data-ll-effect=\"drop-right-without-wrap\" style=\"border-radius: 3px;background-color: #9D1818;color: #FFFFFF;\" onmouseleave=\"this.style.backgroundColor='#9D1818';this.style.color='#FFFFFF';\" onmouseenter=\"this.style.backgroundColor='#FFFFFF';this.style.color='#9D1818';\" href=\"https:\/\/tabacafilmfest.entrapolis.com\/entrades\/mulassa\" target=\"_blank\">R\u00e9servation<\/a><\/div> [\/vc_tta_section][vc_tta_section title=\u00a0\u00bb<b>22h GRIF\u00d3<\/b> &#8211; C\u00e9r\u00e9monie de remise des prix\u00a0\u00bb tab_id=\u00a0\u00bb26-setembre-22h\u00a0\u00bb]<div class=\"clearboth\"><\/div><style>#thegem-divider-6a97a679c4be4 {margin-top: -35px !important;}<\/style><div id=\"thegem-divider-6a97a679c4be4\" class=\"gem-divider  \" style=\"\" ><\/div>[vc_column_text css=\u00a0\u00bb\u00a0\u00bb]<span style=\"font-weight: 400; color: #303030;\">On raconte que les griffons, mi-lion mi-aigle, gardaient les tr\u00e9sors les plus pr\u00e9cieux. Ce sera le moment de d\u00e9couvrir qui remportera les prix de la troisi\u00e8me \u00e9dition du Tabaca Film Fest. <\/span><\/p>\n<p><span style=\"font-weight: 400; color: #303030;\">Nous d\u00e9voilerons les prix du jury, d\u00e9couvrirons le Prix du Public que vous aurez contribu\u00e9 \u00e0 d\u00e9signer tout au long du festival et accueillerons des cin\u00e9astes et des invit\u00e9s tr\u00e8s sp\u00e9ciaux. Il y aura des tirages au sort, des cadeaux et quelques surprises suppl\u00e9mentaires. <\/span><\/p>\n<p><span style=\"font-weight: 400; color: #303030;\">Et tout cela avec l\u2019Esperanceta de Casa Gassia comme ma\u00eetresse de c\u00e9r\u00e9monie. \u00c0 partir de l\u00e0, nous ne pouvons pas vraiment garantir grand-chose. Une seule certitude : elle nous emm\u00e8nera exactement l\u00e0 o\u00f9 elle le voudra. <\/span>[\/vc_column_text]<div class=\"clearboth\"><\/div><style>#thegem-divider-6a97a679c4c1f {margin-top: 35px !important;}<\/style><div id=\"thegem-divider-6a97a679c4c1f\" class=\"gem-divider  \" style=\"\" ><\/div>[vc_column_text css=\u00a0\u00bb\u00a0\u00bb]<span style=\"color: #303030;\"><strong>Activit\u00e9 gratuite.<br \/>\n<\/strong><span style=\"font-weight: 400;\">R\u00e9servation recommand\u00e9e. Places limit\u00e9es.<br \/>\n<\/span>O\u00f9: <span style=\"font-weight: 400;\">Reial Alfol\u00ed <\/span> \u00b7 Gerri de la Sal<\/span><i><\/i>[\/vc_column_text]<style type=\"text\/css\">.thegem-button-6a97a679c4c622191 .gem-button svg {fill: #FFFFFF;}.thegem-button-6a97a679c4c622191 .gem-button:hover svg {fill: #9D1818;}<\/style><div class=\"gem-button-container gem-button-position-inline thegem-button-6a97a679c4c622191    \"  ><a class=\"gem-button gem-button-size-tiny gem-button-style-flat gem-button-text-weight-normal\" data-ll-effect=\"drop-right-without-wrap\" style=\"border-radius: 3px;background-color: #9D1818;color: #FFFFFF;\" onmouseleave=\"this.style.backgroundColor='#9D1818';this.style.color='#FFFFFF';\" onmouseenter=\"this.style.backgroundColor='#FFFFFF';this.style.color='#9D1818';\" href=\"https:\/\/tabacafilmfest.entrapolis.com\/entrades\/grifo\" target=\"_blank\">R\u00e9servation<\/a><\/div> [\/vc_tta_section][vc_tta_section title=\u00a0\u00bb<b>23h MANT\u00cdCORA<\/b> &#8211; Double session DJ : Las Duras + PdPijas\u00a0\u00bb tab_id=\u00a0\u00bb26-setembre-23h\u00a0\u00bb]<div class=\"clearboth\"><\/div><style>#thegem-divider-6a97a679c4c87 {margin-top: -35px !important;}<\/style><div id=\"thegem-divider-6a97a679c4c87\" class=\"gem-divider  \" style=\"\" ><\/div>[vc_column_text css=\u00a0\u00bb\u00a0\u00bb]<span style=\"font-weight: 400; color: #303030;\">La Mant\u00edcora est une b\u00eate impossible. Un m\u00e9lange de cr\u00e9atures qui, contre toute attente, fonctionne. <\/span><\/p>\n<p><span style=\"font-weight: 400; color: #303030;\">Apr\u00e8s les prix, les formalit\u00e9s prennent fin.<\/span><\/p>\n<p><span style=\"font-weight: 400; color: #303030;\">Las Duras reviennent au Tabaca et PdPijas y font officiellement leurs d\u00e9buts. Deux g\u00e9n\u00e9rations, deux univers et une seule piste. <\/span><\/p>\n<p><span style=\"font-weight: 400; color: #303030;\">La derni\u00e8re nuit du Tabaca ne s\u2019explique pas. Elle se danse. <\/span>[\/vc_column_text]<div class=\"clearboth\"><\/div><style>#thegem-divider-6a97a679c4ca1 {margin-top: 35px !important;}<\/style><div id=\"thegem-divider-6a97a679c4ca1\" class=\"gem-divider  \" style=\"\" ><\/div>[vc_column_text css=\u00a0\u00bb\u00a0\u00bb]<span style=\"color: #303030;\"><strong>Activit\u00e9 gratuite et sans r\u00e9servation.<br \/>\n<\/strong><\/span><span style=\"font-weight: 400; color: #303030;\">Jauge limit\u00e9e. Entr\u00e9e libre, par ordre d\u2019arriv\u00e9e.<br \/>\n<\/span><span style=\"color: #303030;\">O\u00f9: <span style=\"font-weight: 400;\">Reial Alfol\u00ed <\/span> \u00b7 Gerri de la Sal<\/span><i><\/i>[\/vc_column_text][\/vc_tta_section][\/vc_tta_accordion][\/vc_column][\/vc_row][vc_row][vc_column tablet_margin_left=\u00a0\u00bb12&Prime; tablet_margin_right=\u00a0\u00bb12&Prime; mobile_margin_left=\u00a0\u00bb12&Prime; mobile_margin_right=\u00a0\u00bb12&Prime;]<div class=\"clearboth\"><\/div><style>#thegem-divider-6a97a679c4cba {margin-top: 25px !important;}<\/style><div id=\"thegem-divider-6a97a679c4cba\" class=\"gem-divider  \" style=\"\" ><\/div>[vc_column_text css=\u00a0\u00bb.vc_custom_1788032727085{margin-bottom: 8px !important;}\u00a0\u00bb]<span style=\"font-family: Helvetica; font-size: 14pt; color: #9d1818;\"><strong><u>DIMANCHE <\/u><\/strong><strong><u>27 SEPTEMBRE<\/u><\/strong><\/span>[\/vc_column_text][\/vc_column][\/vc_row][vc_row css=\u00a0\u00bb.vc_custom_1754505535908{margin-left: 30px !important;}\u00a0\u00bb mobile_margin_left=\u00a0\u00bb-15&Prime; mobile_margin_right=\u00a0\u00bb4&Prime;][vc_column offset=\u00a0\u00bbvc_col-lg-12&Prime; tablet_margin_left=\u00a0\u00bb12&Prime; tablet_margin_right=\u00a0\u00bb12&Prime; mobile_margin_left=\u00a0\u00bb12&Prime; mobile_margin_right=\u00a0\u00bb12&Prime;][vc_tta_accordion style=\u00a0\u00bbsimple_arrow\u00a0\u00bb color=\u00a0\u00bbmulled-wine\u00a0\u00bb spacing=\u00a0\u00bb1&Prime; c_icon=\u00a0\u00bbtriangle\u00a0\u00bb c_position=\u00a0\u00bbright\u00a0\u00bb active_section=\u00a0\u00bbfalse\u00a0\u00bb no_fill=\u00a0\u00bbtrue\u00a0\u00bb collapsible_all=\u00a0\u00bbtrue\u00a0\u00bb][vc_tta_section title=\u00a0\u00bb<b>11h STRIGA<\/b> &#8211; Conf\u00e9rence sur la sorcellerie pyr\u00e9n\u00e9enne, avec Pau Castell\u00a0\u00bb tab_id=\u00a0\u00bb27-setembre-11h\u00a0\u00bb]<div class=\"clearboth\"><\/div><style>#thegem-divider-6a97a679c4cd3 {margin-top: -35px !important;}<\/style><div id=\"thegem-divider-6a97a679c4cd3\" class=\"gem-divider  \" style=\"\" ><\/div>[vc_column_text css=\u00a0\u00bb\u00a0\u00bb]<span style=\"font-weight: 400; color: #303030;\">On a beaucoup parl\u00e9 des sorci\u00e8res. Mais peu de personnes les ont \u00e9tudi\u00e9es comme Pau Castell. <\/span><\/p>\n<p><span style=\"font-weight: 400; color: #303030;\">Historien m\u00e9di\u00e9viste n\u00e9 \u00e0 Tremp, professeur \u00e0 l\u2019Universitat de Barcelona et l\u2019un des grands sp\u00e9cialistes de la chasse aux sorci\u00e8res en Catalogne, il explore depuis des ann\u00e9es archives et proc\u00e8s judiciaires afin de reconstruire une histoire particuli\u00e8rement intense dans les Pyr\u00e9n\u00e9es.<\/span><\/p>\n<p><span style=\"font-weight: 400; color: #303030;\">Et le Pallars occupe une place \u00e9tonnante dans cette histoire : saviez-vous que la premi\u00e8re l\u00e9gislation europ\u00e9enne connue contre le crime de sorcellerie, datant de 1424, est originaire des Valls d\u2019\u00c0neu ?<\/span><\/p>\n<p><span style=\"font-weight: 400; color: #303030;\">Au Tabaca, Pau Castell nous fera d\u00e9couvrir des cas de sorcellerie pyr\u00e9n\u00e9enne peu connus, dont certains sont issus du Baix Pallars lui-m\u00eame. Femmes accus\u00e9es, proc\u00e8s, peurs, croyances et pers\u00e9cutions qui se sont d\u00e9roul\u00e9s bien plus pr\u00e8s de nous que nous ne l\u2019imaginons. <\/span><\/p>\n<p><span style=\"font-weight: 400; color: #303030;\">La Striga, cette figure f\u00e9minine nocturne qui traverse depuis des si\u00e8cles l\u2019imaginaire europ\u00e9en, planera in\u00e9vitablement au-dessus de la salle. <\/span>[\/vc_column_text]<div class=\"clearboth\"><\/div><style>#thegem-divider-6a97a679c4cea {margin-top: 35px !important;}<\/style><div id=\"thegem-divider-6a97a679c4cea\" class=\"gem-divider  \" style=\"\" ><\/div>[vc_column_text css=\u00a0\u00bb\u00a0\u00bb]<span style=\"color: #303030;\"><strong>Activit\u00e9 gratuite et sans r\u00e9servation.<\/strong><br \/>\nJauge limit\u00e9e. Entr\u00e9e libre, par ordre d\u2019arriv\u00e9e.<br \/>\nO\u00f9:<span style=\"font-weight: 400;\"> Reial Alfol\u00ed, Gerri de la Sal<br \/>\n<\/span>Activit\u00e9 partenaire d\u2019Apropa Cultura <\/span>[\/vc_column_text][\/vc_tta_section][vc_tta_section title=\u00a0\u00bb<b>13h BAKU<\/b> &#8211; Cl\u00f4ture du festival \u00b7 Pi\u00e8ce de th\u00e9\u00e2tre \u00ab Somnis Perversos \u00bb, de la Cooperativa Alba Juss\u00e0\u00a0\u00bb tab_id=\u00a0\u00bb27-setembre-13h\u00a0\u00bb]<div class=\"clearboth\"><\/div><style>#thegem-divider-6a97a679c4d01 {margin-top: -35px !important;}<\/style><div id=\"thegem-divider-6a97a679c4d01\" class=\"gem-divider  \" style=\"\" ><\/div>[vc_column_text css=\u00a0\u00bb\u00a0\u00bb]<span style=\"font-weight: 400; color: #303030;\">La l\u00e9gende japonaise raconte que le Baku, autre b\u00eate hybride, d\u00e9vore les cauchemars. Ce midi, il aura beaucoup de travail. <\/span><\/p>\n<p><span style=\"font-weight: 400; color: #303030;\">Apr\u00e8s nous avoir \u00e9mus l\u2019ann\u00e9e derni\u00e8re avec \u00ab Un poble sota les aig\u00fces \u00bb, la Cooperativa Alba Juss\u00e0 revient au Tabaca avec une proposition difficile \u00e0 classer : th\u00e9\u00e2tre et cin\u00e9ma cohabitent sur une m\u00eame sc\u00e8ne avec plus de vingt interpr\u00e8tes et un imaginaire totalement d\u00e9bordant.<\/span><\/p>\n<p><span style=\"font-weight: 400; color: #303030;\">\u00ab Somnis perversos \u00bb, mise en sc\u00e8ne par Eduard Muntada, nous fera d\u00e9couvrir les fac\u00e9ties des minairons, la col\u00e8re de Zeus et l\u2019inqui\u00e9tant Charon \u00e0 travers une pi\u00e8ce de th\u00e9\u00e2tre qui int\u00e8gre trois courts m\u00e9trages cr\u00e9\u00e9s par les interpr\u00e8tes eux-m\u00eames.<\/span><\/p>\n<p><span style=\"font-weight: 400; color: #303030;\">Mythe, cin\u00e9ma, th\u00e9\u00e2tre, humour et cr\u00e9ativit\u00e9 \u00e0 l\u2019\u00e9tat pur. L\u2019une des propositions les plus singuli\u00e8res de cette \u00e9dition, et la meilleure fa\u00e7on de la cl\u00f4turer. <\/span>[\/vc_column_text]<div class=\"clearboth\"><\/div><style>#thegem-divider-6a97a679c4d17 {margin-top: 35px !important;}<\/style><div id=\"thegem-divider-6a97a679c4d17\" class=\"gem-divider  \" style=\"\" ><\/div>[vc_column_text css=\u00a0\u00bb\u00a0\u00bb]<span style=\"color: #303030;\"><strong>Activit\u00e9 gratuite et sans r\u00e9servation.<\/strong><br \/>\nJauge limit\u00e9e. Entr\u00e9e libre, par ordre d\u2019arriv\u00e9e.<br \/>\nO\u00f9:<span style=\"font-weight: 400;\"> Reial Alfol\u00ed, Gerri de la Sal<br \/>\n<\/span>Activit\u00e9 partenaire d\u2019Apropa Cultura <\/span>[\/vc_column_text][\/vc_tta_section][\/vc_tta_accordion][\/vc_column][\/vc_row][vc_row][vc_column]<div class=\"clearboth\"><\/div><style>#thegem-divider-6a97a679c4d2d {margin-top: 18px !important;}<\/style><div id=\"thegem-divider-6a97a679c4d2d\" class=\"gem-divider  \" style=\"\" ><\/div>[\/vc_column][\/vc_row][vc_row tablet_margin_left=\u00a0\u00bb12&Prime; tablet_margin_right=\u00a0\u00bb12&Prime; mobile_margin_left=\u00a0\u00bb12&Prime; mobile_margin_right=\u00a0\u00bb12&Prime;][vc_column css=\u00a0\u00bb.vc_custom_1788035328382{padding-right: 33px !important;padding-left: 33px !important;background-color: #F5F4D6D6 !important;}\u00a0\u00bb][vc_column_text css=\u00a0\u00bb\u00a0\u00bb]<span style=\"font-family: Helvetica; font-size: 14pt; color: #9d1818;\"><strong>Et entre deux films\u2026 SUPO-SUPO<\/strong><\/span>[\/vc_column_text]<div class=\"clearboth\"><\/div><style>#thegem-divider-6a97a679c4d42 {margin-top: 25px !important;}<\/style><div id=\"thegem-divider-6a97a679c4d42\" class=\"gem-divider  \" style=\"\" ><\/div>[vc_column_text css=\u00a0\u00bb\u00a0\u00bb]<span style=\"font-weight: 400; color: #303030;\">La salle de cin\u00e9ma du Reial Alfol\u00ed sera entour\u00e9e de deux espaces o\u00f9 continuer \u00e0 nourrir l\u2019imaginaire \u2014et la conversation\u2014 au-del\u00e0 de l\u2019\u00e9cran.<\/span><\/p>\n<p><span style=\"font-weight: 400; color: #303030;\">\u00c0 l\u2019entr\u00e9e, vous pourrez visiter \u00ab Protegiu-nos de tot mal \u00bb, la magnifique exposition de Jordi Borr\u00e0s, un parcours visuel \u00e0 travers les croyances, les rituels et les formes de protection qui subsistent encore sur notre territoire.<\/span><\/p>\n<p><span style=\"font-weight: 400; color: #303030;\">Et \u00e0 la sortie, vous trouverez le SUPO-SUPO. <\/span><\/p>\n<p><span style=\"font-weight: 400; color: #303030;\">En pallar\u00e8s, faire supo-supo signifie se rencontrer par hasard, se croiser de mani\u00e8re inattendue. <\/span><\/p>\n<p><span style=\"font-weight: 400; color: #303030;\">Au Tabaca Film Fest, le SUPO-SUPO sera un espace de rencontre informel pour discuter, fouiller, d\u00e9couvrir et se laisser surprendre. Vous y trouverez une petite s\u00e9lection de produits et d\u2019artisanat du territoire, une brasserie-bar, du merchandising, un espace de lecture\u2026 Vous y trouverez \u00e9galement la table de vote du public ainsi que d\u2019autres petites choses qui se produiront au fil des jours. <\/span><\/p>\n<p><span style=\"font-weight: 400; color: #303030;\">Car le festival continue lorsque les lumi\u00e8res de la salle se rallument : dans les conversations, les co\u00efncidences et les rencontres.<\/span>[\/vc_column_text]<div class=\"clearboth\"><\/div><style>#thegem-divider-6a97a679c4d57 {margin-top: 40px !important;}<\/style><div id=\"thegem-divider-6a97a679c4d57\" class=\"gem-divider  \" style=\"\" ><\/div>[\/vc_column][\/vc_row][vc_row][vc_column]<div class=\"clearboth\"><\/div><style>#thegem-divider-6a97a679c4d6c {margin-top: 100px !important;}<\/style><div id=\"thegem-divider-6a97a679c4d6c\" class=\"gem-divider  \" style=\"\" ><\/div>[\/vc_column][\/vc_row]<\/p>\n<\/div>","protected":false},"excerpt":{"rendered":"<p>[vc_row full_width=\u00a0\u00bbstretch_row\u00a0\u00bb content_placement=\u00a0\u00bbmiddle\u00a0\u00bb el_disable_tablet=\u00a0\u00bb1&Prime; el_disable_mobile=\u00a0\u00bb1&Prime; thegem_background_overlay=\u00a0\u00bbtrue\u00a0\u00bb css=\u00a0\u00bb.vc_custom_1754328873184{background-image: url(https:\/\/www.tabacafilmfest.com\/wp-content\/uploads\/2025\/08\/ACPS_469549_210005130002374-scaled.jpg?id=36224) !important;background-position: center !important;background-repeat: no-repeat !important;background-size: cover !important;}\u00a0\u00bb thegem_background_overlay_color=\u00a0\u00bb#3939394F\u00a0\u00bb][vc_column offset=\u00a0\u00bbvc_hidden-xs\u00a0\u00bb css=\u00a0\u00bb.vc_custom_1743277871422{margin-top: 200px !important;margin-bottom:&#8230;<\/p>\n","protected":false},"author":1,"featured_media":0,"parent":0,"menu_order":1,"comment_status":"closed","ping_status":"closed","template":"","meta":{"_monsterinsights_skip_tracking":false,"footnotes":""},"class_list":["post-39798","page","type-page","status-publish"],"yoast_head":"<!-- This site is optimized with the Yoast SEO plugin v25.1 - https:\/\/yoast.com\/wordpress\/plugins\/seo\/ -->\n<title>Programme 2026 | Tabaca Film Fest<\/title>\n<meta name=\"description\" content=\"Programme 2026 : d\u00e9couvrez le programme officiel de la troisi\u00e8me \u00e9dition du Tabaca Film Fest.\" \/>\n<meta name=\"robots\" content=\"index, follow, max-snippet:-1, max-image-preview:large, max-video-preview:-1\" \/>\n<link rel=\"canonical\" href=\"https:\/\/www.tabacafilmfest.com\/fr\/programme-2026\/\" \/>\n<meta property=\"og:locale\" content=\"fr_FR\" \/>\n<meta property=\"og:type\" content=\"article\" \/>\n<meta property=\"og:title\" content=\"Programme 2026 | Tabaca Film Fest\" \/>\n<meta property=\"og:description\" content=\"Programme 2026 : d\u00e9couvrez le programme officiel de la troisi\u00e8me \u00e9dition du Tabaca Film Fest.\" \/>\n<meta property=\"og:url\" content=\"https:\/\/www.tabacafilmfest.com\/fr\/programme-2026\/\" \/>\n<meta property=\"og:site_name\" content=\"Tabaca Film Fest\" \/>\n<meta property=\"article:modified_time\" content=\"2026-09-01T15:20:51+00:00\" \/>\n<meta name=\"twitter:card\" content=\"summary_large_image\" \/>\n<meta name=\"twitter:label1\" content=\"Dur\u00e9e de lecture estim\u00e9e\" \/>\n\t<meta name=\"twitter:data1\" content=\"29 minutes\" \/>\n<script type=\"application\/ld+json\" class=\"yoast-schema-graph\">{\"@context\":\"https:\/\/schema.org\",\"@graph\":[{\"@type\":\"WebPage\",\"@id\":\"https:\/\/www.tabacafilmfest.com\/fr\/programme-2026\/\",\"url\":\"https:\/\/www.tabacafilmfest.com\/fr\/programme-2026\/\",\"name\":\"Programme 2026 | Tabaca Film Fest\",\"isPartOf\":{\"@id\":\"https:\/\/www.tabacafilmfest.com\/#website\"},\"datePublished\":\"2026-08-29T18:03:32+00:00\",\"dateModified\":\"2026-09-01T15:20:51+00:00\",\"description\":\"Programme 2026 : d\u00e9couvrez le programme officiel de la troisi\u00e8me \u00e9dition du Tabaca Film Fest.\",\"breadcrumb\":{\"@id\":\"https:\/\/www.tabacafilmfest.com\/fr\/programme-2026\/#breadcrumb\"},\"inLanguage\":\"fr-FR\",\"potentialAction\":[{\"@type\":\"ReadAction\",\"target\":[\"https:\/\/www.tabacafilmfest.com\/fr\/programme-2026\/\"]}]},{\"@type\":\"BreadcrumbList\",\"@id\":\"https:\/\/www.tabacafilmfest.com\/fr\/programme-2026\/#breadcrumb\",\"itemListElement\":[{\"@type\":\"ListItem\",\"position\":1,\"name\":\"Inici\",\"item\":\"https:\/\/www.tabacafilmfest.com\/fr\/\"},{\"@type\":\"ListItem\",\"position\":2,\"name\":\"PROGRAMME 2026\"}]},{\"@type\":\"WebSite\",\"@id\":\"https:\/\/www.tabacafilmfest.com\/#website\",\"url\":\"https:\/\/www.tabacafilmfest.com\/\",\"name\":\"Tabaca Film Fest - Festival de Cinema Mitol\u00f2gic dels Pirineus\",\"description\":\"Lo Festival de Cinema Mitol\u00f2gic dels Pirineus. 2a ed. de l&#039;11 al 14 de setembre de 2025.\",\"publisher\":{\"@id\":\"https:\/\/www.tabacafilmfest.com\/#organization\"},\"potentialAction\":[{\"@type\":\"SearchAction\",\"target\":{\"@type\":\"EntryPoint\",\"urlTemplate\":\"https:\/\/www.tabacafilmfest.com\/?s={search_term_string}\"},\"query-input\":{\"@type\":\"PropertyValueSpecification\",\"valueRequired\":true,\"valueName\":\"search_term_string\"}}],\"inLanguage\":\"fr-FR\"},{\"@type\":\"Organization\",\"@id\":\"https:\/\/www.tabacafilmfest.com\/#organization\",\"name\":\"Tabaca Film Fest - Festival de Cinema Mitol\u00f2gic dels Pirineus\",\"url\":\"https:\/\/www.tabacafilmfest.com\/\",\"logo\":{\"@type\":\"ImageObject\",\"inLanguage\":\"fr-FR\",\"@id\":\"https:\/\/www.tabacafilmfest.com\/#\/schema\/logo\/image\/\",\"url\":\"https:\/\/www.tabacafilmfest.com\/wp-content\/uploads\/2020\/06\/LOGO-TABACA-2025-POSITIU-SF.png\",\"contentUrl\":\"https:\/\/www.tabacafilmfest.com\/wp-content\/uploads\/2020\/06\/LOGO-TABACA-2025-POSITIU-SF.png\",\"width\":1191,\"height\":863,\"caption\":\"Tabaca Film Fest - Festival de Cinema Mitol\u00f2gic dels Pirineus\"},\"image\":{\"@id\":\"https:\/\/www.tabacafilmfest.com\/#\/schema\/logo\/image\/\"},\"sameAs\":[\"https:\/\/www.instagram.com\/tabacafilmfest\"]}]}<\/script>\n<!-- \/ Yoast SEO plugin. -->","yoast_head_json":{"title":"Programme 2026 | Tabaca Film Fest","description":"Programme 2026 : d\u00e9couvrez le programme officiel de la troisi\u00e8me \u00e9dition du Tabaca Film Fest.","robots":{"index":"index","follow":"follow","max-snippet":"max-snippet:-1","max-image-preview":"max-image-preview:large","max-video-preview":"max-video-preview:-1"},"canonical":"https:\/\/www.tabacafilmfest.com\/fr\/programme-2026\/","og_locale":"fr_FR","og_type":"article","og_title":"Programme 2026 | Tabaca Film Fest","og_description":"Programme 2026 : d\u00e9couvrez le programme officiel de la troisi\u00e8me \u00e9dition du Tabaca Film Fest.","og_url":"https:\/\/www.tabacafilmfest.com\/fr\/programme-2026\/","og_site_name":"Tabaca Film Fest","article_modified_time":"2026-09-01T15:20:51+00:00","twitter_card":"summary_large_image","twitter_misc":{"Dur\u00e9e de lecture estim\u00e9e":"29 minutes"},"schema":{"@context":"https:\/\/schema.org","@graph":[{"@type":"WebPage","@id":"https:\/\/www.tabacafilmfest.com\/fr\/programme-2026\/","url":"https:\/\/www.tabacafilmfest.com\/fr\/programme-2026\/","name":"Programme 2026 | Tabaca Film Fest","isPartOf":{"@id":"https:\/\/www.tabacafilmfest.com\/#website"},"datePublished":"2026-08-29T18:03:32+00:00","dateModified":"2026-09-01T15:20:51+00:00","description":"Programme 2026 : d\u00e9couvrez le programme officiel de la troisi\u00e8me \u00e9dition du Tabaca Film Fest.","breadcrumb":{"@id":"https:\/\/www.tabacafilmfest.com\/fr\/programme-2026\/#breadcrumb"},"inLanguage":"fr-FR","potentialAction":[{"@type":"ReadAction","target":["https:\/\/www.tabacafilmfest.com\/fr\/programme-2026\/"]}]},{"@type":"BreadcrumbList","@id":"https:\/\/www.tabacafilmfest.com\/fr\/programme-2026\/#breadcrumb","itemListElement":[{"@type":"ListItem","position":1,"name":"Inici","item":"https:\/\/www.tabacafilmfest.com\/fr\/"},{"@type":"ListItem","position":2,"name":"PROGRAMME 2026"}]},{"@type":"WebSite","@id":"https:\/\/www.tabacafilmfest.com\/#website","url":"https:\/\/www.tabacafilmfest.com\/","name":"Tabaca Film Fest - Festival de Cinema Mitol\u00f2gic dels Pirineus","description":"Lo Festival de Cinema Mitol\u00f2gic dels Pirineus. 2a ed. de l&#039;11 al 14 de setembre de 2025.","publisher":{"@id":"https:\/\/www.tabacafilmfest.com\/#organization"},"potentialAction":[{"@type":"SearchAction","target":{"@type":"EntryPoint","urlTemplate":"https:\/\/www.tabacafilmfest.com\/?s={search_term_string}"},"query-input":{"@type":"PropertyValueSpecification","valueRequired":true,"valueName":"search_term_string"}}],"inLanguage":"fr-FR"},{"@type":"Organization","@id":"https:\/\/www.tabacafilmfest.com\/#organization","name":"Tabaca Film Fest - Festival de Cinema Mitol\u00f2gic dels Pirineus","url":"https:\/\/www.tabacafilmfest.com\/","logo":{"@type":"ImageObject","inLanguage":"fr-FR","@id":"https:\/\/www.tabacafilmfest.com\/#\/schema\/logo\/image\/","url":"https:\/\/www.tabacafilmfest.com\/wp-content\/uploads\/2020\/06\/LOGO-TABACA-2025-POSITIU-SF.png","contentUrl":"https:\/\/www.tabacafilmfest.com\/wp-content\/uploads\/2020\/06\/LOGO-TABACA-2025-POSITIU-SF.png","width":1191,"height":863,"caption":"Tabaca Film Fest - Festival de Cinema Mitol\u00f2gic dels Pirineus"},"image":{"@id":"https:\/\/www.tabacafilmfest.com\/#\/schema\/logo\/image\/"},"sameAs":["https:\/\/www.instagram.com\/tabacafilmfest"]}]}},"_links":{"self":[{"href":"https:\/\/www.tabacafilmfest.com\/fr\/wp-json\/wp\/v2\/pages\/39798","targetHints":{"allow":["GET"]}}],"collection":[{"href":"https:\/\/www.tabacafilmfest.com\/fr\/wp-json\/wp\/v2\/pages"}],"about":[{"href":"https:\/\/www.tabacafilmfest.com\/fr\/wp-json\/wp\/v2\/types\/page"}],"author":[{"embeddable":true,"href":"https:\/\/www.tabacafilmfest.com\/fr\/wp-json\/wp\/v2\/users\/1"}],"replies":[{"embeddable":true,"href":"https:\/\/www.tabacafilmfest.com\/fr\/wp-json\/wp\/v2\/comments?post=39798"}],"version-history":[{"count":15,"href":"https:\/\/www.tabacafilmfest.com\/fr\/wp-json\/wp\/v2\/pages\/39798\/revisions"}],"predecessor-version":[{"id":40200,"href":"https:\/\/www.tabacafilmfest.com\/fr\/wp-json\/wp\/v2\/pages\/39798\/revisions\/40200"}],"wp:attachment":[{"href":"https:\/\/www.tabacafilmfest.com\/fr\/wp-json\/wp\/v2\/media?parent=39798"}],"curies":[{"name":"wp","href":"https:\/\/api.w.org\/{rel}","templated":true}]}}